{"id":24874,"date":"2026-09-03T19:54:33","date_gmt":"2026-09-03T22:54:33","guid":{"rendered":"https:\/\/latorreinmobiliaria.com.ar\/web\/?post_type=property&#038;p=24874"},"modified":"2026-09-03T19:54:33","modified_gmt":"2026-09-03T22:54:33","slug":"excelente-lote-venta","status":"publish","type":"property","link":"https:\/\/latorreinmobiliaria.com.ar\/web\/propiedad\/excelente-lote-venta\/","title":{"rendered":"EXCELENTE LOTE &#8211; VENTA"},"content":{"rendered":"<p><strong>C\u00f3digo de identificaci\u00f3n ID 350.- Ubicado en Calle 5 esquina 30 .- A 300mts del mar y 600mts de la peatonal de la localidad.-<\/strong><\/p>\n<p><strong>Excelente ubicaci\u00f3n para construir. El lote esta cercado y alambrado con mejoras.-<\/strong><\/p>\n<p><strong>Ubicado a 200 metros de zona comercial.-<\/strong><\/p>\n<p><strong>Calle de asfalto.-<br \/>\nZona con gas natural y cloacas.-<\/strong><\/p>\n<p><strong>Metros del lote: 598mts2.-<\/strong><\/p>\n<h3>VALOR U$ 65.000<\/h3>\n<p><strong>Direccion: Calle 5 esquina 30.-<\/strong><br \/>\n<strong>Provincia; Buenos Aires<\/strong><br \/>\n<strong>Ciudad: San Clemente del tuyu<\/strong><br \/>\n<strong>Codigo postal: 7105<\/strong><\/p>\n","protected":false},"excerpt":{"rendered":"<p>C\u00f3digo de identificaci\u00f3n ID 350.- Ubicado en Calle 5 esquina 30 .- A 300mts del mar y 600mts de la peatonal de la localidad.- Excelente ubicaci\u00f3n para construir. El lote esta cercado y alambrado con mejoras.- Ubicado a 200 metros de zona comercial.- Calle de asfalto.- Zona con gas natural y cloacas.- Metros del lote:&#8230;<\/p>\n","protected":false},"author":3,"featured_media":24875,"parent":0,"menu_order":0,"comment_status":"closed","ping_status":"closed","template":"","caracter\u00edsticas-propiedad":[],"tipos-propiedad":[56],"ciudades-propiedad":[54],"estatus-propiedad":[53],"class_list":["post-24874","property","type-property","status-publish","has-post-thumbnail","hentry","property-type-terrenos-en-venta","property-city-san-clemente-del-tuyu","property-status-venta"],"property_meta":{"REAL_HOMES_property_price":"65000","REAL_HOMES_property_old_price":"","REAL_HOMES_property_price_prefix":"Dolares","REAL_HOMES_property_price_postfix":"","REAL_HOMES_property_size":"","REAL_HOMES_property_size_postfix":"","REAL_HOMES_property_lot_size":"","REAL_HOMES_property_lot_size_postfix":"","REAL_HOMES_property_bedrooms":"","REAL_HOMES_property_bathrooms":"","REAL_HOMES_property_garage":"","REAL_HOMES_property_id":"350","REAL_HOMES_property_year_built":"","REAL_HOMES_featured":"0","REAL_HOMES_additional_details_list":[],"REAL_HOMES_property_location":{"latitude":"-36.353695917533","longitude":"-56.723626189584","zoom":"16"},"REAL_HOMES_property_address":"Calle 5, San Clemente del Tuy\u00fa, Partido de La Costa, Buenos Aires, 7115, Argentina","REAL_HOMES_property_map":"0","REAL_HOMES_property_images":[{"width":150,"height":150,"file":"2026\/09\/94155e0d-4e3b-489c-8060-e22b92e706d6.jpeg","filesize":188914,"sizes":{"medium":{"file":"94155e0d-4e3b-489c-8060-e22b92e706d6-225x300.jpeg","width":225,"height":300,"mime-type":"image\/jpeg","filesize":15674,"url":"https:\/\/latorreinmobiliaria.com.ar\/web\/wp-content\/uploads\/2026\/09\/94155e0d-4e3b-489c-8060-e22b92e706d6-225x300.jpeg"},"large":{"file":"94155e0d-4e3b-489c-8060-e22b92e706d6-768x1024.jpeg","width":768,"height":1024,"mime-type":"image\/jpeg","filesize":143552,"url":"https:\/\/latorreinmobiliaria.com.ar\/web\/wp-content\/uploads\/2026\/09\/94155e0d-4e3b-489c-8060-e22b92e706d6-768x1024.jpeg"},"thumbnail":{"file":"94155e0d-4e3b-489c-8060-e22b92e706d6-150x150.jpeg","width":150,"height":150,"mime-type":"image\/jpeg","filesize":6250,"url":"https:\/\/latorreinmobiliaria.com.ar\/web\/wp-content\/uploads\/2026\/09\/94155e0d-4e3b-489c-8060-e22b92e706d6-150x150.jpeg"},"medium_large":{"file":"94155e0d-4e3b-489c-8060-e22b92e706d6-768x1024.jpeg","width":768,"height":1024,"mime-type":"image\/jpeg","filesize":143552,"url":"https:\/\/latorreinmobiliaria.com.ar\/web\/wp-content\/uploads\/2026\/09\/94155e0d-4e3b-489c-8060-e22b92e706d6-768x1024.jpeg"},"post-thumbnail":{"file":"94155e0d-4e3b-489c-8060-e22b92e706d6-113x150.jpeg","width":113,"height":150,"mime-type":"image\/jpeg","filesize":4841,"url":"https:\/\/latorreinmobiliaria.com.ar\/web\/wp-content\/uploads\/2026\/09\/94155e0d-4e3b-489c-8060-e22b92e706d6-113x150.jpeg"},"modern-property-child-slider":{"file":"94155e0d-4e3b-489c-8060-e22b92e706d6-680x510.jpeg","width":680,"height":510,"mime-type":"image\/jpeg","filesize":73410,"url":"https:\/\/latorreinmobiliaria.com.ar\/web\/wp-content\/uploads\/2026\/09\/94155e0d-4e3b-489c-8060-e22b92e706d6-680x510.jpeg"},"property-thumb-image":{"file":"94155e0d-4e3b-489c-8060-e22b92e706d6-488x326.jpeg","width":488,"height":326,"mime-type":"image\/jpeg","filesize":37237,"url":"https:\/\/latorreinmobiliaria.com.ar\/web\/wp-content\/uploads\/2026\/09\/94155e0d-4e3b-489c-8060-e22b92e706d6-488x326.jpeg"},"property-detail-video-image":{"file":"94155e0d-4e3b-489c-8060-e22b92e706d6-818x417.jpeg","width":818,"height":417,"mime-type":"image\/jpeg","filesize":77003,"url":"https:\/\/latorreinmobiliaria.com.ar\/web\/wp-content\/uploads\/2026\/09\/94155e0d-4e3b-489c-8060-e22b92e706d6-818x417.jpeg"},"agent-image":{"file":"94155e0d-4e3b-489c-8060-e22b92e706d6-210x210.jpeg","width":210,"height":210,"mime-type":"image\/jpeg","filesize":11357,"url":"https:\/\/latorreinmobiliaria.com.ar\/web\/wp-content\/uploads\/2026\/09\/94155e0d-4e3b-489c-8060-e22b92e706d6-210x210.jpeg"},"partners-logo":{"file":"94155e0d-4e3b-489c-8060-e22b92e706d6-600x1280.jpeg","width":600,"height":1280,"mime-type":"image\/jpeg","filesize":144629,"url":"https:\/\/latorreinmobiliaria.com.ar\/web\/wp-content\/uploads\/2026\/09\/94155e0d-4e3b-489c-8060-e22b92e706d6-600x1280.jpeg"},"gallery-two-column-image":{"file":"94155e0d-4e3b-489c-8060-e22b92e706d6-536x269.jpeg","width":536,"height":269,"mime-type":"image\/jpeg","filesize":35619,"url":"https:\/\/latorreinmobiliaria.com.ar\/web\/wp-content\/uploads\/2026\/09\/94155e0d-4e3b-489c-8060-e22b92e706d6-536x269.jpeg"},"property-detail-slider-image-two":{"file":"94155e0d-4e3b-489c-8060-e22b92e706d6-960x648.jpeg","width":960,"height":648,"mime-type":"image\/jpeg","filesize":136216,"url":"https:\/\/latorreinmobiliaria.com.ar\/web\/wp-content\/uploads\/2026\/09\/94155e0d-4e3b-489c-8060-e22b92e706d6-960x648.jpeg"},"property-detail-slider-thumb":{"file":"94155e0d-4e3b-489c-8060-e22b92e706d6-82x60.jpeg","width":82,"height":60,"mime-type":"image\/jpeg","filesize":2038,"url":"https:\/\/latorreinmobiliaria.com.ar\/web\/wp-content\/uploads\/2026\/09\/94155e0d-4e3b-489c-8060-e22b92e706d6-82x60.jpeg"}},"image_meta":{"aperture":"0","credit":"","camera":"","caption":"","created_timestamp":"0","copyright":"","focal_length":"0","iso":"0","shutter_speed":"0","title":"","orientation":"0","keywords":[],"alt":""},"ID":"24875","name":"94155e0d-4e3b-489c-8060-e22b92e706d6.jpeg","path":"\/home\/latorre\/public_html\/web\/wp-content\/uploads\/2026\/09\/94155e0d-4e3b-489c-8060-e22b92e706d6.jpeg","url":"https:\/\/latorreinmobiliaria.com.ar\/web\/wp-content\/uploads\/2026\/09\/94155e0d-4e3b-489c-8060-e22b92e706d6-150x150.jpeg","full_url":"https:\/\/latorreinmobiliaria.com.ar\/web\/wp-content\/uploads\/2026\/09\/94155e0d-4e3b-489c-8060-e22b92e706d6.jpeg","title":"94155e0d-4e3b-489c-8060-e22b92e706d6","caption":"","description":"","alt":"","srcset":"https:\/\/latorreinmobiliaria.com.ar\/web\/wp-content\/uploads\/2026\/09\/94155e0d-4e3b-489c-8060-e22b92e706d6-150x150.jpeg 150w, https:\/\/latorreinmobiliaria.com.ar\/web\/wp-content\/uploads\/2026\/09\/94155e0d-4e3b-489c-8060-e22b92e706d6-210x210.jpeg 210w"},{"width":150,"height":150,"file":"2026\/09\/22d3bc54-9fcc-4ab1-a7ab-1d420156dfca.jpeg","filesize":224731,"sizes":{"medium":{"file":"22d3bc54-9fcc-4ab1-a7ab-1d420156dfca-225x300.jpeg","width":225,"height":300,"mime-type":"image\/jpeg","filesize":17405,"url":"https:\/\/latorreinmobiliaria.com.ar\/web\/wp-content\/uploads\/2026\/09\/22d3bc54-9fcc-4ab1-a7ab-1d420156dfca-225x300.jpeg"},"large":{"file":"22d3bc54-9fcc-4ab1-a7ab-1d420156dfca-768x1024.jpeg","width":768,"height":1024,"mime-type":"image\/jpeg","filesize":168967,"url":"https:\/\/latorreinmobiliaria.com.ar\/web\/wp-content\/uploads\/2026\/09\/22d3bc54-9fcc-4ab1-a7ab-1d420156dfca-768x1024.jpeg"},"thumbnail":{"file":"22d3bc54-9fcc-4ab1-a7ab-1d420156dfca-150x150.jpeg","width":150,"height":150,"mime-type":"image\/jpeg","filesize":6594,"url":"https:\/\/latorreinmobiliaria.com.ar\/web\/wp-content\/uploads\/2026\/09\/22d3bc54-9fcc-4ab1-a7ab-1d420156dfca-150x150.jpeg"},"medium_large":{"file":"22d3bc54-9fcc-4ab1-a7ab-1d420156dfca-768x1024.jpeg","width":768,"height":1024,"mime-type":"image\/jpeg","filesize":168967,"url":"https:\/\/latorreinmobiliaria.com.ar\/web\/wp-content\/uploads\/2026\/09\/22d3bc54-9fcc-4ab1-a7ab-1d420156dfca-768x1024.jpeg"},"post-thumbnail":{"file":"22d3bc54-9fcc-4ab1-a7ab-1d420156dfca-113x150.jpeg","width":113,"height":150,"mime-type":"image\/jpeg","filesize":5117,"url":"https:\/\/latorreinmobiliaria.com.ar\/web\/wp-content\/uploads\/2026\/09\/22d3bc54-9fcc-4ab1-a7ab-1d420156dfca-113x150.jpeg"},"modern-property-child-slider":{"file":"22d3bc54-9fcc-4ab1-a7ab-1d420156dfca-680x510.jpeg","width":680,"height":510,"mime-type":"image\/jpeg","filesize":82501,"url":"https:\/\/latorreinmobiliaria.com.ar\/web\/wp-content\/uploads\/2026\/09\/22d3bc54-9fcc-4ab1-a7ab-1d420156dfca-680x510.jpeg"},"property-thumb-image":{"file":"22d3bc54-9fcc-4ab1-a7ab-1d420156dfca-488x326.jpeg","width":488,"height":326,"mime-type":"image\/jpeg","filesize":40030,"url":"https:\/\/latorreinmobiliaria.com.ar\/web\/wp-content\/uploads\/2026\/09\/22d3bc54-9fcc-4ab1-a7ab-1d420156dfca-488x326.jpeg"},"property-detail-video-image":{"file":"22d3bc54-9fcc-4ab1-a7ab-1d420156dfca-818x417.jpeg","width":818,"height":417,"mime-type":"image\/jpeg","filesize":81391,"url":"https:\/\/latorreinmobiliaria.com.ar\/web\/wp-content\/uploads\/2026\/09\/22d3bc54-9fcc-4ab1-a7ab-1d420156dfca-818x417.jpeg"},"agent-image":{"file":"22d3bc54-9fcc-4ab1-a7ab-1d420156dfca-210x210.jpeg","width":210,"height":210,"mime-type":"image\/jpeg","filesize":12203,"url":"https:\/\/latorreinmobiliaria.com.ar\/web\/wp-content\/uploads\/2026\/09\/22d3bc54-9fcc-4ab1-a7ab-1d420156dfca-210x210.jpeg"},"partners-logo":{"file":"22d3bc54-9fcc-4ab1-a7ab-1d420156dfca-600x1280.jpeg","width":600,"height":1280,"mime-type":"image\/jpeg","filesize":180252,"url":"https:\/\/latorreinmobiliaria.com.ar\/web\/wp-content\/uploads\/2026\/09\/22d3bc54-9fcc-4ab1-a7ab-1d420156dfca-600x1280.jpeg"},"gallery-two-column-image":{"file":"22d3bc54-9fcc-4ab1-a7ab-1d420156dfca-536x269.jpeg","width":536,"height":269,"mime-type":"image\/jpeg","filesize":37273,"url":"https:\/\/latorreinmobiliaria.com.ar\/web\/wp-content\/uploads\/2026\/09\/22d3bc54-9fcc-4ab1-a7ab-1d420156dfca-536x269.jpeg"},"property-detail-slider-image-two":{"file":"22d3bc54-9fcc-4ab1-a7ab-1d420156dfca-960x648.jpeg","width":960,"height":648,"mime-type":"image\/jpeg","filesize":154080,"url":"https:\/\/latorreinmobiliaria.com.ar\/web\/wp-content\/uploads\/2026\/09\/22d3bc54-9fcc-4ab1-a7ab-1d420156dfca-960x648.jpeg"},"property-detail-slider-thumb":{"file":"22d3bc54-9fcc-4ab1-a7ab-1d420156dfca-82x60.jpeg","width":82,"height":60,"mime-type":"image\/jpeg","filesize":2020,"url":"https:\/\/latorreinmobiliaria.com.ar\/web\/wp-content\/uploads\/2026\/09\/22d3bc54-9fcc-4ab1-a7ab-1d420156dfca-82x60.jpeg"}},"image_meta":{"aperture":"0","credit":"","camera":"","caption":"","created_timestamp":"0","copyright":"","focal_length":"0","iso":"0","shutter_speed":"0","title":"","orientation":"0","keywords":[],"alt":""},"ID":"24876","name":"22d3bc54-9fcc-4ab1-a7ab-1d420156dfca.jpeg","path":"\/home\/latorre\/public_html\/web\/wp-content\/uploads\/2026\/09\/22d3bc54-9fcc-4ab1-a7ab-1d420156dfca.jpeg","url":"https:\/\/latorreinmobiliaria.com.ar\/web\/wp-content\/uploads\/2026\/09\/22d3bc54-9fcc-4ab1-a7ab-1d420156dfca-150x150.jpeg","full_url":"https:\/\/latorreinmobiliaria.com.ar\/web\/wp-content\/uploads\/2026\/09\/22d3bc54-9fcc-4ab1-a7ab-1d420156dfca.jpeg","title":"22d3bc54-9fcc-4ab1-a7ab-1d420156dfca","caption":"","description":"","alt":"","srcset":"https:\/\/latorreinmobiliaria.com.ar\/web\/wp-content\/uploads\/2026\/09\/22d3bc54-9fcc-4ab1-a7ab-1d420156dfca-150x150.jpeg 150w, https:\/\/latorreinmobiliaria.com.ar\/web\/wp-content\/uploads\/2026\/09\/22d3bc54-9fcc-4ab1-a7ab-1d420156dfca-210x210.jpeg 210w"},{"width":150,"height":150,"file":"2026\/09\/Captura-de-pantalla-2026-08-16-114644.png","filesize":119769,"sizes":{"medium":{"file":"Captura-de-pantalla-2026-08-16-114644-300x236.png","width":300,"height":236,"mime-type":"image\/png","filesize":19513,"url":"https:\/\/latorreinmobiliaria.com.ar\/web\/wp-content\/uploads\/2026\/09\/Captura-de-pantalla-2026-08-16-114644-300x236.png"},"large":{"file":"Captura-de-pantalla-2026-08-16-114644-1024x804.png","width":1024,"height":804,"mime-type":"image\/png","filesize":115434,"url":"https:\/\/latorreinmobiliaria.com.ar\/web\/wp-content\/uploads\/2026\/09\/Captura-de-pantalla-2026-08-16-114644-1024x804.png"},"thumbnail":{"file":"Captura-de-pantalla-2026-08-16-114644-150x150.png","width":150,"height":150,"mime-type":"image\/png","filesize":9538,"url":"https:\/\/latorreinmobiliaria.com.ar\/web\/wp-content\/uploads\/2026\/09\/Captura-de-pantalla-2026-08-16-114644-150x150.png"},"medium_large":{"file":"Captura-de-pantalla-2026-08-16-114644-768x603.png","width":768,"height":603,"mime-type":"image\/png","filesize":75540,"url":"https:\/\/latorreinmobiliaria.com.ar\/web\/wp-content\/uploads\/2026\/09\/Captura-de-pantalla-2026-08-16-114644-768x603.png"},"post-thumbnail":{"file":"Captura-de-pantalla-2026-08-16-114644-150x118.png","width":150,"height":118,"mime-type":"image\/png","filesize":7690,"url":"https:\/\/latorreinmobiliaria.com.ar\/web\/wp-content\/uploads\/2026\/09\/Captura-de-pantalla-2026-08-16-114644-150x118.png"},"modern-property-child-slider":{"file":"Captura-de-pantalla-2026-08-16-114644-680x510.png","width":680,"height":510,"mime-type":"image\/png","filesize":61315,"url":"https:\/\/latorreinmobiliaria.com.ar\/web\/wp-content\/uploads\/2026\/09\/Captura-de-pantalla-2026-08-16-114644-680x510.png"},"property-thumb-image":{"file":"Captura-de-pantalla-2026-08-16-114644-488x326.png","width":488,"height":326,"mime-type":"image\/png","filesize":33857,"url":"https:\/\/latorreinmobiliaria.com.ar\/web\/wp-content\/uploads\/2026\/09\/Captura-de-pantalla-2026-08-16-114644-488x326.png"},"property-detail-video-image":{"file":"Captura-de-pantalla-2026-08-16-114644-818x417.png","width":818,"height":417,"mime-type":"image\/png","filesize":51025,"url":"https:\/\/latorreinmobiliaria.com.ar\/web\/wp-content\/uploads\/2026\/09\/Captura-de-pantalla-2026-08-16-114644-818x417.png"},"agent-image":{"file":"Captura-de-pantalla-2026-08-16-114644-210x210.png","width":210,"height":210,"mime-type":"image\/png","filesize":14858,"url":"https:\/\/latorreinmobiliaria.com.ar\/web\/wp-content\/uploads\/2026\/09\/Captura-de-pantalla-2026-08-16-114644-210x210.png"},"partners-logo":{"file":"Captura-de-pantalla-2026-08-16-114644-600x845.png","width":600,"height":845,"mime-type":"image\/png","filesize":74651,"url":"https:\/\/latorreinmobiliaria.com.ar\/web\/wp-content\/uploads\/2026\/09\/Captura-de-pantalla-2026-08-16-114644-600x845.png"},"gallery-two-column-image":{"file":"Captura-de-pantalla-2026-08-16-114644-536x269.png","width":536,"height":269,"mime-type":"image\/png","filesize":26083,"url":"https:\/\/latorreinmobiliaria.com.ar\/web\/wp-content\/uploads\/2026\/09\/Captura-de-pantalla-2026-08-16-114644-536x269.png"},"property-detail-slider-image-two":{"file":"Captura-de-pantalla-2026-08-16-114644-1076x648.png","width":1076,"height":648,"mime-type":"image\/png","filesize":86930,"url":"https:\/\/latorreinmobiliaria.com.ar\/web\/wp-content\/uploads\/2026\/09\/Captura-de-pantalla-2026-08-16-114644-1076x648.png"},"property-detail-slider-thumb":{"file":"Captura-de-pantalla-2026-08-16-114644-82x60.png","width":82,"height":60,"mime-type":"image\/png","filesize":3297,"url":"https:\/\/latorreinmobiliaria.com.ar\/web\/wp-content\/uploads\/2026\/09\/Captura-de-pantalla-2026-08-16-114644-82x60.png"}},"image_meta":{"aperture":"0","credit":"","camera":"","caption":"","created_timestamp":"0","copyright":"","focal_length":"0","iso":"0","shutter_speed":"0","title":"","orientation":"0","keywords":[],"alt":""},"ID":"24877","name":"Captura-de-pantalla-2026-08-16-114644.png","path":"\/home\/latorre\/public_html\/web\/wp-content\/uploads\/2026\/09\/Captura-de-pantalla-2026-08-16-114644.png","url":"https:\/\/latorreinmobiliaria.com.ar\/web\/wp-content\/uploads\/2026\/09\/Captura-de-pantalla-2026-08-16-114644-150x150.png","full_url":"https:\/\/latorreinmobiliaria.com.ar\/web\/wp-content\/uploads\/2026\/09\/Captura-de-pantalla-2026-08-16-114644.png","title":"Captura-de-pantalla-2026-08-16-114644","caption":"","description":"","alt":"","srcset":"https:\/\/latorreinmobiliaria.com.ar\/web\/wp-content\/uploads\/2026\/09\/Captura-de-pantalla-2026-08-16-114644-150x150.png 150w, https:\/\/latorreinmobiliaria.com.ar\/web\/wp-content\/uploads\/2026\/09\/Captura-de-pantalla-2026-08-16-114644-210x210.png 210w"}],"REAL_HOMES_change_gallery_slider_type":"0","REAL_HOMES_gallery_slider_type":"thumb-on-right","inspiry_floor_plans":[],"inspiry_video_group":[{"inspiry_video_group_title":"Lote calle 5","inspiry_video_group_url":"https:\/\/youtube.com\/shorts\/Fkil4XA-KPQ"}],"REAL_HOMES_360_virtual_tour":"","REAL_HOMES_tour_video_url":"","REAL_HOMES_tour_video_image":[],"REAL_HOMES_agent_display_option":"none","REAL_HOMES_agents":[],"REAL_HOMES_energy_class":"none","REAL_HOMES_energy_performance":"","REAL_HOMES_epc_current_rating":"","REAL_HOMES_epc_potential_rating":"","REAL_HOMES_sticky":"0","inspiry_property_label":"","inspiry_property_label_color":"","inspiry_property_tax":"0","inspiry_additional_fee":"0","REAL_HOMES_attachments":[],"inspiry_property_owner_name":"","inspiry_property_owner_contact":"","inspiry_property_owner_address":"","REAL_HOMES_property_private_note":"","inspiry_message_to_reviewer":"","REAL_HOMES_add_in_slider":"no","REAL_HOMES_slider_image":[],"REAL_HOMES_page_banner_image":[]},"_links":{"self":[{"href":"https:\/\/latorreinmobiliaria.com.ar\/web\/wp-json\/wp\/v2\/properties\/24874","targetHints":{"allow":["GET"]}}],"collection":[{"href":"https:\/\/latorreinmobiliaria.com.ar\/web\/wp-json\/wp\/v2\/properties"}],"about":[{"href":"https:\/\/latorreinmobiliaria.com.ar\/web\/wp-json\/wp\/v2\/types\/property"}],"author":[{"embeddable":true,"href":"https:\/\/latorreinmobiliaria.com.ar\/web\/wp-json\/wp\/v2\/users\/3"}],"replies":[{"embeddable":true,"href":"https:\/\/latorreinmobiliaria.com.ar\/web\/wp-json\/wp\/v2\/comments?post=24874"}],"version-history":[{"count":2,"href":"https:\/\/latorreinmobiliaria.com.ar\/web\/wp-json\/wp\/v2\/properties\/24874\/revisions"}],"predecessor-version":[{"id":24879,"href":"https:\/\/latorreinmobiliaria.com.ar\/web\/wp-json\/wp\/v2\/properties\/24874\/revisions\/24879"}],"wp:featuredmedia":[{"embeddable":true,"href":"https:\/\/latorreinmobiliaria.com.ar\/web\/wp-json\/wp\/v2\/media\/24875"}],"wp:attachment":[{"href":"https:\/\/latorreinmobiliaria.com.ar\/web\/wp-json\/wp\/v2\/media?parent=24874"}],"wp:term":[{"taxonomy":"property-feature","embeddable":true,"href":"https:\/\/latorreinmobiliaria.com.ar\/web\/wp-json\/wp\/v2\/caracter\u00edsticas-propiedad?post=24874"},{"taxonomy":"property-type","embeddable":true,"href":"https:\/\/latorreinmobiliaria.com.ar\/web\/wp-json\/wp\/v2\/tipos-propiedad?post=24874"},{"taxonomy":"property-city","embeddable":true,"href":"https:\/\/latorreinmobiliaria.com.ar\/web\/wp-json\/wp\/v2\/ciudades-propiedad?post=24874"},{"taxonomy":"property-status","embeddable":true,"href":"https:\/\/latorreinmobiliaria.com.ar\/web\/wp-json\/wp\/v2\/estatus-propiedad?post=24874"}],"curies":[{"name":"wp","href":"https:\/\/api.w.org\/{rel}","templated":true}]}}