{"id":22424,"date":"2025-11-18T07:53:30","date_gmt":"2025-11-18T10:53:30","guid":{"rendered":"https:\/\/latorreinmobiliaria.com.ar\/web\/?post_type=property&#038;p=22424"},"modified":"2026-04-02T11:06:31","modified_gmt":"2026-04-02T14:06:31","slug":"departamento-2-ambientes-venta","status":"publish","type":"property","link":"https:\/\/latorreinmobiliaria.com.ar\/web\/propiedad\/departamento-2-ambientes-venta\/","title":{"rendered":"Departamento 2 ambientes \u2013 VENTA"},"content":{"rendered":"<p><strong>C\u00f3digo de identificaci\u00f3n ID V005. Propiedad ubicada en calle AV II n\u00b0 590 e\/ 8 y 7. A 600mts del mar y 500mts de la peatonal de la localidad.\u00a0\u00a0<\/strong><strong>Depto en 1er piso por escaleras. Ingresando a la propiedad nos encontramos con cocina-comedor, ba\u00f1o, habitaci\u00f3n con balc\u00f3n vista a la calle\u00a0 Servicios: Gas por garrafa, cloacas.<\/strong><\/p>\n<h3><strong>VALOR U$ 20.000<\/strong><\/h3>\n<p><strong>Direccion; Calle AV II n\u00b0 590 e\/ 8 y 7.<\/strong><br \/>\n<strong>Provincia: Buenos Aires<\/strong><br \/>\n<strong>Ciudad: San Clemente del Tuyu<\/strong><br \/>\n<strong>C\u00f3digo postal: 7105<\/strong><\/p>\n","protected":false},"excerpt":{"rendered":"<p>C\u00f3digo de identificaci\u00f3n ID V005. Propiedad ubicada en calle AV II n\u00b0 590 e\/ 8 y 7. A 600mts del mar y 500mts de la peatonal de la localidad.\u00a0\u00a0Depto en 1er piso por escaleras. Ingresando a la propiedad nos encontramos con cocina-comedor, ba\u00f1o, habitaci\u00f3n con balc\u00f3n vista a la calle\u00a0 Servicios: Gas por garrafa, cloacas&#8230;.<\/p>\n","protected":false},"author":3,"featured_media":22429,"parent":0,"menu_order":0,"comment_status":"closed","ping_status":"closed","template":"","caracter\u00edsticas-propiedad":[],"tipos-propiedad":[55],"ciudades-propiedad":[54],"estatus-propiedad":[53],"class_list":["post-22424","property","type-property","status-publish","has-post-thumbnail","hentry","property-type-departamentos-en-venta","property-city-san-clemente-del-tuyu","property-status-venta"],"property_meta":{"REAL_HOMES_property_price":"20000","REAL_HOMES_property_old_price":"","REAL_HOMES_property_price_prefix":"Dolares","REAL_HOMES_property_price_postfix":"","REAL_HOMES_property_size":"","REAL_HOMES_property_size_postfix":"","REAL_HOMES_property_lot_size":"","REAL_HOMES_property_lot_size_postfix":"","REAL_HOMES_property_bedrooms":"1","REAL_HOMES_property_bathrooms":"1","REAL_HOMES_property_garage":"","REAL_HOMES_property_id":"V005","REAL_HOMES_property_year_built":"","REAL_HOMES_featured":"0","REAL_HOMES_additional_details_list":[],"REAL_HOMES_property_location":{"latitude":"-36.363267217279","longitude":"-56.72269103207","zoom":"17"},"REAL_HOMES_property_address":"San Clemente del Tuy\u00fa. Argentina.","REAL_HOMES_property_map":"0","REAL_HOMES_property_images":[{"width":150,"height":150,"file":"2025\/11\/a0fbbda1-80d6-4046-a000-6e0ea55eccd1.jpg","filesize":390241,"sizes":{"medium":{"file":"a0fbbda1-80d6-4046-a000-6e0ea55eccd1-300x225.jpg","width":300,"height":225,"mime-type":"image\/jpeg","filesize":19673,"url":"https:\/\/latorreinmobiliaria.com.ar\/web\/wp-content\/uploads\/2025\/11\/a0fbbda1-80d6-4046-a000-6e0ea55eccd1-300x225.jpg"},"large":{"file":"a0fbbda1-80d6-4046-a000-6e0ea55eccd1-1024x768.jpg","width":1024,"height":768,"mime-type":"image\/jpeg","filesize":200688,"url":"https:\/\/latorreinmobiliaria.com.ar\/web\/wp-content\/uploads\/2025\/11\/a0fbbda1-80d6-4046-a000-6e0ea55eccd1-1024x768.jpg"},"thumbnail":{"file":"a0fbbda1-80d6-4046-a000-6e0ea55eccd1-150x150.jpg","width":150,"height":150,"mime-type":"image\/jpeg","filesize":7125,"url":"https:\/\/latorreinmobiliaria.com.ar\/web\/wp-content\/uploads\/2025\/11\/a0fbbda1-80d6-4046-a000-6e0ea55eccd1-150x150.jpg"},"medium_large":{"file":"a0fbbda1-80d6-4046-a000-6e0ea55eccd1-768x576.jpg","width":768,"height":576,"mime-type":"image\/jpeg","filesize":117099,"url":"https:\/\/latorreinmobiliaria.com.ar\/web\/wp-content\/uploads\/2025\/11\/a0fbbda1-80d6-4046-a000-6e0ea55eccd1-768x576.jpg"},"1536x1536":{"file":"a0fbbda1-80d6-4046-a000-6e0ea55eccd1-1536x1152.jpg","width":1536,"height":1152,"mime-type":"image\/jpeg","filesize":403883,"url":"https:\/\/latorreinmobiliaria.com.ar\/web\/wp-content\/uploads\/2025\/11\/a0fbbda1-80d6-4046-a000-6e0ea55eccd1-1536x1152.jpg"},"post-thumbnail":{"file":"a0fbbda1-80d6-4046-a000-6e0ea55eccd1-150x113.jpg","width":150,"height":113,"mime-type":"image\/jpeg","filesize":5611,"url":"https:\/\/latorreinmobiliaria.com.ar\/web\/wp-content\/uploads\/2025\/11\/a0fbbda1-80d6-4046-a000-6e0ea55eccd1-150x113.jpg"},"modern-property-child-slider":{"file":"a0fbbda1-80d6-4046-a000-6e0ea55eccd1-680x510.jpg","width":680,"height":510,"mime-type":"image\/jpeg","filesize":93222,"url":"https:\/\/latorreinmobiliaria.com.ar\/web\/wp-content\/uploads\/2025\/11\/a0fbbda1-80d6-4046-a000-6e0ea55eccd1-680x510.jpg"},"property-thumb-image":{"file":"a0fbbda1-80d6-4046-a000-6e0ea55eccd1-488x326.jpg","width":488,"height":326,"mime-type":"image\/jpeg","filesize":43120,"url":"https:\/\/latorreinmobiliaria.com.ar\/web\/wp-content\/uploads\/2025\/11\/a0fbbda1-80d6-4046-a000-6e0ea55eccd1-488x326.jpg"},"property-detail-video-image":{"file":"a0fbbda1-80d6-4046-a000-6e0ea55eccd1-818x417.jpg","width":818,"height":417,"mime-type":"image\/jpeg","filesize":85446,"url":"https:\/\/latorreinmobiliaria.com.ar\/web\/wp-content\/uploads\/2025\/11\/a0fbbda1-80d6-4046-a000-6e0ea55eccd1-818x417.jpg"},"agent-image":{"file":"a0fbbda1-80d6-4046-a000-6e0ea55eccd1-210x210.jpg","width":210,"height":210,"mime-type":"image\/jpeg","filesize":13309,"url":"https:\/\/latorreinmobiliaria.com.ar\/web\/wp-content\/uploads\/2025\/11\/a0fbbda1-80d6-4046-a000-6e0ea55eccd1-210x210.jpg"},"partners-logo":{"file":"a0fbbda1-80d6-4046-a000-6e0ea55eccd1-600x1200.jpg","width":600,"height":1200,"mime-type":"image\/jpeg","filesize":197595,"url":"https:\/\/latorreinmobiliaria.com.ar\/web\/wp-content\/uploads\/2025\/11\/a0fbbda1-80d6-4046-a000-6e0ea55eccd1-600x1200.jpg"},"gallery-two-column-image":{"file":"a0fbbda1-80d6-4046-a000-6e0ea55eccd1-536x269.jpg","width":536,"height":269,"mime-type":"image\/jpeg","filesize":37295,"url":"https:\/\/latorreinmobiliaria.com.ar\/web\/wp-content\/uploads\/2025\/11\/a0fbbda1-80d6-4046-a000-6e0ea55eccd1-536x269.jpg"},"property-detail-slider-image-two":{"file":"a0fbbda1-80d6-4046-a000-6e0ea55eccd1-1170x648.jpg","width":1170,"height":648,"mime-type":"image\/jpeg","filesize":178716,"url":"https:\/\/latorreinmobiliaria.com.ar\/web\/wp-content\/uploads\/2025\/11\/a0fbbda1-80d6-4046-a000-6e0ea55eccd1-1170x648.jpg"},"property-detail-slider-thumb":{"file":"a0fbbda1-80d6-4046-a000-6e0ea55eccd1-82x60.jpg","width":82,"height":60,"mime-type":"image\/jpeg","filesize":2057,"url":"https:\/\/latorreinmobiliaria.com.ar\/web\/wp-content\/uploads\/2025\/11\/a0fbbda1-80d6-4046-a000-6e0ea55eccd1-82x60.jpg"}},"image_meta":{"aperture":"0","credit":"","camera":"","caption":"","created_timestamp":"0","copyright":"","focal_length":"0","iso":"0","shutter_speed":"0","title":"","orientation":"0","keywords":[]},"ID":"22429","name":"a0fbbda1-80d6-4046-a000-6e0ea55eccd1.jpg","path":"\/home\/latorre\/public_html\/web\/wp-content\/uploads\/2025\/11\/a0fbbda1-80d6-4046-a000-6e0ea55eccd1.jpg","url":"https:\/\/latorreinmobiliaria.com.ar\/web\/wp-content\/uploads\/2025\/11\/a0fbbda1-80d6-4046-a000-6e0ea55eccd1-150x150.jpg","full_url":"https:\/\/latorreinmobiliaria.com.ar\/web\/wp-content\/uploads\/2025\/11\/a0fbbda1-80d6-4046-a000-6e0ea55eccd1.jpg","title":"a0fbbda1-80d6-4046-a000-6e0ea55eccd1","caption":"","description":"","alt":"","srcset":"https:\/\/latorreinmobiliaria.com.ar\/web\/wp-content\/uploads\/2025\/11\/a0fbbda1-80d6-4046-a000-6e0ea55eccd1-150x150.jpg 150w, https:\/\/latorreinmobiliaria.com.ar\/web\/wp-content\/uploads\/2025\/11\/a0fbbda1-80d6-4046-a000-6e0ea55eccd1-210x210.jpg 210w"},{"width":150,"height":150,"file":"2025\/11\/3b87b7b4-b1ae-4cf8-b02f-c32c30fbf4b8.jpg","filesize":135628,"sizes":{"medium":{"file":"3b87b7b4-b1ae-4cf8-b02f-c32c30fbf4b8-300x225.jpg","width":300,"height":225,"mime-type":"image\/jpeg","filesize":12593,"url":"https:\/\/latorreinmobiliaria.com.ar\/web\/wp-content\/uploads\/2025\/11\/3b87b7b4-b1ae-4cf8-b02f-c32c30fbf4b8-300x225.jpg"},"large":{"file":"3b87b7b4-b1ae-4cf8-b02f-c32c30fbf4b8-1024x768.jpg","width":1024,"height":768,"mime-type":"image\/jpeg","filesize":82806,"url":"https:\/\/latorreinmobiliaria.com.ar\/web\/wp-content\/uploads\/2025\/11\/3b87b7b4-b1ae-4cf8-b02f-c32c30fbf4b8-1024x768.jpg"},"thumbnail":{"file":"3b87b7b4-b1ae-4cf8-b02f-c32c30fbf4b8-150x150.jpg","width":150,"height":150,"mime-type":"image\/jpeg","filesize":5171,"url":"https:\/\/latorreinmobiliaria.com.ar\/web\/wp-content\/uploads\/2025\/11\/3b87b7b4-b1ae-4cf8-b02f-c32c30fbf4b8-150x150.jpg"},"medium_large":{"file":"3b87b7b4-b1ae-4cf8-b02f-c32c30fbf4b8-768x576.jpg","width":768,"height":576,"mime-type":"image\/jpeg","filesize":52623,"url":"https:\/\/latorreinmobiliaria.com.ar\/web\/wp-content\/uploads\/2025\/11\/3b87b7b4-b1ae-4cf8-b02f-c32c30fbf4b8-768x576.jpg"},"1536x1536":{"file":"3b87b7b4-b1ae-4cf8-b02f-c32c30fbf4b8-1536x1152.jpg","width":1536,"height":1152,"mime-type":"image\/jpeg","filesize":155359,"url":"https:\/\/latorreinmobiliaria.com.ar\/web\/wp-content\/uploads\/2025\/11\/3b87b7b4-b1ae-4cf8-b02f-c32c30fbf4b8-1536x1152.jpg"},"post-thumbnail":{"file":"3b87b7b4-b1ae-4cf8-b02f-c32c30fbf4b8-150x113.jpg","width":150,"height":113,"mime-type":"image\/jpeg","filesize":4451,"url":"https:\/\/latorreinmobiliaria.com.ar\/web\/wp-content\/uploads\/2025\/11\/3b87b7b4-b1ae-4cf8-b02f-c32c30fbf4b8-150x113.jpg"},"modern-property-child-slider":{"file":"3b87b7b4-b1ae-4cf8-b02f-c32c30fbf4b8-680x510.jpg","width":680,"height":510,"mime-type":"image\/jpeg","filesize":43665,"url":"https:\/\/latorreinmobiliaria.com.ar\/web\/wp-content\/uploads\/2025\/11\/3b87b7b4-b1ae-4cf8-b02f-c32c30fbf4b8-680x510.jpg"},"property-thumb-image":{"file":"3b87b7b4-b1ae-4cf8-b02f-c32c30fbf4b8-488x326.jpg","width":488,"height":326,"mime-type":"image\/jpeg","filesize":24451,"url":"https:\/\/latorreinmobiliaria.com.ar\/web\/wp-content\/uploads\/2025\/11\/3b87b7b4-b1ae-4cf8-b02f-c32c30fbf4b8-488x326.jpg"},"property-detail-video-image":{"file":"3b87b7b4-b1ae-4cf8-b02f-c32c30fbf4b8-818x417.jpg","width":818,"height":417,"mime-type":"image\/jpeg","filesize":46156,"url":"https:\/\/latorreinmobiliaria.com.ar\/web\/wp-content\/uploads\/2025\/11\/3b87b7b4-b1ae-4cf8-b02f-c32c30fbf4b8-818x417.jpg"},"agent-image":{"file":"3b87b7b4-b1ae-4cf8-b02f-c32c30fbf4b8-210x210.jpg","width":210,"height":210,"mime-type":"image\/jpeg","filesize":8877,"url":"https:\/\/latorreinmobiliaria.com.ar\/web\/wp-content\/uploads\/2025\/11\/3b87b7b4-b1ae-4cf8-b02f-c32c30fbf4b8-210x210.jpg"},"partners-logo":{"file":"3b87b7b4-b1ae-4cf8-b02f-c32c30fbf4b8-600x1200.jpg","width":600,"height":1200,"mime-type":"image\/jpeg","filesize":61052,"url":"https:\/\/latorreinmobiliaria.com.ar\/web\/wp-content\/uploads\/2025\/11\/3b87b7b4-b1ae-4cf8-b02f-c32c30fbf4b8-600x1200.jpg"},"gallery-two-column-image":{"file":"3b87b7b4-b1ae-4cf8-b02f-c32c30fbf4b8-536x269.jpg","width":536,"height":269,"mime-type":"image\/jpeg","filesize":23605,"url":"https:\/\/latorreinmobiliaria.com.ar\/web\/wp-content\/uploads\/2025\/11\/3b87b7b4-b1ae-4cf8-b02f-c32c30fbf4b8-536x269.jpg"},"property-detail-slider-image-two":{"file":"3b87b7b4-b1ae-4cf8-b02f-c32c30fbf4b8-1170x648.jpg","width":1170,"height":648,"mime-type":"image\/jpeg","filesize":84606,"url":"https:\/\/latorreinmobiliaria.com.ar\/web\/wp-content\/uploads\/2025\/11\/3b87b7b4-b1ae-4cf8-b02f-c32c30fbf4b8-1170x648.jpg"},"property-detail-slider-thumb":{"file":"3b87b7b4-b1ae-4cf8-b02f-c32c30fbf4b8-82x60.jpg","width":82,"height":60,"mime-type":"image\/jpeg","filesize":1872,"url":"https:\/\/latorreinmobiliaria.com.ar\/web\/wp-content\/uploads\/2025\/11\/3b87b7b4-b1ae-4cf8-b02f-c32c30fbf4b8-82x60.jpg"}},"image_meta":{"aperture":"0","credit":"","camera":"","caption":"","created_timestamp":"0","copyright":"","focal_length":"0","iso":"0","shutter_speed":"0","title":"","orientation":"0","keywords":[]},"ID":"22425","name":"3b87b7b4-b1ae-4cf8-b02f-c32c30fbf4b8.jpg","path":"\/home\/latorre\/public_html\/web\/wp-content\/uploads\/2025\/11\/3b87b7b4-b1ae-4cf8-b02f-c32c30fbf4b8.jpg","url":"https:\/\/latorreinmobiliaria.com.ar\/web\/wp-content\/uploads\/2025\/11\/3b87b7b4-b1ae-4cf8-b02f-c32c30fbf4b8-150x150.jpg","full_url":"https:\/\/latorreinmobiliaria.com.ar\/web\/wp-content\/uploads\/2025\/11\/3b87b7b4-b1ae-4cf8-b02f-c32c30fbf4b8.jpg","title":"3b87b7b4-b1ae-4cf8-b02f-c32c30fbf4b8","caption":"","description":"","alt":"","srcset":"https:\/\/latorreinmobiliaria.com.ar\/web\/wp-content\/uploads\/2025\/11\/3b87b7b4-b1ae-4cf8-b02f-c32c30fbf4b8-150x150.jpg 150w, https:\/\/latorreinmobiliaria.com.ar\/web\/wp-content\/uploads\/2025\/11\/3b87b7b4-b1ae-4cf8-b02f-c32c30fbf4b8-210x210.jpg 210w"},{"width":150,"height":150,"file":"2025\/11\/7e84b85a-569f-48da-87cf-bd9c8ff5cbb3.jpg","filesize":135959,"sizes":{"medium":{"file":"7e84b85a-569f-48da-87cf-bd9c8ff5cbb3-300x225.jpg","width":300,"height":225,"mime-type":"image\/jpeg","filesize":12992,"url":"https:\/\/latorreinmobiliaria.com.ar\/web\/wp-content\/uploads\/2025\/11\/7e84b85a-569f-48da-87cf-bd9c8ff5cbb3-300x225.jpg"},"large":{"file":"7e84b85a-569f-48da-87cf-bd9c8ff5cbb3-1024x768.jpg","width":1024,"height":768,"mime-type":"image\/jpeg","filesize":83333,"url":"https:\/\/latorreinmobiliaria.com.ar\/web\/wp-content\/uploads\/2025\/11\/7e84b85a-569f-48da-87cf-bd9c8ff5cbb3-1024x768.jpg"},"thumbnail":{"file":"7e84b85a-569f-48da-87cf-bd9c8ff5cbb3-150x150.jpg","width":150,"height":150,"mime-type":"image\/jpeg","filesize":5460,"url":"https:\/\/latorreinmobiliaria.com.ar\/web\/wp-content\/uploads\/2025\/11\/7e84b85a-569f-48da-87cf-bd9c8ff5cbb3-150x150.jpg"},"medium_large":{"file":"7e84b85a-569f-48da-87cf-bd9c8ff5cbb3-768x576.jpg","width":768,"height":576,"mime-type":"image\/jpeg","filesize":53371,"url":"https:\/\/latorreinmobiliaria.com.ar\/web\/wp-content\/uploads\/2025\/11\/7e84b85a-569f-48da-87cf-bd9c8ff5cbb3-768x576.jpg"},"1536x1536":{"file":"7e84b85a-569f-48da-87cf-bd9c8ff5cbb3-1536x1152.jpg","width":1536,"height":1152,"mime-type":"image\/jpeg","filesize":154621,"url":"https:\/\/latorreinmobiliaria.com.ar\/web\/wp-content\/uploads\/2025\/11\/7e84b85a-569f-48da-87cf-bd9c8ff5cbb3-1536x1152.jpg"},"post-thumbnail":{"file":"7e84b85a-569f-48da-87cf-bd9c8ff5cbb3-150x113.jpg","width":150,"height":113,"mime-type":"image\/jpeg","filesize":4652,"url":"https:\/\/latorreinmobiliaria.com.ar\/web\/wp-content\/uploads\/2025\/11\/7e84b85a-569f-48da-87cf-bd9c8ff5cbb3-150x113.jpg"},"modern-property-child-slider":{"file":"7e84b85a-569f-48da-87cf-bd9c8ff5cbb3-680x510.jpg","width":680,"height":510,"mime-type":"image\/jpeg","filesize":44321,"url":"https:\/\/latorreinmobiliaria.com.ar\/web\/wp-content\/uploads\/2025\/11\/7e84b85a-569f-48da-87cf-bd9c8ff5cbb3-680x510.jpg"},"property-thumb-image":{"file":"7e84b85a-569f-48da-87cf-bd9c8ff5cbb3-488x326.jpg","width":488,"height":326,"mime-type":"image\/jpeg","filesize":24358,"url":"https:\/\/latorreinmobiliaria.com.ar\/web\/wp-content\/uploads\/2025\/11\/7e84b85a-569f-48da-87cf-bd9c8ff5cbb3-488x326.jpg"},"property-detail-video-image":{"file":"7e84b85a-569f-48da-87cf-bd9c8ff5cbb3-818x417.jpg","width":818,"height":417,"mime-type":"image\/jpeg","filesize":41785,"url":"https:\/\/latorreinmobiliaria.com.ar\/web\/wp-content\/uploads\/2025\/11\/7e84b85a-569f-48da-87cf-bd9c8ff5cbb3-818x417.jpg"},"agent-image":{"file":"7e84b85a-569f-48da-87cf-bd9c8ff5cbb3-210x210.jpg","width":210,"height":210,"mime-type":"image\/jpeg","filesize":9115,"url":"https:\/\/latorreinmobiliaria.com.ar\/web\/wp-content\/uploads\/2025\/11\/7e84b85a-569f-48da-87cf-bd9c8ff5cbb3-210x210.jpg"},"partners-logo":{"file":"7e84b85a-569f-48da-87cf-bd9c8ff5cbb3-600x1200.jpg","width":600,"height":1200,"mime-type":"image\/jpeg","filesize":61640,"url":"https:\/\/latorreinmobiliaria.com.ar\/web\/wp-content\/uploads\/2025\/11\/7e84b85a-569f-48da-87cf-bd9c8ff5cbb3-600x1200.jpg"},"gallery-two-column-image":{"file":"7e84b85a-569f-48da-87cf-bd9c8ff5cbb3-536x269.jpg","width":536,"height":269,"mime-type":"image\/jpeg","filesize":21584,"url":"https:\/\/latorreinmobiliaria.com.ar\/web\/wp-content\/uploads\/2025\/11\/7e84b85a-569f-48da-87cf-bd9c8ff5cbb3-536x269.jpg"},"property-detail-slider-image-two":{"file":"7e84b85a-569f-48da-87cf-bd9c8ff5cbb3-1170x648.jpg","width":1170,"height":648,"mime-type":"image\/jpeg","filesize":76516,"url":"https:\/\/latorreinmobiliaria.com.ar\/web\/wp-content\/uploads\/2025\/11\/7e84b85a-569f-48da-87cf-bd9c8ff5cbb3-1170x648.jpg"},"property-detail-slider-thumb":{"file":"7e84b85a-569f-48da-87cf-bd9c8ff5cbb3-82x60.jpg","width":82,"height":60,"mime-type":"image\/jpeg","filesize":1986,"url":"https:\/\/latorreinmobiliaria.com.ar\/web\/wp-content\/uploads\/2025\/11\/7e84b85a-569f-48da-87cf-bd9c8ff5cbb3-82x60.jpg"}},"image_meta":{"aperture":"0","credit":"","camera":"","caption":"","created_timestamp":"0","copyright":"","focal_length":"0","iso":"0","shutter_speed":"0","title":"","orientation":"0","keywords":[]},"ID":"22427","name":"7e84b85a-569f-48da-87cf-bd9c8ff5cbb3.jpg","path":"\/home\/latorre\/public_html\/web\/wp-content\/uploads\/2025\/11\/7e84b85a-569f-48da-87cf-bd9c8ff5cbb3.jpg","url":"https:\/\/latorreinmobiliaria.com.ar\/web\/wp-content\/uploads\/2025\/11\/7e84b85a-569f-48da-87cf-bd9c8ff5cbb3-150x150.jpg","full_url":"https:\/\/latorreinmobiliaria.com.ar\/web\/wp-content\/uploads\/2025\/11\/7e84b85a-569f-48da-87cf-bd9c8ff5cbb3.jpg","title":"7e84b85a-569f-48da-87cf-bd9c8ff5cbb3","caption":"","description":"","alt":"","srcset":"https:\/\/latorreinmobiliaria.com.ar\/web\/wp-content\/uploads\/2025\/11\/7e84b85a-569f-48da-87cf-bd9c8ff5cbb3-150x150.jpg 150w, https:\/\/latorreinmobiliaria.com.ar\/web\/wp-content\/uploads\/2025\/11\/7e84b85a-569f-48da-87cf-bd9c8ff5cbb3-210x210.jpg 210w"},{"width":150,"height":150,"file":"2025\/11\/cca8100a-b421-4bca-9d9e-f78f5e0645d6.jpg","filesize":129576,"sizes":{"medium":{"file":"cca8100a-b421-4bca-9d9e-f78f5e0645d6-300x225.jpg","width":300,"height":225,"mime-type":"image\/jpeg","filesize":12211,"url":"https:\/\/latorreinmobiliaria.com.ar\/web\/wp-content\/uploads\/2025\/11\/cca8100a-b421-4bca-9d9e-f78f5e0645d6-300x225.jpg"},"large":{"file":"cca8100a-b421-4bca-9d9e-f78f5e0645d6-1024x768.jpg","width":1024,"height":768,"mime-type":"image\/jpeg","filesize":78648,"url":"https:\/\/latorreinmobiliaria.com.ar\/web\/wp-content\/uploads\/2025\/11\/cca8100a-b421-4bca-9d9e-f78f5e0645d6-1024x768.jpg"},"thumbnail":{"file":"cca8100a-b421-4bca-9d9e-f78f5e0645d6-150x150.jpg","width":150,"height":150,"mime-type":"image\/jpeg","filesize":5135,"url":"https:\/\/latorreinmobiliaria.com.ar\/web\/wp-content\/uploads\/2025\/11\/cca8100a-b421-4bca-9d9e-f78f5e0645d6-150x150.jpg"},"medium_large":{"file":"cca8100a-b421-4bca-9d9e-f78f5e0645d6-768x576.jpg","width":768,"height":576,"mime-type":"image\/jpeg","filesize":49969,"url":"https:\/\/latorreinmobiliaria.com.ar\/web\/wp-content\/uploads\/2025\/11\/cca8100a-b421-4bca-9d9e-f78f5e0645d6-768x576.jpg"},"1536x1536":{"file":"cca8100a-b421-4bca-9d9e-f78f5e0645d6-1536x1152.jpg","width":1536,"height":1152,"mime-type":"image\/jpeg","filesize":147199,"url":"https:\/\/latorreinmobiliaria.com.ar\/web\/wp-content\/uploads\/2025\/11\/cca8100a-b421-4bca-9d9e-f78f5e0645d6-1536x1152.jpg"},"post-thumbnail":{"file":"cca8100a-b421-4bca-9d9e-f78f5e0645d6-150x113.jpg","width":150,"height":113,"mime-type":"image\/jpeg","filesize":4387,"url":"https:\/\/latorreinmobiliaria.com.ar\/web\/wp-content\/uploads\/2025\/11\/cca8100a-b421-4bca-9d9e-f78f5e0645d6-150x113.jpg"},"modern-property-child-slider":{"file":"cca8100a-b421-4bca-9d9e-f78f5e0645d6-680x510.jpg","width":680,"height":510,"mime-type":"image\/jpeg","filesize":41605,"url":"https:\/\/latorreinmobiliaria.com.ar\/web\/wp-content\/uploads\/2025\/11\/cca8100a-b421-4bca-9d9e-f78f5e0645d6-680x510.jpg"},"property-thumb-image":{"file":"cca8100a-b421-4bca-9d9e-f78f5e0645d6-488x326.jpg","width":488,"height":326,"mime-type":"image\/jpeg","filesize":23422,"url":"https:\/\/latorreinmobiliaria.com.ar\/web\/wp-content\/uploads\/2025\/11\/cca8100a-b421-4bca-9d9e-f78f5e0645d6-488x326.jpg"},"property-detail-video-image":{"file":"cca8100a-b421-4bca-9d9e-f78f5e0645d6-818x417.jpg","width":818,"height":417,"mime-type":"image\/jpeg","filesize":44449,"url":"https:\/\/latorreinmobiliaria.com.ar\/web\/wp-content\/uploads\/2025\/11\/cca8100a-b421-4bca-9d9e-f78f5e0645d6-818x417.jpg"},"agent-image":{"file":"cca8100a-b421-4bca-9d9e-f78f5e0645d6-210x210.jpg","width":210,"height":210,"mime-type":"image\/jpeg","filesize":8626,"url":"https:\/\/latorreinmobiliaria.com.ar\/web\/wp-content\/uploads\/2025\/11\/cca8100a-b421-4bca-9d9e-f78f5e0645d6-210x210.jpg"},"partners-logo":{"file":"cca8100a-b421-4bca-9d9e-f78f5e0645d6-600x1200.jpg","width":600,"height":1200,"mime-type":"image\/jpeg","filesize":60574,"url":"https:\/\/latorreinmobiliaria.com.ar\/web\/wp-content\/uploads\/2025\/11\/cca8100a-b421-4bca-9d9e-f78f5e0645d6-600x1200.jpg"},"gallery-two-column-image":{"file":"cca8100a-b421-4bca-9d9e-f78f5e0645d6-536x269.jpg","width":536,"height":269,"mime-type":"image\/jpeg","filesize":22877,"url":"https:\/\/latorreinmobiliaria.com.ar\/web\/wp-content\/uploads\/2025\/11\/cca8100a-b421-4bca-9d9e-f78f5e0645d6-536x269.jpg"},"property-detail-slider-image-two":{"file":"cca8100a-b421-4bca-9d9e-f78f5e0645d6-1170x648.jpg","width":1170,"height":648,"mime-type":"image\/jpeg","filesize":79728,"url":"https:\/\/latorreinmobiliaria.com.ar\/web\/wp-content\/uploads\/2025\/11\/cca8100a-b421-4bca-9d9e-f78f5e0645d6-1170x648.jpg"},"property-detail-slider-thumb":{"file":"cca8100a-b421-4bca-9d9e-f78f5e0645d6-82x60.jpg","width":82,"height":60,"mime-type":"image\/jpeg","filesize":1843,"url":"https:\/\/latorreinmobiliaria.com.ar\/web\/wp-content\/uploads\/2025\/11\/cca8100a-b421-4bca-9d9e-f78f5e0645d6-82x60.jpg"}},"image_meta":{"aperture":"0","credit":"","camera":"","caption":"","created_timestamp":"0","copyright":"","focal_length":"0","iso":"0","shutter_speed":"0","title":"","orientation":"0","keywords":[]},"ID":"22430","name":"cca8100a-b421-4bca-9d9e-f78f5e0645d6.jpg","path":"\/home\/latorre\/public_html\/web\/wp-content\/uploads\/2025\/11\/cca8100a-b421-4bca-9d9e-f78f5e0645d6.jpg","url":"https:\/\/latorreinmobiliaria.com.ar\/web\/wp-content\/uploads\/2025\/11\/cca8100a-b421-4bca-9d9e-f78f5e0645d6-150x150.jpg","full_url":"https:\/\/latorreinmobiliaria.com.ar\/web\/wp-content\/uploads\/2025\/11\/cca8100a-b421-4bca-9d9e-f78f5e0645d6.jpg","title":"cca8100a-b421-4bca-9d9e-f78f5e0645d6","caption":"","description":"","alt":"","srcset":"https:\/\/latorreinmobiliaria.com.ar\/web\/wp-content\/uploads\/2025\/11\/cca8100a-b421-4bca-9d9e-f78f5e0645d6-150x150.jpg 150w, https:\/\/latorreinmobiliaria.com.ar\/web\/wp-content\/uploads\/2025\/11\/cca8100a-b421-4bca-9d9e-f78f5e0645d6-210x210.jpg 210w"},{"width":150,"height":150,"file":"2025\/11\/dfc2eb95-85e9-4b69-8af1-9797417e17d5.jpg","filesize":123804,"sizes":{"medium":{"file":"dfc2eb95-85e9-4b69-8af1-9797417e17d5-225x300.jpg","width":225,"height":300,"mime-type":"image\/jpeg","filesize":10731,"url":"https:\/\/latorreinmobiliaria.com.ar\/web\/wp-content\/uploads\/2025\/11\/dfc2eb95-85e9-4b69-8af1-9797417e17d5-225x300.jpg"},"large":{"file":"dfc2eb95-85e9-4b69-8af1-9797417e17d5-768x1024.jpg","width":768,"height":1024,"mime-type":"image\/jpeg","filesize":73448,"url":"https:\/\/latorreinmobiliaria.com.ar\/web\/wp-content\/uploads\/2025\/11\/dfc2eb95-85e9-4b69-8af1-9797417e17d5-768x1024.jpg"},"thumbnail":{"file":"dfc2eb95-85e9-4b69-8af1-9797417e17d5-150x150.jpg","width":150,"height":150,"mime-type":"image\/jpeg","filesize":4631,"url":"https:\/\/latorreinmobiliaria.com.ar\/web\/wp-content\/uploads\/2025\/11\/dfc2eb95-85e9-4b69-8af1-9797417e17d5-150x150.jpg"},"medium_large":{"file":"dfc2eb95-85e9-4b69-8af1-9797417e17d5-768x1024.jpg","width":768,"height":1024,"mime-type":"image\/jpeg","filesize":73448,"url":"https:\/\/latorreinmobiliaria.com.ar\/web\/wp-content\/uploads\/2025\/11\/dfc2eb95-85e9-4b69-8af1-9797417e17d5-768x1024.jpg"},"1536x1536":{"file":"dfc2eb95-85e9-4b69-8af1-9797417e17d5-1152x1536.jpg","width":1152,"height":1536,"mime-type":"image\/jpeg","filesize":141693,"url":"https:\/\/latorreinmobiliaria.com.ar\/web\/wp-content\/uploads\/2025\/11\/dfc2eb95-85e9-4b69-8af1-9797417e17d5-1152x1536.jpg"},"post-thumbnail":{"file":"dfc2eb95-85e9-4b69-8af1-9797417e17d5-113x150.jpg","width":113,"height":150,"mime-type":"image\/jpeg","filesize":3852,"url":"https:\/\/latorreinmobiliaria.com.ar\/web\/wp-content\/uploads\/2025\/11\/dfc2eb95-85e9-4b69-8af1-9797417e17d5-113x150.jpg"},"modern-property-child-slider":{"file":"dfc2eb95-85e9-4b69-8af1-9797417e17d5-680x510.jpg","width":680,"height":510,"mime-type":"image\/jpeg","filesize":34853,"url":"https:\/\/latorreinmobiliaria.com.ar\/web\/wp-content\/uploads\/2025\/11\/dfc2eb95-85e9-4b69-8af1-9797417e17d5-680x510.jpg"},"property-thumb-image":{"file":"dfc2eb95-85e9-4b69-8af1-9797417e17d5-488x326.jpg","width":488,"height":326,"mime-type":"image\/jpeg","filesize":18517,"url":"https:\/\/latorreinmobiliaria.com.ar\/web\/wp-content\/uploads\/2025\/11\/dfc2eb95-85e9-4b69-8af1-9797417e17d5-488x326.jpg"},"property-detail-video-image":{"file":"dfc2eb95-85e9-4b69-8af1-9797417e17d5-818x417.jpg","width":818,"height":417,"mime-type":"image\/jpeg","filesize":32091,"url":"https:\/\/latorreinmobiliaria.com.ar\/web\/wp-content\/uploads\/2025\/11\/dfc2eb95-85e9-4b69-8af1-9797417e17d5-818x417.jpg"},"agent-image":{"file":"dfc2eb95-85e9-4b69-8af1-9797417e17d5-210x210.jpg","width":210,"height":210,"mime-type":"image\/jpeg","filesize":7729,"url":"https:\/\/latorreinmobiliaria.com.ar\/web\/wp-content\/uploads\/2025\/11\/dfc2eb95-85e9-4b69-8af1-9797417e17d5-210x210.jpg"},"partners-logo":{"file":"dfc2eb95-85e9-4b69-8af1-9797417e17d5-600x1600.jpg","width":600,"height":1600,"mime-type":"image\/jpeg","filesize":80805,"url":"https:\/\/latorreinmobiliaria.com.ar\/web\/wp-content\/uploads\/2025\/11\/dfc2eb95-85e9-4b69-8af1-9797417e17d5-600x1600.jpg"},"gallery-two-column-image":{"file":"dfc2eb95-85e9-4b69-8af1-9797417e17d5-536x269.jpg","width":536,"height":269,"mime-type":"image\/jpeg","filesize":16217,"url":"https:\/\/latorreinmobiliaria.com.ar\/web\/wp-content\/uploads\/2025\/11\/dfc2eb95-85e9-4b69-8af1-9797417e17d5-536x269.jpg"},"property-detail-slider-image-two":{"file":"dfc2eb95-85e9-4b69-8af1-9797417e17d5-1170x648.jpg","width":1170,"height":648,"mime-type":"image\/jpeg","filesize":59574,"url":"https:\/\/latorreinmobiliaria.com.ar\/web\/wp-content\/uploads\/2025\/11\/dfc2eb95-85e9-4b69-8af1-9797417e17d5-1170x648.jpg"},"property-detail-slider-thumb":{"file":"dfc2eb95-85e9-4b69-8af1-9797417e17d5-82x60.jpg","width":82,"height":60,"mime-type":"image\/jpeg","filesize":1588,"url":"https:\/\/latorreinmobiliaria.com.ar\/web\/wp-content\/uploads\/2025\/11\/dfc2eb95-85e9-4b69-8af1-9797417e17d5-82x60.jpg"}},"image_meta":{"aperture":"0","credit":"","camera":"","caption":"","created_timestamp":"0","copyright":"","focal_length":"0","iso":"0","shutter_speed":"0","title":"","orientation":"0","keywords":[]},"ID":"22431","name":"dfc2eb95-85e9-4b69-8af1-9797417e17d5.jpg","path":"\/home\/latorre\/public_html\/web\/wp-content\/uploads\/2025\/11\/dfc2eb95-85e9-4b69-8af1-9797417e17d5.jpg","url":"https:\/\/latorreinmobiliaria.com.ar\/web\/wp-content\/uploads\/2025\/11\/dfc2eb95-85e9-4b69-8af1-9797417e17d5-150x150.jpg","full_url":"https:\/\/latorreinmobiliaria.com.ar\/web\/wp-content\/uploads\/2025\/11\/dfc2eb95-85e9-4b69-8af1-9797417e17d5.jpg","title":"dfc2eb95-85e9-4b69-8af1-9797417e17d5","caption":"","description":"","alt":"","srcset":"https:\/\/latorreinmobiliaria.com.ar\/web\/wp-content\/uploads\/2025\/11\/dfc2eb95-85e9-4b69-8af1-9797417e17d5-150x150.jpg 150w, https:\/\/latorreinmobiliaria.com.ar\/web\/wp-content\/uploads\/2025\/11\/dfc2eb95-85e9-4b69-8af1-9797417e17d5-210x210.jpg 210w"},{"width":150,"height":150,"file":"2025\/11\/80473861-6369-498f-97c6-0869c8d18056.jpg","filesize":105434,"sizes":{"medium":{"file":"80473861-6369-498f-97c6-0869c8d18056-225x300.jpg","width":225,"height":300,"mime-type":"image\/jpeg","filesize":9603,"url":"https:\/\/latorreinmobiliaria.com.ar\/web\/wp-content\/uploads\/2025\/11\/80473861-6369-498f-97c6-0869c8d18056-225x300.jpg"},"large":{"file":"80473861-6369-498f-97c6-0869c8d18056-768x1024.jpg","width":768,"height":1024,"mime-type":"image\/jpeg","filesize":63449,"url":"https:\/\/latorreinmobiliaria.com.ar\/web\/wp-content\/uploads\/2025\/11\/80473861-6369-498f-97c6-0869c8d18056-768x1024.jpg"},"thumbnail":{"file":"80473861-6369-498f-97c6-0869c8d18056-150x150.jpg","width":150,"height":150,"mime-type":"image\/jpeg","filesize":4515,"url":"https:\/\/latorreinmobiliaria.com.ar\/web\/wp-content\/uploads\/2025\/11\/80473861-6369-498f-97c6-0869c8d18056-150x150.jpg"},"medium_large":{"file":"80473861-6369-498f-97c6-0869c8d18056-768x1024.jpg","width":768,"height":1024,"mime-type":"image\/jpeg","filesize":63449,"url":"https:\/\/latorreinmobiliaria.com.ar\/web\/wp-content\/uploads\/2025\/11\/80473861-6369-498f-97c6-0869c8d18056-768x1024.jpg"},"1536x1536":{"file":"80473861-6369-498f-97c6-0869c8d18056-1152x1536.jpg","width":1152,"height":1536,"mime-type":"image\/jpeg","filesize":120637,"url":"https:\/\/latorreinmobiliaria.com.ar\/web\/wp-content\/uploads\/2025\/11\/80473861-6369-498f-97c6-0869c8d18056-1152x1536.jpg"},"post-thumbnail":{"file":"80473861-6369-498f-97c6-0869c8d18056-113x150.jpg","width":113,"height":150,"mime-type":"image\/jpeg","filesize":3514,"url":"https:\/\/latorreinmobiliaria.com.ar\/web\/wp-content\/uploads\/2025\/11\/80473861-6369-498f-97c6-0869c8d18056-113x150.jpg"},"modern-property-child-slider":{"file":"80473861-6369-498f-97c6-0869c8d18056-680x510.jpg","width":680,"height":510,"mime-type":"image\/jpeg","filesize":35918,"url":"https:\/\/latorreinmobiliaria.com.ar\/web\/wp-content\/uploads\/2025\/11\/80473861-6369-498f-97c6-0869c8d18056-680x510.jpg"},"property-thumb-image":{"file":"80473861-6369-498f-97c6-0869c8d18056-488x326.jpg","width":488,"height":326,"mime-type":"image\/jpeg","filesize":19934,"url":"https:\/\/latorreinmobiliaria.com.ar\/web\/wp-content\/uploads\/2025\/11\/80473861-6369-498f-97c6-0869c8d18056-488x326.jpg"},"property-detail-video-image":{"file":"80473861-6369-498f-97c6-0869c8d18056-818x417.jpg","width":818,"height":417,"mime-type":"image\/jpeg","filesize":34757,"url":"https:\/\/latorreinmobiliaria.com.ar\/web\/wp-content\/uploads\/2025\/11\/80473861-6369-498f-97c6-0869c8d18056-818x417.jpg"},"agent-image":{"file":"80473861-6369-498f-97c6-0869c8d18056-210x210.jpg","width":210,"height":210,"mime-type":"image\/jpeg","filesize":7433,"url":"https:\/\/latorreinmobiliaria.com.ar\/web\/wp-content\/uploads\/2025\/11\/80473861-6369-498f-97c6-0869c8d18056-210x210.jpg"},"partners-logo":{"file":"80473861-6369-498f-97c6-0869c8d18056-600x1600.jpg","width":600,"height":1600,"mime-type":"image\/jpeg","filesize":73213,"url":"https:\/\/latorreinmobiliaria.com.ar\/web\/wp-content\/uploads\/2025\/11\/80473861-6369-498f-97c6-0869c8d18056-600x1600.jpg"},"gallery-two-column-image":{"file":"80473861-6369-498f-97c6-0869c8d18056-536x269.jpg","width":536,"height":269,"mime-type":"image\/jpeg","filesize":17860,"url":"https:\/\/latorreinmobiliaria.com.ar\/web\/wp-content\/uploads\/2025\/11\/80473861-6369-498f-97c6-0869c8d18056-536x269.jpg"},"property-detail-slider-image-two":{"file":"80473861-6369-498f-97c6-0869c8d18056-1170x648.jpg","width":1170,"height":648,"mime-type":"image\/jpeg","filesize":62748,"url":"https:\/\/latorreinmobiliaria.com.ar\/web\/wp-content\/uploads\/2025\/11\/80473861-6369-498f-97c6-0869c8d18056-1170x648.jpg"},"property-detail-slider-thumb":{"file":"80473861-6369-498f-97c6-0869c8d18056-82x60.jpg","width":82,"height":60,"mime-type":"image\/jpeg","filesize":1686,"url":"https:\/\/latorreinmobiliaria.com.ar\/web\/wp-content\/uploads\/2025\/11\/80473861-6369-498f-97c6-0869c8d18056-82x60.jpg"}},"image_meta":{"aperture":"0","credit":"","camera":"","caption":"","created_timestamp":"0","copyright":"","focal_length":"0","iso":"0","shutter_speed":"0","title":"","orientation":"0","keywords":[]},"ID":"22428","name":"80473861-6369-498f-97c6-0869c8d18056.jpg","path":"\/home\/latorre\/public_html\/web\/wp-content\/uploads\/2025\/11\/80473861-6369-498f-97c6-0869c8d18056.jpg","url":"https:\/\/latorreinmobiliaria.com.ar\/web\/wp-content\/uploads\/2025\/11\/80473861-6369-498f-97c6-0869c8d18056-150x150.jpg","full_url":"https:\/\/latorreinmobiliaria.com.ar\/web\/wp-content\/uploads\/2025\/11\/80473861-6369-498f-97c6-0869c8d18056.jpg","title":"80473861-6369-498f-97c6-0869c8d18056","caption":"","description":"","alt":"","srcset":"https:\/\/latorreinmobiliaria.com.ar\/web\/wp-content\/uploads\/2025\/11\/80473861-6369-498f-97c6-0869c8d18056-150x150.jpg 150w, https:\/\/latorreinmobiliaria.com.ar\/web\/wp-content\/uploads\/2025\/11\/80473861-6369-498f-97c6-0869c8d18056-210x210.jpg 210w"},{"width":150,"height":150,"file":"2025\/11\/6bfb3386-b41e-4dd3-b677-ba51dc5fd68b.jpg","filesize":117586,"sizes":{"medium":{"file":"6bfb3386-b41e-4dd3-b677-ba51dc5fd68b-300x225.jpg","width":300,"height":225,"mime-type":"image\/jpeg","filesize":11082,"url":"https:\/\/latorreinmobiliaria.com.ar\/web\/wp-content\/uploads\/2025\/11\/6bfb3386-b41e-4dd3-b677-ba51dc5fd68b-300x225.jpg"},"large":{"file":"6bfb3386-b41e-4dd3-b677-ba51dc5fd68b-1024x768.jpg","width":1024,"height":768,"mime-type":"image\/jpeg","filesize":71283,"url":"https:\/\/latorreinmobiliaria.com.ar\/web\/wp-content\/uploads\/2025\/11\/6bfb3386-b41e-4dd3-b677-ba51dc5fd68b-1024x768.jpg"},"thumbnail":{"file":"6bfb3386-b41e-4dd3-b677-ba51dc5fd68b-150x150.jpg","width":150,"height":150,"mime-type":"image\/jpeg","filesize":5014,"url":"https:\/\/latorreinmobiliaria.com.ar\/web\/wp-content\/uploads\/2025\/11\/6bfb3386-b41e-4dd3-b677-ba51dc5fd68b-150x150.jpg"},"medium_large":{"file":"6bfb3386-b41e-4dd3-b677-ba51dc5fd68b-768x576.jpg","width":768,"height":576,"mime-type":"image\/jpeg","filesize":45455,"url":"https:\/\/latorreinmobiliaria.com.ar\/web\/wp-content\/uploads\/2025\/11\/6bfb3386-b41e-4dd3-b677-ba51dc5fd68b-768x576.jpg"},"1536x1536":{"file":"6bfb3386-b41e-4dd3-b677-ba51dc5fd68b-1536x1152.jpg","width":1536,"height":1152,"mime-type":"image\/jpeg","filesize":132763,"url":"https:\/\/latorreinmobiliaria.com.ar\/web\/wp-content\/uploads\/2025\/11\/6bfb3386-b41e-4dd3-b677-ba51dc5fd68b-1536x1152.jpg"},"post-thumbnail":{"file":"6bfb3386-b41e-4dd3-b677-ba51dc5fd68b-150x113.jpg","width":150,"height":113,"mime-type":"image\/jpeg","filesize":4033,"url":"https:\/\/latorreinmobiliaria.com.ar\/web\/wp-content\/uploads\/2025\/11\/6bfb3386-b41e-4dd3-b677-ba51dc5fd68b-150x113.jpg"},"modern-property-child-slider":{"file":"6bfb3386-b41e-4dd3-b677-ba51dc5fd68b-680x510.jpg","width":680,"height":510,"mime-type":"image\/jpeg","filesize":37640,"url":"https:\/\/latorreinmobiliaria.com.ar\/web\/wp-content\/uploads\/2025\/11\/6bfb3386-b41e-4dd3-b677-ba51dc5fd68b-680x510.jpg"},"property-thumb-image":{"file":"6bfb3386-b41e-4dd3-b677-ba51dc5fd68b-488x326.jpg","width":488,"height":326,"mime-type":"image\/jpeg","filesize":20644,"url":"https:\/\/latorreinmobiliaria.com.ar\/web\/wp-content\/uploads\/2025\/11\/6bfb3386-b41e-4dd3-b677-ba51dc5fd68b-488x326.jpg"},"property-detail-video-image":{"file":"6bfb3386-b41e-4dd3-b677-ba51dc5fd68b-818x417.jpg","width":818,"height":417,"mime-type":"image\/jpeg","filesize":37001,"url":"https:\/\/latorreinmobiliaria.com.ar\/web\/wp-content\/uploads\/2025\/11\/6bfb3386-b41e-4dd3-b677-ba51dc5fd68b-818x417.jpg"},"agent-image":{"file":"6bfb3386-b41e-4dd3-b677-ba51dc5fd68b-210x210.jpg","width":210,"height":210,"mime-type":"image\/jpeg","filesize":8411,"url":"https:\/\/latorreinmobiliaria.com.ar\/web\/wp-content\/uploads\/2025\/11\/6bfb3386-b41e-4dd3-b677-ba51dc5fd68b-210x210.jpg"},"partners-logo":{"file":"6bfb3386-b41e-4dd3-b677-ba51dc5fd68b-600x1200.jpg","width":600,"height":1200,"mime-type":"image\/jpeg","filesize":56293,"url":"https:\/\/latorreinmobiliaria.com.ar\/web\/wp-content\/uploads\/2025\/11\/6bfb3386-b41e-4dd3-b677-ba51dc5fd68b-600x1200.jpg"},"gallery-two-column-image":{"file":"6bfb3386-b41e-4dd3-b677-ba51dc5fd68b-536x269.jpg","width":536,"height":269,"mime-type":"image\/jpeg","filesize":18916,"url":"https:\/\/latorreinmobiliaria.com.ar\/web\/wp-content\/uploads\/2025\/11\/6bfb3386-b41e-4dd3-b677-ba51dc5fd68b-536x269.jpg"},"property-detail-slider-image-two":{"file":"6bfb3386-b41e-4dd3-b677-ba51dc5fd68b-1170x648.jpg","width":1170,"height":648,"mime-type":"image\/jpeg","filesize":68698,"url":"https:\/\/latorreinmobiliaria.com.ar\/web\/wp-content\/uploads\/2025\/11\/6bfb3386-b41e-4dd3-b677-ba51dc5fd68b-1170x648.jpg"},"property-detail-slider-thumb":{"file":"6bfb3386-b41e-4dd3-b677-ba51dc5fd68b-82x60.jpg","width":82,"height":60,"mime-type":"image\/jpeg","filesize":1740,"url":"https:\/\/latorreinmobiliaria.com.ar\/web\/wp-content\/uploads\/2025\/11\/6bfb3386-b41e-4dd3-b677-ba51dc5fd68b-82x60.jpg"}},"image_meta":{"aperture":"0","credit":"","camera":"","caption":"","created_timestamp":"0","copyright":"","focal_length":"0","iso":"0","shutter_speed":"0","title":"","orientation":"0","keywords":[]},"ID":"22426","name":"6bfb3386-b41e-4dd3-b677-ba51dc5fd68b.jpg","path":"\/home\/latorre\/public_html\/web\/wp-content\/uploads\/2025\/11\/6bfb3386-b41e-4dd3-b677-ba51dc5fd68b.jpg","url":"https:\/\/latorreinmobiliaria.com.ar\/web\/wp-content\/uploads\/2025\/11\/6bfb3386-b41e-4dd3-b677-ba51dc5fd68b-150x150.jpg","full_url":"https:\/\/latorreinmobiliaria.com.ar\/web\/wp-content\/uploads\/2025\/11\/6bfb3386-b41e-4dd3-b677-ba51dc5fd68b.jpg","title":"6bfb3386-b41e-4dd3-b677-ba51dc5fd68b","caption":"","description":"","alt":"","srcset":"https:\/\/latorreinmobiliaria.com.ar\/web\/wp-content\/uploads\/2025\/11\/6bfb3386-b41e-4dd3-b677-ba51dc5fd68b-150x150.jpg 150w, https:\/\/latorreinmobiliaria.com.ar\/web\/wp-content\/uploads\/2025\/11\/6bfb3386-b41e-4dd3-b677-ba51dc5fd68b-210x210.jpg 210w"}],"REAL_HOMES_change_gallery_slider_type":"0","REAL_HOMES_gallery_slider_type":"thumb-on-right","inspiry_floor_plans":[],"inspiry_video_group":[],"REAL_HOMES_360_virtual_tour":"","REAL_HOMES_tour_video_url":"","REAL_HOMES_tour_video_image":[],"REAL_HOMES_agent_display_option":"none","REAL_HOMES_agents":[],"REAL_HOMES_energy_class":"none","REAL_HOMES_energy_performance":"","REAL_HOMES_epc_current_rating":"","REAL_HOMES_epc_potential_rating":"","REAL_HOMES_sticky":"0","inspiry_property_label":"","inspiry_property_label_color":"","inspiry_property_tax":"0","inspiry_additional_fee":"0","REAL_HOMES_attachments":[],"inspiry_property_owner_name":"","inspiry_property_owner_contact":"","inspiry_property_owner_address":"","REAL_HOMES_property_private_note":"","inspiry_message_to_reviewer":"","REAL_HOMES_add_in_slider":"no","REAL_HOMES_slider_image":[],"REAL_HOMES_page_banner_image":[]},"_links":{"self":[{"href":"https:\/\/latorreinmobiliaria.com.ar\/web\/wp-json\/wp\/v2\/properties\/22424","targetHints":{"allow":["GET"]}}],"collection":[{"href":"https:\/\/latorreinmobiliaria.com.ar\/web\/wp-json\/wp\/v2\/properties"}],"about":[{"href":"https:\/\/latorreinmobiliaria.com.ar\/web\/wp-json\/wp\/v2\/types\/property"}],"author":[{"embeddable":true,"href":"https:\/\/latorreinmobiliaria.com.ar\/web\/wp-json\/wp\/v2\/users\/3"}],"replies":[{"embeddable":true,"href":"https:\/\/latorreinmobiliaria.com.ar\/web\/wp-json\/wp\/v2\/comments?post=22424"}],"version-history":[{"count":2,"href":"https:\/\/latorreinmobiliaria.com.ar\/web\/wp-json\/wp\/v2\/properties\/22424\/revisions"}],"predecessor-version":[{"id":23906,"href":"https:\/\/latorreinmobiliaria.com.ar\/web\/wp-json\/wp\/v2\/properties\/22424\/revisions\/23906"}],"wp:featuredmedia":[{"embeddable":true,"href":"https:\/\/latorreinmobiliaria.com.ar\/web\/wp-json\/wp\/v2\/media\/22429"}],"wp:attachment":[{"href":"https:\/\/latorreinmobiliaria.com.ar\/web\/wp-json\/wp\/v2\/media?parent=22424"}],"wp:term":[{"taxonomy":"property-feature","embeddable":true,"href":"https:\/\/latorreinmobiliaria.com.ar\/web\/wp-json\/wp\/v2\/caracter\u00edsticas-propiedad?post=22424"},{"taxonomy":"property-type","embeddable":true,"href":"https:\/\/latorreinmobiliaria.com.ar\/web\/wp-json\/wp\/v2\/tipos-propiedad?post=22424"},{"taxonomy":"property-city","embeddable":true,"href":"https:\/\/latorreinmobiliaria.com.ar\/web\/wp-json\/wp\/v2\/ciudades-propiedad?post=22424"},{"taxonomy":"property-status","embeddable":true,"href":"https:\/\/latorreinmobiliaria.com.ar\/web\/wp-json\/wp\/v2\/estatus-propiedad?post=22424"}],"curies":[{"name":"wp","href":"https:\/\/api.w.org\/{rel}","templated":true}]}}