{"id":21892,"date":"2025-08-16T10:52:18","date_gmt":"2025-08-16T13:52:18","guid":{"rendered":"https:\/\/latorreinmobiliaria.com.ar\/web\/?post_type=property&#038;p=21892"},"modified":"2025-08-18T11:37:13","modified_gmt":"2025-08-18T14:37:13","slug":"departamento-4-ambientes-venta","status":"publish","type":"property","link":"https:\/\/latorreinmobiliaria.com.ar\/web\/propiedad\/departamento-4-ambientes-venta\/","title":{"rendered":"Departamento 4 Ambientes \u2013 VENTA"},"content":{"rendered":"<p><strong>C\u00f3digo de identificaci\u00f3n ID 235. Ubicado en calle Av Costanera e\/ 13 y 19. Departamento frente al mar\u00a0 en el edificio Tuyu III piso 12. ingresando al departamento nos encontramos con Living-comedor, cocina separada, 2 ba\u00f1os completos + toilette de recepci\u00f3n y 3 habitaciones, balc\u00f3n\u00a0 amplio con vista de frente al mar. Terraza propia\u00a0 de 130mts con acceso interior. Superficie total de la propiedad 290mts. cochera en P.B. del edificio. SERVICIOS: Todo el\u00e9ctrico<br \/>\nDetalle a mencionar, el ascensor del edificio llega hasta el piso 11, hay que hacer un piso por escaleras<br \/>\n<\/strong><\/p>\n<p><strong>CONSULTE SU VALOR\u00a0\u00a0<\/strong><\/p>\n<p><strong>Direcci\u00f3n: Av Costanera e\/ 13 y 19.<\/strong><br \/>\n<strong>Provincia: Buenos Aires<\/strong><br \/>\n<strong>Ciudad: San Clemente del Tuyu<\/strong><br \/>\n<strong>C\u00f3digo postal: 7105<\/strong><\/p>\n","protected":false},"excerpt":{"rendered":"<p>C\u00f3digo de identificaci\u00f3n ID 235. Ubicado en calle Av Costanera e\/ 13 y 19. Departamento frente al mar\u00a0 en el edificio Tuyu III piso 12. ingresando al departamento nos encontramos con Living-comedor, cocina separada, 2 ba\u00f1os completos + toilette de recepci\u00f3n y 3 habitaciones, balc\u00f3n\u00a0 amplio con vista de frente al mar. Terraza propia\u00a0 de&#8230;<\/p>\n","protected":false},"author":3,"featured_media":21900,"parent":0,"menu_order":0,"comment_status":"closed","ping_status":"closed","template":"","caracter\u00edsticas-propiedad":[],"tipos-propiedad":[55],"ciudades-propiedad":[54],"estatus-propiedad":[53],"class_list":["post-21892","property","type-property","status-publish","has-post-thumbnail","hentry","property-type-departamentos-en-venta","property-city-san-clemente-del-tuyu","property-status-venta"],"property_meta":{"REAL_HOMES_property_price":"","REAL_HOMES_property_old_price":"","REAL_HOMES_property_price_prefix":"Dolares","REAL_HOMES_property_price_postfix":"","REAL_HOMES_property_size":"","REAL_HOMES_property_size_postfix":"","REAL_HOMES_property_lot_size":"","REAL_HOMES_property_lot_size_postfix":"","REAL_HOMES_property_bedrooms":"3","REAL_HOMES_property_bathrooms":"3","REAL_HOMES_property_garage":"","REAL_HOMES_property_id":"235","REAL_HOMES_property_year_built":"","REAL_HOMES_featured":"0","REAL_HOMES_additional_details_list":[],"REAL_HOMES_property_location":{"latitude":"-36.361555635838","longitude":"-56.715272852321","zoom":"17"},"REAL_HOMES_property_address":"San Clemente del Tuy\u00fa. Argentina.","REAL_HOMES_property_map":"0","REAL_HOMES_property_images":[{"width":150,"height":150,"file":"2025\/08\/1477492310_1477492310cf4f77290b652f62c70795251bf9b951.jpg","filesize":66625,"sizes":{"medium":{"file":"1477492310_1477492310cf4f77290b652f62c70795251bf9b951-300x225.jpg","width":300,"height":225,"mime-type":"image\/jpeg","filesize":16728,"url":"https:\/\/latorreinmobiliaria.com.ar\/web\/wp-content\/uploads\/2025\/08\/1477492310_1477492310cf4f77290b652f62c70795251bf9b951-300x225.jpg"},"thumbnail":{"file":"1477492310_1477492310cf4f77290b652f62c70795251bf9b951-150x150.jpg","width":150,"height":150,"mime-type":"image\/jpeg","filesize":6723,"url":"https:\/\/latorreinmobiliaria.com.ar\/web\/wp-content\/uploads\/2025\/08\/1477492310_1477492310cf4f77290b652f62c70795251bf9b951-150x150.jpg"},"post-thumbnail":{"file":"1477492310_1477492310cf4f77290b652f62c70795251bf9b951-150x113.jpg","width":150,"height":113,"mime-type":"image\/jpeg","filesize":5399,"url":"https:\/\/latorreinmobiliaria.com.ar\/web\/wp-content\/uploads\/2025\/08\/1477492310_1477492310cf4f77290b652f62c70795251bf9b951-150x113.jpg"},"modern-property-child-slider":{"file":"1477492310_1477492310cf4f77290b652f62c70795251bf9b951-680x510.jpg","width":680,"height":510,"mime-type":"image\/jpeg","filesize":61022,"url":"https:\/\/latorreinmobiliaria.com.ar\/web\/wp-content\/uploads\/2025\/08\/1477492310_1477492310cf4f77290b652f62c70795251bf9b951-680x510.jpg"},"property-thumb-image":{"file":"1477492310_1477492310cf4f77290b652f62c70795251bf9b951-488x326.jpg","width":488,"height":326,"mime-type":"image\/jpeg","filesize":33444,"url":"https:\/\/latorreinmobiliaria.com.ar\/web\/wp-content\/uploads\/2025\/08\/1477492310_1477492310cf4f77290b652f62c70795251bf9b951-488x326.jpg"},"property-detail-video-image":{"file":"1477492310_1477492310cf4f77290b652f62c70795251bf9b951-768x417.jpg","width":768,"height":417,"mime-type":"image\/jpeg","filesize":62483,"url":"https:\/\/latorreinmobiliaria.com.ar\/web\/wp-content\/uploads\/2025\/08\/1477492310_1477492310cf4f77290b652f62c70795251bf9b951-768x417.jpg"},"agent-image":{"file":"1477492310_1477492310cf4f77290b652f62c70795251bf9b951-210x210.jpg","width":210,"height":210,"mime-type":"image\/jpeg","filesize":11940,"url":"https:\/\/latorreinmobiliaria.com.ar\/web\/wp-content\/uploads\/2025\/08\/1477492310_1477492310cf4f77290b652f62c70795251bf9b951-210x210.jpg"},"partners-logo":{"file":"1477492310_1477492310cf4f77290b652f62c70795251bf9b951-600x576.jpg","width":600,"height":576,"mime-type":"image\/jpeg","filesize":65350,"url":"https:\/\/latorreinmobiliaria.com.ar\/web\/wp-content\/uploads\/2025\/08\/1477492310_1477492310cf4f77290b652f62c70795251bf9b951-600x576.jpg"},"gallery-two-column-image":{"file":"1477492310_1477492310cf4f77290b652f62c70795251bf9b951-536x269.jpg","width":536,"height":269,"mime-type":"image\/jpeg","filesize":31847,"url":"https:\/\/latorreinmobiliaria.com.ar\/web\/wp-content\/uploads\/2025\/08\/1477492310_1477492310cf4f77290b652f62c70795251bf9b951-536x269.jpg"},"property-detail-slider-thumb":{"file":"1477492310_1477492310cf4f77290b652f62c70795251bf9b951-82x60.jpg","width":82,"height":60,"mime-type":"image\/jpeg","filesize":2173,"url":"https:\/\/latorreinmobiliaria.com.ar\/web\/wp-content\/uploads\/2025\/08\/1477492310_1477492310cf4f77290b652f62c70795251bf9b951-82x60.jpg"}},"image_meta":{"aperture":"0","credit":"","camera":"","caption":"","created_timestamp":"0","copyright":"","focal_length":"0","iso":"0","shutter_speed":"0","title":"","orientation":"0","keywords":[]},"ID":"21900","name":"1477492310_1477492310cf4f77290b652f62c70795251bf9b951.jpg","path":"\/home\/latorre\/public_html\/web\/wp-content\/uploads\/2025\/08\/1477492310_1477492310cf4f77290b652f62c70795251bf9b951.jpg","url":"https:\/\/latorreinmobiliaria.com.ar\/web\/wp-content\/uploads\/2025\/08\/1477492310_1477492310cf4f77290b652f62c70795251bf9b951-150x150.jpg","full_url":"https:\/\/latorreinmobiliaria.com.ar\/web\/wp-content\/uploads\/2025\/08\/1477492310_1477492310cf4f77290b652f62c70795251bf9b951.jpg","title":"1477492310_1477492310cf4f77290b652f62c70795251bf9b951","caption":"","description":"","alt":"","srcset":"https:\/\/latorreinmobiliaria.com.ar\/web\/wp-content\/uploads\/2025\/08\/1477492310_1477492310cf4f77290b652f62c70795251bf9b951-150x150.jpg 150w, https:\/\/latorreinmobiliaria.com.ar\/web\/wp-content\/uploads\/2025\/08\/1477492310_1477492310cf4f77290b652f62c70795251bf9b951-210x210.jpg 210w"},{"width":150,"height":150,"file":"2025\/08\/df300a09-e367-4cca-bb68-cac646f8953c_1200x900.jpg","filesize":118158,"sizes":{"medium":{"file":"df300a09-e367-4cca-bb68-cac646f8953c_1200x900-300x225.jpg","width":300,"height":225,"mime-type":"image\/jpeg","filesize":13901,"url":"https:\/\/latorreinmobiliaria.com.ar\/web\/wp-content\/uploads\/2025\/08\/df300a09-e367-4cca-bb68-cac646f8953c_1200x900-300x225.jpg"},"large":{"file":"df300a09-e367-4cca-bb68-cac646f8953c_1200x900-1024x768.jpg","width":1024,"height":768,"mime-type":"image\/jpeg","filesize":102734,"url":"https:\/\/latorreinmobiliaria.com.ar\/web\/wp-content\/uploads\/2025\/08\/df300a09-e367-4cca-bb68-cac646f8953c_1200x900-1024x768.jpg"},"thumbnail":{"file":"df300a09-e367-4cca-bb68-cac646f8953c_1200x900-150x150.jpg","width":150,"height":150,"mime-type":"image\/jpeg","filesize":5364,"url":"https:\/\/latorreinmobiliaria.com.ar\/web\/wp-content\/uploads\/2025\/08\/df300a09-e367-4cca-bb68-cac646f8953c_1200x900-150x150.jpg"},"medium_large":{"file":"df300a09-e367-4cca-bb68-cac646f8953c_1200x900-768x576.jpg","width":768,"height":576,"mime-type":"image\/jpeg","filesize":64267,"url":"https:\/\/latorreinmobiliaria.com.ar\/web\/wp-content\/uploads\/2025\/08\/df300a09-e367-4cca-bb68-cac646f8953c_1200x900-768x576.jpg"},"post-thumbnail":{"file":"df300a09-e367-4cca-bb68-cac646f8953c_1200x900-150x113.jpg","width":150,"height":113,"mime-type":"image\/jpeg","filesize":4736,"url":"https:\/\/latorreinmobiliaria.com.ar\/web\/wp-content\/uploads\/2025\/08\/df300a09-e367-4cca-bb68-cac646f8953c_1200x900-150x113.jpg"},"modern-property-child-slider":{"file":"df300a09-e367-4cca-bb68-cac646f8953c_1200x900-680x510.jpg","width":680,"height":510,"mime-type":"image\/jpeg","filesize":52837,"url":"https:\/\/latorreinmobiliaria.com.ar\/web\/wp-content\/uploads\/2025\/08\/df300a09-e367-4cca-bb68-cac646f8953c_1200x900-680x510.jpg"},"property-thumb-image":{"file":"df300a09-e367-4cca-bb68-cac646f8953c_1200x900-488x326.jpg","width":488,"height":326,"mime-type":"image\/jpeg","filesize":28360,"url":"https:\/\/latorreinmobiliaria.com.ar\/web\/wp-content\/uploads\/2025\/08\/df300a09-e367-4cca-bb68-cac646f8953c_1200x900-488x326.jpg"},"property-detail-video-image":{"file":"df300a09-e367-4cca-bb68-cac646f8953c_1200x900-818x417.jpg","width":818,"height":417,"mime-type":"image\/jpeg","filesize":56673,"url":"https:\/\/latorreinmobiliaria.com.ar\/web\/wp-content\/uploads\/2025\/08\/df300a09-e367-4cca-bb68-cac646f8953c_1200x900-818x417.jpg"},"agent-image":{"file":"df300a09-e367-4cca-bb68-cac646f8953c_1200x900-210x210.jpg","width":210,"height":210,"mime-type":"image\/jpeg","filesize":9311,"url":"https:\/\/latorreinmobiliaria.com.ar\/web\/wp-content\/uploads\/2025\/08\/df300a09-e367-4cca-bb68-cac646f8953c_1200x900-210x210.jpg"},"partners-logo":{"file":"df300a09-e367-4cca-bb68-cac646f8953c_1200x900-600x900.jpg","width":600,"height":900,"mime-type":"image\/jpeg","filesize":76850,"url":"https:\/\/latorreinmobiliaria.com.ar\/web\/wp-content\/uploads\/2025\/08\/df300a09-e367-4cca-bb68-cac646f8953c_1200x900-600x900.jpg"},"gallery-two-column-image":{"file":"df300a09-e367-4cca-bb68-cac646f8953c_1200x900-536x269.jpg","width":536,"height":269,"mime-type":"image\/jpeg","filesize":27999,"url":"https:\/\/latorreinmobiliaria.com.ar\/web\/wp-content\/uploads\/2025\/08\/df300a09-e367-4cca-bb68-cac646f8953c_1200x900-536x269.jpg"},"property-detail-slider-image-two":{"file":"df300a09-e367-4cca-bb68-cac646f8953c_1200x900-1170x648.jpg","width":1170,"height":648,"mime-type":"image\/jpeg","filesize":102823,"url":"https:\/\/latorreinmobiliaria.com.ar\/web\/wp-content\/uploads\/2025\/08\/df300a09-e367-4cca-bb68-cac646f8953c_1200x900-1170x648.jpg"},"property-detail-slider-thumb":{"file":"df300a09-e367-4cca-bb68-cac646f8953c_1200x900-82x60.jpg","width":82,"height":60,"mime-type":"image\/jpeg","filesize":2021,"url":"https:\/\/latorreinmobiliaria.com.ar\/web\/wp-content\/uploads\/2025\/08\/df300a09-e367-4cca-bb68-cac646f8953c_1200x900-82x60.jpg"}},"image_meta":{"aperture":"0","credit":"","camera":"","caption":"","created_timestamp":"0","copyright":"","focal_length":"0","iso":"0","shutter_speed":"0","title":"","orientation":"0","keywords":[]},"ID":"21903","name":"df300a09-e367-4cca-bb68-cac646f8953c_1200x900.jpg","path":"\/home\/latorre\/public_html\/web\/wp-content\/uploads\/2025\/08\/df300a09-e367-4cca-bb68-cac646f8953c_1200x900.jpg","url":"https:\/\/latorreinmobiliaria.com.ar\/web\/wp-content\/uploads\/2025\/08\/df300a09-e367-4cca-bb68-cac646f8953c_1200x900-150x150.jpg","full_url":"https:\/\/latorreinmobiliaria.com.ar\/web\/wp-content\/uploads\/2025\/08\/df300a09-e367-4cca-bb68-cac646f8953c_1200x900.jpg","title":"df300a09-e367-4cca-bb68-cac646f8953c_1200x900","caption":"","description":"","alt":"","srcset":"https:\/\/latorreinmobiliaria.com.ar\/web\/wp-content\/uploads\/2025\/08\/df300a09-e367-4cca-bb68-cac646f8953c_1200x900-150x150.jpg 150w, https:\/\/latorreinmobiliaria.com.ar\/web\/wp-content\/uploads\/2025\/08\/df300a09-e367-4cca-bb68-cac646f8953c_1200x900-210x210.jpg 210w"},{"width":150,"height":150,"file":"2025\/08\/a6507dab-32b0-4b8e-8247-124fd23c4fea_1200x900.jpg","filesize":134666,"sizes":{"medium":{"file":"a6507dab-32b0-4b8e-8247-124fd23c4fea_1200x900-300x225.jpg","width":300,"height":225,"mime-type":"image\/jpeg","filesize":15079,"url":"https:\/\/latorreinmobiliaria.com.ar\/web\/wp-content\/uploads\/2025\/08\/a6507dab-32b0-4b8e-8247-124fd23c4fea_1200x900-300x225.jpg"},"large":{"file":"a6507dab-32b0-4b8e-8247-124fd23c4fea_1200x900-1024x768.jpg","width":1024,"height":768,"mime-type":"image\/jpeg","filesize":115949,"url":"https:\/\/latorreinmobiliaria.com.ar\/web\/wp-content\/uploads\/2025\/08\/a6507dab-32b0-4b8e-8247-124fd23c4fea_1200x900-1024x768.jpg"},"thumbnail":{"file":"a6507dab-32b0-4b8e-8247-124fd23c4fea_1200x900-150x150.jpg","width":150,"height":150,"mime-type":"image\/jpeg","filesize":5855,"url":"https:\/\/latorreinmobiliaria.com.ar\/web\/wp-content\/uploads\/2025\/08\/a6507dab-32b0-4b8e-8247-124fd23c4fea_1200x900-150x150.jpg"},"medium_large":{"file":"a6507dab-32b0-4b8e-8247-124fd23c4fea_1200x900-768x576.jpg","width":768,"height":576,"mime-type":"image\/jpeg","filesize":71592,"url":"https:\/\/latorreinmobiliaria.com.ar\/web\/wp-content\/uploads\/2025\/08\/a6507dab-32b0-4b8e-8247-124fd23c4fea_1200x900-768x576.jpg"},"post-thumbnail":{"file":"a6507dab-32b0-4b8e-8247-124fd23c4fea_1200x900-150x113.jpg","width":150,"height":113,"mime-type":"image\/jpeg","filesize":4989,"url":"https:\/\/latorreinmobiliaria.com.ar\/web\/wp-content\/uploads\/2025\/08\/a6507dab-32b0-4b8e-8247-124fd23c4fea_1200x900-150x113.jpg"},"modern-property-child-slider":{"file":"a6507dab-32b0-4b8e-8247-124fd23c4fea_1200x900-680x510.jpg","width":680,"height":510,"mime-type":"image\/jpeg","filesize":58628,"url":"https:\/\/latorreinmobiliaria.com.ar\/web\/wp-content\/uploads\/2025\/08\/a6507dab-32b0-4b8e-8247-124fd23c4fea_1200x900-680x510.jpg"},"property-thumb-image":{"file":"a6507dab-32b0-4b8e-8247-124fd23c4fea_1200x900-488x326.jpg","width":488,"height":326,"mime-type":"image\/jpeg","filesize":30452,"url":"https:\/\/latorreinmobiliaria.com.ar\/web\/wp-content\/uploads\/2025\/08\/a6507dab-32b0-4b8e-8247-124fd23c4fea_1200x900-488x326.jpg"},"property-detail-video-image":{"file":"a6507dab-32b0-4b8e-8247-124fd23c4fea_1200x900-818x417.jpg","width":818,"height":417,"mime-type":"image\/jpeg","filesize":59366,"url":"https:\/\/latorreinmobiliaria.com.ar\/web\/wp-content\/uploads\/2025\/08\/a6507dab-32b0-4b8e-8247-124fd23c4fea_1200x900-818x417.jpg"},"agent-image":{"file":"a6507dab-32b0-4b8e-8247-124fd23c4fea_1200x900-210x210.jpg","width":210,"height":210,"mime-type":"image\/jpeg","filesize":10404,"url":"https:\/\/latorreinmobiliaria.com.ar\/web\/wp-content\/uploads\/2025\/08\/a6507dab-32b0-4b8e-8247-124fd23c4fea_1200x900-210x210.jpg"},"partners-logo":{"file":"a6507dab-32b0-4b8e-8247-124fd23c4fea_1200x900-600x900.jpg","width":600,"height":900,"mime-type":"image\/jpeg","filesize":88866,"url":"https:\/\/latorreinmobiliaria.com.ar\/web\/wp-content\/uploads\/2025\/08\/a6507dab-32b0-4b8e-8247-124fd23c4fea_1200x900-600x900.jpg"},"gallery-two-column-image":{"file":"a6507dab-32b0-4b8e-8247-124fd23c4fea_1200x900-536x269.jpg","width":536,"height":269,"mime-type":"image\/jpeg","filesize":28815,"url":"https:\/\/latorreinmobiliaria.com.ar\/web\/wp-content\/uploads\/2025\/08\/a6507dab-32b0-4b8e-8247-124fd23c4fea_1200x900-536x269.jpg"},"property-detail-slider-image-two":{"file":"a6507dab-32b0-4b8e-8247-124fd23c4fea_1200x900-1170x648.jpg","width":1170,"height":648,"mime-type":"image\/jpeg","filesize":111527,"url":"https:\/\/latorreinmobiliaria.com.ar\/web\/wp-content\/uploads\/2025\/08\/a6507dab-32b0-4b8e-8247-124fd23c4fea_1200x900-1170x648.jpg"},"property-detail-slider-thumb":{"file":"a6507dab-32b0-4b8e-8247-124fd23c4fea_1200x900-82x60.jpg","width":82,"height":60,"mime-type":"image\/jpeg","filesize":2039,"url":"https:\/\/latorreinmobiliaria.com.ar\/web\/wp-content\/uploads\/2025\/08\/a6507dab-32b0-4b8e-8247-124fd23c4fea_1200x900-82x60.jpg"}},"image_meta":{"aperture":"0","credit":"","camera":"","caption":"","created_timestamp":"0","copyright":"","focal_length":"0","iso":"0","shutter_speed":"0","title":"","orientation":"0","keywords":[]},"ID":"21901","name":"a6507dab-32b0-4b8e-8247-124fd23c4fea_1200x900.jpg","path":"\/home\/latorre\/public_html\/web\/wp-content\/uploads\/2025\/08\/a6507dab-32b0-4b8e-8247-124fd23c4fea_1200x900.jpg","url":"https:\/\/latorreinmobiliaria.com.ar\/web\/wp-content\/uploads\/2025\/08\/a6507dab-32b0-4b8e-8247-124fd23c4fea_1200x900-150x150.jpg","full_url":"https:\/\/latorreinmobiliaria.com.ar\/web\/wp-content\/uploads\/2025\/08\/a6507dab-32b0-4b8e-8247-124fd23c4fea_1200x900.jpg","title":"a6507dab-32b0-4b8e-8247-124fd23c4fea_1200x900","caption":"","description":"","alt":"","srcset":"https:\/\/latorreinmobiliaria.com.ar\/web\/wp-content\/uploads\/2025\/08\/a6507dab-32b0-4b8e-8247-124fd23c4fea_1200x900-150x150.jpg 150w, https:\/\/latorreinmobiliaria.com.ar\/web\/wp-content\/uploads\/2025\/08\/a6507dab-32b0-4b8e-8247-124fd23c4fea_1200x900-210x210.jpg 210w"},{"width":150,"height":150,"file":"2025\/08\/40b4fb53-cb8d-44cb-9cd3-e487a493e173_1200x900.jpg","filesize":67615,"sizes":{"medium":{"file":"40b4fb53-cb8d-44cb-9cd3-e487a493e173_1200x900-300x225.jpg","width":300,"height":225,"mime-type":"image\/jpeg","filesize":7293,"url":"https:\/\/latorreinmobiliaria.com.ar\/web\/wp-content\/uploads\/2025\/08\/40b4fb53-cb8d-44cb-9cd3-e487a493e173_1200x900-300x225.jpg"},"large":{"file":"40b4fb53-cb8d-44cb-9cd3-e487a493e173_1200x900-1024x768.jpg","width":1024,"height":768,"mime-type":"image\/jpeg","filesize":56471,"url":"https:\/\/latorreinmobiliaria.com.ar\/web\/wp-content\/uploads\/2025\/08\/40b4fb53-cb8d-44cb-9cd3-e487a493e173_1200x900-1024x768.jpg"},"thumbnail":{"file":"40b4fb53-cb8d-44cb-9cd3-e487a493e173_1200x900-150x150.jpg","width":150,"height":150,"mime-type":"image\/jpeg","filesize":2861,"url":"https:\/\/latorreinmobiliaria.com.ar\/web\/wp-content\/uploads\/2025\/08\/40b4fb53-cb8d-44cb-9cd3-e487a493e173_1200x900-150x150.jpg"},"medium_large":{"file":"40b4fb53-cb8d-44cb-9cd3-e487a493e173_1200x900-768x576.jpg","width":768,"height":576,"mime-type":"image\/jpeg","filesize":34664,"url":"https:\/\/latorreinmobiliaria.com.ar\/web\/wp-content\/uploads\/2025\/08\/40b4fb53-cb8d-44cb-9cd3-e487a493e173_1200x900-768x576.jpg"},"post-thumbnail":{"file":"40b4fb53-cb8d-44cb-9cd3-e487a493e173_1200x900-150x113.jpg","width":150,"height":113,"mime-type":"image\/jpeg","filesize":2611,"url":"https:\/\/latorreinmobiliaria.com.ar\/web\/wp-content\/uploads\/2025\/08\/40b4fb53-cb8d-44cb-9cd3-e487a493e173_1200x900-150x113.jpg"},"modern-property-child-slider":{"file":"40b4fb53-cb8d-44cb-9cd3-e487a493e173_1200x900-680x510.jpg","width":680,"height":510,"mime-type":"image\/jpeg","filesize":28180,"url":"https:\/\/latorreinmobiliaria.com.ar\/web\/wp-content\/uploads\/2025\/08\/40b4fb53-cb8d-44cb-9cd3-e487a493e173_1200x900-680x510.jpg"},"property-thumb-image":{"file":"40b4fb53-cb8d-44cb-9cd3-e487a493e173_1200x900-488x326.jpg","width":488,"height":326,"mime-type":"image\/jpeg","filesize":14737,"url":"https:\/\/latorreinmobiliaria.com.ar\/web\/wp-content\/uploads\/2025\/08\/40b4fb53-cb8d-44cb-9cd3-e487a493e173_1200x900-488x326.jpg"},"property-detail-video-image":{"file":"40b4fb53-cb8d-44cb-9cd3-e487a493e173_1200x900-818x417.jpg","width":818,"height":417,"mime-type":"image\/jpeg","filesize":30272,"url":"https:\/\/latorreinmobiliaria.com.ar\/web\/wp-content\/uploads\/2025\/08\/40b4fb53-cb8d-44cb-9cd3-e487a493e173_1200x900-818x417.jpg"},"agent-image":{"file":"40b4fb53-cb8d-44cb-9cd3-e487a493e173_1200x900-210x210.jpg","width":210,"height":210,"mime-type":"image\/jpeg","filesize":4771,"url":"https:\/\/latorreinmobiliaria.com.ar\/web\/wp-content\/uploads\/2025\/08\/40b4fb53-cb8d-44cb-9cd3-e487a493e173_1200x900-210x210.jpg"},"partners-logo":{"file":"40b4fb53-cb8d-44cb-9cd3-e487a493e173_1200x900-600x900.jpg","width":600,"height":900,"mime-type":"image\/jpeg","filesize":38235,"url":"https:\/\/latorreinmobiliaria.com.ar\/web\/wp-content\/uploads\/2025\/08\/40b4fb53-cb8d-44cb-9cd3-e487a493e173_1200x900-600x900.jpg"},"gallery-two-column-image":{"file":"40b4fb53-cb8d-44cb-9cd3-e487a493e173_1200x900-536x269.jpg","width":536,"height":269,"mime-type":"image\/jpeg","filesize":14381,"url":"https:\/\/latorreinmobiliaria.com.ar\/web\/wp-content\/uploads\/2025\/08\/40b4fb53-cb8d-44cb-9cd3-e487a493e173_1200x900-536x269.jpg"},"property-detail-slider-image-two":{"file":"40b4fb53-cb8d-44cb-9cd3-e487a493e173_1200x900-1170x648.jpg","width":1170,"height":648,"mime-type":"image\/jpeg","filesize":57464,"url":"https:\/\/latorreinmobiliaria.com.ar\/web\/wp-content\/uploads\/2025\/08\/40b4fb53-cb8d-44cb-9cd3-e487a493e173_1200x900-1170x648.jpg"},"property-detail-slider-thumb":{"file":"40b4fb53-cb8d-44cb-9cd3-e487a493e173_1200x900-82x60.jpg","width":82,"height":60,"mime-type":"image\/jpeg","filesize":1213,"url":"https:\/\/latorreinmobiliaria.com.ar\/web\/wp-content\/uploads\/2025\/08\/40b4fb53-cb8d-44cb-9cd3-e487a493e173_1200x900-82x60.jpg"}},"image_meta":{"aperture":"0","credit":"","camera":"","caption":"","created_timestamp":"0","copyright":"","focal_length":"0","iso":"0","shutter_speed":"0","title":"","orientation":"0","keywords":[]},"ID":"21897","name":"40b4fb53-cb8d-44cb-9cd3-e487a493e173_1200x900.jpg","path":"\/home\/latorre\/public_html\/web\/wp-content\/uploads\/2025\/08\/40b4fb53-cb8d-44cb-9cd3-e487a493e173_1200x900.jpg","url":"https:\/\/latorreinmobiliaria.com.ar\/web\/wp-content\/uploads\/2025\/08\/40b4fb53-cb8d-44cb-9cd3-e487a493e173_1200x900-150x150.jpg","full_url":"https:\/\/latorreinmobiliaria.com.ar\/web\/wp-content\/uploads\/2025\/08\/40b4fb53-cb8d-44cb-9cd3-e487a493e173_1200x900.jpg","title":"40b4fb53-cb8d-44cb-9cd3-e487a493e173_1200x900","caption":"","description":"","alt":"","srcset":"https:\/\/latorreinmobiliaria.com.ar\/web\/wp-content\/uploads\/2025\/08\/40b4fb53-cb8d-44cb-9cd3-e487a493e173_1200x900-150x150.jpg 150w, https:\/\/latorreinmobiliaria.com.ar\/web\/wp-content\/uploads\/2025\/08\/40b4fb53-cb8d-44cb-9cd3-e487a493e173_1200x900-210x210.jpg 210w"},{"width":150,"height":150,"file":"2025\/08\/6576e8c5-a6a9-4a45-a43b-ed6c390851a2_1200x900.jpg","filesize":80331,"sizes":{"medium":{"file":"6576e8c5-a6a9-4a45-a43b-ed6c390851a2_1200x900-300x225.jpg","width":300,"height":225,"mime-type":"image\/jpeg","filesize":9262,"url":"https:\/\/latorreinmobiliaria.com.ar\/web\/wp-content\/uploads\/2025\/08\/6576e8c5-a6a9-4a45-a43b-ed6c390851a2_1200x900-300x225.jpg"},"large":{"file":"6576e8c5-a6a9-4a45-a43b-ed6c390851a2_1200x900-1024x768.jpg","width":1024,"height":768,"mime-type":"image\/jpeg","filesize":68286,"url":"https:\/\/latorreinmobiliaria.com.ar\/web\/wp-content\/uploads\/2025\/08\/6576e8c5-a6a9-4a45-a43b-ed6c390851a2_1200x900-1024x768.jpg"},"thumbnail":{"file":"6576e8c5-a6a9-4a45-a43b-ed6c390851a2_1200x900-150x150.jpg","width":150,"height":150,"mime-type":"image\/jpeg","filesize":3844,"url":"https:\/\/latorreinmobiliaria.com.ar\/web\/wp-content\/uploads\/2025\/08\/6576e8c5-a6a9-4a45-a43b-ed6c390851a2_1200x900-150x150.jpg"},"medium_large":{"file":"6576e8c5-a6a9-4a45-a43b-ed6c390851a2_1200x900-768x576.jpg","width":768,"height":576,"mime-type":"image\/jpeg","filesize":42268,"url":"https:\/\/latorreinmobiliaria.com.ar\/web\/wp-content\/uploads\/2025\/08\/6576e8c5-a6a9-4a45-a43b-ed6c390851a2_1200x900-768x576.jpg"},"post-thumbnail":{"file":"6576e8c5-a6a9-4a45-a43b-ed6c390851a2_1200x900-150x113.jpg","width":150,"height":113,"mime-type":"image\/jpeg","filesize":3182,"url":"https:\/\/latorreinmobiliaria.com.ar\/web\/wp-content\/uploads\/2025\/08\/6576e8c5-a6a9-4a45-a43b-ed6c390851a2_1200x900-150x113.jpg"},"modern-property-child-slider":{"file":"6576e8c5-a6a9-4a45-a43b-ed6c390851a2_1200x900-680x510.jpg","width":680,"height":510,"mime-type":"image\/jpeg","filesize":34599,"url":"https:\/\/latorreinmobiliaria.com.ar\/web\/wp-content\/uploads\/2025\/08\/6576e8c5-a6a9-4a45-a43b-ed6c390851a2_1200x900-680x510.jpg"},"property-thumb-image":{"file":"6576e8c5-a6a9-4a45-a43b-ed6c390851a2_1200x900-488x326.jpg","width":488,"height":326,"mime-type":"image\/jpeg","filesize":18041,"url":"https:\/\/latorreinmobiliaria.com.ar\/web\/wp-content\/uploads\/2025\/08\/6576e8c5-a6a9-4a45-a43b-ed6c390851a2_1200x900-488x326.jpg"},"property-detail-video-image":{"file":"6576e8c5-a6a9-4a45-a43b-ed6c390851a2_1200x900-818x417.jpg","width":818,"height":417,"mime-type":"image\/jpeg","filesize":34345,"url":"https:\/\/latorreinmobiliaria.com.ar\/web\/wp-content\/uploads\/2025\/08\/6576e8c5-a6a9-4a45-a43b-ed6c390851a2_1200x900-818x417.jpg"},"agent-image":{"file":"6576e8c5-a6a9-4a45-a43b-ed6c390851a2_1200x900-210x210.jpg","width":210,"height":210,"mime-type":"image\/jpeg","filesize":6611,"url":"https:\/\/latorreinmobiliaria.com.ar\/web\/wp-content\/uploads\/2025\/08\/6576e8c5-a6a9-4a45-a43b-ed6c390851a2_1200x900-210x210.jpg"},"partners-logo":{"file":"6576e8c5-a6a9-4a45-a43b-ed6c390851a2_1200x900-600x900.jpg","width":600,"height":900,"mime-type":"image\/jpeg","filesize":49517,"url":"https:\/\/latorreinmobiliaria.com.ar\/web\/wp-content\/uploads\/2025\/08\/6576e8c5-a6a9-4a45-a43b-ed6c390851a2_1200x900-600x900.jpg"},"gallery-two-column-image":{"file":"6576e8c5-a6a9-4a45-a43b-ed6c390851a2_1200x900-536x269.jpg","width":536,"height":269,"mime-type":"image\/jpeg","filesize":16446,"url":"https:\/\/latorreinmobiliaria.com.ar\/web\/wp-content\/uploads\/2025\/08\/6576e8c5-a6a9-4a45-a43b-ed6c390851a2_1200x900-536x269.jpg"},"property-detail-slider-image-two":{"file":"6576e8c5-a6a9-4a45-a43b-ed6c390851a2_1200x900-1170x648.jpg","width":1170,"height":648,"mime-type":"image\/jpeg","filesize":65727,"url":"https:\/\/latorreinmobiliaria.com.ar\/web\/wp-content\/uploads\/2025\/08\/6576e8c5-a6a9-4a45-a43b-ed6c390851a2_1200x900-1170x648.jpg"},"property-detail-slider-thumb":{"file":"6576e8c5-a6a9-4a45-a43b-ed6c390851a2_1200x900-82x60.jpg","width":82,"height":60,"mime-type":"image\/jpeg","filesize":1422,"url":"https:\/\/latorreinmobiliaria.com.ar\/web\/wp-content\/uploads\/2025\/08\/6576e8c5-a6a9-4a45-a43b-ed6c390851a2_1200x900-82x60.jpg"}},"image_meta":{"aperture":"0","credit":"","camera":"","caption":"","created_timestamp":"0","copyright":"","focal_length":"0","iso":"0","shutter_speed":"0","title":"","orientation":"0","keywords":[]},"ID":"21899","name":"6576e8c5-a6a9-4a45-a43b-ed6c390851a2_1200x900.jpg","path":"\/home\/latorre\/public_html\/web\/wp-content\/uploads\/2025\/08\/6576e8c5-a6a9-4a45-a43b-ed6c390851a2_1200x900.jpg","url":"https:\/\/latorreinmobiliaria.com.ar\/web\/wp-content\/uploads\/2025\/08\/6576e8c5-a6a9-4a45-a43b-ed6c390851a2_1200x900-150x150.jpg","full_url":"https:\/\/latorreinmobiliaria.com.ar\/web\/wp-content\/uploads\/2025\/08\/6576e8c5-a6a9-4a45-a43b-ed6c390851a2_1200x900.jpg","title":"6576e8c5-a6a9-4a45-a43b-ed6c390851a2_1200x900","caption":"","description":"","alt":"","srcset":"https:\/\/latorreinmobiliaria.com.ar\/web\/wp-content\/uploads\/2025\/08\/6576e8c5-a6a9-4a45-a43b-ed6c390851a2_1200x900-150x150.jpg 150w, https:\/\/latorreinmobiliaria.com.ar\/web\/wp-content\/uploads\/2025\/08\/6576e8c5-a6a9-4a45-a43b-ed6c390851a2_1200x900-210x210.jpg 210w"},{"width":150,"height":150,"file":"2025\/08\/1dab920b-c25b-4e72-a725-f1713ae3f1f5_1200x900.jpg","filesize":102044,"sizes":{"medium":{"file":"1dab920b-c25b-4e72-a725-f1713ae3f1f5_1200x900-300x225.jpg","width":300,"height":225,"mime-type":"image\/jpeg","filesize":11927,"url":"https:\/\/latorreinmobiliaria.com.ar\/web\/wp-content\/uploads\/2025\/08\/1dab920b-c25b-4e72-a725-f1713ae3f1f5_1200x900-300x225.jpg"},"large":{"file":"1dab920b-c25b-4e72-a725-f1713ae3f1f5_1200x900-1024x768.jpg","width":1024,"height":768,"mime-type":"image\/jpeg","filesize":87833,"url":"https:\/\/latorreinmobiliaria.com.ar\/web\/wp-content\/uploads\/2025\/08\/1dab920b-c25b-4e72-a725-f1713ae3f1f5_1200x900-1024x768.jpg"},"thumbnail":{"file":"1dab920b-c25b-4e72-a725-f1713ae3f1f5_1200x900-150x150.jpg","width":150,"height":150,"mime-type":"image\/jpeg","filesize":4819,"url":"https:\/\/latorreinmobiliaria.com.ar\/web\/wp-content\/uploads\/2025\/08\/1dab920b-c25b-4e72-a725-f1713ae3f1f5_1200x900-150x150.jpg"},"medium_large":{"file":"1dab920b-c25b-4e72-a725-f1713ae3f1f5_1200x900-768x576.jpg","width":768,"height":576,"mime-type":"image\/jpeg","filesize":55151,"url":"https:\/\/latorreinmobiliaria.com.ar\/web\/wp-content\/uploads\/2025\/08\/1dab920b-c25b-4e72-a725-f1713ae3f1f5_1200x900-768x576.jpg"},"post-thumbnail":{"file":"1dab920b-c25b-4e72-a725-f1713ae3f1f5_1200x900-150x113.jpg","width":150,"height":113,"mime-type":"image\/jpeg","filesize":3995,"url":"https:\/\/latorreinmobiliaria.com.ar\/web\/wp-content\/uploads\/2025\/08\/1dab920b-c25b-4e72-a725-f1713ae3f1f5_1200x900-150x113.jpg"},"modern-property-child-slider":{"file":"1dab920b-c25b-4e72-a725-f1713ae3f1f5_1200x900-680x510.jpg","width":680,"height":510,"mime-type":"image\/jpeg","filesize":45218,"url":"https:\/\/latorreinmobiliaria.com.ar\/web\/wp-content\/uploads\/2025\/08\/1dab920b-c25b-4e72-a725-f1713ae3f1f5_1200x900-680x510.jpg"},"property-thumb-image":{"file":"1dab920b-c25b-4e72-a725-f1713ae3f1f5_1200x900-488x326.jpg","width":488,"height":326,"mime-type":"image\/jpeg","filesize":23967,"url":"https:\/\/latorreinmobiliaria.com.ar\/web\/wp-content\/uploads\/2025\/08\/1dab920b-c25b-4e72-a725-f1713ae3f1f5_1200x900-488x326.jpg"},"property-detail-video-image":{"file":"1dab920b-c25b-4e72-a725-f1713ae3f1f5_1200x900-818x417.jpg","width":818,"height":417,"mime-type":"image\/jpeg","filesize":48882,"url":"https:\/\/latorreinmobiliaria.com.ar\/web\/wp-content\/uploads\/2025\/08\/1dab920b-c25b-4e72-a725-f1713ae3f1f5_1200x900-818x417.jpg"},"agent-image":{"file":"1dab920b-c25b-4e72-a725-f1713ae3f1f5_1200x900-210x210.jpg","width":210,"height":210,"mime-type":"image\/jpeg","filesize":8435,"url":"https:\/\/latorreinmobiliaria.com.ar\/web\/wp-content\/uploads\/2025\/08\/1dab920b-c25b-4e72-a725-f1713ae3f1f5_1200x900-210x210.jpg"},"partners-logo":{"file":"1dab920b-c25b-4e72-a725-f1713ae3f1f5_1200x900-600x900.jpg","width":600,"height":900,"mime-type":"image\/jpeg","filesize":65764,"url":"https:\/\/latorreinmobiliaria.com.ar\/web\/wp-content\/uploads\/2025\/08\/1dab920b-c25b-4e72-a725-f1713ae3f1f5_1200x900-600x900.jpg"},"gallery-two-column-image":{"file":"1dab920b-c25b-4e72-a725-f1713ae3f1f5_1200x900-536x269.jpg","width":536,"height":269,"mime-type":"image\/jpeg","filesize":23415,"url":"https:\/\/latorreinmobiliaria.com.ar\/web\/wp-content\/uploads\/2025\/08\/1dab920b-c25b-4e72-a725-f1713ae3f1f5_1200x900-536x269.jpg"},"property-detail-slider-image-two":{"file":"1dab920b-c25b-4e72-a725-f1713ae3f1f5_1200x900-1170x648.jpg","width":1170,"height":648,"mime-type":"image\/jpeg","filesize":90881,"url":"https:\/\/latorreinmobiliaria.com.ar\/web\/wp-content\/uploads\/2025\/08\/1dab920b-c25b-4e72-a725-f1713ae3f1f5_1200x900-1170x648.jpg"},"property-detail-slider-thumb":{"file":"1dab920b-c25b-4e72-a725-f1713ae3f1f5_1200x900-82x60.jpg","width":82,"height":60,"mime-type":"image\/jpeg","filesize":1634,"url":"https:\/\/latorreinmobiliaria.com.ar\/web\/wp-content\/uploads\/2025\/08\/1dab920b-c25b-4e72-a725-f1713ae3f1f5_1200x900-82x60.jpg"}},"image_meta":{"aperture":"0","credit":"","camera":"","caption":"","created_timestamp":"0","copyright":"","focal_length":"0","iso":"0","shutter_speed":"0","title":"","orientation":"0","keywords":[]},"ID":"21893","name":"1dab920b-c25b-4e72-a725-f1713ae3f1f5_1200x900.jpg","path":"\/home\/latorre\/public_html\/web\/wp-content\/uploads\/2025\/08\/1dab920b-c25b-4e72-a725-f1713ae3f1f5_1200x900.jpg","url":"https:\/\/latorreinmobiliaria.com.ar\/web\/wp-content\/uploads\/2025\/08\/1dab920b-c25b-4e72-a725-f1713ae3f1f5_1200x900-150x150.jpg","full_url":"https:\/\/latorreinmobiliaria.com.ar\/web\/wp-content\/uploads\/2025\/08\/1dab920b-c25b-4e72-a725-f1713ae3f1f5_1200x900.jpg","title":"1dab920b-c25b-4e72-a725-f1713ae3f1f5_1200x900","caption":"","description":"","alt":"","srcset":"https:\/\/latorreinmobiliaria.com.ar\/web\/wp-content\/uploads\/2025\/08\/1dab920b-c25b-4e72-a725-f1713ae3f1f5_1200x900-150x150.jpg 150w, https:\/\/latorreinmobiliaria.com.ar\/web\/wp-content\/uploads\/2025\/08\/1dab920b-c25b-4e72-a725-f1713ae3f1f5_1200x900-210x210.jpg 210w"},{"width":150,"height":150,"file":"2025\/08\/272e0459-ee9c-44a9-8341-6b15eadc0512_675x900.jpg","filesize":44330,"sizes":{"medium":{"file":"272e0459-ee9c-44a9-8341-6b15eadc0512_675x900-225x300.jpg","width":225,"height":300,"mime-type":"image\/jpeg","filesize":9129,"url":"https:\/\/latorreinmobiliaria.com.ar\/web\/wp-content\/uploads\/2025\/08\/272e0459-ee9c-44a9-8341-6b15eadc0512_675x900-225x300.jpg"},"thumbnail":{"file":"272e0459-ee9c-44a9-8341-6b15eadc0512_675x900-150x150.jpg","width":150,"height":150,"mime-type":"image\/jpeg","filesize":3963,"url":"https:\/\/latorreinmobiliaria.com.ar\/web\/wp-content\/uploads\/2025\/08\/272e0459-ee9c-44a9-8341-6b15eadc0512_675x900-150x150.jpg"},"post-thumbnail":{"file":"272e0459-ee9c-44a9-8341-6b15eadc0512_675x900-113x150.jpg","width":113,"height":150,"mime-type":"image\/jpeg","filesize":3252,"url":"https:\/\/latorreinmobiliaria.com.ar\/web\/wp-content\/uploads\/2025\/08\/272e0459-ee9c-44a9-8341-6b15eadc0512_675x900-113x150.jpg"},"modern-property-child-slider":{"file":"272e0459-ee9c-44a9-8341-6b15eadc0512_675x900-675x510.jpg","width":675,"height":510,"mime-type":"image\/jpeg","filesize":35820,"url":"https:\/\/latorreinmobiliaria.com.ar\/web\/wp-content\/uploads\/2025\/08\/272e0459-ee9c-44a9-8341-6b15eadc0512_675x900-675x510.jpg"},"property-thumb-image":{"file":"272e0459-ee9c-44a9-8341-6b15eadc0512_675x900-488x326.jpg","width":488,"height":326,"mime-type":"image\/jpeg","filesize":18401,"url":"https:\/\/latorreinmobiliaria.com.ar\/web\/wp-content\/uploads\/2025\/08\/272e0459-ee9c-44a9-8341-6b15eadc0512_675x900-488x326.jpg"},"property-detail-video-image":{"file":"272e0459-ee9c-44a9-8341-6b15eadc0512_675x900-675x417.jpg","width":675,"height":417,"mime-type":"image\/jpeg","filesize":28585,"url":"https:\/\/latorreinmobiliaria.com.ar\/web\/wp-content\/uploads\/2025\/08\/272e0459-ee9c-44a9-8341-6b15eadc0512_675x900-675x417.jpg"},"agent-image":{"file":"272e0459-ee9c-44a9-8341-6b15eadc0512_675x900-210x210.jpg","width":210,"height":210,"mime-type":"image\/jpeg","filesize":6711,"url":"https:\/\/latorreinmobiliaria.com.ar\/web\/wp-content\/uploads\/2025\/08\/272e0459-ee9c-44a9-8341-6b15eadc0512_675x900-210x210.jpg"},"partners-logo":{"file":"272e0459-ee9c-44a9-8341-6b15eadc0512_675x900-600x900.jpg","width":600,"height":900,"mime-type":"image\/jpeg","filesize":50097,"url":"https:\/\/latorreinmobiliaria.com.ar\/web\/wp-content\/uploads\/2025\/08\/272e0459-ee9c-44a9-8341-6b15eadc0512_675x900-600x900.jpg"},"gallery-two-column-image":{"file":"272e0459-ee9c-44a9-8341-6b15eadc0512_675x900-536x269.jpg","width":536,"height":269,"mime-type":"image\/jpeg","filesize":16309,"url":"https:\/\/latorreinmobiliaria.com.ar\/web\/wp-content\/uploads\/2025\/08\/272e0459-ee9c-44a9-8341-6b15eadc0512_675x900-536x269.jpg"},"property-detail-slider-image-two":{"file":"272e0459-ee9c-44a9-8341-6b15eadc0512_675x900-675x648.jpg","width":675,"height":648,"mime-type":"image\/jpeg","filesize":41335,"url":"https:\/\/latorreinmobiliaria.com.ar\/web\/wp-content\/uploads\/2025\/08\/272e0459-ee9c-44a9-8341-6b15eadc0512_675x900-675x648.jpg"},"property-detail-slider-thumb":{"file":"272e0459-ee9c-44a9-8341-6b15eadc0512_675x900-82x60.jpg","width":82,"height":60,"mime-type":"image\/jpeg","filesize":1447,"url":"https:\/\/latorreinmobiliaria.com.ar\/web\/wp-content\/uploads\/2025\/08\/272e0459-ee9c-44a9-8341-6b15eadc0512_675x900-82x60.jpg"}},"image_meta":{"aperture":"0","credit":"","camera":"","caption":"","created_timestamp":"0","copyright":"","focal_length":"0","iso":"0","shutter_speed":"0","title":"","orientation":"0","keywords":[]},"ID":"21898","name":"272e0459-ee9c-44a9-8341-6b15eadc0512_675x900.jpg","path":"\/home\/latorre\/public_html\/web\/wp-content\/uploads\/2025\/08\/272e0459-ee9c-44a9-8341-6b15eadc0512_675x900.jpg","url":"https:\/\/latorreinmobiliaria.com.ar\/web\/wp-content\/uploads\/2025\/08\/272e0459-ee9c-44a9-8341-6b15eadc0512_675x900-150x150.jpg","full_url":"https:\/\/latorreinmobiliaria.com.ar\/web\/wp-content\/uploads\/2025\/08\/272e0459-ee9c-44a9-8341-6b15eadc0512_675x900.jpg","title":"272e0459-ee9c-44a9-8341-6b15eadc0512_675x900","caption":"","description":"","alt":"","srcset":"https:\/\/latorreinmobiliaria.com.ar\/web\/wp-content\/uploads\/2025\/08\/272e0459-ee9c-44a9-8341-6b15eadc0512_675x900-150x150.jpg 150w, https:\/\/latorreinmobiliaria.com.ar\/web\/wp-content\/uploads\/2025\/08\/272e0459-ee9c-44a9-8341-6b15eadc0512_675x900-210x210.jpg 210w"},{"width":150,"height":150,"file":"2025\/08\/ffebf4ed-b03a-4eee-8e91-5287b6c12fac_1200x900.jpg","filesize":92311,"sizes":{"medium":{"file":"ffebf4ed-b03a-4eee-8e91-5287b6c12fac_1200x900-300x225.jpg","width":300,"height":225,"mime-type":"image\/jpeg","filesize":11943,"url":"https:\/\/latorreinmobiliaria.com.ar\/web\/wp-content\/uploads\/2025\/08\/ffebf4ed-b03a-4eee-8e91-5287b6c12fac_1200x900-300x225.jpg"},"large":{"file":"ffebf4ed-b03a-4eee-8e91-5287b6c12fac_1200x900-1024x768.jpg","width":1024,"height":768,"mime-type":"image\/jpeg","filesize":82086,"url":"https:\/\/latorreinmobiliaria.com.ar\/web\/wp-content\/uploads\/2025\/08\/ffebf4ed-b03a-4eee-8e91-5287b6c12fac_1200x900-1024x768.jpg"},"thumbnail":{"file":"ffebf4ed-b03a-4eee-8e91-5287b6c12fac_1200x900-150x150.jpg","width":150,"height":150,"mime-type":"image\/jpeg","filesize":4915,"url":"https:\/\/latorreinmobiliaria.com.ar\/web\/wp-content\/uploads\/2025\/08\/ffebf4ed-b03a-4eee-8e91-5287b6c12fac_1200x900-150x150.jpg"},"medium_large":{"file":"ffebf4ed-b03a-4eee-8e91-5287b6c12fac_1200x900-768x576.jpg","width":768,"height":576,"mime-type":"image\/jpeg","filesize":52332,"url":"https:\/\/latorreinmobiliaria.com.ar\/web\/wp-content\/uploads\/2025\/08\/ffebf4ed-b03a-4eee-8e91-5287b6c12fac_1200x900-768x576.jpg"},"post-thumbnail":{"file":"ffebf4ed-b03a-4eee-8e91-5287b6c12fac_1200x900-150x113.jpg","width":150,"height":113,"mime-type":"image\/jpeg","filesize":4154,"url":"https:\/\/latorreinmobiliaria.com.ar\/web\/wp-content\/uploads\/2025\/08\/ffebf4ed-b03a-4eee-8e91-5287b6c12fac_1200x900-150x113.jpg"},"modern-property-child-slider":{"file":"ffebf4ed-b03a-4eee-8e91-5287b6c12fac_1200x900-680x510.jpg","width":680,"height":510,"mime-type":"image\/jpeg","filesize":43118,"url":"https:\/\/latorreinmobiliaria.com.ar\/web\/wp-content\/uploads\/2025\/08\/ffebf4ed-b03a-4eee-8e91-5287b6c12fac_1200x900-680x510.jpg"},"property-thumb-image":{"file":"ffebf4ed-b03a-4eee-8e91-5287b6c12fac_1200x900-488x326.jpg","width":488,"height":326,"mime-type":"image\/jpeg","filesize":22988,"url":"https:\/\/latorreinmobiliaria.com.ar\/web\/wp-content\/uploads\/2025\/08\/ffebf4ed-b03a-4eee-8e91-5287b6c12fac_1200x900-488x326.jpg"},"property-detail-video-image":{"file":"ffebf4ed-b03a-4eee-8e91-5287b6c12fac_1200x900-818x417.jpg","width":818,"height":417,"mime-type":"image\/jpeg","filesize":43817,"url":"https:\/\/latorreinmobiliaria.com.ar\/web\/wp-content\/uploads\/2025\/08\/ffebf4ed-b03a-4eee-8e91-5287b6c12fac_1200x900-818x417.jpg"},"agent-image":{"file":"ffebf4ed-b03a-4eee-8e91-5287b6c12fac_1200x900-210x210.jpg","width":210,"height":210,"mime-type":"image\/jpeg","filesize":8341,"url":"https:\/\/latorreinmobiliaria.com.ar\/web\/wp-content\/uploads\/2025\/08\/ffebf4ed-b03a-4eee-8e91-5287b6c12fac_1200x900-210x210.jpg"},"partners-logo":{"file":"ffebf4ed-b03a-4eee-8e91-5287b6c12fac_1200x900-600x900.jpg","width":600,"height":900,"mime-type":"image\/jpeg","filesize":57978,"url":"https:\/\/latorreinmobiliaria.com.ar\/web\/wp-content\/uploads\/2025\/08\/ffebf4ed-b03a-4eee-8e91-5287b6c12fac_1200x900-600x900.jpg"},"gallery-two-column-image":{"file":"ffebf4ed-b03a-4eee-8e91-5287b6c12fac_1200x900-536x269.jpg","width":536,"height":269,"mime-type":"image\/jpeg","filesize":21797,"url":"https:\/\/latorreinmobiliaria.com.ar\/web\/wp-content\/uploads\/2025\/08\/ffebf4ed-b03a-4eee-8e91-5287b6c12fac_1200x900-536x269.jpg"},"property-detail-slider-image-two":{"file":"ffebf4ed-b03a-4eee-8e91-5287b6c12fac_1200x900-1170x648.jpg","width":1170,"height":648,"mime-type":"image\/jpeg","filesize":80116,"url":"https:\/\/latorreinmobiliaria.com.ar\/web\/wp-content\/uploads\/2025\/08\/ffebf4ed-b03a-4eee-8e91-5287b6c12fac_1200x900-1170x648.jpg"},"property-detail-slider-thumb":{"file":"ffebf4ed-b03a-4eee-8e91-5287b6c12fac_1200x900-82x60.jpg","width":82,"height":60,"mime-type":"image\/jpeg","filesize":1781,"url":"https:\/\/latorreinmobiliaria.com.ar\/web\/wp-content\/uploads\/2025\/08\/ffebf4ed-b03a-4eee-8e91-5287b6c12fac_1200x900-82x60.jpg"}},"image_meta":{"aperture":"0","credit":"","camera":"","caption":"","created_timestamp":"0","copyright":"","focal_length":"0","iso":"0","shutter_speed":"0","title":"","orientation":"0","keywords":[]},"ID":"21906","name":"ffebf4ed-b03a-4eee-8e91-5287b6c12fac_1200x900.jpg","path":"\/home\/latorre\/public_html\/web\/wp-content\/uploads\/2025\/08\/ffebf4ed-b03a-4eee-8e91-5287b6c12fac_1200x900.jpg","url":"https:\/\/latorreinmobiliaria.com.ar\/web\/wp-content\/uploads\/2025\/08\/ffebf4ed-b03a-4eee-8e91-5287b6c12fac_1200x900-150x150.jpg","full_url":"https:\/\/latorreinmobiliaria.com.ar\/web\/wp-content\/uploads\/2025\/08\/ffebf4ed-b03a-4eee-8e91-5287b6c12fac_1200x900.jpg","title":"ffebf4ed-b03a-4eee-8e91-5287b6c12fac_1200x900","caption":"","description":"","alt":"","srcset":"https:\/\/latorreinmobiliaria.com.ar\/web\/wp-content\/uploads\/2025\/08\/ffebf4ed-b03a-4eee-8e91-5287b6c12fac_1200x900-150x150.jpg 150w, https:\/\/latorreinmobiliaria.com.ar\/web\/wp-content\/uploads\/2025\/08\/ffebf4ed-b03a-4eee-8e91-5287b6c12fac_1200x900-210x210.jpg 210w"},{"width":150,"height":150,"file":"2025\/08\/07baeb9b-27f1-4bf1-8f80-55c1384fcb13_675x900.jpg","filesize":60416,"sizes":{"medium":{"file":"07baeb9b-27f1-4bf1-8f80-55c1384fcb13_675x900-225x300.jpg","width":225,"height":300,"mime-type":"image\/jpeg","filesize":10964,"url":"https:\/\/latorreinmobiliaria.com.ar\/web\/wp-content\/uploads\/2025\/08\/07baeb9b-27f1-4bf1-8f80-55c1384fcb13_675x900-225x300.jpg"},"thumbnail":{"file":"07baeb9b-27f1-4bf1-8f80-55c1384fcb13_675x900-150x150.jpg","width":150,"height":150,"mime-type":"image\/jpeg","filesize":4691,"url":"https:\/\/latorreinmobiliaria.com.ar\/web\/wp-content\/uploads\/2025\/08\/07baeb9b-27f1-4bf1-8f80-55c1384fcb13_675x900-150x150.jpg"},"post-thumbnail":{"file":"07baeb9b-27f1-4bf1-8f80-55c1384fcb13_675x900-113x150.jpg","width":113,"height":150,"mime-type":"image\/jpeg","filesize":3695,"url":"https:\/\/latorreinmobiliaria.com.ar\/web\/wp-content\/uploads\/2025\/08\/07baeb9b-27f1-4bf1-8f80-55c1384fcb13_675x900-113x150.jpg"},"modern-property-child-slider":{"file":"07baeb9b-27f1-4bf1-8f80-55c1384fcb13_675x900-675x510.jpg","width":675,"height":510,"mime-type":"image\/jpeg","filesize":47591,"url":"https:\/\/latorreinmobiliaria.com.ar\/web\/wp-content\/uploads\/2025\/08\/07baeb9b-27f1-4bf1-8f80-55c1384fcb13_675x900-675x510.jpg"},"property-thumb-image":{"file":"07baeb9b-27f1-4bf1-8f80-55c1384fcb13_675x900-488x326.jpg","width":488,"height":326,"mime-type":"image\/jpeg","filesize":22570,"url":"https:\/\/latorreinmobiliaria.com.ar\/web\/wp-content\/uploads\/2025\/08\/07baeb9b-27f1-4bf1-8f80-55c1384fcb13_675x900-488x326.jpg"},"property-detail-video-image":{"file":"07baeb9b-27f1-4bf1-8f80-55c1384fcb13_675x900-675x417.jpg","width":675,"height":417,"mime-type":"image\/jpeg","filesize":37388,"url":"https:\/\/latorreinmobiliaria.com.ar\/web\/wp-content\/uploads\/2025\/08\/07baeb9b-27f1-4bf1-8f80-55c1384fcb13_675x900-675x417.jpg"},"agent-image":{"file":"07baeb9b-27f1-4bf1-8f80-55c1384fcb13_675x900-210x210.jpg","width":210,"height":210,"mime-type":"image\/jpeg","filesize":8067,"url":"https:\/\/latorreinmobiliaria.com.ar\/web\/wp-content\/uploads\/2025\/08\/07baeb9b-27f1-4bf1-8f80-55c1384fcb13_675x900-210x210.jpg"},"partners-logo":{"file":"07baeb9b-27f1-4bf1-8f80-55c1384fcb13_675x900-600x900.jpg","width":600,"height":900,"mime-type":"image\/jpeg","filesize":67525,"url":"https:\/\/latorreinmobiliaria.com.ar\/web\/wp-content\/uploads\/2025\/08\/07baeb9b-27f1-4bf1-8f80-55c1384fcb13_675x900-600x900.jpg"},"gallery-two-column-image":{"file":"07baeb9b-27f1-4bf1-8f80-55c1384fcb13_675x900-536x269.jpg","width":536,"height":269,"mime-type":"image\/jpeg","filesize":19055,"url":"https:\/\/latorreinmobiliaria.com.ar\/web\/wp-content\/uploads\/2025\/08\/07baeb9b-27f1-4bf1-8f80-55c1384fcb13_675x900-536x269.jpg"},"property-detail-slider-image-two":{"file":"07baeb9b-27f1-4bf1-8f80-55c1384fcb13_675x900-675x648.jpg","width":675,"height":648,"mime-type":"image\/jpeg","filesize":57655,"url":"https:\/\/latorreinmobiliaria.com.ar\/web\/wp-content\/uploads\/2025\/08\/07baeb9b-27f1-4bf1-8f80-55c1384fcb13_675x900-675x648.jpg"},"property-detail-slider-thumb":{"file":"07baeb9b-27f1-4bf1-8f80-55c1384fcb13_675x900-82x60.jpg","width":82,"height":60,"mime-type":"image\/jpeg","filesize":1703,"url":"https:\/\/latorreinmobiliaria.com.ar\/web\/wp-content\/uploads\/2025\/08\/07baeb9b-27f1-4bf1-8f80-55c1384fcb13_675x900-82x60.jpg"}},"image_meta":{"aperture":"0","credit":"","camera":"","caption":"","created_timestamp":"0","copyright":"","focal_length":"0","iso":"0","shutter_speed":"0","title":"","orientation":"0","keywords":[]},"ID":"21894","name":"07baeb9b-27f1-4bf1-8f80-55c1384fcb13_675x900.jpg","path":"\/home\/latorre\/public_html\/web\/wp-content\/uploads\/2025\/08\/07baeb9b-27f1-4bf1-8f80-55c1384fcb13_675x900.jpg","url":"https:\/\/latorreinmobiliaria.com.ar\/web\/wp-content\/uploads\/2025\/08\/07baeb9b-27f1-4bf1-8f80-55c1384fcb13_675x900-150x150.jpg","full_url":"https:\/\/latorreinmobiliaria.com.ar\/web\/wp-content\/uploads\/2025\/08\/07baeb9b-27f1-4bf1-8f80-55c1384fcb13_675x900.jpg","title":"07baeb9b-27f1-4bf1-8f80-55c1384fcb13_675x900","caption":"","description":"","alt":"","srcset":"https:\/\/latorreinmobiliaria.com.ar\/web\/wp-content\/uploads\/2025\/08\/07baeb9b-27f1-4bf1-8f80-55c1384fcb13_675x900-150x150.jpg 150w, https:\/\/latorreinmobiliaria.com.ar\/web\/wp-content\/uploads\/2025\/08\/07baeb9b-27f1-4bf1-8f80-55c1384fcb13_675x900-210x210.jpg 210w"},{"width":150,"height":150,"file":"2025\/08\/17bcf6a7-3a6b-494c-a28e-8cc47abc6807_1200x900.jpg","filesize":112138,"sizes":{"medium":{"file":"17bcf6a7-3a6b-494c-a28e-8cc47abc6807_1200x900-300x225.jpg","width":300,"height":225,"mime-type":"image\/jpeg","filesize":13663,"url":"https:\/\/latorreinmobiliaria.com.ar\/web\/wp-content\/uploads\/2025\/08\/17bcf6a7-3a6b-494c-a28e-8cc47abc6807_1200x900-300x225.jpg"},"large":{"file":"17bcf6a7-3a6b-494c-a28e-8cc47abc6807_1200x900-1024x768.jpg","width":1024,"height":768,"mime-type":"image\/jpeg","filesize":98357,"url":"https:\/\/latorreinmobiliaria.com.ar\/web\/wp-content\/uploads\/2025\/08\/17bcf6a7-3a6b-494c-a28e-8cc47abc6807_1200x900-1024x768.jpg"},"thumbnail":{"file":"17bcf6a7-3a6b-494c-a28e-8cc47abc6807_1200x900-150x150.jpg","width":150,"height":150,"mime-type":"image\/jpeg","filesize":5387,"url":"https:\/\/latorreinmobiliaria.com.ar\/web\/wp-content\/uploads\/2025\/08\/17bcf6a7-3a6b-494c-a28e-8cc47abc6807_1200x900-150x150.jpg"},"medium_large":{"file":"17bcf6a7-3a6b-494c-a28e-8cc47abc6807_1200x900-768x576.jpg","width":768,"height":576,"mime-type":"image\/jpeg","filesize":62105,"url":"https:\/\/latorreinmobiliaria.com.ar\/web\/wp-content\/uploads\/2025\/08\/17bcf6a7-3a6b-494c-a28e-8cc47abc6807_1200x900-768x576.jpg"},"post-thumbnail":{"file":"17bcf6a7-3a6b-494c-a28e-8cc47abc6807_1200x900-150x113.jpg","width":150,"height":113,"mime-type":"image\/jpeg","filesize":4661,"url":"https:\/\/latorreinmobiliaria.com.ar\/web\/wp-content\/uploads\/2025\/08\/17bcf6a7-3a6b-494c-a28e-8cc47abc6807_1200x900-150x113.jpg"},"modern-property-child-slider":{"file":"17bcf6a7-3a6b-494c-a28e-8cc47abc6807_1200x900-680x510.jpg","width":680,"height":510,"mime-type":"image\/jpeg","filesize":50919,"url":"https:\/\/latorreinmobiliaria.com.ar\/web\/wp-content\/uploads\/2025\/08\/17bcf6a7-3a6b-494c-a28e-8cc47abc6807_1200x900-680x510.jpg"},"property-thumb-image":{"file":"17bcf6a7-3a6b-494c-a28e-8cc47abc6807_1200x900-488x326.jpg","width":488,"height":326,"mime-type":"image\/jpeg","filesize":27419,"url":"https:\/\/latorreinmobiliaria.com.ar\/web\/wp-content\/uploads\/2025\/08\/17bcf6a7-3a6b-494c-a28e-8cc47abc6807_1200x900-488x326.jpg"},"property-detail-video-image":{"file":"17bcf6a7-3a6b-494c-a28e-8cc47abc6807_1200x900-818x417.jpg","width":818,"height":417,"mime-type":"image\/jpeg","filesize":51158,"url":"https:\/\/latorreinmobiliaria.com.ar\/web\/wp-content\/uploads\/2025\/08\/17bcf6a7-3a6b-494c-a28e-8cc47abc6807_1200x900-818x417.jpg"},"agent-image":{"file":"17bcf6a7-3a6b-494c-a28e-8cc47abc6807_1200x900-210x210.jpg","width":210,"height":210,"mime-type":"image\/jpeg","filesize":9317,"url":"https:\/\/latorreinmobiliaria.com.ar\/web\/wp-content\/uploads\/2025\/08\/17bcf6a7-3a6b-494c-a28e-8cc47abc6807_1200x900-210x210.jpg"},"partners-logo":{"file":"17bcf6a7-3a6b-494c-a28e-8cc47abc6807_1200x900-600x900.jpg","width":600,"height":900,"mime-type":"image\/jpeg","filesize":73041,"url":"https:\/\/latorreinmobiliaria.com.ar\/web\/wp-content\/uploads\/2025\/08\/17bcf6a7-3a6b-494c-a28e-8cc47abc6807_1200x900-600x900.jpg"},"gallery-two-column-image":{"file":"17bcf6a7-3a6b-494c-a28e-8cc47abc6807_1200x900-536x269.jpg","width":536,"height":269,"mime-type":"image\/jpeg","filesize":25374,"url":"https:\/\/latorreinmobiliaria.com.ar\/web\/wp-content\/uploads\/2025\/08\/17bcf6a7-3a6b-494c-a28e-8cc47abc6807_1200x900-536x269.jpg"},"property-detail-slider-image-two":{"file":"17bcf6a7-3a6b-494c-a28e-8cc47abc6807_1200x900-1170x648.jpg","width":1170,"height":648,"mime-type":"image\/jpeg","filesize":96424,"url":"https:\/\/latorreinmobiliaria.com.ar\/web\/wp-content\/uploads\/2025\/08\/17bcf6a7-3a6b-494c-a28e-8cc47abc6807_1200x900-1170x648.jpg"},"property-detail-slider-thumb":{"file":"17bcf6a7-3a6b-494c-a28e-8cc47abc6807_1200x900-82x60.jpg","width":82,"height":60,"mime-type":"image\/jpeg","filesize":1953,"url":"https:\/\/latorreinmobiliaria.com.ar\/web\/wp-content\/uploads\/2025\/08\/17bcf6a7-3a6b-494c-a28e-8cc47abc6807_1200x900-82x60.jpg"}},"image_meta":{"aperture":"0","credit":"","camera":"","caption":"","created_timestamp":"0","copyright":"","focal_length":"0","iso":"0","shutter_speed":"0","title":"","orientation":"0","keywords":[]},"ID":"21895","name":"17bcf6a7-3a6b-494c-a28e-8cc47abc6807_1200x900.jpg","path":"\/home\/latorre\/public_html\/web\/wp-content\/uploads\/2025\/08\/17bcf6a7-3a6b-494c-a28e-8cc47abc6807_1200x900.jpg","url":"https:\/\/latorreinmobiliaria.com.ar\/web\/wp-content\/uploads\/2025\/08\/17bcf6a7-3a6b-494c-a28e-8cc47abc6807_1200x900-150x150.jpg","full_url":"https:\/\/latorreinmobiliaria.com.ar\/web\/wp-content\/uploads\/2025\/08\/17bcf6a7-3a6b-494c-a28e-8cc47abc6807_1200x900.jpg","title":"17bcf6a7-3a6b-494c-a28e-8cc47abc6807_1200x900","caption":"","description":"","alt":"","srcset":"https:\/\/latorreinmobiliaria.com.ar\/web\/wp-content\/uploads\/2025\/08\/17bcf6a7-3a6b-494c-a28e-8cc47abc6807_1200x900-150x150.jpg 150w, https:\/\/latorreinmobiliaria.com.ar\/web\/wp-content\/uploads\/2025\/08\/17bcf6a7-3a6b-494c-a28e-8cc47abc6807_1200x900-210x210.jpg 210w"},{"width":150,"height":150,"file":"2025\/08\/23a289bb-924f-4b7b-8f42-49d0cf3690f3_1200x900.jpg","filesize":85977,"sizes":{"medium":{"file":"23a289bb-924f-4b7b-8f42-49d0cf3690f3_1200x900-300x225.jpg","width":300,"height":225,"mime-type":"image\/jpeg","filesize":11250,"url":"https:\/\/latorreinmobiliaria.com.ar\/web\/wp-content\/uploads\/2025\/08\/23a289bb-924f-4b7b-8f42-49d0cf3690f3_1200x900-300x225.jpg"},"large":{"file":"23a289bb-924f-4b7b-8f42-49d0cf3690f3_1200x900-1024x768.jpg","width":1024,"height":768,"mime-type":"image\/jpeg","filesize":75122,"url":"https:\/\/latorreinmobiliaria.com.ar\/web\/wp-content\/uploads\/2025\/08\/23a289bb-924f-4b7b-8f42-49d0cf3690f3_1200x900-1024x768.jpg"},"thumbnail":{"file":"23a289bb-924f-4b7b-8f42-49d0cf3690f3_1200x900-150x150.jpg","width":150,"height":150,"mime-type":"image\/jpeg","filesize":5040,"url":"https:\/\/latorreinmobiliaria.com.ar\/web\/wp-content\/uploads\/2025\/08\/23a289bb-924f-4b7b-8f42-49d0cf3690f3_1200x900-150x150.jpg"},"medium_large":{"file":"23a289bb-924f-4b7b-8f42-49d0cf3690f3_1200x900-768x576.jpg","width":768,"height":576,"mime-type":"image\/jpeg","filesize":47778,"url":"https:\/\/latorreinmobiliaria.com.ar\/web\/wp-content\/uploads\/2025\/08\/23a289bb-924f-4b7b-8f42-49d0cf3690f3_1200x900-768x576.jpg"},"post-thumbnail":{"file":"23a289bb-924f-4b7b-8f42-49d0cf3690f3_1200x900-150x113.jpg","width":150,"height":113,"mime-type":"image\/jpeg","filesize":4116,"url":"https:\/\/latorreinmobiliaria.com.ar\/web\/wp-content\/uploads\/2025\/08\/23a289bb-924f-4b7b-8f42-49d0cf3690f3_1200x900-150x113.jpg"},"modern-property-child-slider":{"file":"23a289bb-924f-4b7b-8f42-49d0cf3690f3_1200x900-680x510.jpg","width":680,"height":510,"mime-type":"image\/jpeg","filesize":39437,"url":"https:\/\/latorreinmobiliaria.com.ar\/web\/wp-content\/uploads\/2025\/08\/23a289bb-924f-4b7b-8f42-49d0cf3690f3_1200x900-680x510.jpg"},"property-thumb-image":{"file":"23a289bb-924f-4b7b-8f42-49d0cf3690f3_1200x900-488x326.jpg","width":488,"height":326,"mime-type":"image\/jpeg","filesize":21078,"url":"https:\/\/latorreinmobiliaria.com.ar\/web\/wp-content\/uploads\/2025\/08\/23a289bb-924f-4b7b-8f42-49d0cf3690f3_1200x900-488x326.jpg"},"property-detail-video-image":{"file":"23a289bb-924f-4b7b-8f42-49d0cf3690f3_1200x900-818x417.jpg","width":818,"height":417,"mime-type":"image\/jpeg","filesize":36904,"url":"https:\/\/latorreinmobiliaria.com.ar\/web\/wp-content\/uploads\/2025\/08\/23a289bb-924f-4b7b-8f42-49d0cf3690f3_1200x900-818x417.jpg"},"agent-image":{"file":"23a289bb-924f-4b7b-8f42-49d0cf3690f3_1200x900-210x210.jpg","width":210,"height":210,"mime-type":"image\/jpeg","filesize":8279,"url":"https:\/\/latorreinmobiliaria.com.ar\/web\/wp-content\/uploads\/2025\/08\/23a289bb-924f-4b7b-8f42-49d0cf3690f3_1200x900-210x210.jpg"},"partners-logo":{"file":"23a289bb-924f-4b7b-8f42-49d0cf3690f3_1200x900-600x900.jpg","width":600,"height":900,"mime-type":"image\/jpeg","filesize":59022,"url":"https:\/\/latorreinmobiliaria.com.ar\/web\/wp-content\/uploads\/2025\/08\/23a289bb-924f-4b7b-8f42-49d0cf3690f3_1200x900-600x900.jpg"},"gallery-two-column-image":{"file":"23a289bb-924f-4b7b-8f42-49d0cf3690f3_1200x900-536x269.jpg","width":536,"height":269,"mime-type":"image\/jpeg","filesize":18556,"url":"https:\/\/latorreinmobiliaria.com.ar\/web\/wp-content\/uploads\/2025\/08\/23a289bb-924f-4b7b-8f42-49d0cf3690f3_1200x900-536x269.jpg"},"property-detail-slider-image-two":{"file":"23a289bb-924f-4b7b-8f42-49d0cf3690f3_1200x900-1170x648.jpg","width":1170,"height":648,"mime-type":"image\/jpeg","filesize":69141,"url":"https:\/\/latorreinmobiliaria.com.ar\/web\/wp-content\/uploads\/2025\/08\/23a289bb-924f-4b7b-8f42-49d0cf3690f3_1200x900-1170x648.jpg"},"property-detail-slider-thumb":{"file":"23a289bb-924f-4b7b-8f42-49d0cf3690f3_1200x900-82x60.jpg","width":82,"height":60,"mime-type":"image\/jpeg","filesize":1852,"url":"https:\/\/latorreinmobiliaria.com.ar\/web\/wp-content\/uploads\/2025\/08\/23a289bb-924f-4b7b-8f42-49d0cf3690f3_1200x900-82x60.jpg"}},"image_meta":{"aperture":"0","credit":"","camera":"","caption":"","created_timestamp":"0","copyright":"","focal_length":"0","iso":"0","shutter_speed":"0","title":"","orientation":"0","keywords":[]},"ID":"21896","name":"23a289bb-924f-4b7b-8f42-49d0cf3690f3_1200x900.jpg","path":"\/home\/latorre\/public_html\/web\/wp-content\/uploads\/2025\/08\/23a289bb-924f-4b7b-8f42-49d0cf3690f3_1200x900.jpg","url":"https:\/\/latorreinmobiliaria.com.ar\/web\/wp-content\/uploads\/2025\/08\/23a289bb-924f-4b7b-8f42-49d0cf3690f3_1200x900-150x150.jpg","full_url":"https:\/\/latorreinmobiliaria.com.ar\/web\/wp-content\/uploads\/2025\/08\/23a289bb-924f-4b7b-8f42-49d0cf3690f3_1200x900.jpg","title":"23a289bb-924f-4b7b-8f42-49d0cf3690f3_1200x900","caption":"","description":"","alt":"","srcset":"https:\/\/latorreinmobiliaria.com.ar\/web\/wp-content\/uploads\/2025\/08\/23a289bb-924f-4b7b-8f42-49d0cf3690f3_1200x900-150x150.jpg 150w, https:\/\/latorreinmobiliaria.com.ar\/web\/wp-content\/uploads\/2025\/08\/23a289bb-924f-4b7b-8f42-49d0cf3690f3_1200x900-210x210.jpg 210w"},{"width":150,"height":150,"file":"2025\/08\/f8aa0d51-1229-4a39-a824-a23a635c13cf_675x900.jpg","filesize":75825,"sizes":{"medium":{"file":"f8aa0d51-1229-4a39-a824-a23a635c13cf_675x900-225x300.jpg","width":225,"height":300,"mime-type":"image\/jpeg","filesize":16570,"url":"https:\/\/latorreinmobiliaria.com.ar\/web\/wp-content\/uploads\/2025\/08\/f8aa0d51-1229-4a39-a824-a23a635c13cf_675x900-225x300.jpg"},"thumbnail":{"file":"f8aa0d51-1229-4a39-a824-a23a635c13cf_675x900-150x150.jpg","width":150,"height":150,"mime-type":"image\/jpeg","filesize":6729,"url":"https:\/\/latorreinmobiliaria.com.ar\/web\/wp-content\/uploads\/2025\/08\/f8aa0d51-1229-4a39-a824-a23a635c13cf_675x900-150x150.jpg"},"post-thumbnail":{"file":"f8aa0d51-1229-4a39-a824-a23a635c13cf_675x900-113x150.jpg","width":113,"height":150,"mime-type":"image\/jpeg","filesize":5620,"url":"https:\/\/latorreinmobiliaria.com.ar\/web\/wp-content\/uploads\/2025\/08\/f8aa0d51-1229-4a39-a824-a23a635c13cf_675x900-113x150.jpg"},"modern-property-child-slider":{"file":"f8aa0d51-1229-4a39-a824-a23a635c13cf_675x900-675x510.jpg","width":675,"height":510,"mime-type":"image\/jpeg","filesize":56864,"url":"https:\/\/latorreinmobiliaria.com.ar\/web\/wp-content\/uploads\/2025\/08\/f8aa0d51-1229-4a39-a824-a23a635c13cf_675x900-675x510.jpg"},"property-thumb-image":{"file":"f8aa0d51-1229-4a39-a824-a23a635c13cf_675x900-488x326.jpg","width":488,"height":326,"mime-type":"image\/jpeg","filesize":29502,"url":"https:\/\/latorreinmobiliaria.com.ar\/web\/wp-content\/uploads\/2025\/08\/f8aa0d51-1229-4a39-a824-a23a635c13cf_675x900-488x326.jpg"},"property-detail-video-image":{"file":"f8aa0d51-1229-4a39-a824-a23a635c13cf_675x900-675x417.jpg","width":675,"height":417,"mime-type":"image\/jpeg","filesize":47264,"url":"https:\/\/latorreinmobiliaria.com.ar\/web\/wp-content\/uploads\/2025\/08\/f8aa0d51-1229-4a39-a824-a23a635c13cf_675x900-675x417.jpg"},"agent-image":{"file":"f8aa0d51-1229-4a39-a824-a23a635c13cf_675x900-210x210.jpg","width":210,"height":210,"mime-type":"image\/jpeg","filesize":11689,"url":"https:\/\/latorreinmobiliaria.com.ar\/web\/wp-content\/uploads\/2025\/08\/f8aa0d51-1229-4a39-a824-a23a635c13cf_675x900-210x210.jpg"},"partners-logo":{"file":"f8aa0d51-1229-4a39-a824-a23a635c13cf_675x900-600x900.jpg","width":600,"height":900,"mime-type":"image\/jpeg","filesize":83306,"url":"https:\/\/latorreinmobiliaria.com.ar\/web\/wp-content\/uploads\/2025\/08\/f8aa0d51-1229-4a39-a824-a23a635c13cf_675x900-600x900.jpg"},"gallery-two-column-image":{"file":"f8aa0d51-1229-4a39-a824-a23a635c13cf_675x900-536x269.jpg","width":536,"height":269,"mime-type":"image\/jpeg","filesize":26867,"url":"https:\/\/latorreinmobiliaria.com.ar\/web\/wp-content\/uploads\/2025\/08\/f8aa0d51-1229-4a39-a824-a23a635c13cf_675x900-536x269.jpg"},"property-detail-slider-image-two":{"file":"f8aa0d51-1229-4a39-a824-a23a635c13cf_675x900-675x648.jpg","width":675,"height":648,"mime-type":"image\/jpeg","filesize":68803,"url":"https:\/\/latorreinmobiliaria.com.ar\/web\/wp-content\/uploads\/2025\/08\/f8aa0d51-1229-4a39-a824-a23a635c13cf_675x900-675x648.jpg"},"property-detail-slider-thumb":{"file":"f8aa0d51-1229-4a39-a824-a23a635c13cf_675x900-82x60.jpg","width":82,"height":60,"mime-type":"image\/jpeg","filesize":2143,"url":"https:\/\/latorreinmobiliaria.com.ar\/web\/wp-content\/uploads\/2025\/08\/f8aa0d51-1229-4a39-a824-a23a635c13cf_675x900-82x60.jpg"}},"image_meta":{"aperture":"0","credit":"","camera":"","caption":"","created_timestamp":"0","copyright":"","focal_length":"0","iso":"0","shutter_speed":"0","title":"","orientation":"0","keywords":[]},"ID":"21905","name":"f8aa0d51-1229-4a39-a824-a23a635c13cf_675x900.jpg","path":"\/home\/latorre\/public_html\/web\/wp-content\/uploads\/2025\/08\/f8aa0d51-1229-4a39-a824-a23a635c13cf_675x900.jpg","url":"https:\/\/latorreinmobiliaria.com.ar\/web\/wp-content\/uploads\/2025\/08\/f8aa0d51-1229-4a39-a824-a23a635c13cf_675x900-150x150.jpg","full_url":"https:\/\/latorreinmobiliaria.com.ar\/web\/wp-content\/uploads\/2025\/08\/f8aa0d51-1229-4a39-a824-a23a635c13cf_675x900.jpg","title":"f8aa0d51-1229-4a39-a824-a23a635c13cf_675x900","caption":"","description":"","alt":"","srcset":"https:\/\/latorreinmobiliaria.com.ar\/web\/wp-content\/uploads\/2025\/08\/f8aa0d51-1229-4a39-a824-a23a635c13cf_675x900-150x150.jpg 150w, https:\/\/latorreinmobiliaria.com.ar\/web\/wp-content\/uploads\/2025\/08\/f8aa0d51-1229-4a39-a824-a23a635c13cf_675x900-210x210.jpg 210w"},{"width":150,"height":150,"file":"2025\/08\/bb9cc423-4d0f-4783-a5bd-d4d0603182b0_1200x900.jpg","filesize":94705,"sizes":{"medium":{"file":"bb9cc423-4d0f-4783-a5bd-d4d0603182b0_1200x900-300x225.jpg","width":300,"height":225,"mime-type":"image\/jpeg","filesize":10706,"url":"https:\/\/latorreinmobiliaria.com.ar\/web\/wp-content\/uploads\/2025\/08\/bb9cc423-4d0f-4783-a5bd-d4d0603182b0_1200x900-300x225.jpg"},"large":{"file":"bb9cc423-4d0f-4783-a5bd-d4d0603182b0_1200x900-1024x768.jpg","width":1024,"height":768,"mime-type":"image\/jpeg","filesize":80331,"url":"https:\/\/latorreinmobiliaria.com.ar\/web\/wp-content\/uploads\/2025\/08\/bb9cc423-4d0f-4783-a5bd-d4d0603182b0_1200x900-1024x768.jpg"},"thumbnail":{"file":"bb9cc423-4d0f-4783-a5bd-d4d0603182b0_1200x900-150x150.jpg","width":150,"height":150,"mime-type":"image\/jpeg","filesize":4711,"url":"https:\/\/latorreinmobiliaria.com.ar\/web\/wp-content\/uploads\/2025\/08\/bb9cc423-4d0f-4783-a5bd-d4d0603182b0_1200x900-150x150.jpg"},"medium_large":{"file":"bb9cc423-4d0f-4783-a5bd-d4d0603182b0_1200x900-768x576.jpg","width":768,"height":576,"mime-type":"image\/jpeg","filesize":48892,"url":"https:\/\/latorreinmobiliaria.com.ar\/web\/wp-content\/uploads\/2025\/08\/bb9cc423-4d0f-4783-a5bd-d4d0603182b0_1200x900-768x576.jpg"},"post-thumbnail":{"file":"bb9cc423-4d0f-4783-a5bd-d4d0603182b0_1200x900-150x113.jpg","width":150,"height":113,"mime-type":"image\/jpeg","filesize":3918,"url":"https:\/\/latorreinmobiliaria.com.ar\/web\/wp-content\/uploads\/2025\/08\/bb9cc423-4d0f-4783-a5bd-d4d0603182b0_1200x900-150x113.jpg"},"modern-property-child-slider":{"file":"bb9cc423-4d0f-4783-a5bd-d4d0603182b0_1200x900-680x510.jpg","width":680,"height":510,"mime-type":"image\/jpeg","filesize":39785,"url":"https:\/\/latorreinmobiliaria.com.ar\/web\/wp-content\/uploads\/2025\/08\/bb9cc423-4d0f-4783-a5bd-d4d0603182b0_1200x900-680x510.jpg"},"property-thumb-image":{"file":"bb9cc423-4d0f-4783-a5bd-d4d0603182b0_1200x900-488x326.jpg","width":488,"height":326,"mime-type":"image\/jpeg","filesize":21096,"url":"https:\/\/latorreinmobiliaria.com.ar\/web\/wp-content\/uploads\/2025\/08\/bb9cc423-4d0f-4783-a5bd-d4d0603182b0_1200x900-488x326.jpg"},"property-detail-video-image":{"file":"bb9cc423-4d0f-4783-a5bd-d4d0603182b0_1200x900-818x417.jpg","width":818,"height":417,"mime-type":"image\/jpeg","filesize":40696,"url":"https:\/\/latorreinmobiliaria.com.ar\/web\/wp-content\/uploads\/2025\/08\/bb9cc423-4d0f-4783-a5bd-d4d0603182b0_1200x900-818x417.jpg"},"agent-image":{"file":"bb9cc423-4d0f-4783-a5bd-d4d0603182b0_1200x900-210x210.jpg","width":210,"height":210,"mime-type":"image\/jpeg","filesize":7844,"url":"https:\/\/latorreinmobiliaria.com.ar\/web\/wp-content\/uploads\/2025\/08\/bb9cc423-4d0f-4783-a5bd-d4d0603182b0_1200x900-210x210.jpg"},"partners-logo":{"file":"bb9cc423-4d0f-4783-a5bd-d4d0603182b0_1200x900-600x900.jpg","width":600,"height":900,"mime-type":"image\/jpeg","filesize":74920,"url":"https:\/\/latorreinmobiliaria.com.ar\/web\/wp-content\/uploads\/2025\/08\/bb9cc423-4d0f-4783-a5bd-d4d0603182b0_1200x900-600x900.jpg"},"gallery-two-column-image":{"file":"bb9cc423-4d0f-4783-a5bd-d4d0603182b0_1200x900-536x269.jpg","width":536,"height":269,"mime-type":"image\/jpeg","filesize":19254,"url":"https:\/\/latorreinmobiliaria.com.ar\/web\/wp-content\/uploads\/2025\/08\/bb9cc423-4d0f-4783-a5bd-d4d0603182b0_1200x900-536x269.jpg"},"property-detail-slider-image-two":{"file":"bb9cc423-4d0f-4783-a5bd-d4d0603182b0_1200x900-1170x648.jpg","width":1170,"height":648,"mime-type":"image\/jpeg","filesize":80532,"url":"https:\/\/latorreinmobiliaria.com.ar\/web\/wp-content\/uploads\/2025\/08\/bb9cc423-4d0f-4783-a5bd-d4d0603182b0_1200x900-1170x648.jpg"},"property-detail-slider-thumb":{"file":"bb9cc423-4d0f-4783-a5bd-d4d0603182b0_1200x900-82x60.jpg","width":82,"height":60,"mime-type":"image\/jpeg","filesize":1722,"url":"https:\/\/latorreinmobiliaria.com.ar\/web\/wp-content\/uploads\/2025\/08\/bb9cc423-4d0f-4783-a5bd-d4d0603182b0_1200x900-82x60.jpg"}},"image_meta":{"aperture":"0","credit":"","camera":"","caption":"","created_timestamp":"0","copyright":"","focal_length":"0","iso":"0","shutter_speed":"0","title":"","orientation":"0","keywords":[]},"ID":"21902","name":"bb9cc423-4d0f-4783-a5bd-d4d0603182b0_1200x900.jpg","path":"\/home\/latorre\/public_html\/web\/wp-content\/uploads\/2025\/08\/bb9cc423-4d0f-4783-a5bd-d4d0603182b0_1200x900.jpg","url":"https:\/\/latorreinmobiliaria.com.ar\/web\/wp-content\/uploads\/2025\/08\/bb9cc423-4d0f-4783-a5bd-d4d0603182b0_1200x900-150x150.jpg","full_url":"https:\/\/latorreinmobiliaria.com.ar\/web\/wp-content\/uploads\/2025\/08\/bb9cc423-4d0f-4783-a5bd-d4d0603182b0_1200x900.jpg","title":"bb9cc423-4d0f-4783-a5bd-d4d0603182b0_1200x900","caption":"","description":"","alt":"","srcset":"https:\/\/latorreinmobiliaria.com.ar\/web\/wp-content\/uploads\/2025\/08\/bb9cc423-4d0f-4783-a5bd-d4d0603182b0_1200x900-150x150.jpg 150w, https:\/\/latorreinmobiliaria.com.ar\/web\/wp-content\/uploads\/2025\/08\/bb9cc423-4d0f-4783-a5bd-d4d0603182b0_1200x900-210x210.jpg 210w"},{"width":150,"height":150,"file":"2025\/08\/ed1e6087-66c4-4362-91b1-0ca822be20ca_675x900.jpg","filesize":56361,"sizes":{"medium":{"file":"ed1e6087-66c4-4362-91b1-0ca822be20ca_675x900-225x300.jpg","width":225,"height":300,"mime-type":"image\/jpeg","filesize":12916,"url":"https:\/\/latorreinmobiliaria.com.ar\/web\/wp-content\/uploads\/2025\/08\/ed1e6087-66c4-4362-91b1-0ca822be20ca_675x900-225x300.jpg"},"thumbnail":{"file":"ed1e6087-66c4-4362-91b1-0ca822be20ca_675x900-150x150.jpg","width":150,"height":150,"mime-type":"image\/jpeg","filesize":5370,"url":"https:\/\/latorreinmobiliaria.com.ar\/web\/wp-content\/uploads\/2025\/08\/ed1e6087-66c4-4362-91b1-0ca822be20ca_675x900-150x150.jpg"},"post-thumbnail":{"file":"ed1e6087-66c4-4362-91b1-0ca822be20ca_675x900-113x150.jpg","width":113,"height":150,"mime-type":"image\/jpeg","filesize":4490,"url":"https:\/\/latorreinmobiliaria.com.ar\/web\/wp-content\/uploads\/2025\/08\/ed1e6087-66c4-4362-91b1-0ca822be20ca_675x900-113x150.jpg"},"modern-property-child-slider":{"file":"ed1e6087-66c4-4362-91b1-0ca822be20ca_675x900-675x510.jpg","width":675,"height":510,"mime-type":"image\/jpeg","filesize":41083,"url":"https:\/\/latorreinmobiliaria.com.ar\/web\/wp-content\/uploads\/2025\/08\/ed1e6087-66c4-4362-91b1-0ca822be20ca_675x900-675x510.jpg"},"property-thumb-image":{"file":"ed1e6087-66c4-4362-91b1-0ca822be20ca_675x900-488x326.jpg","width":488,"height":326,"mime-type":"image\/jpeg","filesize":21687,"url":"https:\/\/latorreinmobiliaria.com.ar\/web\/wp-content\/uploads\/2025\/08\/ed1e6087-66c4-4362-91b1-0ca822be20ca_675x900-488x326.jpg"},"property-detail-video-image":{"file":"ed1e6087-66c4-4362-91b1-0ca822be20ca_675x900-675x417.jpg","width":675,"height":417,"mime-type":"image\/jpeg","filesize":33332,"url":"https:\/\/latorreinmobiliaria.com.ar\/web\/wp-content\/uploads\/2025\/08\/ed1e6087-66c4-4362-91b1-0ca822be20ca_675x900-675x417.jpg"},"agent-image":{"file":"ed1e6087-66c4-4362-91b1-0ca822be20ca_675x900-210x210.jpg","width":210,"height":210,"mime-type":"image\/jpeg","filesize":9144,"url":"https:\/\/latorreinmobiliaria.com.ar\/web\/wp-content\/uploads\/2025\/08\/ed1e6087-66c4-4362-91b1-0ca822be20ca_675x900-210x210.jpg"},"partners-logo":{"file":"ed1e6087-66c4-4362-91b1-0ca822be20ca_675x900-600x900.jpg","width":600,"height":900,"mime-type":"image\/jpeg","filesize":59532,"url":"https:\/\/latorreinmobiliaria.com.ar\/web\/wp-content\/uploads\/2025\/08\/ed1e6087-66c4-4362-91b1-0ca822be20ca_675x900-600x900.jpg"},"gallery-two-column-image":{"file":"ed1e6087-66c4-4362-91b1-0ca822be20ca_675x900-536x269.jpg","width":536,"height":269,"mime-type":"image\/jpeg","filesize":19340,"url":"https:\/\/latorreinmobiliaria.com.ar\/web\/wp-content\/uploads\/2025\/08\/ed1e6087-66c4-4362-91b1-0ca822be20ca_675x900-536x269.jpg"},"property-detail-slider-image-two":{"file":"ed1e6087-66c4-4362-91b1-0ca822be20ca_675x900-675x648.jpg","width":675,"height":648,"mime-type":"image\/jpeg","filesize":49936,"url":"https:\/\/latorreinmobiliaria.com.ar\/web\/wp-content\/uploads\/2025\/08\/ed1e6087-66c4-4362-91b1-0ca822be20ca_675x900-675x648.jpg"},"property-detail-slider-thumb":{"file":"ed1e6087-66c4-4362-91b1-0ca822be20ca_675x900-82x60.jpg","width":82,"height":60,"mime-type":"image\/jpeg","filesize":1788,"url":"https:\/\/latorreinmobiliaria.com.ar\/web\/wp-content\/uploads\/2025\/08\/ed1e6087-66c4-4362-91b1-0ca822be20ca_675x900-82x60.jpg"}},"image_meta":{"aperture":"0","credit":"","camera":"","caption":"","created_timestamp":"0","copyright":"","focal_length":"0","iso":"0","shutter_speed":"0","title":"","orientation":"0","keywords":[]},"ID":"21904","name":"ed1e6087-66c4-4362-91b1-0ca822be20ca_675x900.jpg","path":"\/home\/latorre\/public_html\/web\/wp-content\/uploads\/2025\/08\/ed1e6087-66c4-4362-91b1-0ca822be20ca_675x900.jpg","url":"https:\/\/latorreinmobiliaria.com.ar\/web\/wp-content\/uploads\/2025\/08\/ed1e6087-66c4-4362-91b1-0ca822be20ca_675x900-150x150.jpg","full_url":"https:\/\/latorreinmobiliaria.com.ar\/web\/wp-content\/uploads\/2025\/08\/ed1e6087-66c4-4362-91b1-0ca822be20ca_675x900.jpg","title":"ed1e6087-66c4-4362-91b1-0ca822be20ca_675x900","caption":"","description":"","alt":"","srcset":"https:\/\/latorreinmobiliaria.com.ar\/web\/wp-content\/uploads\/2025\/08\/ed1e6087-66c4-4362-91b1-0ca822be20ca_675x900-150x150.jpg 150w, https:\/\/latorreinmobiliaria.com.ar\/web\/wp-content\/uploads\/2025\/08\/ed1e6087-66c4-4362-91b1-0ca822be20ca_675x900-210x210.jpg 210w"}],"REAL_HOMES_change_gallery_slider_type":"0","REAL_HOMES_gallery_slider_type":"thumb-on-right","inspiry_floor_plans":[],"inspiry_video_group":[],"REAL_HOMES_360_virtual_tour":"","REAL_HOMES_tour_video_url":"","REAL_HOMES_tour_video_image":[],"REAL_HOMES_agent_display_option":"none","REAL_HOMES_agents":[],"REAL_HOMES_energy_class":"none","REAL_HOMES_energy_performance":"","REAL_HOMES_epc_current_rating":"","REAL_HOMES_epc_potential_rating":"","REAL_HOMES_sticky":"0","inspiry_property_label":"","inspiry_property_label_color":"","inspiry_property_tax":"0","inspiry_additional_fee":"0","REAL_HOMES_attachments":[],"inspiry_property_owner_name":"","inspiry_property_owner_contact":"","inspiry_property_owner_address":"","REAL_HOMES_property_private_note":"","inspiry_message_to_reviewer":"","REAL_HOMES_add_in_slider":"no","REAL_HOMES_slider_image":[],"REAL_HOMES_page_banner_image":[]},"_links":{"self":[{"href":"https:\/\/latorreinmobiliaria.com.ar\/web\/wp-json\/wp\/v2\/properties\/21892","targetHints":{"allow":["GET"]}}],"collection":[{"href":"https:\/\/latorreinmobiliaria.com.ar\/web\/wp-json\/wp\/v2\/properties"}],"about":[{"href":"https:\/\/latorreinmobiliaria.com.ar\/web\/wp-json\/wp\/v2\/types\/property"}],"author":[{"embeddable":true,"href":"https:\/\/latorreinmobiliaria.com.ar\/web\/wp-json\/wp\/v2\/users\/3"}],"replies":[{"embeddable":true,"href":"https:\/\/latorreinmobiliaria.com.ar\/web\/wp-json\/wp\/v2\/comments?post=21892"}],"version-history":[{"count":5,"href":"https:\/\/latorreinmobiliaria.com.ar\/web\/wp-json\/wp\/v2\/properties\/21892\/revisions"}],"predecessor-version":[{"id":21946,"href":"https:\/\/latorreinmobiliaria.com.ar\/web\/wp-json\/wp\/v2\/properties\/21892\/revisions\/21946"}],"wp:featuredmedia":[{"embeddable":true,"href":"https:\/\/latorreinmobiliaria.com.ar\/web\/wp-json\/wp\/v2\/media\/21900"}],"wp:attachment":[{"href":"https:\/\/latorreinmobiliaria.com.ar\/web\/wp-json\/wp\/v2\/media?parent=21892"}],"wp:term":[{"taxonomy":"property-feature","embeddable":true,"href":"https:\/\/latorreinmobiliaria.com.ar\/web\/wp-json\/wp\/v2\/caracter\u00edsticas-propiedad?post=21892"},{"taxonomy":"property-type","embeddable":true,"href":"https:\/\/latorreinmobiliaria.com.ar\/web\/wp-json\/wp\/v2\/tipos-propiedad?post=21892"},{"taxonomy":"property-city","embeddable":true,"href":"https:\/\/latorreinmobiliaria.com.ar\/web\/wp-json\/wp\/v2\/ciudades-propiedad?post=21892"},{"taxonomy":"property-status","embeddable":true,"href":"https:\/\/latorreinmobiliaria.com.ar\/web\/wp-json\/wp\/v2\/estatus-propiedad?post=21892"}],"curies":[{"name":"wp","href":"https:\/\/api.w.org\/{rel}","templated":true}]}}