{"id":21439,"date":"2025-06-20T16:59:35","date_gmt":"2025-06-20T19:59:35","guid":{"rendered":"https:\/\/latorreinmobiliaria.com.ar\/web\/?post_type=property&#038;p=21439"},"modified":"2025-06-20T17:39:39","modified_gmt":"2025-06-20T20:39:39","slug":"complejo-de-5-deptos-con-gran-terreno","status":"publish","type":"property","link":"https:\/\/latorreinmobiliaria.com.ar\/web\/propiedad\/complejo-de-5-deptos-con-gran-terreno\/","title":{"rendered":"Complejo de 5 Deptos. con Gran Terreno"},"content":{"rendered":"<h3 data-start=\"82\" data-end=\"154\"><strong data-start=\"82\" data-end=\"154\">Complejo de departamentos en excelente ubicaci\u00f3n<\/strong><\/h3>\n<h4 data-start=\"156\" data-end=\"461\"><strong>Si est\u00e1s buscando un lugar c\u00f3modo y bien ubicado, este complejo de departamentos es la opci\u00f3n ideal. Con un amplio terreno, podr\u00e1s disfrutar de un entorno tranquilo y agradable. Cada unidad cuenta con 2 habitaciones, ba\u00f1o completo y una cocina-comedor, todo pensado para ofrecerte funcionalidad y confort.<\/strong><\/h4>\n<h3 data-start=\"463\" data-end=\"749\"><strong>El complejo tambi\u00e9n cuenta con un quincho, perfecto para compartir momentos especiales con amigos y familia. Adem\u00e1s, su ubicaci\u00f3n es inmejorable: a tan solo una cuadra de la avenida principal, 7 cuadras de la playa y 150mts del vivero.<\/strong><\/h3>\n<p>&nbsp;<\/p>\n<h3 data-start=\"463\" data-end=\"749\">CONSULTE SU VALOR!!!<\/h3>\n<h4 class=\"additional-title\">Detalles adicionales<\/h4>\n<ul class=\"additional-details clearfix\">\n<li><strong>Complejo de 5 Deptos. con gran terreno:<\/strong><\/li>\n<\/ul>\n","protected":false},"excerpt":{"rendered":"<p>Complejo de departamentos en excelente ubicaci\u00f3n Si est\u00e1s buscando un lugar c\u00f3modo y bien ubicado, este complejo de departamentos es la opci\u00f3n ideal. Con un amplio terreno, podr\u00e1s disfrutar de un entorno tranquilo y agradable. Cada unidad cuenta con 2 habitaciones, ba\u00f1o completo y una cocina-comedor, todo pensado para ofrecerte funcionalidad y confort. El complejo&#8230;<\/p>\n","protected":false},"author":3,"featured_media":21454,"parent":0,"menu_order":0,"comment_status":"closed","ping_status":"closed","template":"","caracter\u00edsticas-propiedad":[],"tipos-propiedad":[55],"ciudades-propiedad":[54],"estatus-propiedad":[53],"class_list":["post-21439","property","type-property","status-publish","has-post-thumbnail","hentry","property-type-departamentos-en-venta","property-city-san-clemente-del-tuyu","property-status-venta"],"property_meta":{"REAL_HOMES_property_price":"","REAL_HOMES_property_old_price":"","REAL_HOMES_property_price_prefix":"","REAL_HOMES_property_price_postfix":"","REAL_HOMES_property_size":"","REAL_HOMES_property_size_postfix":"","REAL_HOMES_property_lot_size":"","REAL_HOMES_property_lot_size_postfix":"","REAL_HOMES_property_bedrooms":"","REAL_HOMES_property_bathrooms":"","REAL_HOMES_property_garage":"","REAL_HOMES_property_id":"199","REAL_HOMES_property_year_built":"","REAL_HOMES_featured":"0","REAL_HOMES_additional_details_list":[],"REAL_HOMES_property_location":{"latitude":"-36.3763801","longitude":"-56.7184373","zoom":"14"},"REAL_HOMES_property_address":"3551, Calle 8, Barrio Talas Sur, San Clemente del Tuy\u00fa, Partido de La Costa, Buenos Aires, 7105, Argentina","REAL_HOMES_property_map":"0","REAL_HOMES_property_images":[{"width":150,"height":150,"file":"2025\/06\/7b89d2cc-c52a-4e54-b4b5-aac936f056ba.jpeg","filesize":126426,"sizes":{"medium":{"file":"7b89d2cc-c52a-4e54-b4b5-aac936f056ba-300x197.jpeg","width":300,"height":197,"mime-type":"image\/jpeg","filesize":11767,"url":"https:\/\/latorreinmobiliaria.com.ar\/web\/wp-content\/uploads\/2025\/06\/7b89d2cc-c52a-4e54-b4b5-aac936f056ba-300x197.jpeg"},"large":{"file":"7b89d2cc-c52a-4e54-b4b5-aac936f056ba-1024x672.jpeg","width":1024,"height":672,"mime-type":"image\/jpeg","filesize":100964,"url":"https:\/\/latorreinmobiliaria.com.ar\/web\/wp-content\/uploads\/2025\/06\/7b89d2cc-c52a-4e54-b4b5-aac936f056ba-1024x672.jpeg"},"thumbnail":{"file":"7b89d2cc-c52a-4e54-b4b5-aac936f056ba-150x150.jpeg","width":150,"height":150,"mime-type":"image\/jpeg","filesize":4980,"url":"https:\/\/latorreinmobiliaria.com.ar\/web\/wp-content\/uploads\/2025\/06\/7b89d2cc-c52a-4e54-b4b5-aac936f056ba-150x150.jpeg"},"medium_large":{"file":"7b89d2cc-c52a-4e54-b4b5-aac936f056ba-768x504.jpeg","width":768,"height":504,"mime-type":"image\/jpeg","filesize":61570,"url":"https:\/\/latorreinmobiliaria.com.ar\/web\/wp-content\/uploads\/2025\/06\/7b89d2cc-c52a-4e54-b4b5-aac936f056ba-768x504.jpeg"},"post-thumbnail":{"file":"7b89d2cc-c52a-4e54-b4b5-aac936f056ba-150x98.jpeg","width":150,"height":98,"mime-type":"image\/jpeg","filesize":3705,"url":"https:\/\/latorreinmobiliaria.com.ar\/web\/wp-content\/uploads\/2025\/06\/7b89d2cc-c52a-4e54-b4b5-aac936f056ba-150x98.jpeg"},"modern-property-child-slider":{"file":"7b89d2cc-c52a-4e54-b4b5-aac936f056ba-680x510.jpeg","width":680,"height":510,"mime-type":"image\/jpeg","filesize":55119,"url":"https:\/\/latorreinmobiliaria.com.ar\/web\/wp-content\/uploads\/2025\/06\/7b89d2cc-c52a-4e54-b4b5-aac936f056ba-680x510.jpeg"},"property-thumb-image":{"file":"7b89d2cc-c52a-4e54-b4b5-aac936f056ba-488x326.jpeg","width":488,"height":326,"mime-type":"image\/jpeg","filesize":27827,"url":"https:\/\/latorreinmobiliaria.com.ar\/web\/wp-content\/uploads\/2025\/06\/7b89d2cc-c52a-4e54-b4b5-aac936f056ba-488x326.jpeg"},"property-detail-video-image":{"file":"7b89d2cc-c52a-4e54-b4b5-aac936f056ba-818x417.jpeg","width":818,"height":417,"mime-type":"image\/jpeg","filesize":59214,"url":"https:\/\/latorreinmobiliaria.com.ar\/web\/wp-content\/uploads\/2025\/06\/7b89d2cc-c52a-4e54-b4b5-aac936f056ba-818x417.jpeg"},"agent-image":{"file":"7b89d2cc-c52a-4e54-b4b5-aac936f056ba-210x210.jpeg","width":210,"height":210,"mime-type":"image\/jpeg","filesize":8830,"url":"https:\/\/latorreinmobiliaria.com.ar\/web\/wp-content\/uploads\/2025\/06\/7b89d2cc-c52a-4e54-b4b5-aac936f056ba-210x210.jpeg"},"partners-logo":{"file":"7b89d2cc-c52a-4e54-b4b5-aac936f056ba-600x828.jpeg","width":600,"height":828,"mime-type":"image\/jpeg","filesize":72572,"url":"https:\/\/latorreinmobiliaria.com.ar\/web\/wp-content\/uploads\/2025\/06\/7b89d2cc-c52a-4e54-b4b5-aac936f056ba-600x828.jpeg"},"gallery-two-column-image":{"file":"7b89d2cc-c52a-4e54-b4b5-aac936f056ba-536x269.jpeg","width":536,"height":269,"mime-type":"image\/jpeg","filesize":27147,"url":"https:\/\/latorreinmobiliaria.com.ar\/web\/wp-content\/uploads\/2025\/06\/7b89d2cc-c52a-4e54-b4b5-aac936f056ba-536x269.jpeg"},"property-detail-slider-image-two":{"file":"7b89d2cc-c52a-4e54-b4b5-aac936f056ba-1170x648.jpeg","width":1170,"height":648,"mime-type":"image\/jpeg","filesize":114839,"url":"https:\/\/latorreinmobiliaria.com.ar\/web\/wp-content\/uploads\/2025\/06\/7b89d2cc-c52a-4e54-b4b5-aac936f056ba-1170x648.jpeg"},"property-detail-slider-thumb":{"file":"7b89d2cc-c52a-4e54-b4b5-aac936f056ba-82x60.jpeg","width":82,"height":60,"mime-type":"image\/jpeg","filesize":1661,"url":"https:\/\/latorreinmobiliaria.com.ar\/web\/wp-content\/uploads\/2025\/06\/7b89d2cc-c52a-4e54-b4b5-aac936f056ba-82x60.jpeg"}},"image_meta":{"aperture":"0","credit":"","camera":"","caption":"","created_timestamp":"0","copyright":"","focal_length":"0","iso":"0","shutter_speed":"0","title":"","orientation":"0","keywords":[]},"ID":"21454","name":"7b89d2cc-c52a-4e54-b4b5-aac936f056ba.jpeg","path":"\/home\/latorre\/public_html\/web\/wp-content\/uploads\/2025\/06\/7b89d2cc-c52a-4e54-b4b5-aac936f056ba.jpeg","url":"https:\/\/latorreinmobiliaria.com.ar\/web\/wp-content\/uploads\/2025\/06\/7b89d2cc-c52a-4e54-b4b5-aac936f056ba-150x150.jpeg","full_url":"https:\/\/latorreinmobiliaria.com.ar\/web\/wp-content\/uploads\/2025\/06\/7b89d2cc-c52a-4e54-b4b5-aac936f056ba.jpeg","title":"7b89d2cc-c52a-4e54-b4b5-aac936f056ba","caption":"","description":"","alt":"","srcset":"https:\/\/latorreinmobiliaria.com.ar\/web\/wp-content\/uploads\/2025\/06\/7b89d2cc-c52a-4e54-b4b5-aac936f056ba-150x150.jpeg 150w, https:\/\/latorreinmobiliaria.com.ar\/web\/wp-content\/uploads\/2025\/06\/7b89d2cc-c52a-4e54-b4b5-aac936f056ba-210x210.jpeg 210w"},{"width":150,"height":150,"file":"2025\/06\/WhatsApp-Image-2025-03-06-at-11.00.42-AM.jpeg","filesize":155455,"sizes":{"medium":{"file":"WhatsApp-Image-2025-03-06-at-11.00.42-AM-300x225.jpeg","width":300,"height":225,"mime-type":"image\/jpeg","filesize":13143,"url":"https:\/\/latorreinmobiliaria.com.ar\/web\/wp-content\/uploads\/2025\/06\/WhatsApp-Image-2025-03-06-at-11.00.42-AM-300x225.jpeg"},"large":{"file":"WhatsApp-Image-2025-03-06-at-11.00.42-AM-1024x768.jpeg","width":1024,"height":768,"mime-type":"image\/jpeg","filesize":118947,"url":"https:\/\/latorreinmobiliaria.com.ar\/web\/wp-content\/uploads\/2025\/06\/WhatsApp-Image-2025-03-06-at-11.00.42-AM-1024x768.jpeg"},"thumbnail":{"file":"WhatsApp-Image-2025-03-06-at-11.00.42-AM-150x150.jpeg","width":150,"height":150,"mime-type":"image\/jpeg","filesize":4964,"url":"https:\/\/latorreinmobiliaria.com.ar\/web\/wp-content\/uploads\/2025\/06\/WhatsApp-Image-2025-03-06-at-11.00.42-AM-150x150.jpeg"},"medium_large":{"file":"WhatsApp-Image-2025-03-06-at-11.00.42-AM-768x576.jpeg","width":768,"height":576,"mime-type":"image\/jpeg","filesize":71159,"url":"https:\/\/latorreinmobiliaria.com.ar\/web\/wp-content\/uploads\/2025\/06\/WhatsApp-Image-2025-03-06-at-11.00.42-AM-768x576.jpeg"},"post-thumbnail":{"file":"WhatsApp-Image-2025-03-06-at-11.00.42-AM-150x113.jpeg","width":150,"height":113,"mime-type":"image\/jpeg","filesize":3963,"url":"https:\/\/latorreinmobiliaria.com.ar\/web\/wp-content\/uploads\/2025\/06\/WhatsApp-Image-2025-03-06-at-11.00.42-AM-150x113.jpeg"},"modern-property-child-slider":{"file":"WhatsApp-Image-2025-03-06-at-11.00.42-AM-680x510.jpeg","width":680,"height":510,"mime-type":"image\/jpeg","filesize":57377,"url":"https:\/\/latorreinmobiliaria.com.ar\/web\/wp-content\/uploads\/2025\/06\/WhatsApp-Image-2025-03-06-at-11.00.42-AM-680x510.jpeg"},"property-thumb-image":{"file":"WhatsApp-Image-2025-03-06-at-11.00.42-AM-488x326.jpeg","width":488,"height":326,"mime-type":"image\/jpeg","filesize":27638,"url":"https:\/\/latorreinmobiliaria.com.ar\/web\/wp-content\/uploads\/2025\/06\/WhatsApp-Image-2025-03-06-at-11.00.42-AM-488x326.jpeg"},"property-detail-video-image":{"file":"WhatsApp-Image-2025-03-06-at-11.00.42-AM-818x417.jpeg","width":818,"height":417,"mime-type":"image\/jpeg","filesize":54261,"url":"https:\/\/latorreinmobiliaria.com.ar\/web\/wp-content\/uploads\/2025\/06\/WhatsApp-Image-2025-03-06-at-11.00.42-AM-818x417.jpeg"},"agent-image":{"file":"WhatsApp-Image-2025-03-06-at-11.00.42-AM-210x210.jpeg","width":210,"height":210,"mime-type":"image\/jpeg","filesize":9232,"url":"https:\/\/latorreinmobiliaria.com.ar\/web\/wp-content\/uploads\/2025\/06\/WhatsApp-Image-2025-03-06-at-11.00.42-AM-210x210.jpeg"},"partners-logo":{"file":"WhatsApp-Image-2025-03-06-at-11.00.42-AM-600x960.jpeg","width":600,"height":960,"mime-type":"image\/jpeg","filesize":81499,"url":"https:\/\/latorreinmobiliaria.com.ar\/web\/wp-content\/uploads\/2025\/06\/WhatsApp-Image-2025-03-06-at-11.00.42-AM-600x960.jpeg"},"gallery-two-column-image":{"file":"WhatsApp-Image-2025-03-06-at-11.00.42-AM-536x269.jpeg","width":536,"height":269,"mime-type":"image\/jpeg","filesize":24633,"url":"https:\/\/latorreinmobiliaria.com.ar\/web\/wp-content\/uploads\/2025\/06\/WhatsApp-Image-2025-03-06-at-11.00.42-AM-536x269.jpeg"},"property-detail-slider-image-two":{"file":"WhatsApp-Image-2025-03-06-at-11.00.42-AM-1170x648.jpeg","width":1170,"height":648,"mime-type":"image\/jpeg","filesize":110821,"url":"https:\/\/latorreinmobiliaria.com.ar\/web\/wp-content\/uploads\/2025\/06\/WhatsApp-Image-2025-03-06-at-11.00.42-AM-1170x648.jpeg"},"property-detail-slider-thumb":{"file":"WhatsApp-Image-2025-03-06-at-11.00.42-AM-82x60.jpeg","width":82,"height":60,"mime-type":"image\/jpeg","filesize":1551,"url":"https:\/\/latorreinmobiliaria.com.ar\/web\/wp-content\/uploads\/2025\/06\/WhatsApp-Image-2025-03-06-at-11.00.42-AM-82x60.jpeg"}},"image_meta":{"aperture":"0","credit":"","camera":"","caption":"","created_timestamp":"0","copyright":"","focal_length":"0","iso":"0","shutter_speed":"0","title":"","orientation":"0","keywords":[]},"ID":"21449","name":"WhatsApp-Image-2025-03-06-at-11.00.42-AM.jpeg","path":"\/home\/latorre\/public_html\/web\/wp-content\/uploads\/2025\/06\/WhatsApp-Image-2025-03-06-at-11.00.42-AM.jpeg","url":"https:\/\/latorreinmobiliaria.com.ar\/web\/wp-content\/uploads\/2025\/06\/WhatsApp-Image-2025-03-06-at-11.00.42-AM-150x150.jpeg","full_url":"https:\/\/latorreinmobiliaria.com.ar\/web\/wp-content\/uploads\/2025\/06\/WhatsApp-Image-2025-03-06-at-11.00.42-AM.jpeg","title":"WhatsApp-Image-2025-03-06-at-11.00.42-AM","caption":"","description":"","alt":"","srcset":"https:\/\/latorreinmobiliaria.com.ar\/web\/wp-content\/uploads\/2025\/06\/WhatsApp-Image-2025-03-06-at-11.00.42-AM-150x150.jpeg 150w, https:\/\/latorreinmobiliaria.com.ar\/web\/wp-content\/uploads\/2025\/06\/WhatsApp-Image-2025-03-06-at-11.00.42-AM-210x210.jpeg 210w"},{"width":150,"height":150,"file":"2025\/06\/WhatsApp-Image-2025-03-06-at-11.00.42-AM-1.jpeg","filesize":98671,"sizes":{"medium":{"file":"WhatsApp-Image-2025-03-06-at-11.00.42-AM-1-300x225.jpeg","width":300,"height":225,"mime-type":"image\/jpeg","filesize":9646,"url":"https:\/\/latorreinmobiliaria.com.ar\/web\/wp-content\/uploads\/2025\/06\/WhatsApp-Image-2025-03-06-at-11.00.42-AM-1-300x225.jpeg"},"large":{"file":"WhatsApp-Image-2025-03-06-at-11.00.42-AM-1-1024x768.jpeg","width":1024,"height":768,"mime-type":"image\/jpeg","filesize":78165,"url":"https:\/\/latorreinmobiliaria.com.ar\/web\/wp-content\/uploads\/2025\/06\/WhatsApp-Image-2025-03-06-at-11.00.42-AM-1-1024x768.jpeg"},"thumbnail":{"file":"WhatsApp-Image-2025-03-06-at-11.00.42-AM-1-150x150.jpeg","width":150,"height":150,"mime-type":"image\/jpeg","filesize":3791,"url":"https:\/\/latorreinmobiliaria.com.ar\/web\/wp-content\/uploads\/2025\/06\/WhatsApp-Image-2025-03-06-at-11.00.42-AM-1-150x150.jpeg"},"medium_large":{"file":"WhatsApp-Image-2025-03-06-at-11.00.42-AM-1-768x576.jpeg","width":768,"height":576,"mime-type":"image\/jpeg","filesize":47646,"url":"https:\/\/latorreinmobiliaria.com.ar\/web\/wp-content\/uploads\/2025\/06\/WhatsApp-Image-2025-03-06-at-11.00.42-AM-1-768x576.jpeg"},"post-thumbnail":{"file":"WhatsApp-Image-2025-03-06-at-11.00.42-AM-1-150x113.jpeg","width":150,"height":113,"mime-type":"image\/jpeg","filesize":3240,"url":"https:\/\/latorreinmobiliaria.com.ar\/web\/wp-content\/uploads\/2025\/06\/WhatsApp-Image-2025-03-06-at-11.00.42-AM-1-150x113.jpeg"},"modern-property-child-slider":{"file":"WhatsApp-Image-2025-03-06-at-11.00.42-AM-1-680x510.jpeg","width":680,"height":510,"mime-type":"image\/jpeg","filesize":38562,"url":"https:\/\/latorreinmobiliaria.com.ar\/web\/wp-content\/uploads\/2025\/06\/WhatsApp-Image-2025-03-06-at-11.00.42-AM-1-680x510.jpeg"},"property-thumb-image":{"file":"WhatsApp-Image-2025-03-06-at-11.00.42-AM-1-488x326.jpeg","width":488,"height":326,"mime-type":"image\/jpeg","filesize":19663,"url":"https:\/\/latorreinmobiliaria.com.ar\/web\/wp-content\/uploads\/2025\/06\/WhatsApp-Image-2025-03-06-at-11.00.42-AM-1-488x326.jpeg"},"property-detail-video-image":{"file":"WhatsApp-Image-2025-03-06-at-11.00.42-AM-1-818x417.jpeg","width":818,"height":417,"mime-type":"image\/jpeg","filesize":40949,"url":"https:\/\/latorreinmobiliaria.com.ar\/web\/wp-content\/uploads\/2025\/06\/WhatsApp-Image-2025-03-06-at-11.00.42-AM-1-818x417.jpeg"},"agent-image":{"file":"WhatsApp-Image-2025-03-06-at-11.00.42-AM-1-210x210.jpeg","width":210,"height":210,"mime-type":"image\/jpeg","filesize":6627,"url":"https:\/\/latorreinmobiliaria.com.ar\/web\/wp-content\/uploads\/2025\/06\/WhatsApp-Image-2025-03-06-at-11.00.42-AM-1-210x210.jpeg"},"partners-logo":{"file":"WhatsApp-Image-2025-03-06-at-11.00.42-AM-1-600x960.jpeg","width":600,"height":960,"mime-type":"image\/jpeg","filesize":59106,"url":"https:\/\/latorreinmobiliaria.com.ar\/web\/wp-content\/uploads\/2025\/06\/WhatsApp-Image-2025-03-06-at-11.00.42-AM-1-600x960.jpeg"},"gallery-two-column-image":{"file":"WhatsApp-Image-2025-03-06-at-11.00.42-AM-1-536x269.jpeg","width":536,"height":269,"mime-type":"image\/jpeg","filesize":19495,"url":"https:\/\/latorreinmobiliaria.com.ar\/web\/wp-content\/uploads\/2025\/06\/WhatsApp-Image-2025-03-06-at-11.00.42-AM-1-536x269.jpeg"},"property-detail-slider-image-two":{"file":"WhatsApp-Image-2025-03-06-at-11.00.42-AM-1-1170x648.jpeg","width":1170,"height":648,"mime-type":"image\/jpeg","filesize":77841,"url":"https:\/\/latorreinmobiliaria.com.ar\/web\/wp-content\/uploads\/2025\/06\/WhatsApp-Image-2025-03-06-at-11.00.42-AM-1-1170x648.jpeg"},"property-detail-slider-thumb":{"file":"WhatsApp-Image-2025-03-06-at-11.00.42-AM-1-82x60.jpeg","width":82,"height":60,"mime-type":"image\/jpeg","filesize":1369,"url":"https:\/\/latorreinmobiliaria.com.ar\/web\/wp-content\/uploads\/2025\/06\/WhatsApp-Image-2025-03-06-at-11.00.42-AM-1-82x60.jpeg"}},"image_meta":{"aperture":"0","credit":"","camera":"","caption":"","created_timestamp":"0","copyright":"","focal_length":"0","iso":"0","shutter_speed":"0","title":"","orientation":"0","keywords":[]},"ID":"21450","name":"WhatsApp-Image-2025-03-06-at-11.00.42-AM-1.jpeg","path":"\/home\/latorre\/public_html\/web\/wp-content\/uploads\/2025\/06\/WhatsApp-Image-2025-03-06-at-11.00.42-AM-1.jpeg","url":"https:\/\/latorreinmobiliaria.com.ar\/web\/wp-content\/uploads\/2025\/06\/WhatsApp-Image-2025-03-06-at-11.00.42-AM-1-150x150.jpeg","full_url":"https:\/\/latorreinmobiliaria.com.ar\/web\/wp-content\/uploads\/2025\/06\/WhatsApp-Image-2025-03-06-at-11.00.42-AM-1.jpeg","title":"WhatsApp-Image-2025-03-06-at-11.00.42-AM-1","caption":"","description":"","alt":"","srcset":"https:\/\/latorreinmobiliaria.com.ar\/web\/wp-content\/uploads\/2025\/06\/WhatsApp-Image-2025-03-06-at-11.00.42-AM-1-150x150.jpeg 150w, https:\/\/latorreinmobiliaria.com.ar\/web\/wp-content\/uploads\/2025\/06\/WhatsApp-Image-2025-03-06-at-11.00.42-AM-1-210x210.jpeg 210w"},{"width":150,"height":150,"file":"2025\/06\/WhatsApp-Image-2025-03-06-at-11.00.40-AM.jpeg","filesize":119435,"sizes":{"medium":{"file":"WhatsApp-Image-2025-03-06-at-11.00.40-AM-300x225.jpeg","width":300,"height":225,"mime-type":"image\/jpeg","filesize":10487,"url":"https:\/\/latorreinmobiliaria.com.ar\/web\/wp-content\/uploads\/2025\/06\/WhatsApp-Image-2025-03-06-at-11.00.40-AM-300x225.jpeg"},"large":{"file":"WhatsApp-Image-2025-03-06-at-11.00.40-AM-1024x768.jpeg","width":1024,"height":768,"mime-type":"image\/jpeg","filesize":90981,"url":"https:\/\/latorreinmobiliaria.com.ar\/web\/wp-content\/uploads\/2025\/06\/WhatsApp-Image-2025-03-06-at-11.00.40-AM-1024x768.jpeg"},"thumbnail":{"file":"WhatsApp-Image-2025-03-06-at-11.00.40-AM-150x150.jpeg","width":150,"height":150,"mime-type":"image\/jpeg","filesize":4226,"url":"https:\/\/latorreinmobiliaria.com.ar\/web\/wp-content\/uploads\/2025\/06\/WhatsApp-Image-2025-03-06-at-11.00.40-AM-150x150.jpeg"},"medium_large":{"file":"WhatsApp-Image-2025-03-06-at-11.00.40-AM-768x576.jpeg","width":768,"height":576,"mime-type":"image\/jpeg","filesize":54285,"url":"https:\/\/latorreinmobiliaria.com.ar\/web\/wp-content\/uploads\/2025\/06\/WhatsApp-Image-2025-03-06-at-11.00.40-AM-768x576.jpeg"},"post-thumbnail":{"file":"WhatsApp-Image-2025-03-06-at-11.00.40-AM-150x113.jpeg","width":150,"height":113,"mime-type":"image\/jpeg","filesize":3561,"url":"https:\/\/latorreinmobiliaria.com.ar\/web\/wp-content\/uploads\/2025\/06\/WhatsApp-Image-2025-03-06-at-11.00.40-AM-150x113.jpeg"},"modern-property-child-slider":{"file":"WhatsApp-Image-2025-03-06-at-11.00.40-AM-680x510.jpeg","width":680,"height":510,"mime-type":"image\/jpeg","filesize":43486,"url":"https:\/\/latorreinmobiliaria.com.ar\/web\/wp-content\/uploads\/2025\/06\/WhatsApp-Image-2025-03-06-at-11.00.40-AM-680x510.jpeg"},"property-thumb-image":{"file":"WhatsApp-Image-2025-03-06-at-11.00.40-AM-488x326.jpeg","width":488,"height":326,"mime-type":"image\/jpeg","filesize":22095,"url":"https:\/\/latorreinmobiliaria.com.ar\/web\/wp-content\/uploads\/2025\/06\/WhatsApp-Image-2025-03-06-at-11.00.40-AM-488x326.jpeg"},"property-detail-video-image":{"file":"WhatsApp-Image-2025-03-06-at-11.00.40-AM-818x417.jpeg","width":818,"height":417,"mime-type":"image\/jpeg","filesize":45763,"url":"https:\/\/latorreinmobiliaria.com.ar\/web\/wp-content\/uploads\/2025\/06\/WhatsApp-Image-2025-03-06-at-11.00.40-AM-818x417.jpeg"},"agent-image":{"file":"WhatsApp-Image-2025-03-06-at-11.00.40-AM-210x210.jpeg","width":210,"height":210,"mime-type":"image\/jpeg","filesize":7328,"url":"https:\/\/latorreinmobiliaria.com.ar\/web\/wp-content\/uploads\/2025\/06\/WhatsApp-Image-2025-03-06-at-11.00.40-AM-210x210.jpeg"},"partners-logo":{"file":"WhatsApp-Image-2025-03-06-at-11.00.40-AM-600x960.jpeg","width":600,"height":960,"mime-type":"image\/jpeg","filesize":72921,"url":"https:\/\/latorreinmobiliaria.com.ar\/web\/wp-content\/uploads\/2025\/06\/WhatsApp-Image-2025-03-06-at-11.00.40-AM-600x960.jpeg"},"gallery-two-column-image":{"file":"WhatsApp-Image-2025-03-06-at-11.00.40-AM-536x269.jpeg","width":536,"height":269,"mime-type":"image\/jpeg","filesize":21381,"url":"https:\/\/latorreinmobiliaria.com.ar\/web\/wp-content\/uploads\/2025\/06\/WhatsApp-Image-2025-03-06-at-11.00.40-AM-536x269.jpeg"},"property-detail-slider-image-two":{"file":"WhatsApp-Image-2025-03-06-at-11.00.40-AM-1170x648.jpeg","width":1170,"height":648,"mime-type":"image\/jpeg","filesize":89843,"url":"https:\/\/latorreinmobiliaria.com.ar\/web\/wp-content\/uploads\/2025\/06\/WhatsApp-Image-2025-03-06-at-11.00.40-AM-1170x648.jpeg"},"property-detail-slider-thumb":{"file":"WhatsApp-Image-2025-03-06-at-11.00.40-AM-82x60.jpeg","width":82,"height":60,"mime-type":"image\/jpeg","filesize":1525,"url":"https:\/\/latorreinmobiliaria.com.ar\/web\/wp-content\/uploads\/2025\/06\/WhatsApp-Image-2025-03-06-at-11.00.40-AM-82x60.jpeg"}},"image_meta":{"aperture":"0","credit":"","camera":"","caption":"","created_timestamp":"0","copyright":"","focal_length":"0","iso":"0","shutter_speed":"0","title":"","orientation":"0","keywords":[]},"ID":"21444","name":"WhatsApp-Image-2025-03-06-at-11.00.40-AM.jpeg","path":"\/home\/latorre\/public_html\/web\/wp-content\/uploads\/2025\/06\/WhatsApp-Image-2025-03-06-at-11.00.40-AM.jpeg","url":"https:\/\/latorreinmobiliaria.com.ar\/web\/wp-content\/uploads\/2025\/06\/WhatsApp-Image-2025-03-06-at-11.00.40-AM-150x150.jpeg","full_url":"https:\/\/latorreinmobiliaria.com.ar\/web\/wp-content\/uploads\/2025\/06\/WhatsApp-Image-2025-03-06-at-11.00.40-AM.jpeg","title":"WhatsApp-Image-2025-03-06-at-11.00.40-AM","caption":"","description":"","alt":"","srcset":"https:\/\/latorreinmobiliaria.com.ar\/web\/wp-content\/uploads\/2025\/06\/WhatsApp-Image-2025-03-06-at-11.00.40-AM-150x150.jpeg 150w, https:\/\/latorreinmobiliaria.com.ar\/web\/wp-content\/uploads\/2025\/06\/WhatsApp-Image-2025-03-06-at-11.00.40-AM-210x210.jpeg 210w"},{"width":150,"height":150,"file":"2025\/06\/WhatsApp-Image-2025-03-06-at-11.00.40-AM-1.jpeg","filesize":199883,"sizes":{"medium":{"file":"WhatsApp-Image-2025-03-06-at-11.00.40-AM-1-300x225.jpeg","width":300,"height":225,"mime-type":"image\/jpeg","filesize":13740,"url":"https:\/\/latorreinmobiliaria.com.ar\/web\/wp-content\/uploads\/2025\/06\/WhatsApp-Image-2025-03-06-at-11.00.40-AM-1-300x225.jpeg"},"large":{"file":"WhatsApp-Image-2025-03-06-at-11.00.40-AM-1-1024x768.jpeg","width":1024,"height":768,"mime-type":"image\/jpeg","filesize":146979,"url":"https:\/\/latorreinmobiliaria.com.ar\/web\/wp-content\/uploads\/2025\/06\/WhatsApp-Image-2025-03-06-at-11.00.40-AM-1-1024x768.jpeg"},"thumbnail":{"file":"WhatsApp-Image-2025-03-06-at-11.00.40-AM-1-150x150.jpeg","width":150,"height":150,"mime-type":"image\/jpeg","filesize":5031,"url":"https:\/\/latorreinmobiliaria.com.ar\/web\/wp-content\/uploads\/2025\/06\/WhatsApp-Image-2025-03-06-at-11.00.40-AM-1-150x150.jpeg"},"medium_large":{"file":"WhatsApp-Image-2025-03-06-at-11.00.40-AM-1-768x576.jpeg","width":768,"height":576,"mime-type":"image\/jpeg","filesize":84960,"url":"https:\/\/latorreinmobiliaria.com.ar\/web\/wp-content\/uploads\/2025\/06\/WhatsApp-Image-2025-03-06-at-11.00.40-AM-1-768x576.jpeg"},"post-thumbnail":{"file":"WhatsApp-Image-2025-03-06-at-11.00.40-AM-1-150x113.jpeg","width":150,"height":113,"mime-type":"image\/jpeg","filesize":3956,"url":"https:\/\/latorreinmobiliaria.com.ar\/web\/wp-content\/uploads\/2025\/06\/WhatsApp-Image-2025-03-06-at-11.00.40-AM-1-150x113.jpeg"},"modern-property-child-slider":{"file":"WhatsApp-Image-2025-03-06-at-11.00.40-AM-1-680x510.jpeg","width":680,"height":510,"mime-type":"image\/jpeg","filesize":66670,"url":"https:\/\/latorreinmobiliaria.com.ar\/web\/wp-content\/uploads\/2025\/06\/WhatsApp-Image-2025-03-06-at-11.00.40-AM-1-680x510.jpeg"},"property-thumb-image":{"file":"WhatsApp-Image-2025-03-06-at-11.00.40-AM-1-488x326.jpeg","width":488,"height":326,"mime-type":"image\/jpeg","filesize":31058,"url":"https:\/\/latorreinmobiliaria.com.ar\/web\/wp-content\/uploads\/2025\/06\/WhatsApp-Image-2025-03-06-at-11.00.40-AM-1-488x326.jpeg"},"property-detail-video-image":{"file":"WhatsApp-Image-2025-03-06-at-11.00.40-AM-1-818x417.jpeg","width":818,"height":417,"mime-type":"image\/jpeg","filesize":70099,"url":"https:\/\/latorreinmobiliaria.com.ar\/web\/wp-content\/uploads\/2025\/06\/WhatsApp-Image-2025-03-06-at-11.00.40-AM-1-818x417.jpeg"},"agent-image":{"file":"WhatsApp-Image-2025-03-06-at-11.00.40-AM-1-210x210.jpeg","width":210,"height":210,"mime-type":"image\/jpeg","filesize":9415,"url":"https:\/\/latorreinmobiliaria.com.ar\/web\/wp-content\/uploads\/2025\/06\/WhatsApp-Image-2025-03-06-at-11.00.40-AM-1-210x210.jpeg"},"partners-logo":{"file":"WhatsApp-Image-2025-03-06-at-11.00.40-AM-1-600x960.jpeg","width":600,"height":960,"mime-type":"image\/jpeg","filesize":134702,"url":"https:\/\/latorreinmobiliaria.com.ar\/web\/wp-content\/uploads\/2025\/06\/WhatsApp-Image-2025-03-06-at-11.00.40-AM-1-600x960.jpeg"},"gallery-two-column-image":{"file":"WhatsApp-Image-2025-03-06-at-11.00.40-AM-1-536x269.jpeg","width":536,"height":269,"mime-type":"image\/jpeg","filesize":30282,"url":"https:\/\/latorreinmobiliaria.com.ar\/web\/wp-content\/uploads\/2025\/06\/WhatsApp-Image-2025-03-06-at-11.00.40-AM-1-536x269.jpeg"},"property-detail-slider-image-two":{"file":"WhatsApp-Image-2025-03-06-at-11.00.40-AM-1-1170x648.jpeg","width":1170,"height":648,"mime-type":"image\/jpeg","filesize":145655,"url":"https:\/\/latorreinmobiliaria.com.ar\/web\/wp-content\/uploads\/2025\/06\/WhatsApp-Image-2025-03-06-at-11.00.40-AM-1-1170x648.jpeg"},"property-detail-slider-thumb":{"file":"WhatsApp-Image-2025-03-06-at-11.00.40-AM-1-82x60.jpeg","width":82,"height":60,"mime-type":"image\/jpeg","filesize":1518,"url":"https:\/\/latorreinmobiliaria.com.ar\/web\/wp-content\/uploads\/2025\/06\/WhatsApp-Image-2025-03-06-at-11.00.40-AM-1-82x60.jpeg"}},"image_meta":{"aperture":"0","credit":"","camera":"","caption":"","created_timestamp":"0","copyright":"","focal_length":"0","iso":"0","shutter_speed":"0","title":"","orientation":"0","keywords":[]},"ID":"21445","name":"WhatsApp-Image-2025-03-06-at-11.00.40-AM-1.jpeg","path":"\/home\/latorre\/public_html\/web\/wp-content\/uploads\/2025\/06\/WhatsApp-Image-2025-03-06-at-11.00.40-AM-1.jpeg","url":"https:\/\/latorreinmobiliaria.com.ar\/web\/wp-content\/uploads\/2025\/06\/WhatsApp-Image-2025-03-06-at-11.00.40-AM-1-150x150.jpeg","full_url":"https:\/\/latorreinmobiliaria.com.ar\/web\/wp-content\/uploads\/2025\/06\/WhatsApp-Image-2025-03-06-at-11.00.40-AM-1.jpeg","title":"WhatsApp-Image-2025-03-06-at-11.00.40-AM-1","caption":"","description":"","alt":"","srcset":"https:\/\/latorreinmobiliaria.com.ar\/web\/wp-content\/uploads\/2025\/06\/WhatsApp-Image-2025-03-06-at-11.00.40-AM-1-150x150.jpeg 150w, https:\/\/latorreinmobiliaria.com.ar\/web\/wp-content\/uploads\/2025\/06\/WhatsApp-Image-2025-03-06-at-11.00.40-AM-1-210x210.jpeg 210w"},{"width":150,"height":150,"file":"2025\/06\/WhatsApp-Image-2025-03-06-at-11.00.40-AM-4.jpeg","filesize":197899,"sizes":{"medium":{"file":"WhatsApp-Image-2025-03-06-at-11.00.40-AM-4-300x225.jpeg","width":300,"height":225,"mime-type":"image\/jpeg","filesize":15189,"url":"https:\/\/latorreinmobiliaria.com.ar\/web\/wp-content\/uploads\/2025\/06\/WhatsApp-Image-2025-03-06-at-11.00.40-AM-4-300x225.jpeg"},"large":{"file":"WhatsApp-Image-2025-03-06-at-11.00.40-AM-4-1024x768.jpeg","width":1024,"height":768,"mime-type":"image\/jpeg","filesize":146296,"url":"https:\/\/latorreinmobiliaria.com.ar\/web\/wp-content\/uploads\/2025\/06\/WhatsApp-Image-2025-03-06-at-11.00.40-AM-4-1024x768.jpeg"},"thumbnail":{"file":"WhatsApp-Image-2025-03-06-at-11.00.40-AM-4-150x150.jpeg","width":150,"height":150,"mime-type":"image\/jpeg","filesize":6018,"url":"https:\/\/latorreinmobiliaria.com.ar\/web\/wp-content\/uploads\/2025\/06\/WhatsApp-Image-2025-03-06-at-11.00.40-AM-4-150x150.jpeg"},"medium_large":{"file":"WhatsApp-Image-2025-03-06-at-11.00.40-AM-4-768x576.jpeg","width":768,"height":576,"mime-type":"image\/jpeg","filesize":87063,"url":"https:\/\/latorreinmobiliaria.com.ar\/web\/wp-content\/uploads\/2025\/06\/WhatsApp-Image-2025-03-06-at-11.00.40-AM-4-768x576.jpeg"},"post-thumbnail":{"file":"WhatsApp-Image-2025-03-06-at-11.00.40-AM-4-150x113.jpeg","width":150,"height":113,"mime-type":"image\/jpeg","filesize":4655,"url":"https:\/\/latorreinmobiliaria.com.ar\/web\/wp-content\/uploads\/2025\/06\/WhatsApp-Image-2025-03-06-at-11.00.40-AM-4-150x113.jpeg"},"modern-property-child-slider":{"file":"WhatsApp-Image-2025-03-06-at-11.00.40-AM-4-680x510.jpeg","width":680,"height":510,"mime-type":"image\/jpeg","filesize":68850,"url":"https:\/\/latorreinmobiliaria.com.ar\/web\/wp-content\/uploads\/2025\/06\/WhatsApp-Image-2025-03-06-at-11.00.40-AM-4-680x510.jpeg"},"property-thumb-image":{"file":"WhatsApp-Image-2025-03-06-at-11.00.40-AM-4-488x326.jpeg","width":488,"height":326,"mime-type":"image\/jpeg","filesize":33624,"url":"https:\/\/latorreinmobiliaria.com.ar\/web\/wp-content\/uploads\/2025\/06\/WhatsApp-Image-2025-03-06-at-11.00.40-AM-4-488x326.jpeg"},"property-detail-video-image":{"file":"WhatsApp-Image-2025-03-06-at-11.00.40-AM-4-818x417.jpeg","width":818,"height":417,"mime-type":"image\/jpeg","filesize":69088,"url":"https:\/\/latorreinmobiliaria.com.ar\/web\/wp-content\/uploads\/2025\/06\/WhatsApp-Image-2025-03-06-at-11.00.40-AM-4-818x417.jpeg"},"agent-image":{"file":"WhatsApp-Image-2025-03-06-at-11.00.40-AM-4-210x210.jpeg","width":210,"height":210,"mime-type":"image\/jpeg","filesize":10928,"url":"https:\/\/latorreinmobiliaria.com.ar\/web\/wp-content\/uploads\/2025\/06\/WhatsApp-Image-2025-03-06-at-11.00.40-AM-4-210x210.jpeg"},"partners-logo":{"file":"WhatsApp-Image-2025-03-06-at-11.00.40-AM-4-600x960.jpeg","width":600,"height":960,"mime-type":"image\/jpeg","filesize":135971,"url":"https:\/\/latorreinmobiliaria.com.ar\/web\/wp-content\/uploads\/2025\/06\/WhatsApp-Image-2025-03-06-at-11.00.40-AM-4-600x960.jpeg"},"gallery-two-column-image":{"file":"WhatsApp-Image-2025-03-06-at-11.00.40-AM-4-536x269.jpeg","width":536,"height":269,"mime-type":"image\/jpeg","filesize":30371,"url":"https:\/\/latorreinmobiliaria.com.ar\/web\/wp-content\/uploads\/2025\/06\/WhatsApp-Image-2025-03-06-at-11.00.40-AM-4-536x269.jpeg"},"property-detail-slider-image-two":{"file":"WhatsApp-Image-2025-03-06-at-11.00.40-AM-4-1170x648.jpeg","width":1170,"height":648,"mime-type":"image\/jpeg","filesize":142396,"url":"https:\/\/latorreinmobiliaria.com.ar\/web\/wp-content\/uploads\/2025\/06\/WhatsApp-Image-2025-03-06-at-11.00.40-AM-4-1170x648.jpeg"},"property-detail-slider-thumb":{"file":"WhatsApp-Image-2025-03-06-at-11.00.40-AM-4-82x60.jpeg","width":82,"height":60,"mime-type":"image\/jpeg","filesize":1808,"url":"https:\/\/latorreinmobiliaria.com.ar\/web\/wp-content\/uploads\/2025\/06\/WhatsApp-Image-2025-03-06-at-11.00.40-AM-4-82x60.jpeg"}},"image_meta":{"aperture":"0","credit":"","camera":"","caption":"","created_timestamp":"0","copyright":"","focal_length":"0","iso":"0","shutter_speed":"0","title":"","orientation":"0","keywords":[]},"ID":"21447","name":"WhatsApp-Image-2025-03-06-at-11.00.40-AM-4.jpeg","path":"\/home\/latorre\/public_html\/web\/wp-content\/uploads\/2025\/06\/WhatsApp-Image-2025-03-06-at-11.00.40-AM-4.jpeg","url":"https:\/\/latorreinmobiliaria.com.ar\/web\/wp-content\/uploads\/2025\/06\/WhatsApp-Image-2025-03-06-at-11.00.40-AM-4-150x150.jpeg","full_url":"https:\/\/latorreinmobiliaria.com.ar\/web\/wp-content\/uploads\/2025\/06\/WhatsApp-Image-2025-03-06-at-11.00.40-AM-4.jpeg","title":"WhatsApp-Image-2025-03-06-at-11.00.40-AM-4","caption":"","description":"","alt":"","srcset":"https:\/\/latorreinmobiliaria.com.ar\/web\/wp-content\/uploads\/2025\/06\/WhatsApp-Image-2025-03-06-at-11.00.40-AM-4-150x150.jpeg 150w, https:\/\/latorreinmobiliaria.com.ar\/web\/wp-content\/uploads\/2025\/06\/WhatsApp-Image-2025-03-06-at-11.00.40-AM-4-210x210.jpeg 210w"},{"width":150,"height":150,"file":"2025\/06\/WhatsApp-Image-2025-03-06-at-11.00.40-AM-2.jpeg","filesize":165898,"sizes":{"medium":{"file":"WhatsApp-Image-2025-03-06-at-11.00.40-AM-2-300x225.jpeg","width":300,"height":225,"mime-type":"image\/jpeg","filesize":13644,"url":"https:\/\/latorreinmobiliaria.com.ar\/web\/wp-content\/uploads\/2025\/06\/WhatsApp-Image-2025-03-06-at-11.00.40-AM-2-300x225.jpeg"},"large":{"file":"WhatsApp-Image-2025-03-06-at-11.00.40-AM-2-1024x768.jpeg","width":1024,"height":768,"mime-type":"image\/jpeg","filesize":124118,"url":"https:\/\/latorreinmobiliaria.com.ar\/web\/wp-content\/uploads\/2025\/06\/WhatsApp-Image-2025-03-06-at-11.00.40-AM-2-1024x768.jpeg"},"thumbnail":{"file":"WhatsApp-Image-2025-03-06-at-11.00.40-AM-2-150x150.jpeg","width":150,"height":150,"mime-type":"image\/jpeg","filesize":5430,"url":"https:\/\/latorreinmobiliaria.com.ar\/web\/wp-content\/uploads\/2025\/06\/WhatsApp-Image-2025-03-06-at-11.00.40-AM-2-150x150.jpeg"},"medium_large":{"file":"WhatsApp-Image-2025-03-06-at-11.00.40-AM-2-768x576.jpeg","width":768,"height":576,"mime-type":"image\/jpeg","filesize":73440,"url":"https:\/\/latorreinmobiliaria.com.ar\/web\/wp-content\/uploads\/2025\/06\/WhatsApp-Image-2025-03-06-at-11.00.40-AM-2-768x576.jpeg"},"post-thumbnail":{"file":"WhatsApp-Image-2025-03-06-at-11.00.40-AM-2-150x113.jpeg","width":150,"height":113,"mime-type":"image\/jpeg","filesize":4335,"url":"https:\/\/latorreinmobiliaria.com.ar\/web\/wp-content\/uploads\/2025\/06\/WhatsApp-Image-2025-03-06-at-11.00.40-AM-2-150x113.jpeg"},"modern-property-child-slider":{"file":"WhatsApp-Image-2025-03-06-at-11.00.40-AM-2-680x510.jpeg","width":680,"height":510,"mime-type":"image\/jpeg","filesize":58805,"url":"https:\/\/latorreinmobiliaria.com.ar\/web\/wp-content\/uploads\/2025\/06\/WhatsApp-Image-2025-03-06-at-11.00.40-AM-2-680x510.jpeg"},"property-thumb-image":{"file":"WhatsApp-Image-2025-03-06-at-11.00.40-AM-2-488x326.jpeg","width":488,"height":326,"mime-type":"image\/jpeg","filesize":29424,"url":"https:\/\/latorreinmobiliaria.com.ar\/web\/wp-content\/uploads\/2025\/06\/WhatsApp-Image-2025-03-06-at-11.00.40-AM-2-488x326.jpeg"},"property-detail-video-image":{"file":"WhatsApp-Image-2025-03-06-at-11.00.40-AM-2-818x417.jpeg","width":818,"height":417,"mime-type":"image\/jpeg","filesize":62077,"url":"https:\/\/latorreinmobiliaria.com.ar\/web\/wp-content\/uploads\/2025\/06\/WhatsApp-Image-2025-03-06-at-11.00.40-AM-2-818x417.jpeg"},"agent-image":{"file":"WhatsApp-Image-2025-03-06-at-11.00.40-AM-2-210x210.jpeg","width":210,"height":210,"mime-type":"image\/jpeg","filesize":9628,"url":"https:\/\/latorreinmobiliaria.com.ar\/web\/wp-content\/uploads\/2025\/06\/WhatsApp-Image-2025-03-06-at-11.00.40-AM-2-210x210.jpeg"},"partners-logo":{"file":"WhatsApp-Image-2025-03-06-at-11.00.40-AM-2-600x960.jpeg","width":600,"height":960,"mime-type":"image\/jpeg","filesize":108960,"url":"https:\/\/latorreinmobiliaria.com.ar\/web\/wp-content\/uploads\/2025\/06\/WhatsApp-Image-2025-03-06-at-11.00.40-AM-2-600x960.jpeg"},"gallery-two-column-image":{"file":"WhatsApp-Image-2025-03-06-at-11.00.40-AM-2-536x269.jpeg","width":536,"height":269,"mime-type":"image\/jpeg","filesize":28361,"url":"https:\/\/latorreinmobiliaria.com.ar\/web\/wp-content\/uploads\/2025\/06\/WhatsApp-Image-2025-03-06-at-11.00.40-AM-2-536x269.jpeg"},"property-detail-slider-image-two":{"file":"WhatsApp-Image-2025-03-06-at-11.00.40-AM-2-1170x648.jpeg","width":1170,"height":648,"mime-type":"image\/jpeg","filesize":124767,"url":"https:\/\/latorreinmobiliaria.com.ar\/web\/wp-content\/uploads\/2025\/06\/WhatsApp-Image-2025-03-06-at-11.00.40-AM-2-1170x648.jpeg"},"property-detail-slider-thumb":{"file":"WhatsApp-Image-2025-03-06-at-11.00.40-AM-2-82x60.jpeg","width":82,"height":60,"mime-type":"image\/jpeg","filesize":1759,"url":"https:\/\/latorreinmobiliaria.com.ar\/web\/wp-content\/uploads\/2025\/06\/WhatsApp-Image-2025-03-06-at-11.00.40-AM-2-82x60.jpeg"}},"image_meta":{"aperture":"0","credit":"","camera":"","caption":"","created_timestamp":"0","copyright":"","focal_length":"0","iso":"0","shutter_speed":"0","title":"","orientation":"0","keywords":[]},"ID":"21446","name":"WhatsApp-Image-2025-03-06-at-11.00.40-AM-2.jpeg","path":"\/home\/latorre\/public_html\/web\/wp-content\/uploads\/2025\/06\/WhatsApp-Image-2025-03-06-at-11.00.40-AM-2.jpeg","url":"https:\/\/latorreinmobiliaria.com.ar\/web\/wp-content\/uploads\/2025\/06\/WhatsApp-Image-2025-03-06-at-11.00.40-AM-2-150x150.jpeg","full_url":"https:\/\/latorreinmobiliaria.com.ar\/web\/wp-content\/uploads\/2025\/06\/WhatsApp-Image-2025-03-06-at-11.00.40-AM-2.jpeg","title":"WhatsApp-Image-2025-03-06-at-11.00.40-AM-2","caption":"","description":"","alt":"","srcset":"https:\/\/latorreinmobiliaria.com.ar\/web\/wp-content\/uploads\/2025\/06\/WhatsApp-Image-2025-03-06-at-11.00.40-AM-2-150x150.jpeg 150w, https:\/\/latorreinmobiliaria.com.ar\/web\/wp-content\/uploads\/2025\/06\/WhatsApp-Image-2025-03-06-at-11.00.40-AM-2-210x210.jpeg 210w"},{"width":150,"height":150,"file":"2025\/06\/WhatsApp-Image-2025-03-06-at-11.00.39-AM.jpeg","filesize":133905,"sizes":{"medium":{"file":"WhatsApp-Image-2025-03-06-at-11.00.39-AM-300x225.jpeg","width":300,"height":225,"mime-type":"image\/jpeg","filesize":14216,"url":"https:\/\/latorreinmobiliaria.com.ar\/web\/wp-content\/uploads\/2025\/06\/WhatsApp-Image-2025-03-06-at-11.00.39-AM-300x225.jpeg"},"large":{"file":"WhatsApp-Image-2025-03-06-at-11.00.39-AM-1024x768.jpeg","width":1024,"height":768,"mime-type":"image\/jpeg","filesize":105338,"url":"https:\/\/latorreinmobiliaria.com.ar\/web\/wp-content\/uploads\/2025\/06\/WhatsApp-Image-2025-03-06-at-11.00.39-AM-1024x768.jpeg"},"thumbnail":{"file":"WhatsApp-Image-2025-03-06-at-11.00.39-AM-150x150.jpeg","width":150,"height":150,"mime-type":"image\/jpeg","filesize":5805,"url":"https:\/\/latorreinmobiliaria.com.ar\/web\/wp-content\/uploads\/2025\/06\/WhatsApp-Image-2025-03-06-at-11.00.39-AM-150x150.jpeg"},"medium_large":{"file":"WhatsApp-Image-2025-03-06-at-11.00.39-AM-768x576.jpeg","width":768,"height":576,"mime-type":"image\/jpeg","filesize":65681,"url":"https:\/\/latorreinmobiliaria.com.ar\/web\/wp-content\/uploads\/2025\/06\/WhatsApp-Image-2025-03-06-at-11.00.39-AM-768x576.jpeg"},"post-thumbnail":{"file":"WhatsApp-Image-2025-03-06-at-11.00.39-AM-150x113.jpeg","width":150,"height":113,"mime-type":"image\/jpeg","filesize":4728,"url":"https:\/\/latorreinmobiliaria.com.ar\/web\/wp-content\/uploads\/2025\/06\/WhatsApp-Image-2025-03-06-at-11.00.39-AM-150x113.jpeg"},"modern-property-child-slider":{"file":"WhatsApp-Image-2025-03-06-at-11.00.39-AM-680x510.jpeg","width":680,"height":510,"mime-type":"image\/jpeg","filesize":53625,"url":"https:\/\/latorreinmobiliaria.com.ar\/web\/wp-content\/uploads\/2025\/06\/WhatsApp-Image-2025-03-06-at-11.00.39-AM-680x510.jpeg"},"property-thumb-image":{"file":"WhatsApp-Image-2025-03-06-at-11.00.39-AM-488x326.jpeg","width":488,"height":326,"mime-type":"image\/jpeg","filesize":27640,"url":"https:\/\/latorreinmobiliaria.com.ar\/web\/wp-content\/uploads\/2025\/06\/WhatsApp-Image-2025-03-06-at-11.00.39-AM-488x326.jpeg"},"property-detail-video-image":{"file":"WhatsApp-Image-2025-03-06-at-11.00.39-AM-818x417.jpeg","width":818,"height":417,"mime-type":"image\/jpeg","filesize":48817,"url":"https:\/\/latorreinmobiliaria.com.ar\/web\/wp-content\/uploads\/2025\/06\/WhatsApp-Image-2025-03-06-at-11.00.39-AM-818x417.jpeg"},"agent-image":{"file":"WhatsApp-Image-2025-03-06-at-11.00.39-AM-210x210.jpeg","width":210,"height":210,"mime-type":"image\/jpeg","filesize":10085,"url":"https:\/\/latorreinmobiliaria.com.ar\/web\/wp-content\/uploads\/2025\/06\/WhatsApp-Image-2025-03-06-at-11.00.39-AM-210x210.jpeg"},"partners-logo":{"file":"WhatsApp-Image-2025-03-06-at-11.00.39-AM-600x960.jpeg","width":600,"height":960,"mime-type":"image\/jpeg","filesize":86135,"url":"https:\/\/latorreinmobiliaria.com.ar\/web\/wp-content\/uploads\/2025\/06\/WhatsApp-Image-2025-03-06-at-11.00.39-AM-600x960.jpeg"},"gallery-two-column-image":{"file":"WhatsApp-Image-2025-03-06-at-11.00.39-AM-536x269.jpeg","width":536,"height":269,"mime-type":"image\/jpeg","filesize":23767,"url":"https:\/\/latorreinmobiliaria.com.ar\/web\/wp-content\/uploads\/2025\/06\/WhatsApp-Image-2025-03-06-at-11.00.39-AM-536x269.jpeg"},"property-detail-slider-image-two":{"file":"WhatsApp-Image-2025-03-06-at-11.00.39-AM-1170x648.jpeg","width":1170,"height":648,"mime-type":"image\/jpeg","filesize":94137,"url":"https:\/\/latorreinmobiliaria.com.ar\/web\/wp-content\/uploads\/2025\/06\/WhatsApp-Image-2025-03-06-at-11.00.39-AM-1170x648.jpeg"},"property-detail-slider-thumb":{"file":"WhatsApp-Image-2025-03-06-at-11.00.39-AM-82x60.jpeg","width":82,"height":60,"mime-type":"image\/jpeg","filesize":1930,"url":"https:\/\/latorreinmobiliaria.com.ar\/web\/wp-content\/uploads\/2025\/06\/WhatsApp-Image-2025-03-06-at-11.00.39-AM-82x60.jpeg"}},"image_meta":{"aperture":"0","credit":"","camera":"","caption":"","created_timestamp":"0","copyright":"","focal_length":"0","iso":"0","shutter_speed":"0","title":"","orientation":"0","keywords":[]},"ID":"21440","name":"WhatsApp-Image-2025-03-06-at-11.00.39-AM.jpeg","path":"\/home\/latorre\/public_html\/web\/wp-content\/uploads\/2025\/06\/WhatsApp-Image-2025-03-06-at-11.00.39-AM.jpeg","url":"https:\/\/latorreinmobiliaria.com.ar\/web\/wp-content\/uploads\/2025\/06\/WhatsApp-Image-2025-03-06-at-11.00.39-AM-150x150.jpeg","full_url":"https:\/\/latorreinmobiliaria.com.ar\/web\/wp-content\/uploads\/2025\/06\/WhatsApp-Image-2025-03-06-at-11.00.39-AM.jpeg","title":"WhatsApp-Image-2025-03-06-at-11.00.39-AM","caption":"","description":"","alt":"","srcset":"https:\/\/latorreinmobiliaria.com.ar\/web\/wp-content\/uploads\/2025\/06\/WhatsApp-Image-2025-03-06-at-11.00.39-AM-150x150.jpeg 150w, https:\/\/latorreinmobiliaria.com.ar\/web\/wp-content\/uploads\/2025\/06\/WhatsApp-Image-2025-03-06-at-11.00.39-AM-210x210.jpeg 210w"},{"width":150,"height":150,"file":"2025\/06\/WhatsApp-Image-2025-03-06-at-11.00.39-AM-1.jpeg","filesize":119673,"sizes":{"medium":{"file":"WhatsApp-Image-2025-03-06-at-11.00.39-AM-1-300x225.jpeg","width":300,"height":225,"mime-type":"image\/jpeg","filesize":13300,"url":"https:\/\/latorreinmobiliaria.com.ar\/web\/wp-content\/uploads\/2025\/06\/WhatsApp-Image-2025-03-06-at-11.00.39-AM-1-300x225.jpeg"},"large":{"file":"WhatsApp-Image-2025-03-06-at-11.00.39-AM-1-1024x768.jpeg","width":1024,"height":768,"mime-type":"image\/jpeg","filesize":95837,"url":"https:\/\/latorreinmobiliaria.com.ar\/web\/wp-content\/uploads\/2025\/06\/WhatsApp-Image-2025-03-06-at-11.00.39-AM-1-1024x768.jpeg"},"thumbnail":{"file":"WhatsApp-Image-2025-03-06-at-11.00.39-AM-1-150x150.jpeg","width":150,"height":150,"mime-type":"image\/jpeg","filesize":5632,"url":"https:\/\/latorreinmobiliaria.com.ar\/web\/wp-content\/uploads\/2025\/06\/WhatsApp-Image-2025-03-06-at-11.00.39-AM-1-150x150.jpeg"},"medium_large":{"file":"WhatsApp-Image-2025-03-06-at-11.00.39-AM-1-768x576.jpeg","width":768,"height":576,"mime-type":"image\/jpeg","filesize":60472,"url":"https:\/\/latorreinmobiliaria.com.ar\/web\/wp-content\/uploads\/2025\/06\/WhatsApp-Image-2025-03-06-at-11.00.39-AM-1-768x576.jpeg"},"post-thumbnail":{"file":"WhatsApp-Image-2025-03-06-at-11.00.39-AM-1-150x113.jpeg","width":150,"height":113,"mime-type":"image\/jpeg","filesize":4537,"url":"https:\/\/latorreinmobiliaria.com.ar\/web\/wp-content\/uploads\/2025\/06\/WhatsApp-Image-2025-03-06-at-11.00.39-AM-1-150x113.jpeg"},"modern-property-child-slider":{"file":"WhatsApp-Image-2025-03-06-at-11.00.39-AM-1-680x510.jpeg","width":680,"height":510,"mime-type":"image\/jpeg","filesize":49397,"url":"https:\/\/latorreinmobiliaria.com.ar\/web\/wp-content\/uploads\/2025\/06\/WhatsApp-Image-2025-03-06-at-11.00.39-AM-1-680x510.jpeg"},"property-thumb-image":{"file":"WhatsApp-Image-2025-03-06-at-11.00.39-AM-1-488x326.jpeg","width":488,"height":326,"mime-type":"image\/jpeg","filesize":26602,"url":"https:\/\/latorreinmobiliaria.com.ar\/web\/wp-content\/uploads\/2025\/06\/WhatsApp-Image-2025-03-06-at-11.00.39-AM-1-488x326.jpeg"},"property-detail-video-image":{"file":"WhatsApp-Image-2025-03-06-at-11.00.39-AM-1-818x417.jpeg","width":818,"height":417,"mime-type":"image\/jpeg","filesize":51064,"url":"https:\/\/latorreinmobiliaria.com.ar\/web\/wp-content\/uploads\/2025\/06\/WhatsApp-Image-2025-03-06-at-11.00.39-AM-1-818x417.jpeg"},"agent-image":{"file":"WhatsApp-Image-2025-03-06-at-11.00.39-AM-1-210x210.jpeg","width":210,"height":210,"mime-type":"image\/jpeg","filesize":9611,"url":"https:\/\/latorreinmobiliaria.com.ar\/web\/wp-content\/uploads\/2025\/06\/WhatsApp-Image-2025-03-06-at-11.00.39-AM-1-210x210.jpeg"},"partners-logo":{"file":"WhatsApp-Image-2025-03-06-at-11.00.39-AM-1-600x960.jpeg","width":600,"height":960,"mime-type":"image\/jpeg","filesize":80378,"url":"https:\/\/latorreinmobiliaria.com.ar\/web\/wp-content\/uploads\/2025\/06\/WhatsApp-Image-2025-03-06-at-11.00.39-AM-1-600x960.jpeg"},"gallery-two-column-image":{"file":"WhatsApp-Image-2025-03-06-at-11.00.39-AM-1-536x269.jpeg","width":536,"height":269,"mime-type":"image\/jpeg","filesize":24887,"url":"https:\/\/latorreinmobiliaria.com.ar\/web\/wp-content\/uploads\/2025\/06\/WhatsApp-Image-2025-03-06-at-11.00.39-AM-1-536x269.jpeg"},"property-detail-slider-image-two":{"file":"WhatsApp-Image-2025-03-06-at-11.00.39-AM-1-1170x648.jpeg","width":1170,"height":648,"mime-type":"image\/jpeg","filesize":95873,"url":"https:\/\/latorreinmobiliaria.com.ar\/web\/wp-content\/uploads\/2025\/06\/WhatsApp-Image-2025-03-06-at-11.00.39-AM-1-1170x648.jpeg"},"property-detail-slider-thumb":{"file":"WhatsApp-Image-2025-03-06-at-11.00.39-AM-1-82x60.jpeg","width":82,"height":60,"mime-type":"image\/jpeg","filesize":1822,"url":"https:\/\/latorreinmobiliaria.com.ar\/web\/wp-content\/uploads\/2025\/06\/WhatsApp-Image-2025-03-06-at-11.00.39-AM-1-82x60.jpeg"}},"image_meta":{"aperture":"0","credit":"","camera":"","caption":"","created_timestamp":"0","copyright":"","focal_length":"0","iso":"0","shutter_speed":"0","title":"","orientation":"0","keywords":[]},"ID":"21441","name":"WhatsApp-Image-2025-03-06-at-11.00.39-AM-1.jpeg","path":"\/home\/latorre\/public_html\/web\/wp-content\/uploads\/2025\/06\/WhatsApp-Image-2025-03-06-at-11.00.39-AM-1.jpeg","url":"https:\/\/latorreinmobiliaria.com.ar\/web\/wp-content\/uploads\/2025\/06\/WhatsApp-Image-2025-03-06-at-11.00.39-AM-1-150x150.jpeg","full_url":"https:\/\/latorreinmobiliaria.com.ar\/web\/wp-content\/uploads\/2025\/06\/WhatsApp-Image-2025-03-06-at-11.00.39-AM-1.jpeg","title":"WhatsApp-Image-2025-03-06-at-11.00.39-AM-1","caption":"","description":"","alt":"","srcset":"https:\/\/latorreinmobiliaria.com.ar\/web\/wp-content\/uploads\/2025\/06\/WhatsApp-Image-2025-03-06-at-11.00.39-AM-1-150x150.jpeg 150w, https:\/\/latorreinmobiliaria.com.ar\/web\/wp-content\/uploads\/2025\/06\/WhatsApp-Image-2025-03-06-at-11.00.39-AM-1-210x210.jpeg 210w"},{"width":150,"height":150,"file":"2025\/06\/WhatsApp-Image-2025-03-06-at-11.00.39-AM-2.jpeg","filesize":122193,"sizes":{"medium":{"file":"WhatsApp-Image-2025-03-06-at-11.00.39-AM-2-300x225.jpeg","width":300,"height":225,"mime-type":"image\/jpeg","filesize":12495,"url":"https:\/\/latorreinmobiliaria.com.ar\/web\/wp-content\/uploads\/2025\/06\/WhatsApp-Image-2025-03-06-at-11.00.39-AM-2-300x225.jpeg"},"large":{"file":"WhatsApp-Image-2025-03-06-at-11.00.39-AM-2-1024x768.jpeg","width":1024,"height":768,"mime-type":"image\/jpeg","filesize":95887,"url":"https:\/\/latorreinmobiliaria.com.ar\/web\/wp-content\/uploads\/2025\/06\/WhatsApp-Image-2025-03-06-at-11.00.39-AM-2-1024x768.jpeg"},"thumbnail":{"file":"WhatsApp-Image-2025-03-06-at-11.00.39-AM-2-150x150.jpeg","width":150,"height":150,"mime-type":"image\/jpeg","filesize":4660,"url":"https:\/\/latorreinmobiliaria.com.ar\/web\/wp-content\/uploads\/2025\/06\/WhatsApp-Image-2025-03-06-at-11.00.39-AM-2-150x150.jpeg"},"medium_large":{"file":"WhatsApp-Image-2025-03-06-at-11.00.39-AM-2-768x576.jpeg","width":768,"height":576,"mime-type":"image\/jpeg","filesize":59270,"url":"https:\/\/latorreinmobiliaria.com.ar\/web\/wp-content\/uploads\/2025\/06\/WhatsApp-Image-2025-03-06-at-11.00.39-AM-2-768x576.jpeg"},"post-thumbnail":{"file":"WhatsApp-Image-2025-03-06-at-11.00.39-AM-2-150x113.jpeg","width":150,"height":113,"mime-type":"image\/jpeg","filesize":4205,"url":"https:\/\/latorreinmobiliaria.com.ar\/web\/wp-content\/uploads\/2025\/06\/WhatsApp-Image-2025-03-06-at-11.00.39-AM-2-150x113.jpeg"},"modern-property-child-slider":{"file":"WhatsApp-Image-2025-03-06-at-11.00.39-AM-2-680x510.jpeg","width":680,"height":510,"mime-type":"image\/jpeg","filesize":48274,"url":"https:\/\/latorreinmobiliaria.com.ar\/web\/wp-content\/uploads\/2025\/06\/WhatsApp-Image-2025-03-06-at-11.00.39-AM-2-680x510.jpeg"},"property-thumb-image":{"file":"WhatsApp-Image-2025-03-06-at-11.00.39-AM-2-488x326.jpeg","width":488,"height":326,"mime-type":"image\/jpeg","filesize":25143,"url":"https:\/\/latorreinmobiliaria.com.ar\/web\/wp-content\/uploads\/2025\/06\/WhatsApp-Image-2025-03-06-at-11.00.39-AM-2-488x326.jpeg"},"property-detail-video-image":{"file":"WhatsApp-Image-2025-03-06-at-11.00.39-AM-2-818x417.jpeg","width":818,"height":417,"mime-type":"image\/jpeg","filesize":47194,"url":"https:\/\/latorreinmobiliaria.com.ar\/web\/wp-content\/uploads\/2025\/06\/WhatsApp-Image-2025-03-06-at-11.00.39-AM-2-818x417.jpeg"},"agent-image":{"file":"WhatsApp-Image-2025-03-06-at-11.00.39-AM-2-210x210.jpeg","width":210,"height":210,"mime-type":"image\/jpeg","filesize":8054,"url":"https:\/\/latorreinmobiliaria.com.ar\/web\/wp-content\/uploads\/2025\/06\/WhatsApp-Image-2025-03-06-at-11.00.39-AM-2-210x210.jpeg"},"partners-logo":{"file":"WhatsApp-Image-2025-03-06-at-11.00.39-AM-2-600x960.jpeg","width":600,"height":960,"mime-type":"image\/jpeg","filesize":70911,"url":"https:\/\/latorreinmobiliaria.com.ar\/web\/wp-content\/uploads\/2025\/06\/WhatsApp-Image-2025-03-06-at-11.00.39-AM-2-600x960.jpeg"},"gallery-two-column-image":{"file":"WhatsApp-Image-2025-03-06-at-11.00.39-AM-2-536x269.jpeg","width":536,"height":269,"mime-type":"image\/jpeg","filesize":22542,"url":"https:\/\/latorreinmobiliaria.com.ar\/web\/wp-content\/uploads\/2025\/06\/WhatsApp-Image-2025-03-06-at-11.00.39-AM-2-536x269.jpeg"},"property-detail-slider-image-two":{"file":"WhatsApp-Image-2025-03-06-at-11.00.39-AM-2-1170x648.jpeg","width":1170,"height":648,"mime-type":"image\/jpeg","filesize":91412,"url":"https:\/\/latorreinmobiliaria.com.ar\/web\/wp-content\/uploads\/2025\/06\/WhatsApp-Image-2025-03-06-at-11.00.39-AM-2-1170x648.jpeg"},"property-detail-slider-thumb":{"file":"WhatsApp-Image-2025-03-06-at-11.00.39-AM-2-82x60.jpeg","width":82,"height":60,"mime-type":"image\/jpeg","filesize":1689,"url":"https:\/\/latorreinmobiliaria.com.ar\/web\/wp-content\/uploads\/2025\/06\/WhatsApp-Image-2025-03-06-at-11.00.39-AM-2-82x60.jpeg"}},"image_meta":{"aperture":"0","credit":"","camera":"","caption":"","created_timestamp":"0","copyright":"","focal_length":"0","iso":"0","shutter_speed":"0","title":"","orientation":"0","keywords":[]},"ID":"21442","name":"WhatsApp-Image-2025-03-06-at-11.00.39-AM-2.jpeg","path":"\/home\/latorre\/public_html\/web\/wp-content\/uploads\/2025\/06\/WhatsApp-Image-2025-03-06-at-11.00.39-AM-2.jpeg","url":"https:\/\/latorreinmobiliaria.com.ar\/web\/wp-content\/uploads\/2025\/06\/WhatsApp-Image-2025-03-06-at-11.00.39-AM-2-150x150.jpeg","full_url":"https:\/\/latorreinmobiliaria.com.ar\/web\/wp-content\/uploads\/2025\/06\/WhatsApp-Image-2025-03-06-at-11.00.39-AM-2.jpeg","title":"WhatsApp-Image-2025-03-06-at-11.00.39-AM-2","caption":"","description":"","alt":"","srcset":"https:\/\/latorreinmobiliaria.com.ar\/web\/wp-content\/uploads\/2025\/06\/WhatsApp-Image-2025-03-06-at-11.00.39-AM-2-150x150.jpeg 150w, https:\/\/latorreinmobiliaria.com.ar\/web\/wp-content\/uploads\/2025\/06\/WhatsApp-Image-2025-03-06-at-11.00.39-AM-2-210x210.jpeg 210w"},{"width":150,"height":150,"file":"2025\/06\/WhatsApp-Image-2025-03-06-at-11.00.39-AM-3.jpeg","filesize":127983,"sizes":{"medium":{"file":"WhatsApp-Image-2025-03-06-at-11.00.39-AM-3-300x225.jpeg","width":300,"height":225,"mime-type":"image\/jpeg","filesize":13298,"url":"https:\/\/latorreinmobiliaria.com.ar\/web\/wp-content\/uploads\/2025\/06\/WhatsApp-Image-2025-03-06-at-11.00.39-AM-3-300x225.jpeg"},"large":{"file":"WhatsApp-Image-2025-03-06-at-11.00.39-AM-3-1024x768.jpeg","width":1024,"height":768,"mime-type":"image\/jpeg","filesize":100674,"url":"https:\/\/latorreinmobiliaria.com.ar\/web\/wp-content\/uploads\/2025\/06\/WhatsApp-Image-2025-03-06-at-11.00.39-AM-3-1024x768.jpeg"},"thumbnail":{"file":"WhatsApp-Image-2025-03-06-at-11.00.39-AM-3-150x150.jpeg","width":150,"height":150,"mime-type":"image\/jpeg","filesize":5529,"url":"https:\/\/latorreinmobiliaria.com.ar\/web\/wp-content\/uploads\/2025\/06\/WhatsApp-Image-2025-03-06-at-11.00.39-AM-3-150x150.jpeg"},"medium_large":{"file":"WhatsApp-Image-2025-03-06-at-11.00.39-AM-3-768x576.jpeg","width":768,"height":576,"mime-type":"image\/jpeg","filesize":62705,"url":"https:\/\/latorreinmobiliaria.com.ar\/web\/wp-content\/uploads\/2025\/06\/WhatsApp-Image-2025-03-06-at-11.00.39-AM-3-768x576.jpeg"},"post-thumbnail":{"file":"WhatsApp-Image-2025-03-06-at-11.00.39-AM-3-150x113.jpeg","width":150,"height":113,"mime-type":"image\/jpeg","filesize":4366,"url":"https:\/\/latorreinmobiliaria.com.ar\/web\/wp-content\/uploads\/2025\/06\/WhatsApp-Image-2025-03-06-at-11.00.39-AM-3-150x113.jpeg"},"modern-property-child-slider":{"file":"WhatsApp-Image-2025-03-06-at-11.00.39-AM-3-680x510.jpeg","width":680,"height":510,"mime-type":"image\/jpeg","filesize":51167,"url":"https:\/\/latorreinmobiliaria.com.ar\/web\/wp-content\/uploads\/2025\/06\/WhatsApp-Image-2025-03-06-at-11.00.39-AM-3-680x510.jpeg"},"property-thumb-image":{"file":"WhatsApp-Image-2025-03-06-at-11.00.39-AM-3-488x326.jpeg","width":488,"height":326,"mime-type":"image\/jpeg","filesize":26003,"url":"https:\/\/latorreinmobiliaria.com.ar\/web\/wp-content\/uploads\/2025\/06\/WhatsApp-Image-2025-03-06-at-11.00.39-AM-3-488x326.jpeg"},"property-detail-video-image":{"file":"WhatsApp-Image-2025-03-06-at-11.00.39-AM-3-818x417.jpeg","width":818,"height":417,"mime-type":"image\/jpeg","filesize":48857,"url":"https:\/\/latorreinmobiliaria.com.ar\/web\/wp-content\/uploads\/2025\/06\/WhatsApp-Image-2025-03-06-at-11.00.39-AM-3-818x417.jpeg"},"agent-image":{"file":"WhatsApp-Image-2025-03-06-at-11.00.39-AM-3-210x210.jpeg","width":210,"height":210,"mime-type":"image\/jpeg","filesize":9573,"url":"https:\/\/latorreinmobiliaria.com.ar\/web\/wp-content\/uploads\/2025\/06\/WhatsApp-Image-2025-03-06-at-11.00.39-AM-3-210x210.jpeg"},"partners-logo":{"file":"WhatsApp-Image-2025-03-06-at-11.00.39-AM-3-600x960.jpeg","width":600,"height":960,"mime-type":"image\/jpeg","filesize":71595,"url":"https:\/\/latorreinmobiliaria.com.ar\/web\/wp-content\/uploads\/2025\/06\/WhatsApp-Image-2025-03-06-at-11.00.39-AM-3-600x960.jpeg"},"gallery-two-column-image":{"file":"WhatsApp-Image-2025-03-06-at-11.00.39-AM-3-536x269.jpeg","width":536,"height":269,"mime-type":"image\/jpeg","filesize":23769,"url":"https:\/\/latorreinmobiliaria.com.ar\/web\/wp-content\/uploads\/2025\/06\/WhatsApp-Image-2025-03-06-at-11.00.39-AM-3-536x269.jpeg"},"property-detail-slider-image-two":{"file":"WhatsApp-Image-2025-03-06-at-11.00.39-AM-3-1170x648.jpeg","width":1170,"height":648,"mime-type":"image\/jpeg","filesize":92959,"url":"https:\/\/latorreinmobiliaria.com.ar\/web\/wp-content\/uploads\/2025\/06\/WhatsApp-Image-2025-03-06-at-11.00.39-AM-3-1170x648.jpeg"},"property-detail-slider-thumb":{"file":"WhatsApp-Image-2025-03-06-at-11.00.39-AM-3-82x60.jpeg","width":82,"height":60,"mime-type":"image\/jpeg","filesize":1743,"url":"https:\/\/latorreinmobiliaria.com.ar\/web\/wp-content\/uploads\/2025\/06\/WhatsApp-Image-2025-03-06-at-11.00.39-AM-3-82x60.jpeg"}},"image_meta":{"aperture":"0","credit":"","camera":"","caption":"","created_timestamp":"0","copyright":"","focal_length":"0","iso":"0","shutter_speed":"0","title":"","orientation":"0","keywords":[]},"ID":"21443","name":"WhatsApp-Image-2025-03-06-at-11.00.39-AM-3.jpeg","path":"\/home\/latorre\/public_html\/web\/wp-content\/uploads\/2025\/06\/WhatsApp-Image-2025-03-06-at-11.00.39-AM-3.jpeg","url":"https:\/\/latorreinmobiliaria.com.ar\/web\/wp-content\/uploads\/2025\/06\/WhatsApp-Image-2025-03-06-at-11.00.39-AM-3-150x150.jpeg","full_url":"https:\/\/latorreinmobiliaria.com.ar\/web\/wp-content\/uploads\/2025\/06\/WhatsApp-Image-2025-03-06-at-11.00.39-AM-3.jpeg","title":"WhatsApp-Image-2025-03-06-at-11.00.39-AM-3","caption":"","description":"","alt":"","srcset":"https:\/\/latorreinmobiliaria.com.ar\/web\/wp-content\/uploads\/2025\/06\/WhatsApp-Image-2025-03-06-at-11.00.39-AM-3-150x150.jpeg 150w, https:\/\/latorreinmobiliaria.com.ar\/web\/wp-content\/uploads\/2025\/06\/WhatsApp-Image-2025-03-06-at-11.00.39-AM-3-210x210.jpeg 210w"},{"width":150,"height":150,"file":"2025\/06\/WhatsApp-Image-2025-03-06-at-11.00.40-AM-5.jpeg","filesize":124617,"sizes":{"medium":{"file":"WhatsApp-Image-2025-03-06-at-11.00.40-AM-5-300x225.jpeg","width":300,"height":225,"mime-type":"image\/jpeg","filesize":12703,"url":"https:\/\/latorreinmobiliaria.com.ar\/web\/wp-content\/uploads\/2025\/06\/WhatsApp-Image-2025-03-06-at-11.00.40-AM-5-300x225.jpeg"},"large":{"file":"WhatsApp-Image-2025-03-06-at-11.00.40-AM-5-1024x768.jpeg","width":1024,"height":768,"mime-type":"image\/jpeg","filesize":98438,"url":"https:\/\/latorreinmobiliaria.com.ar\/web\/wp-content\/uploads\/2025\/06\/WhatsApp-Image-2025-03-06-at-11.00.40-AM-5-1024x768.jpeg"},"thumbnail":{"file":"WhatsApp-Image-2025-03-06-at-11.00.40-AM-5-150x150.jpeg","width":150,"height":150,"mime-type":"image\/jpeg","filesize":5129,"url":"https:\/\/latorreinmobiliaria.com.ar\/web\/wp-content\/uploads\/2025\/06\/WhatsApp-Image-2025-03-06-at-11.00.40-AM-5-150x150.jpeg"},"medium_large":{"file":"WhatsApp-Image-2025-03-06-at-11.00.40-AM-5-768x576.jpeg","width":768,"height":576,"mime-type":"image\/jpeg","filesize":60254,"url":"https:\/\/latorreinmobiliaria.com.ar\/web\/wp-content\/uploads\/2025\/06\/WhatsApp-Image-2025-03-06-at-11.00.40-AM-5-768x576.jpeg"},"post-thumbnail":{"file":"WhatsApp-Image-2025-03-06-at-11.00.40-AM-5-150x113.jpeg","width":150,"height":113,"mime-type":"image\/jpeg","filesize":4281,"url":"https:\/\/latorreinmobiliaria.com.ar\/web\/wp-content\/uploads\/2025\/06\/WhatsApp-Image-2025-03-06-at-11.00.40-AM-5-150x113.jpeg"},"modern-property-child-slider":{"file":"WhatsApp-Image-2025-03-06-at-11.00.40-AM-5-680x510.jpeg","width":680,"height":510,"mime-type":"image\/jpeg","filesize":48983,"url":"https:\/\/latorreinmobiliaria.com.ar\/web\/wp-content\/uploads\/2025\/06\/WhatsApp-Image-2025-03-06-at-11.00.40-AM-5-680x510.jpeg"},"property-thumb-image":{"file":"WhatsApp-Image-2025-03-06-at-11.00.40-AM-5-488x326.jpeg","width":488,"height":326,"mime-type":"image\/jpeg","filesize":24727,"url":"https:\/\/latorreinmobiliaria.com.ar\/web\/wp-content\/uploads\/2025\/06\/WhatsApp-Image-2025-03-06-at-11.00.40-AM-5-488x326.jpeg"},"property-detail-video-image":{"file":"WhatsApp-Image-2025-03-06-at-11.00.40-AM-5-818x417.jpeg","width":818,"height":417,"mime-type":"image\/jpeg","filesize":44338,"url":"https:\/\/latorreinmobiliaria.com.ar\/web\/wp-content\/uploads\/2025\/06\/WhatsApp-Image-2025-03-06-at-11.00.40-AM-5-818x417.jpeg"},"agent-image":{"file":"WhatsApp-Image-2025-03-06-at-11.00.40-AM-5-210x210.jpeg","width":210,"height":210,"mime-type":"image\/jpeg","filesize":8863,"url":"https:\/\/latorreinmobiliaria.com.ar\/web\/wp-content\/uploads\/2025\/06\/WhatsApp-Image-2025-03-06-at-11.00.40-AM-5-210x210.jpeg"},"partners-logo":{"file":"WhatsApp-Image-2025-03-06-at-11.00.40-AM-5-600x960.jpeg","width":600,"height":960,"mime-type":"image\/jpeg","filesize":78320,"url":"https:\/\/latorreinmobiliaria.com.ar\/web\/wp-content\/uploads\/2025\/06\/WhatsApp-Image-2025-03-06-at-11.00.40-AM-5-600x960.jpeg"},"gallery-two-column-image":{"file":"WhatsApp-Image-2025-03-06-at-11.00.40-AM-5-536x269.jpeg","width":536,"height":269,"mime-type":"image\/jpeg","filesize":21332,"url":"https:\/\/latorreinmobiliaria.com.ar\/web\/wp-content\/uploads\/2025\/06\/WhatsApp-Image-2025-03-06-at-11.00.40-AM-5-536x269.jpeg"},"property-detail-slider-image-two":{"file":"WhatsApp-Image-2025-03-06-at-11.00.40-AM-5-1170x648.jpeg","width":1170,"height":648,"mime-type":"image\/jpeg","filesize":86771,"url":"https:\/\/latorreinmobiliaria.com.ar\/web\/wp-content\/uploads\/2025\/06\/WhatsApp-Image-2025-03-06-at-11.00.40-AM-5-1170x648.jpeg"},"property-detail-slider-thumb":{"file":"WhatsApp-Image-2025-03-06-at-11.00.40-AM-5-82x60.jpeg","width":82,"height":60,"mime-type":"image\/jpeg","filesize":1754,"url":"https:\/\/latorreinmobiliaria.com.ar\/web\/wp-content\/uploads\/2025\/06\/WhatsApp-Image-2025-03-06-at-11.00.40-AM-5-82x60.jpeg"}},"image_meta":{"aperture":"0","credit":"","camera":"","caption":"","created_timestamp":"0","copyright":"","focal_length":"0","iso":"0","shutter_speed":"0","title":"","orientation":"0","keywords":[]},"ID":"21448","name":"WhatsApp-Image-2025-03-06-at-11.00.40-AM-5.jpeg","path":"\/home\/latorre\/public_html\/web\/wp-content\/uploads\/2025\/06\/WhatsApp-Image-2025-03-06-at-11.00.40-AM-5.jpeg","url":"https:\/\/latorreinmobiliaria.com.ar\/web\/wp-content\/uploads\/2025\/06\/WhatsApp-Image-2025-03-06-at-11.00.40-AM-5-150x150.jpeg","full_url":"https:\/\/latorreinmobiliaria.com.ar\/web\/wp-content\/uploads\/2025\/06\/WhatsApp-Image-2025-03-06-at-11.00.40-AM-5.jpeg","title":"WhatsApp-Image-2025-03-06-at-11.00.40-AM-5","caption":"","description":"","alt":"","srcset":"https:\/\/latorreinmobiliaria.com.ar\/web\/wp-content\/uploads\/2025\/06\/WhatsApp-Image-2025-03-06-at-11.00.40-AM-5-150x150.jpeg 150w, https:\/\/latorreinmobiliaria.com.ar\/web\/wp-content\/uploads\/2025\/06\/WhatsApp-Image-2025-03-06-at-11.00.40-AM-5-210x210.jpeg 210w"}],"REAL_HOMES_change_gallery_slider_type":"0","REAL_HOMES_gallery_slider_type":"thumb-on-right","inspiry_floor_plans":[],"inspiry_video_group":[],"REAL_HOMES_360_virtual_tour":"","REAL_HOMES_tour_video_url":"","REAL_HOMES_tour_video_image":[],"REAL_HOMES_agent_display_option":"none","REAL_HOMES_agents":[],"REAL_HOMES_energy_class":"none","REAL_HOMES_energy_performance":"","REAL_HOMES_epc_current_rating":"","REAL_HOMES_epc_potential_rating":"","REAL_HOMES_sticky":"0","inspiry_property_label":"","inspiry_property_label_color":"","inspiry_property_tax":"0","inspiry_additional_fee":"0","REAL_HOMES_attachments":[],"inspiry_property_owner_name":"","inspiry_property_owner_contact":"","inspiry_property_owner_address":"","REAL_HOMES_property_private_note":"","inspiry_message_to_reviewer":"","REAL_HOMES_add_in_slider":"no","REAL_HOMES_slider_image":[],"REAL_HOMES_page_banner_image":[]},"_links":{"self":[{"href":"https:\/\/latorreinmobiliaria.com.ar\/web\/wp-json\/wp\/v2\/properties\/21439","targetHints":{"allow":["GET"]}}],"collection":[{"href":"https:\/\/latorreinmobiliaria.com.ar\/web\/wp-json\/wp\/v2\/properties"}],"about":[{"href":"https:\/\/latorreinmobiliaria.com.ar\/web\/wp-json\/wp\/v2\/types\/property"}],"author":[{"embeddable":true,"href":"https:\/\/latorreinmobiliaria.com.ar\/web\/wp-json\/wp\/v2\/users\/3"}],"replies":[{"embeddable":true,"href":"https:\/\/latorreinmobiliaria.com.ar\/web\/wp-json\/wp\/v2\/comments?post=21439"}],"version-history":[{"count":2,"href":"https:\/\/latorreinmobiliaria.com.ar\/web\/wp-json\/wp\/v2\/properties\/21439\/revisions"}],"predecessor-version":[{"id":21456,"href":"https:\/\/latorreinmobiliaria.com.ar\/web\/wp-json\/wp\/v2\/properties\/21439\/revisions\/21456"}],"wp:featuredmedia":[{"embeddable":true,"href":"https:\/\/latorreinmobiliaria.com.ar\/web\/wp-json\/wp\/v2\/media\/21454"}],"wp:attachment":[{"href":"https:\/\/latorreinmobiliaria.com.ar\/web\/wp-json\/wp\/v2\/media?parent=21439"}],"wp:term":[{"taxonomy":"property-feature","embeddable":true,"href":"https:\/\/latorreinmobiliaria.com.ar\/web\/wp-json\/wp\/v2\/caracter\u00edsticas-propiedad?post=21439"},{"taxonomy":"property-type","embeddable":true,"href":"https:\/\/latorreinmobiliaria.com.ar\/web\/wp-json\/wp\/v2\/tipos-propiedad?post=21439"},{"taxonomy":"property-city","embeddable":true,"href":"https:\/\/latorreinmobiliaria.com.ar\/web\/wp-json\/wp\/v2\/ciudades-propiedad?post=21439"},{"taxonomy":"property-status","embeddable":true,"href":"https:\/\/latorreinmobiliaria.com.ar\/web\/wp-json\/wp\/v2\/estatus-propiedad?post=21439"}],"curies":[{"name":"wp","href":"https:\/\/api.w.org\/{rel}","templated":true}]}}