{"id":20033,"date":"2025-01-07T11:49:22","date_gmt":"2025-01-07T14:49:22","guid":{"rendered":"https:\/\/latorreinmobiliaria.com.ar\/web\/?post_type=property&#038;p=20033"},"modified":"2025-01-07T12:39:04","modified_gmt":"2025-01-07T15:39:04","slug":"complejo-de-cabanas-en-costa-del-este","status":"publish","type":"property","link":"https:\/\/latorreinmobiliaria.com.ar\/web\/propiedad\/complejo-de-cabanas-en-costa-del-este\/","title":{"rendered":"Complejo de Caba\u00f1as en Costa del Este"},"content":{"rendered":"<h2>Complejo de Caba\u00f1as en venta<\/h2>\n<div class=\"row\">\n<div class=\"col-lg-8 col-sm-12 \">\n<div class=\"property-images\">\n<div id=\"myCarousel\" class=\"carousel slide\" data-ride=\"carousel\">\n<div class=\"carousel-inner\">\n<div class=\"item active\">Espectacular complejo de Caba\u00f1as en venta en el bosque de Costa del Este. Esta constituido por 4 caba\u00f1as de diferentes tama\u00f1os preparadas para albergar a 10, 6, 4 y 2 pasajeros respectivamente.<br \/>\nLa caba\u00f1a para 10 pasajeros posee en planta baja amplio living comedor, cocina separada por barra, ba\u00f1o completo con ante ba\u00f1o y dos dormitorios. En primer piso tres dormitorios y un ba\u00f1o. Espacio guarda coche cubierto, parrilla y lavadero exterior:<br \/>\nLa caba\u00f1a para 6 pasajeros cuenta con living comedor con cocina integrada, un ba\u00f1o y dos dormitorios. Espacio guarda coche descubierto y parrilla.<br \/>\nLa caba\u00f1a para 4 pasajero cuenta con living comedor con cocina integrada, un ba\u00f1o y un dormitorio. Espacio guarda coche y parrilla.<br \/>\nLa caba\u00f1a para 2 pasajeros es mono ambiente, y tambi\u00e9n cuenta con espacio guarda coche y parrilla.<br \/>\nAlarma, wi fi, tv cable, agua de pozo con filtro de \u00f3smosis inversa, terreno parquizado con riego autom\u00e1tico.<br \/>\nSe venden completamente equipadas, listas para seguir trabajando.<br \/>\nEl lote mide 15 metros de frente por 44 de fondo.<br \/>\nSe escuchan propuestas &#8211; Posibilidad de toma de permuta en parte de pago<\/div>\n<\/div>\n<\/div>\n<\/div>\n<\/div>\n<\/div>\n","protected":false},"excerpt":{"rendered":"<p>Complejo de Caba\u00f1as en venta Espectacular complejo de Caba\u00f1as en venta en el bosque de Costa del Este. Esta constituido por 4 caba\u00f1as de diferentes tama\u00f1os preparadas para albergar a 10, 6, 4 y 2 pasajeros respectivamente. La caba\u00f1a para 10 pasajeros posee en planta baja amplio living comedor, cocina separada por barra, ba\u00f1o completo&#8230;<\/p>\n","protected":false},"author":3,"featured_media":20002,"parent":0,"menu_order":0,"comment_status":"closed","ping_status":"closed","template":"","caracter\u00edsticas-propiedad":[],"tipos-propiedad":[67,72],"ciudades-propiedad":[92],"estatus-propiedad":[53],"class_list":["post-20033","property","type-property","status-publish","has-post-thumbnail","hentry","property-type-cabanas","property-type-emprendimientos","property-city-costa-del-este","property-status-venta"],"property_meta":{"REAL_HOMES_property_price":"350000","REAL_HOMES_property_old_price":"","REAL_HOMES_property_price_prefix":"D\u00f3lares","REAL_HOMES_property_price_postfix":"","REAL_HOMES_property_size":"","REAL_HOMES_property_size_postfix":"","REAL_HOMES_property_lot_size":"660","REAL_HOMES_property_lot_size_postfix":"mts2","REAL_HOMES_property_bedrooms":"","REAL_HOMES_property_bathrooms":"","REAL_HOMES_property_garage":"","REAL_HOMES_property_id":"CE003","REAL_HOMES_property_year_built":"","REAL_HOMES_featured":"1","REAL_HOMES_additional_details_list":[],"REAL_HOMES_property_location":{"latitude":"-36.6114765","longitude":"-56.6881545","zoom":"16"},"REAL_HOMES_property_address":"Costa del Este, Partido de La Costa, Buenos Aires, Argentina","REAL_HOMES_property_map":"0","REAL_HOMES_property_images":[{"width":150,"height":150,"file":"2025\/01\/2020-2-26-20-41-48.jpg","filesize":46847,"sizes":{"medium":{"file":"2020-2-26-20-41-48-300x228.jpg","width":300,"height":228,"mime-type":"image\/jpeg","filesize":21443,"url":"https:\/\/latorreinmobiliaria.com.ar\/web\/wp-content\/uploads\/2025\/01\/2020-2-26-20-41-48-300x228.jpg"},"thumbnail":{"file":"2020-2-26-20-41-48-150x150.jpg","width":150,"height":150,"mime-type":"image\/jpeg","filesize":8034,"url":"https:\/\/latorreinmobiliaria.com.ar\/web\/wp-content\/uploads\/2025\/01\/2020-2-26-20-41-48-150x150.jpg"},"post-thumbnail":{"file":"2020-2-26-20-41-48-150x114.jpg","width":150,"height":114,"mime-type":"image\/jpeg","filesize":6599,"url":"https:\/\/latorreinmobiliaria.com.ar\/web\/wp-content\/uploads\/2025\/01\/2020-2-26-20-41-48-150x114.jpg"},"property-thumb-image":{"file":"2020-2-26-20-41-48-488x326.jpg","width":488,"height":326,"mime-type":"image\/jpeg","filesize":42128,"url":"https:\/\/latorreinmobiliaria.com.ar\/web\/wp-content\/uploads\/2025\/01\/2020-2-26-20-41-48-488x326.jpg"},"agent-image":{"file":"2020-2-26-20-41-48-210x210.jpg","width":210,"height":210,"mime-type":"image\/jpeg","filesize":14301,"url":"https:\/\/latorreinmobiliaria.com.ar\/web\/wp-content\/uploads\/2025\/01\/2020-2-26-20-41-48-210x210.jpg"},"gallery-two-column-image":{"file":"2020-2-26-20-41-48-517x269.jpg","width":517,"height":269,"mime-type":"image\/jpeg","filesize":40186,"url":"https:\/\/latorreinmobiliaria.com.ar\/web\/wp-content\/uploads\/2025\/01\/2020-2-26-20-41-48-517x269.jpg"},"property-detail-slider-thumb":{"file":"2020-2-26-20-41-48-82x60.jpg","width":82,"height":60,"mime-type":"image\/jpeg","filesize":2457,"url":"https:\/\/latorreinmobiliaria.com.ar\/web\/wp-content\/uploads\/2025\/01\/2020-2-26-20-41-48-82x60.jpg"}},"image_meta":{"aperture":"0","credit":"","camera":"","caption":"","created_timestamp":"0","copyright":"","focal_length":"0","iso":"0","shutter_speed":"0","title":"","orientation":"0","keywords":[]},"ID":"20003","name":"2020-2-26-20-41-48.jpg","path":"\/home\/latorre\/public_html\/web\/wp-content\/uploads\/2025\/01\/2020-2-26-20-41-48.jpg","url":"https:\/\/latorreinmobiliaria.com.ar\/web\/wp-content\/uploads\/2025\/01\/2020-2-26-20-41-48-150x150.jpg","full_url":"https:\/\/latorreinmobiliaria.com.ar\/web\/wp-content\/uploads\/2025\/01\/2020-2-26-20-41-48.jpg","title":"2020-2-26-20-41-48","caption":"","description":"","alt":"","srcset":"https:\/\/latorreinmobiliaria.com.ar\/web\/wp-content\/uploads\/2025\/01\/2020-2-26-20-41-48-150x150.jpg 150w, https:\/\/latorreinmobiliaria.com.ar\/web\/wp-content\/uploads\/2025\/01\/2020-2-26-20-41-48-210x210.jpg 210w"},{"width":150,"height":150,"file":"2025\/01\/2020-2-26-20-43-8.jpg","filesize":27447,"sizes":{"medium":{"file":"2020-2-26-20-43-8-300x225.jpg","width":300,"height":225,"mime-type":"image\/jpeg","filesize":12384,"url":"https:\/\/latorreinmobiliaria.com.ar\/web\/wp-content\/uploads\/2025\/01\/2020-2-26-20-43-8-300x225.jpg"},"thumbnail":{"file":"2020-2-26-20-43-8-150x150.jpg","width":150,"height":150,"mime-type":"image\/jpeg","filesize":5579,"url":"https:\/\/latorreinmobiliaria.com.ar\/web\/wp-content\/uploads\/2025\/01\/2020-2-26-20-43-8-150x150.jpg"},"post-thumbnail":{"file":"2020-2-26-20-43-8-150x113.jpg","width":150,"height":113,"mime-type":"image\/jpeg","filesize":4312,"url":"https:\/\/latorreinmobiliaria.com.ar\/web\/wp-content\/uploads\/2025\/01\/2020-2-26-20-43-8-150x113.jpg"},"property-thumb-image":{"file":"2020-2-26-20-43-8-488x326.jpg","width":488,"height":326,"mime-type":"image\/jpeg","filesize":24380,"url":"https:\/\/latorreinmobiliaria.com.ar\/web\/wp-content\/uploads\/2025\/01\/2020-2-26-20-43-8-488x326.jpg"},"agent-image":{"file":"2020-2-26-20-43-8-210x210.jpg","width":210,"height":210,"mime-type":"image\/jpeg","filesize":9388,"url":"https:\/\/latorreinmobiliaria.com.ar\/web\/wp-content\/uploads\/2025\/01\/2020-2-26-20-43-8-210x210.jpg"},"gallery-two-column-image":{"file":"2020-2-26-20-43-8-524x269.jpg","width":524,"height":269,"mime-type":"image\/jpeg","filesize":24787,"url":"https:\/\/latorreinmobiliaria.com.ar\/web\/wp-content\/uploads\/2025\/01\/2020-2-26-20-43-8-524x269.jpg"},"property-detail-slider-thumb":{"file":"2020-2-26-20-43-8-82x60.jpg","width":82,"height":60,"mime-type":"image\/jpeg","filesize":1809,"url":"https:\/\/latorreinmobiliaria.com.ar\/web\/wp-content\/uploads\/2025\/01\/2020-2-26-20-43-8-82x60.jpg"}},"image_meta":{"aperture":"0","credit":"","camera":"","caption":"","created_timestamp":"0","copyright":"","focal_length":"0","iso":"0","shutter_speed":"0","title":"","orientation":"0","keywords":[]},"ID":"20004","name":"2020-2-26-20-43-8.jpg","path":"\/home\/latorre\/public_html\/web\/wp-content\/uploads\/2025\/01\/2020-2-26-20-43-8.jpg","url":"https:\/\/latorreinmobiliaria.com.ar\/web\/wp-content\/uploads\/2025\/01\/2020-2-26-20-43-8-150x150.jpg","full_url":"https:\/\/latorreinmobiliaria.com.ar\/web\/wp-content\/uploads\/2025\/01\/2020-2-26-20-43-8.jpg","title":"2020-2-26-20-43-8","caption":"","description":"","alt":"","srcset":"https:\/\/latorreinmobiliaria.com.ar\/web\/wp-content\/uploads\/2025\/01\/2020-2-26-20-43-8-150x150.jpg 150w, https:\/\/latorreinmobiliaria.com.ar\/web\/wp-content\/uploads\/2025\/01\/2020-2-26-20-43-8-210x210.jpg 210w"},{"width":150,"height":150,"file":"2025\/01\/2020-2-26-20-58-46.jpg","filesize":31051,"sizes":{"medium":{"file":"2020-2-26-20-58-46-300x199.jpg","width":300,"height":199,"mime-type":"image\/jpeg","filesize":13335,"url":"https:\/\/latorreinmobiliaria.com.ar\/web\/wp-content\/uploads\/2025\/01\/2020-2-26-20-58-46-300x199.jpg"},"thumbnail":{"file":"2020-2-26-20-58-46-150x150.jpg","width":150,"height":150,"mime-type":"image\/jpeg","filesize":5904,"url":"https:\/\/latorreinmobiliaria.com.ar\/web\/wp-content\/uploads\/2025\/01\/2020-2-26-20-58-46-150x150.jpg"},"post-thumbnail":{"file":"2020-2-26-20-58-46-150x100.jpg","width":150,"height":100,"mime-type":"image\/jpeg","filesize":4631,"url":"https:\/\/latorreinmobiliaria.com.ar\/web\/wp-content\/uploads\/2025\/01\/2020-2-26-20-58-46-150x100.jpg"},"property-thumb-image":{"file":"2020-2-26-20-58-46-488x326.jpg","width":488,"height":326,"mime-type":"image\/jpeg","filesize":27028,"url":"https:\/\/latorreinmobiliaria.com.ar\/web\/wp-content\/uploads\/2025\/01\/2020-2-26-20-58-46-488x326.jpg"},"agent-image":{"file":"2020-2-26-20-58-46-210x210.jpg","width":210,"height":210,"mime-type":"image\/jpeg","filesize":10053,"url":"https:\/\/latorreinmobiliaria.com.ar\/web\/wp-content\/uploads\/2025\/01\/2020-2-26-20-58-46-210x210.jpg"},"gallery-two-column-image":{"file":"2020-2-26-20-58-46-536x269.jpg","width":536,"height":269,"mime-type":"image\/jpeg","filesize":23990,"url":"https:\/\/latorreinmobiliaria.com.ar\/web\/wp-content\/uploads\/2025\/01\/2020-2-26-20-58-46-536x269.jpg"},"property-detail-slider-thumb":{"file":"2020-2-26-20-58-46-82x60.jpg","width":82,"height":60,"mime-type":"image\/jpeg","filesize":2023,"url":"https:\/\/latorreinmobiliaria.com.ar\/web\/wp-content\/uploads\/2025\/01\/2020-2-26-20-58-46-82x60.jpg"}},"image_meta":{"aperture":"0","credit":"","camera":"","caption":"","created_timestamp":"0","copyright":"","focal_length":"0","iso":"0","shutter_speed":"0","title":"","orientation":"0","keywords":[]},"ID":"20005","name":"2020-2-26-20-58-46.jpg","path":"\/home\/latorre\/public_html\/web\/wp-content\/uploads\/2025\/01\/2020-2-26-20-58-46.jpg","url":"https:\/\/latorreinmobiliaria.com.ar\/web\/wp-content\/uploads\/2025\/01\/2020-2-26-20-58-46-150x150.jpg","full_url":"https:\/\/latorreinmobiliaria.com.ar\/web\/wp-content\/uploads\/2025\/01\/2020-2-26-20-58-46.jpg","title":"2020-2-26-20-58-46","caption":"","description":"","alt":"","srcset":"https:\/\/latorreinmobiliaria.com.ar\/web\/wp-content\/uploads\/2025\/01\/2020-2-26-20-58-46-150x150.jpg 150w, https:\/\/latorreinmobiliaria.com.ar\/web\/wp-content\/uploads\/2025\/01\/2020-2-26-20-58-46-210x210.jpg 210w"},{"width":150,"height":150,"file":"2025\/01\/2020-2-26-20-58-48.jpg","filesize":32516,"sizes":{"medium":{"file":"2020-2-26-20-58-48-300x225.jpg","width":300,"height":225,"mime-type":"image\/jpeg","filesize":14569,"url":"https:\/\/latorreinmobiliaria.com.ar\/web\/wp-content\/uploads\/2025\/01\/2020-2-26-20-58-48-300x225.jpg"},"thumbnail":{"file":"2020-2-26-20-58-48-150x150.jpg","width":150,"height":150,"mime-type":"image\/jpeg","filesize":5858,"url":"https:\/\/latorreinmobiliaria.com.ar\/web\/wp-content\/uploads\/2025\/01\/2020-2-26-20-58-48-150x150.jpg"},"post-thumbnail":{"file":"2020-2-26-20-58-48-150x113.jpg","width":150,"height":113,"mime-type":"image\/jpeg","filesize":4886,"url":"https:\/\/latorreinmobiliaria.com.ar\/web\/wp-content\/uploads\/2025\/01\/2020-2-26-20-58-48-150x113.jpg"},"property-thumb-image":{"file":"2020-2-26-20-58-48-488x326.jpg","width":488,"height":326,"mime-type":"image\/jpeg","filesize":28751,"url":"https:\/\/latorreinmobiliaria.com.ar\/web\/wp-content\/uploads\/2025\/01\/2020-2-26-20-58-48-488x326.jpg"},"agent-image":{"file":"2020-2-26-20-58-48-210x210.jpg","width":210,"height":210,"mime-type":"image\/jpeg","filesize":10191,"url":"https:\/\/latorreinmobiliaria.com.ar\/web\/wp-content\/uploads\/2025\/01\/2020-2-26-20-58-48-210x210.jpg"},"gallery-two-column-image":{"file":"2020-2-26-20-58-48-524x269.jpg","width":524,"height":269,"mime-type":"image\/jpeg","filesize":28068,"url":"https:\/\/latorreinmobiliaria.com.ar\/web\/wp-content\/uploads\/2025\/01\/2020-2-26-20-58-48-524x269.jpg"},"property-detail-slider-thumb":{"file":"2020-2-26-20-58-48-82x60.jpg","width":82,"height":60,"mime-type":"image\/jpeg","filesize":1980,"url":"https:\/\/latorreinmobiliaria.com.ar\/web\/wp-content\/uploads\/2025\/01\/2020-2-26-20-58-48-82x60.jpg"}},"image_meta":{"aperture":"0","credit":"","camera":"","caption":"","created_timestamp":"0","copyright":"","focal_length":"0","iso":"0","shutter_speed":"0","title":"","orientation":"0","keywords":[]},"ID":"20006","name":"2020-2-26-20-58-48.jpg","path":"\/home\/latorre\/public_html\/web\/wp-content\/uploads\/2025\/01\/2020-2-26-20-58-48.jpg","url":"https:\/\/latorreinmobiliaria.com.ar\/web\/wp-content\/uploads\/2025\/01\/2020-2-26-20-58-48-150x150.jpg","full_url":"https:\/\/latorreinmobiliaria.com.ar\/web\/wp-content\/uploads\/2025\/01\/2020-2-26-20-58-48.jpg","title":"2020-2-26-20-58-48","caption":"","description":"","alt":"","srcset":"https:\/\/latorreinmobiliaria.com.ar\/web\/wp-content\/uploads\/2025\/01\/2020-2-26-20-58-48-150x150.jpg 150w, https:\/\/latorreinmobiliaria.com.ar\/web\/wp-content\/uploads\/2025\/01\/2020-2-26-20-58-48-210x210.jpg 210w"},{"width":150,"height":150,"file":"2025\/01\/2020-2-26-20-58-51.jpg","filesize":27447,"sizes":{"medium":{"file":"2020-2-26-20-58-51-300x225.jpg","width":300,"height":225,"mime-type":"image\/jpeg","filesize":12384,"url":"https:\/\/latorreinmobiliaria.com.ar\/web\/wp-content\/uploads\/2025\/01\/2020-2-26-20-58-51-300x225.jpg"},"thumbnail":{"file":"2020-2-26-20-58-51-150x150.jpg","width":150,"height":150,"mime-type":"image\/jpeg","filesize":5579,"url":"https:\/\/latorreinmobiliaria.com.ar\/web\/wp-content\/uploads\/2025\/01\/2020-2-26-20-58-51-150x150.jpg"},"post-thumbnail":{"file":"2020-2-26-20-58-51-150x113.jpg","width":150,"height":113,"mime-type":"image\/jpeg","filesize":4312,"url":"https:\/\/latorreinmobiliaria.com.ar\/web\/wp-content\/uploads\/2025\/01\/2020-2-26-20-58-51-150x113.jpg"},"property-thumb-image":{"file":"2020-2-26-20-58-51-488x326.jpg","width":488,"height":326,"mime-type":"image\/jpeg","filesize":24380,"url":"https:\/\/latorreinmobiliaria.com.ar\/web\/wp-content\/uploads\/2025\/01\/2020-2-26-20-58-51-488x326.jpg"},"agent-image":{"file":"2020-2-26-20-58-51-210x210.jpg","width":210,"height":210,"mime-type":"image\/jpeg","filesize":9388,"url":"https:\/\/latorreinmobiliaria.com.ar\/web\/wp-content\/uploads\/2025\/01\/2020-2-26-20-58-51-210x210.jpg"},"gallery-two-column-image":{"file":"2020-2-26-20-58-51-524x269.jpg","width":524,"height":269,"mime-type":"image\/jpeg","filesize":24787,"url":"https:\/\/latorreinmobiliaria.com.ar\/web\/wp-content\/uploads\/2025\/01\/2020-2-26-20-58-51-524x269.jpg"},"property-detail-slider-thumb":{"file":"2020-2-26-20-58-51-82x60.jpg","width":82,"height":60,"mime-type":"image\/jpeg","filesize":1809,"url":"https:\/\/latorreinmobiliaria.com.ar\/web\/wp-content\/uploads\/2025\/01\/2020-2-26-20-58-51-82x60.jpg"}},"image_meta":{"aperture":"0","credit":"","camera":"","caption":"","created_timestamp":"0","copyright":"","focal_length":"0","iso":"0","shutter_speed":"0","title":"","orientation":"0","keywords":[]},"ID":"20007","name":"2020-2-26-20-58-51.jpg","path":"\/home\/latorre\/public_html\/web\/wp-content\/uploads\/2025\/01\/2020-2-26-20-58-51.jpg","url":"https:\/\/latorreinmobiliaria.com.ar\/web\/wp-content\/uploads\/2025\/01\/2020-2-26-20-58-51-150x150.jpg","full_url":"https:\/\/latorreinmobiliaria.com.ar\/web\/wp-content\/uploads\/2025\/01\/2020-2-26-20-58-51.jpg","title":"2020-2-26-20-58-51","caption":"","description":"","alt":"","srcset":"https:\/\/latorreinmobiliaria.com.ar\/web\/wp-content\/uploads\/2025\/01\/2020-2-26-20-58-51-150x150.jpg 150w, https:\/\/latorreinmobiliaria.com.ar\/web\/wp-content\/uploads\/2025\/01\/2020-2-26-20-58-51-210x210.jpg 210w"},{"width":150,"height":150,"file":"2025\/01\/2020-2-26-20-58-54.jpg","filesize":28034,"sizes":{"medium":{"file":"2020-2-26-20-58-54-300x225.jpg","width":300,"height":225,"mime-type":"image\/jpeg","filesize":13081,"url":"https:\/\/latorreinmobiliaria.com.ar\/web\/wp-content\/uploads\/2025\/01\/2020-2-26-20-58-54-300x225.jpg"},"thumbnail":{"file":"2020-2-26-20-58-54-150x150.jpg","width":150,"height":150,"mime-type":"image\/jpeg","filesize":5628,"url":"https:\/\/latorreinmobiliaria.com.ar\/web\/wp-content\/uploads\/2025\/01\/2020-2-26-20-58-54-150x150.jpg"},"post-thumbnail":{"file":"2020-2-26-20-58-54-150x113.jpg","width":150,"height":113,"mime-type":"image\/jpeg","filesize":4625,"url":"https:\/\/latorreinmobiliaria.com.ar\/web\/wp-content\/uploads\/2025\/01\/2020-2-26-20-58-54-150x113.jpg"},"property-thumb-image":{"file":"2020-2-26-20-58-54-488x326.jpg","width":488,"height":326,"mime-type":"image\/jpeg","filesize":24640,"url":"https:\/\/latorreinmobiliaria.com.ar\/web\/wp-content\/uploads\/2025\/01\/2020-2-26-20-58-54-488x326.jpg"},"agent-image":{"file":"2020-2-26-20-58-54-210x210.jpg","width":210,"height":210,"mime-type":"image\/jpeg","filesize":9534,"url":"https:\/\/latorreinmobiliaria.com.ar\/web\/wp-content\/uploads\/2025\/01\/2020-2-26-20-58-54-210x210.jpg"},"gallery-two-column-image":{"file":"2020-2-26-20-58-54-524x269.jpg","width":524,"height":269,"mime-type":"image\/jpeg","filesize":23488,"url":"https:\/\/latorreinmobiliaria.com.ar\/web\/wp-content\/uploads\/2025\/01\/2020-2-26-20-58-54-524x269.jpg"},"property-detail-slider-thumb":{"file":"2020-2-26-20-58-54-82x60.jpg","width":82,"height":60,"mime-type":"image\/jpeg","filesize":1915,"url":"https:\/\/latorreinmobiliaria.com.ar\/web\/wp-content\/uploads\/2025\/01\/2020-2-26-20-58-54-82x60.jpg"}},"image_meta":{"aperture":"0","credit":"","camera":"","caption":"","created_timestamp":"0","copyright":"","focal_length":"0","iso":"0","shutter_speed":"0","title":"","orientation":"0","keywords":[]},"ID":"20008","name":"2020-2-26-20-58-54.jpg","path":"\/home\/latorre\/public_html\/web\/wp-content\/uploads\/2025\/01\/2020-2-26-20-58-54.jpg","url":"https:\/\/latorreinmobiliaria.com.ar\/web\/wp-content\/uploads\/2025\/01\/2020-2-26-20-58-54-150x150.jpg","full_url":"https:\/\/latorreinmobiliaria.com.ar\/web\/wp-content\/uploads\/2025\/01\/2020-2-26-20-58-54.jpg","title":"2020-2-26-20-58-54","caption":"","description":"","alt":"","srcset":"https:\/\/latorreinmobiliaria.com.ar\/web\/wp-content\/uploads\/2025\/01\/2020-2-26-20-58-54-150x150.jpg 150w, https:\/\/latorreinmobiliaria.com.ar\/web\/wp-content\/uploads\/2025\/01\/2020-2-26-20-58-54-210x210.jpg 210w"},{"width":150,"height":150,"file":"2025\/01\/2020-2-26-20-58-56.jpg","filesize":25480,"sizes":{"medium":{"file":"2020-2-26-20-58-56-300x199.jpg","width":300,"height":199,"mime-type":"image\/jpeg","filesize":11130,"url":"https:\/\/latorreinmobiliaria.com.ar\/web\/wp-content\/uploads\/2025\/01\/2020-2-26-20-58-56-300x199.jpg"},"thumbnail":{"file":"2020-2-26-20-58-56-150x150.jpg","width":150,"height":150,"mime-type":"image\/jpeg","filesize":5234,"url":"https:\/\/latorreinmobiliaria.com.ar\/web\/wp-content\/uploads\/2025\/01\/2020-2-26-20-58-56-150x150.jpg"},"post-thumbnail":{"file":"2020-2-26-20-58-56-150x100.jpg","width":150,"height":100,"mime-type":"image\/jpeg","filesize":4107,"url":"https:\/\/latorreinmobiliaria.com.ar\/web\/wp-content\/uploads\/2025\/01\/2020-2-26-20-58-56-150x100.jpg"},"property-thumb-image":{"file":"2020-2-26-20-58-56-488x326.jpg","width":488,"height":326,"mime-type":"image\/jpeg","filesize":22413,"url":"https:\/\/latorreinmobiliaria.com.ar\/web\/wp-content\/uploads\/2025\/01\/2020-2-26-20-58-56-488x326.jpg"},"agent-image":{"file":"2020-2-26-20-58-56-210x210.jpg","width":210,"height":210,"mime-type":"image\/jpeg","filesize":8636,"url":"https:\/\/latorreinmobiliaria.com.ar\/web\/wp-content\/uploads\/2025\/01\/2020-2-26-20-58-56-210x210.jpg"},"gallery-two-column-image":{"file":"2020-2-26-20-58-56-536x269.jpg","width":536,"height":269,"mime-type":"image\/jpeg","filesize":19504,"url":"https:\/\/latorreinmobiliaria.com.ar\/web\/wp-content\/uploads\/2025\/01\/2020-2-26-20-58-56-536x269.jpg"},"property-detail-slider-thumb":{"file":"2020-2-26-20-58-56-82x60.jpg","width":82,"height":60,"mime-type":"image\/jpeg","filesize":1907,"url":"https:\/\/latorreinmobiliaria.com.ar\/web\/wp-content\/uploads\/2025\/01\/2020-2-26-20-58-56-82x60.jpg"}},"image_meta":{"aperture":"0","credit":"","camera":"","caption":"","created_timestamp":"0","copyright":"","focal_length":"0","iso":"0","shutter_speed":"0","title":"","orientation":"0","keywords":[]},"ID":"20009","name":"2020-2-26-20-58-56.jpg","path":"\/home\/latorre\/public_html\/web\/wp-content\/uploads\/2025\/01\/2020-2-26-20-58-56.jpg","url":"https:\/\/latorreinmobiliaria.com.ar\/web\/wp-content\/uploads\/2025\/01\/2020-2-26-20-58-56-150x150.jpg","full_url":"https:\/\/latorreinmobiliaria.com.ar\/web\/wp-content\/uploads\/2025\/01\/2020-2-26-20-58-56.jpg","title":"2020-2-26-20-58-56","caption":"","description":"","alt":"","srcset":"https:\/\/latorreinmobiliaria.com.ar\/web\/wp-content\/uploads\/2025\/01\/2020-2-26-20-58-56-150x150.jpg 150w, https:\/\/latorreinmobiliaria.com.ar\/web\/wp-content\/uploads\/2025\/01\/2020-2-26-20-58-56-210x210.jpg 210w"},{"width":150,"height":150,"file":"2025\/01\/2020-2-26-20-59-0.jpg","filesize":22184,"sizes":{"medium":{"file":"2020-2-26-20-59-0-300x199.jpg","width":300,"height":199,"mime-type":"image\/jpeg","filesize":9713,"url":"https:\/\/latorreinmobiliaria.com.ar\/web\/wp-content\/uploads\/2025\/01\/2020-2-26-20-59-0-300x199.jpg"},"thumbnail":{"file":"2020-2-26-20-59-0-150x150.jpg","width":150,"height":150,"mime-type":"image\/jpeg","filesize":4625,"url":"https:\/\/latorreinmobiliaria.com.ar\/web\/wp-content\/uploads\/2025\/01\/2020-2-26-20-59-0-150x150.jpg"},"post-thumbnail":{"file":"2020-2-26-20-59-0-150x100.jpg","width":150,"height":100,"mime-type":"image\/jpeg","filesize":3667,"url":"https:\/\/latorreinmobiliaria.com.ar\/web\/wp-content\/uploads\/2025\/01\/2020-2-26-20-59-0-150x100.jpg"},"property-thumb-image":{"file":"2020-2-26-20-59-0-488x326.jpg","width":488,"height":326,"mime-type":"image\/jpeg","filesize":19270,"url":"https:\/\/latorreinmobiliaria.com.ar\/web\/wp-content\/uploads\/2025\/01\/2020-2-26-20-59-0-488x326.jpg"},"agent-image":{"file":"2020-2-26-20-59-0-210x210.jpg","width":210,"height":210,"mime-type":"image\/jpeg","filesize":7376,"url":"https:\/\/latorreinmobiliaria.com.ar\/web\/wp-content\/uploads\/2025\/01\/2020-2-26-20-59-0-210x210.jpg"},"gallery-two-column-image":{"file":"2020-2-26-20-59-0-536x269.jpg","width":536,"height":269,"mime-type":"image\/jpeg","filesize":17175,"url":"https:\/\/latorreinmobiliaria.com.ar\/web\/wp-content\/uploads\/2025\/01\/2020-2-26-20-59-0-536x269.jpg"},"property-detail-slider-thumb":{"file":"2020-2-26-20-59-0-82x60.jpg","width":82,"height":60,"mime-type":"image\/jpeg","filesize":1706,"url":"https:\/\/latorreinmobiliaria.com.ar\/web\/wp-content\/uploads\/2025\/01\/2020-2-26-20-59-0-82x60.jpg"}},"image_meta":{"aperture":"0","credit":"","camera":"","caption":"","created_timestamp":"0","copyright":"","focal_length":"0","iso":"0","shutter_speed":"0","title":"","orientation":"0","keywords":[]},"ID":"20010","name":"2020-2-26-20-59-0.jpg","path":"\/home\/latorre\/public_html\/web\/wp-content\/uploads\/2025\/01\/2020-2-26-20-59-0.jpg","url":"https:\/\/latorreinmobiliaria.com.ar\/web\/wp-content\/uploads\/2025\/01\/2020-2-26-20-59-0-150x150.jpg","full_url":"https:\/\/latorreinmobiliaria.com.ar\/web\/wp-content\/uploads\/2025\/01\/2020-2-26-20-59-0.jpg","title":"2020-2-26-20-59-0","caption":"","description":"","alt":"","srcset":"https:\/\/latorreinmobiliaria.com.ar\/web\/wp-content\/uploads\/2025\/01\/2020-2-26-20-59-0-150x150.jpg 150w, https:\/\/latorreinmobiliaria.com.ar\/web\/wp-content\/uploads\/2025\/01\/2020-2-26-20-59-0-210x210.jpg 210w"},{"width":150,"height":150,"file":"2025\/01\/2020-2-26-20-59-4.jpg","filesize":24911,"sizes":{"medium":{"file":"2020-2-26-20-59-4-300x225.jpg","width":300,"height":225,"mime-type":"image\/jpeg","filesize":11222,"url":"https:\/\/latorreinmobiliaria.com.ar\/web\/wp-content\/uploads\/2025\/01\/2020-2-26-20-59-4-300x225.jpg"},"thumbnail":{"file":"2020-2-26-20-59-4-150x150.jpg","width":150,"height":150,"mime-type":"image\/jpeg","filesize":4731,"url":"https:\/\/latorreinmobiliaria.com.ar\/web\/wp-content\/uploads\/2025\/01\/2020-2-26-20-59-4-150x150.jpg"},"post-thumbnail":{"file":"2020-2-26-20-59-4-150x113.jpg","width":150,"height":113,"mime-type":"image\/jpeg","filesize":4015,"url":"https:\/\/latorreinmobiliaria.com.ar\/web\/wp-content\/uploads\/2025\/01\/2020-2-26-20-59-4-150x113.jpg"},"property-thumb-image":{"file":"2020-2-26-20-59-4-488x326.jpg","width":488,"height":326,"mime-type":"image\/jpeg","filesize":21780,"url":"https:\/\/latorreinmobiliaria.com.ar\/web\/wp-content\/uploads\/2025\/01\/2020-2-26-20-59-4-488x326.jpg"},"agent-image":{"file":"2020-2-26-20-59-4-210x210.jpg","width":210,"height":210,"mime-type":"image\/jpeg","filesize":8009,"url":"https:\/\/latorreinmobiliaria.com.ar\/web\/wp-content\/uploads\/2025\/01\/2020-2-26-20-59-4-210x210.jpg"},"gallery-two-column-image":{"file":"2020-2-26-20-59-4-524x269.jpg","width":524,"height":269,"mime-type":"image\/jpeg","filesize":20675,"url":"https:\/\/latorreinmobiliaria.com.ar\/web\/wp-content\/uploads\/2025\/01\/2020-2-26-20-59-4-524x269.jpg"},"property-detail-slider-thumb":{"file":"2020-2-26-20-59-4-82x60.jpg","width":82,"height":60,"mime-type":"image\/jpeg","filesize":1694,"url":"https:\/\/latorreinmobiliaria.com.ar\/web\/wp-content\/uploads\/2025\/01\/2020-2-26-20-59-4-82x60.jpg"}},"image_meta":{"aperture":"0","credit":"","camera":"","caption":"","created_timestamp":"0","copyright":"","focal_length":"0","iso":"0","shutter_speed":"0","title":"","orientation":"0","keywords":[]},"ID":"20011","name":"2020-2-26-20-59-4.jpg","path":"\/home\/latorre\/public_html\/web\/wp-content\/uploads\/2025\/01\/2020-2-26-20-59-4.jpg","url":"https:\/\/latorreinmobiliaria.com.ar\/web\/wp-content\/uploads\/2025\/01\/2020-2-26-20-59-4-150x150.jpg","full_url":"https:\/\/latorreinmobiliaria.com.ar\/web\/wp-content\/uploads\/2025\/01\/2020-2-26-20-59-4.jpg","title":"2020-2-26-20-59-4","caption":"","description":"","alt":"","srcset":"https:\/\/latorreinmobiliaria.com.ar\/web\/wp-content\/uploads\/2025\/01\/2020-2-26-20-59-4-150x150.jpg 150w, https:\/\/latorreinmobiliaria.com.ar\/web\/wp-content\/uploads\/2025\/01\/2020-2-26-20-59-4-210x210.jpg 210w"},{"width":150,"height":150,"file":"2025\/01\/2020-2-26-20-59-7.jpg","filesize":25122,"sizes":{"medium":{"file":"2020-2-26-20-59-7-300x225.jpg","width":300,"height":225,"mime-type":"image\/jpeg","filesize":11423,"url":"https:\/\/latorreinmobiliaria.com.ar\/web\/wp-content\/uploads\/2025\/01\/2020-2-26-20-59-7-300x225.jpg"},"thumbnail":{"file":"2020-2-26-20-59-7-150x150.jpg","width":150,"height":150,"mime-type":"image\/jpeg","filesize":4750,"url":"https:\/\/latorreinmobiliaria.com.ar\/web\/wp-content\/uploads\/2025\/01\/2020-2-26-20-59-7-150x150.jpg"},"post-thumbnail":{"file":"2020-2-26-20-59-7-150x113.jpg","width":150,"height":113,"mime-type":"image\/jpeg","filesize":4052,"url":"https:\/\/latorreinmobiliaria.com.ar\/web\/wp-content\/uploads\/2025\/01\/2020-2-26-20-59-7-150x113.jpg"},"property-thumb-image":{"file":"2020-2-26-20-59-7-488x326.jpg","width":488,"height":326,"mime-type":"image\/jpeg","filesize":21275,"url":"https:\/\/latorreinmobiliaria.com.ar\/web\/wp-content\/uploads\/2025\/01\/2020-2-26-20-59-7-488x326.jpg"},"agent-image":{"file":"2020-2-26-20-59-7-210x210.jpg","width":210,"height":210,"mime-type":"image\/jpeg","filesize":7930,"url":"https:\/\/latorreinmobiliaria.com.ar\/web\/wp-content\/uploads\/2025\/01\/2020-2-26-20-59-7-210x210.jpg"},"gallery-two-column-image":{"file":"2020-2-26-20-59-7-524x269.jpg","width":524,"height":269,"mime-type":"image\/jpeg","filesize":19413,"url":"https:\/\/latorreinmobiliaria.com.ar\/web\/wp-content\/uploads\/2025\/01\/2020-2-26-20-59-7-524x269.jpg"},"property-detail-slider-thumb":{"file":"2020-2-26-20-59-7-82x60.jpg","width":82,"height":60,"mime-type":"image\/jpeg","filesize":1738,"url":"https:\/\/latorreinmobiliaria.com.ar\/web\/wp-content\/uploads\/2025\/01\/2020-2-26-20-59-7-82x60.jpg"}},"image_meta":{"aperture":"0","credit":"","camera":"","caption":"","created_timestamp":"0","copyright":"","focal_length":"0","iso":"0","shutter_speed":"0","title":"","orientation":"0","keywords":[]},"ID":"20012","name":"2020-2-26-20-59-7.jpg","path":"\/home\/latorre\/public_html\/web\/wp-content\/uploads\/2025\/01\/2020-2-26-20-59-7.jpg","url":"https:\/\/latorreinmobiliaria.com.ar\/web\/wp-content\/uploads\/2025\/01\/2020-2-26-20-59-7-150x150.jpg","full_url":"https:\/\/latorreinmobiliaria.com.ar\/web\/wp-content\/uploads\/2025\/01\/2020-2-26-20-59-7.jpg","title":"2020-2-26-20-59-7","caption":"","description":"","alt":"","srcset":"https:\/\/latorreinmobiliaria.com.ar\/web\/wp-content\/uploads\/2025\/01\/2020-2-26-20-59-7-150x150.jpg 150w, https:\/\/latorreinmobiliaria.com.ar\/web\/wp-content\/uploads\/2025\/01\/2020-2-26-20-59-7-210x210.jpg 210w"},{"width":150,"height":150,"file":"2025\/01\/2020-2-26-20-59-13.jpg","filesize":26844,"sizes":{"medium":{"file":"2020-2-26-20-59-13-300x225.jpg","width":300,"height":225,"mime-type":"image\/jpeg","filesize":12233,"url":"https:\/\/latorreinmobiliaria.com.ar\/web\/wp-content\/uploads\/2025\/01\/2020-2-26-20-59-13-300x225.jpg"},"thumbnail":{"file":"2020-2-26-20-59-13-150x150.jpg","width":150,"height":150,"mime-type":"image\/jpeg","filesize":5063,"url":"https:\/\/latorreinmobiliaria.com.ar\/web\/wp-content\/uploads\/2025\/01\/2020-2-26-20-59-13-150x150.jpg"},"post-thumbnail":{"file":"2020-2-26-20-59-13-150x113.jpg","width":150,"height":113,"mime-type":"image\/jpeg","filesize":4163,"url":"https:\/\/latorreinmobiliaria.com.ar\/web\/wp-content\/uploads\/2025\/01\/2020-2-26-20-59-13-150x113.jpg"},"property-thumb-image":{"file":"2020-2-26-20-59-13-488x326.jpg","width":488,"height":326,"mime-type":"image\/jpeg","filesize":24307,"url":"https:\/\/latorreinmobiliaria.com.ar\/web\/wp-content\/uploads\/2025\/01\/2020-2-26-20-59-13-488x326.jpg"},"agent-image":{"file":"2020-2-26-20-59-13-210x210.jpg","width":210,"height":210,"mime-type":"image\/jpeg","filesize":8571,"url":"https:\/\/latorreinmobiliaria.com.ar\/web\/wp-content\/uploads\/2025\/01\/2020-2-26-20-59-13-210x210.jpg"},"gallery-two-column-image":{"file":"2020-2-26-20-59-13-524x269.jpg","width":524,"height":269,"mime-type":"image\/jpeg","filesize":23471,"url":"https:\/\/latorreinmobiliaria.com.ar\/web\/wp-content\/uploads\/2025\/01\/2020-2-26-20-59-13-524x269.jpg"},"property-detail-slider-thumb":{"file":"2020-2-26-20-59-13-82x60.jpg","width":82,"height":60,"mime-type":"image\/jpeg","filesize":1705,"url":"https:\/\/latorreinmobiliaria.com.ar\/web\/wp-content\/uploads\/2025\/01\/2020-2-26-20-59-13-82x60.jpg"}},"image_meta":{"aperture":"0","credit":"","camera":"","caption":"","created_timestamp":"0","copyright":"","focal_length":"0","iso":"0","shutter_speed":"0","title":"","orientation":"0","keywords":[]},"ID":"20013","name":"2020-2-26-20-59-13.jpg","path":"\/home\/latorre\/public_html\/web\/wp-content\/uploads\/2025\/01\/2020-2-26-20-59-13.jpg","url":"https:\/\/latorreinmobiliaria.com.ar\/web\/wp-content\/uploads\/2025\/01\/2020-2-26-20-59-13-150x150.jpg","full_url":"https:\/\/latorreinmobiliaria.com.ar\/web\/wp-content\/uploads\/2025\/01\/2020-2-26-20-59-13.jpg","title":"2020-2-26-20-59-13","caption":"","description":"","alt":"","srcset":"https:\/\/latorreinmobiliaria.com.ar\/web\/wp-content\/uploads\/2025\/01\/2020-2-26-20-59-13-150x150.jpg 150w, https:\/\/latorreinmobiliaria.com.ar\/web\/wp-content\/uploads\/2025\/01\/2020-2-26-20-59-13-210x210.jpg 210w"},{"width":150,"height":150,"file":"2025\/01\/2020-2-26-20-59-14.jpg","filesize":26292,"sizes":{"medium":{"file":"2020-2-26-20-59-14-300x225.jpg","width":300,"height":225,"mime-type":"image\/jpeg","filesize":12328,"url":"https:\/\/latorreinmobiliaria.com.ar\/web\/wp-content\/uploads\/2025\/01\/2020-2-26-20-59-14-300x225.jpg"},"thumbnail":{"file":"2020-2-26-20-59-14-150x150.jpg","width":150,"height":150,"mime-type":"image\/jpeg","filesize":5097,"url":"https:\/\/latorreinmobiliaria.com.ar\/web\/wp-content\/uploads\/2025\/01\/2020-2-26-20-59-14-150x150.jpg"},"post-thumbnail":{"file":"2020-2-26-20-59-14-150x113.jpg","width":150,"height":113,"mime-type":"image\/jpeg","filesize":4459,"url":"https:\/\/latorreinmobiliaria.com.ar\/web\/wp-content\/uploads\/2025\/01\/2020-2-26-20-59-14-150x113.jpg"},"property-thumb-image":{"file":"2020-2-26-20-59-14-488x326.jpg","width":488,"height":326,"mime-type":"image\/jpeg","filesize":22998,"url":"https:\/\/latorreinmobiliaria.com.ar\/web\/wp-content\/uploads\/2025\/01\/2020-2-26-20-59-14-488x326.jpg"},"agent-image":{"file":"2020-2-26-20-59-14-210x210.jpg","width":210,"height":210,"mime-type":"image\/jpeg","filesize":8530,"url":"https:\/\/latorreinmobiliaria.com.ar\/web\/wp-content\/uploads\/2025\/01\/2020-2-26-20-59-14-210x210.jpg"},"gallery-two-column-image":{"file":"2020-2-26-20-59-14-524x269.jpg","width":524,"height":269,"mime-type":"image\/jpeg","filesize":21456,"url":"https:\/\/latorreinmobiliaria.com.ar\/web\/wp-content\/uploads\/2025\/01\/2020-2-26-20-59-14-524x269.jpg"},"property-detail-slider-thumb":{"file":"2020-2-26-20-59-14-82x60.jpg","width":82,"height":60,"mime-type":"image\/jpeg","filesize":1865,"url":"https:\/\/latorreinmobiliaria.com.ar\/web\/wp-content\/uploads\/2025\/01\/2020-2-26-20-59-14-82x60.jpg"}},"image_meta":{"aperture":"0","credit":"","camera":"","caption":"","created_timestamp":"0","copyright":"","focal_length":"0","iso":"0","shutter_speed":"0","title":"","orientation":"0","keywords":[]},"ID":"20014","name":"2020-2-26-20-59-14.jpg","path":"\/home\/latorre\/public_html\/web\/wp-content\/uploads\/2025\/01\/2020-2-26-20-59-14.jpg","url":"https:\/\/latorreinmobiliaria.com.ar\/web\/wp-content\/uploads\/2025\/01\/2020-2-26-20-59-14-150x150.jpg","full_url":"https:\/\/latorreinmobiliaria.com.ar\/web\/wp-content\/uploads\/2025\/01\/2020-2-26-20-59-14.jpg","title":"2020-2-26-20-59-14","caption":"","description":"","alt":"","srcset":"https:\/\/latorreinmobiliaria.com.ar\/web\/wp-content\/uploads\/2025\/01\/2020-2-26-20-59-14-150x150.jpg 150w, https:\/\/latorreinmobiliaria.com.ar\/web\/wp-content\/uploads\/2025\/01\/2020-2-26-20-59-14-210x210.jpg 210w"},{"width":150,"height":150,"file":"2025\/01\/2020-2-26-20-59-17.jpg","filesize":34564,"sizes":{"medium":{"file":"2020-2-26-20-59-17-300x199.jpg","width":300,"height":199,"mime-type":"image\/jpeg","filesize":12470,"url":"https:\/\/latorreinmobiliaria.com.ar\/web\/wp-content\/uploads\/2025\/01\/2020-2-26-20-59-17-300x199.jpg"},"thumbnail":{"file":"2020-2-26-20-59-17-150x150.jpg","width":150,"height":150,"mime-type":"image\/jpeg","filesize":5600,"url":"https:\/\/latorreinmobiliaria.com.ar\/web\/wp-content\/uploads\/2025\/01\/2020-2-26-20-59-17-150x150.jpg"},"post-thumbnail":{"file":"2020-2-26-20-59-17-150x99.jpg","width":150,"height":99,"mime-type":"image\/jpeg","filesize":4290,"url":"https:\/\/latorreinmobiliaria.com.ar\/web\/wp-content\/uploads\/2025\/01\/2020-2-26-20-59-17-150x99.jpg"},"property-thumb-image":{"file":"2020-2-26-20-59-17-488x326.jpg","width":488,"height":326,"mime-type":"image\/jpeg","filesize":27635,"url":"https:\/\/latorreinmobiliaria.com.ar\/web\/wp-content\/uploads\/2025\/01\/2020-2-26-20-59-17-488x326.jpg"},"agent-image":{"file":"2020-2-26-20-59-17-210x210.jpg","width":210,"height":210,"mime-type":"image\/jpeg","filesize":9824,"url":"https:\/\/latorreinmobiliaria.com.ar\/web\/wp-content\/uploads\/2025\/01\/2020-2-26-20-59-17-210x210.jpg"},"gallery-two-column-image":{"file":"2020-2-26-20-59-17-536x269.jpg","width":536,"height":269,"mime-type":"image\/jpeg","filesize":24983,"url":"https:\/\/latorreinmobiliaria.com.ar\/web\/wp-content\/uploads\/2025\/01\/2020-2-26-20-59-17-536x269.jpg"},"property-detail-slider-thumb":{"file":"2020-2-26-20-59-17-82x60.jpg","width":82,"height":60,"mime-type":"image\/jpeg","filesize":1909,"url":"https:\/\/latorreinmobiliaria.com.ar\/web\/wp-content\/uploads\/2025\/01\/2020-2-26-20-59-17-82x60.jpg"}},"image_meta":{"aperture":"0","credit":"","camera":"","caption":"","created_timestamp":"0","copyright":"","focal_length":"0","iso":"0","shutter_speed":"0","title":"","orientation":"0","keywords":[]},"ID":"20015","name":"2020-2-26-20-59-17.jpg","path":"\/home\/latorre\/public_html\/web\/wp-content\/uploads\/2025\/01\/2020-2-26-20-59-17.jpg","url":"https:\/\/latorreinmobiliaria.com.ar\/web\/wp-content\/uploads\/2025\/01\/2020-2-26-20-59-17-150x150.jpg","full_url":"https:\/\/latorreinmobiliaria.com.ar\/web\/wp-content\/uploads\/2025\/01\/2020-2-26-20-59-17.jpg","title":"2020-2-26-20-59-17","caption":"","description":"","alt":"","srcset":"https:\/\/latorreinmobiliaria.com.ar\/web\/wp-content\/uploads\/2025\/01\/2020-2-26-20-59-17-150x150.jpg 150w, https:\/\/latorreinmobiliaria.com.ar\/web\/wp-content\/uploads\/2025\/01\/2020-2-26-20-59-17-210x210.jpg 210w"},{"width":150,"height":150,"file":"2025\/01\/2020-2-26-20-59-19-1.jpg","filesize":20183,"sizes":{"medium":{"file":"2020-2-26-20-59-19-1-300x225.jpg","width":300,"height":225,"mime-type":"image\/jpeg","filesize":9539,"url":"https:\/\/latorreinmobiliaria.com.ar\/web\/wp-content\/uploads\/2025\/01\/2020-2-26-20-59-19-1-300x225.jpg"},"thumbnail":{"file":"2020-2-26-20-59-19-1-150x150.jpg","width":150,"height":150,"mime-type":"image\/jpeg","filesize":4182,"url":"https:\/\/latorreinmobiliaria.com.ar\/web\/wp-content\/uploads\/2025\/01\/2020-2-26-20-59-19-1-150x150.jpg"},"post-thumbnail":{"file":"2020-2-26-20-59-19-1-150x113.jpg","width":150,"height":113,"mime-type":"image\/jpeg","filesize":3409,"url":"https:\/\/latorreinmobiliaria.com.ar\/web\/wp-content\/uploads\/2025\/01\/2020-2-26-20-59-19-1-150x113.jpg"},"property-thumb-image":{"file":"2020-2-26-20-59-19-1-488x326.jpg","width":488,"height":326,"mime-type":"image\/jpeg","filesize":18046,"url":"https:\/\/latorreinmobiliaria.com.ar\/web\/wp-content\/uploads\/2025\/01\/2020-2-26-20-59-19-1-488x326.jpg"},"agent-image":{"file":"2020-2-26-20-59-19-1-210x210.jpg","width":210,"height":210,"mime-type":"image\/jpeg","filesize":7013,"url":"https:\/\/latorreinmobiliaria.com.ar\/web\/wp-content\/uploads\/2025\/01\/2020-2-26-20-59-19-1-210x210.jpg"},"gallery-two-column-image":{"file":"2020-2-26-20-59-19-1-524x269.jpg","width":524,"height":269,"mime-type":"image\/jpeg","filesize":16591,"url":"https:\/\/latorreinmobiliaria.com.ar\/web\/wp-content\/uploads\/2025\/01\/2020-2-26-20-59-19-1-524x269.jpg"},"property-detail-slider-thumb":{"file":"2020-2-26-20-59-19-1-82x60.jpg","width":82,"height":60,"mime-type":"image\/jpeg","filesize":1507,"url":"https:\/\/latorreinmobiliaria.com.ar\/web\/wp-content\/uploads\/2025\/01\/2020-2-26-20-59-19-1-82x60.jpg"}},"image_meta":{"aperture":"0","credit":"","camera":"","caption":"","created_timestamp":"0","copyright":"","focal_length":"0","iso":"0","shutter_speed":"0","title":"","orientation":"0","keywords":[]},"ID":"20016","name":"2020-2-26-20-59-19-1.jpg","path":"\/home\/latorre\/public_html\/web\/wp-content\/uploads\/2025\/01\/2020-2-26-20-59-19-1.jpg","url":"https:\/\/latorreinmobiliaria.com.ar\/web\/wp-content\/uploads\/2025\/01\/2020-2-26-20-59-19-1-150x150.jpg","full_url":"https:\/\/latorreinmobiliaria.com.ar\/web\/wp-content\/uploads\/2025\/01\/2020-2-26-20-59-19-1.jpg","title":"2020-2-26-20-59-19 (1)","caption":"","description":"","alt":"","srcset":"https:\/\/latorreinmobiliaria.com.ar\/web\/wp-content\/uploads\/2025\/01\/2020-2-26-20-59-19-1-150x150.jpg 150w, https:\/\/latorreinmobiliaria.com.ar\/web\/wp-content\/uploads\/2025\/01\/2020-2-26-20-59-19-1-210x210.jpg 210w"},{"width":150,"height":150,"file":"2025\/01\/2020-2-26-20-59-22.jpg","filesize":21678,"sizes":{"medium":{"file":"2020-2-26-20-59-22-300x225.jpg","width":300,"height":225,"mime-type":"image\/jpeg","filesize":10040,"url":"https:\/\/latorreinmobiliaria.com.ar\/web\/wp-content\/uploads\/2025\/01\/2020-2-26-20-59-22-300x225.jpg"},"thumbnail":{"file":"2020-2-26-20-59-22-150x150.jpg","width":150,"height":150,"mime-type":"image\/jpeg","filesize":4089,"url":"https:\/\/latorreinmobiliaria.com.ar\/web\/wp-content\/uploads\/2025\/01\/2020-2-26-20-59-22-150x150.jpg"},"post-thumbnail":{"file":"2020-2-26-20-59-22-150x113.jpg","width":150,"height":113,"mime-type":"image\/jpeg","filesize":3625,"url":"https:\/\/latorreinmobiliaria.com.ar\/web\/wp-content\/uploads\/2025\/01\/2020-2-26-20-59-22-150x113.jpg"},"property-thumb-image":{"file":"2020-2-26-20-59-22-488x326.jpg","width":488,"height":326,"mime-type":"image\/jpeg","filesize":19213,"url":"https:\/\/latorreinmobiliaria.com.ar\/web\/wp-content\/uploads\/2025\/01\/2020-2-26-20-59-22-488x326.jpg"},"agent-image":{"file":"2020-2-26-20-59-22-210x210.jpg","width":210,"height":210,"mime-type":"image\/jpeg","filesize":6811,"url":"https:\/\/latorreinmobiliaria.com.ar\/web\/wp-content\/uploads\/2025\/01\/2020-2-26-20-59-22-210x210.jpg"},"gallery-two-column-image":{"file":"2020-2-26-20-59-22-524x269.jpg","width":524,"height":269,"mime-type":"image\/jpeg","filesize":17235,"url":"https:\/\/latorreinmobiliaria.com.ar\/web\/wp-content\/uploads\/2025\/01\/2020-2-26-20-59-22-524x269.jpg"},"property-detail-slider-thumb":{"file":"2020-2-26-20-59-22-82x60.jpg","width":82,"height":60,"mime-type":"image\/jpeg","filesize":1607,"url":"https:\/\/latorreinmobiliaria.com.ar\/web\/wp-content\/uploads\/2025\/01\/2020-2-26-20-59-22-82x60.jpg"}},"image_meta":{"aperture":"0","credit":"","camera":"","caption":"","created_timestamp":"0","copyright":"","focal_length":"0","iso":"0","shutter_speed":"0","title":"","orientation":"0","keywords":[]},"ID":"20018","name":"2020-2-26-20-59-22.jpg","path":"\/home\/latorre\/public_html\/web\/wp-content\/uploads\/2025\/01\/2020-2-26-20-59-22.jpg","url":"https:\/\/latorreinmobiliaria.com.ar\/web\/wp-content\/uploads\/2025\/01\/2020-2-26-20-59-22-150x150.jpg","full_url":"https:\/\/latorreinmobiliaria.com.ar\/web\/wp-content\/uploads\/2025\/01\/2020-2-26-20-59-22.jpg","title":"2020-2-26-20-59-22","caption":"","description":"","alt":"","srcset":"https:\/\/latorreinmobiliaria.com.ar\/web\/wp-content\/uploads\/2025\/01\/2020-2-26-20-59-22-150x150.jpg 150w, https:\/\/latorreinmobiliaria.com.ar\/web\/wp-content\/uploads\/2025\/01\/2020-2-26-20-59-22-210x210.jpg 210w"},{"width":150,"height":150,"file":"2025\/01\/2020-2-26-20-59-25.jpg","filesize":26849,"sizes":{"medium":{"file":"2020-2-26-20-59-25-300x199.jpg","width":300,"height":199,"mime-type":"image\/jpeg","filesize":9952,"url":"https:\/\/latorreinmobiliaria.com.ar\/web\/wp-content\/uploads\/2025\/01\/2020-2-26-20-59-25-300x199.jpg"},"thumbnail":{"file":"2020-2-26-20-59-25-150x150.jpg","width":150,"height":150,"mime-type":"image\/jpeg","filesize":5020,"url":"https:\/\/latorreinmobiliaria.com.ar\/web\/wp-content\/uploads\/2025\/01\/2020-2-26-20-59-25-150x150.jpg"},"post-thumbnail":{"file":"2020-2-26-20-59-25-150x99.jpg","width":150,"height":99,"mime-type":"image\/jpeg","filesize":3488,"url":"https:\/\/latorreinmobiliaria.com.ar\/web\/wp-content\/uploads\/2025\/01\/2020-2-26-20-59-25-150x99.jpg"},"property-thumb-image":{"file":"2020-2-26-20-59-25-488x326.jpg","width":488,"height":326,"mime-type":"image\/jpeg","filesize":21808,"url":"https:\/\/latorreinmobiliaria.com.ar\/web\/wp-content\/uploads\/2025\/01\/2020-2-26-20-59-25-488x326.jpg"},"agent-image":{"file":"2020-2-26-20-59-25-210x210.jpg","width":210,"height":210,"mime-type":"image\/jpeg","filesize":8712,"url":"https:\/\/latorreinmobiliaria.com.ar\/web\/wp-content\/uploads\/2025\/01\/2020-2-26-20-59-25-210x210.jpg"},"gallery-two-column-image":{"file":"2020-2-26-20-59-25-536x269.jpg","width":536,"height":269,"mime-type":"image\/jpeg","filesize":18354,"url":"https:\/\/latorreinmobiliaria.com.ar\/web\/wp-content\/uploads\/2025\/01\/2020-2-26-20-59-25-536x269.jpg"},"property-detail-slider-thumb":{"file":"2020-2-26-20-59-25-82x60.jpg","width":82,"height":60,"mime-type":"image\/jpeg","filesize":1659,"url":"https:\/\/latorreinmobiliaria.com.ar\/web\/wp-content\/uploads\/2025\/01\/2020-2-26-20-59-25-82x60.jpg"}},"image_meta":{"aperture":"0","credit":"","camera":"","caption":"","created_timestamp":"0","copyright":"","focal_length":"0","iso":"0","shutter_speed":"0","title":"","orientation":"0","keywords":[]},"ID":"20019","name":"2020-2-26-20-59-25.jpg","path":"\/home\/latorre\/public_html\/web\/wp-content\/uploads\/2025\/01\/2020-2-26-20-59-25.jpg","url":"https:\/\/latorreinmobiliaria.com.ar\/web\/wp-content\/uploads\/2025\/01\/2020-2-26-20-59-25-150x150.jpg","full_url":"https:\/\/latorreinmobiliaria.com.ar\/web\/wp-content\/uploads\/2025\/01\/2020-2-26-20-59-25.jpg","title":"2020-2-26-20-59-25","caption":"","description":"","alt":"","srcset":"https:\/\/latorreinmobiliaria.com.ar\/web\/wp-content\/uploads\/2025\/01\/2020-2-26-20-59-25-150x150.jpg 150w, https:\/\/latorreinmobiliaria.com.ar\/web\/wp-content\/uploads\/2025\/01\/2020-2-26-20-59-25-210x210.jpg 210w"},{"width":150,"height":150,"file":"2025\/01\/2020-2-26-20-59-28.jpg","filesize":16267,"sizes":{"medium":{"file":"2020-2-26-20-59-28-224x300.jpg","width":224,"height":300,"mime-type":"image\/jpeg","filesize":11521,"url":"https:\/\/latorreinmobiliaria.com.ar\/web\/wp-content\/uploads\/2025\/01\/2020-2-26-20-59-28-224x300.jpg"},"thumbnail":{"file":"2020-2-26-20-59-28-150x150.jpg","width":150,"height":150,"mime-type":"image\/jpeg","filesize":4799,"url":"https:\/\/latorreinmobiliaria.com.ar\/web\/wp-content\/uploads\/2025\/01\/2020-2-26-20-59-28-150x150.jpg"},"post-thumbnail":{"file":"2020-2-26-20-59-28-112x150.jpg","width":112,"height":150,"mime-type":"image\/jpeg","filesize":4010,"url":"https:\/\/latorreinmobiliaria.com.ar\/web\/wp-content\/uploads\/2025\/01\/2020-2-26-20-59-28-112x150.jpg"},"property-thumb-image":{"file":"2020-2-26-20-59-28-294x326.jpg","width":294,"height":326,"mime-type":"image\/jpeg","filesize":15370,"url":"https:\/\/latorreinmobiliaria.com.ar\/web\/wp-content\/uploads\/2025\/01\/2020-2-26-20-59-28-294x326.jpg"},"agent-image":{"file":"2020-2-26-20-59-28-210x210.jpg","width":210,"height":210,"mime-type":"image\/jpeg","filesize":8056,"url":"https:\/\/latorreinmobiliaria.com.ar\/web\/wp-content\/uploads\/2025\/01\/2020-2-26-20-59-28-210x210.jpg"},"gallery-two-column-image":{"file":"2020-2-26-20-59-28-294x269.jpg","width":294,"height":269,"mime-type":"image\/jpeg","filesize":12492,"url":"https:\/\/latorreinmobiliaria.com.ar\/web\/wp-content\/uploads\/2025\/01\/2020-2-26-20-59-28-294x269.jpg"},"property-detail-slider-thumb":{"file":"2020-2-26-20-59-28-82x60.jpg","width":82,"height":60,"mime-type":"image\/jpeg","filesize":1517,"url":"https:\/\/latorreinmobiliaria.com.ar\/web\/wp-content\/uploads\/2025\/01\/2020-2-26-20-59-28-82x60.jpg"}},"image_meta":{"aperture":"0","credit":"","camera":"","caption":"","created_timestamp":"0","copyright":"","focal_length":"0","iso":"0","shutter_speed":"0","title":"","orientation":"0","keywords":[]},"ID":"20020","name":"2020-2-26-20-59-28.jpg","path":"\/home\/latorre\/public_html\/web\/wp-content\/uploads\/2025\/01\/2020-2-26-20-59-28.jpg","url":"https:\/\/latorreinmobiliaria.com.ar\/web\/wp-content\/uploads\/2025\/01\/2020-2-26-20-59-28-150x150.jpg","full_url":"https:\/\/latorreinmobiliaria.com.ar\/web\/wp-content\/uploads\/2025\/01\/2020-2-26-20-59-28.jpg","title":"2020-2-26-20-59-28","caption":"","description":"","alt":"","srcset":"https:\/\/latorreinmobiliaria.com.ar\/web\/wp-content\/uploads\/2025\/01\/2020-2-26-20-59-28-150x150.jpg 150w, https:\/\/latorreinmobiliaria.com.ar\/web\/wp-content\/uploads\/2025\/01\/2020-2-26-20-59-28-210x210.jpg 210w"},{"width":150,"height":150,"file":"2025\/01\/2020-2-26-20-59-31.jpg","filesize":13721,"sizes":{"medium":{"file":"2020-2-26-20-59-31-224x300.jpg","width":224,"height":300,"mime-type":"image\/jpeg","filesize":9620,"url":"https:\/\/latorreinmobiliaria.com.ar\/web\/wp-content\/uploads\/2025\/01\/2020-2-26-20-59-31-224x300.jpg"},"thumbnail":{"file":"2020-2-26-20-59-31-150x150.jpg","width":150,"height":150,"mime-type":"image\/jpeg","filesize":4164,"url":"https:\/\/latorreinmobiliaria.com.ar\/web\/wp-content\/uploads\/2025\/01\/2020-2-26-20-59-31-150x150.jpg"},"post-thumbnail":{"file":"2020-2-26-20-59-31-112x150.jpg","width":112,"height":150,"mime-type":"image\/jpeg","filesize":3321,"url":"https:\/\/latorreinmobiliaria.com.ar\/web\/wp-content\/uploads\/2025\/01\/2020-2-26-20-59-31-112x150.jpg"},"property-thumb-image":{"file":"2020-2-26-20-59-31-294x326.jpg","width":294,"height":326,"mime-type":"image\/jpeg","filesize":13623,"url":"https:\/\/latorreinmobiliaria.com.ar\/web\/wp-content\/uploads\/2025\/01\/2020-2-26-20-59-31-294x326.jpg"},"agent-image":{"file":"2020-2-26-20-59-31-210x210.jpg","width":210,"height":210,"mime-type":"image\/jpeg","filesize":7020,"url":"https:\/\/latorreinmobiliaria.com.ar\/web\/wp-content\/uploads\/2025\/01\/2020-2-26-20-59-31-210x210.jpg"},"gallery-two-column-image":{"file":"2020-2-26-20-59-31-294x269.jpg","width":294,"height":269,"mime-type":"image\/jpeg","filesize":12101,"url":"https:\/\/latorreinmobiliaria.com.ar\/web\/wp-content\/uploads\/2025\/01\/2020-2-26-20-59-31-294x269.jpg"},"property-detail-slider-thumb":{"file":"2020-2-26-20-59-31-82x60.jpg","width":82,"height":60,"mime-type":"image\/jpeg","filesize":1478,"url":"https:\/\/latorreinmobiliaria.com.ar\/web\/wp-content\/uploads\/2025\/01\/2020-2-26-20-59-31-82x60.jpg"}},"image_meta":{"aperture":"0","credit":"","camera":"","caption":"","created_timestamp":"0","copyright":"","focal_length":"0","iso":"0","shutter_speed":"0","title":"","orientation":"0","keywords":[]},"ID":"20021","name":"2020-2-26-20-59-31.jpg","path":"\/home\/latorre\/public_html\/web\/wp-content\/uploads\/2025\/01\/2020-2-26-20-59-31.jpg","url":"https:\/\/latorreinmobiliaria.com.ar\/web\/wp-content\/uploads\/2025\/01\/2020-2-26-20-59-31-150x150.jpg","full_url":"https:\/\/latorreinmobiliaria.com.ar\/web\/wp-content\/uploads\/2025\/01\/2020-2-26-20-59-31.jpg","title":"2020-2-26-20-59-31","caption":"","description":"","alt":"","srcset":"https:\/\/latorreinmobiliaria.com.ar\/web\/wp-content\/uploads\/2025\/01\/2020-2-26-20-59-31-150x150.jpg 150w, https:\/\/latorreinmobiliaria.com.ar\/web\/wp-content\/uploads\/2025\/01\/2020-2-26-20-59-31-210x210.jpg 210w"},{"width":150,"height":150,"file":"2025\/01\/2020-2-26-20-59-33.jpg","filesize":24364,"sizes":{"medium":{"file":"2020-2-26-20-59-33-295x300.jpg","width":295,"height":300,"mime-type":"image\/jpeg","filesize":17692,"url":"https:\/\/latorreinmobiliaria.com.ar\/web\/wp-content\/uploads\/2025\/01\/2020-2-26-20-59-33-295x300.jpg"},"thumbnail":{"file":"2020-2-26-20-59-33-150x150.jpg","width":150,"height":150,"mime-type":"image\/jpeg","filesize":6525,"url":"https:\/\/latorreinmobiliaria.com.ar\/web\/wp-content\/uploads\/2025\/01\/2020-2-26-20-59-33-150x150.jpg"},"post-thumbnail":{"file":"2020-2-26-20-59-33-148x150.jpg","width":148,"height":150,"mime-type":"image\/jpeg","filesize":6470,"url":"https:\/\/latorreinmobiliaria.com.ar\/web\/wp-content\/uploads\/2025\/01\/2020-2-26-20-59-33-148x150.jpg"},"property-thumb-image":{"file":"2020-2-26-20-59-33-387x326.jpg","width":387,"height":326,"mime-type":"image\/jpeg","filesize":23773,"url":"https:\/\/latorreinmobiliaria.com.ar\/web\/wp-content\/uploads\/2025\/01\/2020-2-26-20-59-33-387x326.jpg"},"agent-image":{"file":"2020-2-26-20-59-33-210x210.jpg","width":210,"height":210,"mime-type":"image\/jpeg","filesize":11127,"url":"https:\/\/latorreinmobiliaria.com.ar\/web\/wp-content\/uploads\/2025\/01\/2020-2-26-20-59-33-210x210.jpg"},"gallery-two-column-image":{"file":"2020-2-26-20-59-33-387x269.jpg","width":387,"height":269,"mime-type":"image\/jpeg","filesize":20158,"url":"https:\/\/latorreinmobiliaria.com.ar\/web\/wp-content\/uploads\/2025\/01\/2020-2-26-20-59-33-387x269.jpg"},"property-detail-slider-thumb":{"file":"2020-2-26-20-59-33-82x60.jpg","width":82,"height":60,"mime-type":"image\/jpeg","filesize":2034,"url":"https:\/\/latorreinmobiliaria.com.ar\/web\/wp-content\/uploads\/2025\/01\/2020-2-26-20-59-33-82x60.jpg"}},"image_meta":{"aperture":"0","credit":"","camera":"","caption":"","created_timestamp":"0","copyright":"","focal_length":"0","iso":"0","shutter_speed":"0","title":"","orientation":"0","keywords":[]},"ID":"20022","name":"2020-2-26-20-59-33.jpg","path":"\/home\/latorre\/public_html\/web\/wp-content\/uploads\/2025\/01\/2020-2-26-20-59-33.jpg","url":"https:\/\/latorreinmobiliaria.com.ar\/web\/wp-content\/uploads\/2025\/01\/2020-2-26-20-59-33-150x150.jpg","full_url":"https:\/\/latorreinmobiliaria.com.ar\/web\/wp-content\/uploads\/2025\/01\/2020-2-26-20-59-33.jpg","title":"2020-2-26-20-59-33","caption":"","description":"","alt":"","srcset":"https:\/\/latorreinmobiliaria.com.ar\/web\/wp-content\/uploads\/2025\/01\/2020-2-26-20-59-33-150x150.jpg 150w, https:\/\/latorreinmobiliaria.com.ar\/web\/wp-content\/uploads\/2025\/01\/2020-2-26-20-59-33-210x210.jpg 210w"},{"width":150,"height":150,"file":"2025\/01\/2020-2-26-20-59-36.jpg","filesize":37133,"sizes":{"medium":{"file":"2020-2-26-20-59-36-300x225.jpg","width":300,"height":225,"mime-type":"image\/jpeg","filesize":15542,"url":"https:\/\/latorreinmobiliaria.com.ar\/web\/wp-content\/uploads\/2025\/01\/2020-2-26-20-59-36-300x225.jpg"},"thumbnail":{"file":"2020-2-26-20-59-36-150x150.jpg","width":150,"height":150,"mime-type":"image\/jpeg","filesize":5704,"url":"https:\/\/latorreinmobiliaria.com.ar\/web\/wp-content\/uploads\/2025\/01\/2020-2-26-20-59-36-150x150.jpg"},"post-thumbnail":{"file":"2020-2-26-20-59-36-150x113.jpg","width":150,"height":113,"mime-type":"image\/jpeg","filesize":4873,"url":"https:\/\/latorreinmobiliaria.com.ar\/web\/wp-content\/uploads\/2025\/01\/2020-2-26-20-59-36-150x113.jpg"},"property-thumb-image":{"file":"2020-2-26-20-59-36-488x326.jpg","width":488,"height":326,"mime-type":"image\/jpeg","filesize":31490,"url":"https:\/\/latorreinmobiliaria.com.ar\/web\/wp-content\/uploads\/2025\/01\/2020-2-26-20-59-36-488x326.jpg"},"agent-image":{"file":"2020-2-26-20-59-36-210x210.jpg","width":210,"height":210,"mime-type":"image\/jpeg","filesize":10045,"url":"https:\/\/latorreinmobiliaria.com.ar\/web\/wp-content\/uploads\/2025\/01\/2020-2-26-20-59-36-210x210.jpg"},"gallery-two-column-image":{"file":"2020-2-26-20-59-36-524x269.jpg","width":524,"height":269,"mime-type":"image\/jpeg","filesize":30360,"url":"https:\/\/latorreinmobiliaria.com.ar\/web\/wp-content\/uploads\/2025\/01\/2020-2-26-20-59-36-524x269.jpg"},"property-detail-slider-thumb":{"file":"2020-2-26-20-59-36-82x60.jpg","width":82,"height":60,"mime-type":"image\/jpeg","filesize":1960,"url":"https:\/\/latorreinmobiliaria.com.ar\/web\/wp-content\/uploads\/2025\/01\/2020-2-26-20-59-36-82x60.jpg"}},"image_meta":{"aperture":"0","credit":"","camera":"","caption":"","created_timestamp":"0","copyright":"","focal_length":"0","iso":"0","shutter_speed":"0","title":"","orientation":"0","keywords":[]},"ID":"20023","name":"2020-2-26-20-59-36.jpg","path":"\/home\/latorre\/public_html\/web\/wp-content\/uploads\/2025\/01\/2020-2-26-20-59-36.jpg","url":"https:\/\/latorreinmobiliaria.com.ar\/web\/wp-content\/uploads\/2025\/01\/2020-2-26-20-59-36-150x150.jpg","full_url":"https:\/\/latorreinmobiliaria.com.ar\/web\/wp-content\/uploads\/2025\/01\/2020-2-26-20-59-36.jpg","title":"2020-2-26-20-59-36","caption":"","description":"","alt":"","srcset":"https:\/\/latorreinmobiliaria.com.ar\/web\/wp-content\/uploads\/2025\/01\/2020-2-26-20-59-36-150x150.jpg 150w, https:\/\/latorreinmobiliaria.com.ar\/web\/wp-content\/uploads\/2025\/01\/2020-2-26-20-59-36-210x210.jpg 210w"},{"width":150,"height":150,"file":"2025\/01\/2020-2-26-20-59-43.jpg","filesize":52942,"sizes":{"medium":{"file":"2020-2-26-20-59-43-300x193.jpg","width":300,"height":193,"mime-type":"image\/jpeg","filesize":19215,"url":"https:\/\/latorreinmobiliaria.com.ar\/web\/wp-content\/uploads\/2025\/01\/2020-2-26-20-59-43-300x193.jpg"},"thumbnail":{"file":"2020-2-26-20-59-43-150x150.jpg","width":150,"height":150,"mime-type":"image\/jpeg","filesize":8438,"url":"https:\/\/latorreinmobiliaria.com.ar\/web\/wp-content\/uploads\/2025\/01\/2020-2-26-20-59-43-150x150.jpg"},"post-thumbnail":{"file":"2020-2-26-20-59-43-150x97.jpg","width":150,"height":97,"mime-type":"image\/jpeg","filesize":6182,"url":"https:\/\/latorreinmobiliaria.com.ar\/web\/wp-content\/uploads\/2025\/01\/2020-2-26-20-59-43-150x97.jpg"},"property-thumb-image":{"file":"2020-2-26-20-59-43-488x326.jpg","width":488,"height":326,"mime-type":"image\/jpeg","filesize":41909,"url":"https:\/\/latorreinmobiliaria.com.ar\/web\/wp-content\/uploads\/2025\/01\/2020-2-26-20-59-43-488x326.jpg"},"agent-image":{"file":"2020-2-26-20-59-43-210x210.jpg","width":210,"height":210,"mime-type":"image\/jpeg","filesize":14734,"url":"https:\/\/latorreinmobiliaria.com.ar\/web\/wp-content\/uploads\/2025\/01\/2020-2-26-20-59-43-210x210.jpg"},"partners-logo":{"file":"2020-2-26-20-59-43-600x393.jpg","width":600,"height":393,"mime-type":"image\/jpeg","filesize":59623,"url":"https:\/\/latorreinmobiliaria.com.ar\/web\/wp-content\/uploads\/2025\/01\/2020-2-26-20-59-43-600x393.jpg"},"gallery-two-column-image":{"file":"2020-2-26-20-59-43-536x269.jpg","width":536,"height":269,"mime-type":"image\/jpeg","filesize":35201,"url":"https:\/\/latorreinmobiliaria.com.ar\/web\/wp-content\/uploads\/2025\/01\/2020-2-26-20-59-43-536x269.jpg"},"property-detail-slider-thumb":{"file":"2020-2-26-20-59-43-82x60.jpg","width":82,"height":60,"mime-type":"image\/jpeg","filesize":2653,"url":"https:\/\/latorreinmobiliaria.com.ar\/web\/wp-content\/uploads\/2025\/01\/2020-2-26-20-59-43-82x60.jpg"}},"image_meta":{"aperture":"0","credit":"","camera":"","caption":"","created_timestamp":"0","copyright":"","focal_length":"0","iso":"0","shutter_speed":"0","title":"","orientation":"0","keywords":[]},"ID":"20024","name":"2020-2-26-20-59-43.jpg","path":"\/home\/latorre\/public_html\/web\/wp-content\/uploads\/2025\/01\/2020-2-26-20-59-43.jpg","url":"https:\/\/latorreinmobiliaria.com.ar\/web\/wp-content\/uploads\/2025\/01\/2020-2-26-20-59-43-150x150.jpg","full_url":"https:\/\/latorreinmobiliaria.com.ar\/web\/wp-content\/uploads\/2025\/01\/2020-2-26-20-59-43.jpg","title":"2020-2-26-20-59-43","caption":"","description":"","alt":"","srcset":"https:\/\/latorreinmobiliaria.com.ar\/web\/wp-content\/uploads\/2025\/01\/2020-2-26-20-59-43-150x150.jpg 150w, https:\/\/latorreinmobiliaria.com.ar\/web\/wp-content\/uploads\/2025\/01\/2020-2-26-20-59-43-210x210.jpg 210w"},{"width":150,"height":150,"file":"2025\/01\/2020-2-26-20-59-46.jpg","filesize":35842,"sizes":{"medium":{"file":"2020-2-26-20-59-46-300x170.jpg","width":300,"height":170,"mime-type":"image\/jpeg","filesize":11644,"url":"https:\/\/latorreinmobiliaria.com.ar\/web\/wp-content\/uploads\/2025\/01\/2020-2-26-20-59-46-300x170.jpg"},"thumbnail":{"file":"2020-2-26-20-59-46-150x150.jpg","width":150,"height":150,"mime-type":"image\/jpeg","filesize":6083,"url":"https:\/\/latorreinmobiliaria.com.ar\/web\/wp-content\/uploads\/2025\/01\/2020-2-26-20-59-46-150x150.jpg"},"post-thumbnail":{"file":"2020-2-26-20-59-46-150x85.jpg","width":150,"height":85,"mime-type":"image\/jpeg","filesize":3986,"url":"https:\/\/latorreinmobiliaria.com.ar\/web\/wp-content\/uploads\/2025\/01\/2020-2-26-20-59-46-150x85.jpg"},"modern-property-child-slider":{"file":"2020-2-26-20-59-46-680x393.jpg","width":680,"height":393,"mime-type":"image\/jpeg","filesize":41079,"url":"https:\/\/latorreinmobiliaria.com.ar\/web\/wp-content\/uploads\/2025\/01\/2020-2-26-20-59-46-680x393.jpg"},"property-thumb-image":{"file":"2020-2-26-20-59-46-488x326.jpg","width":488,"height":326,"mime-type":"image\/jpeg","filesize":26579,"url":"https:\/\/latorreinmobiliaria.com.ar\/web\/wp-content\/uploads\/2025\/01\/2020-2-26-20-59-46-488x326.jpg"},"agent-image":{"file":"2020-2-26-20-59-46-210x210.jpg","width":210,"height":210,"mime-type":"image\/jpeg","filesize":10259,"url":"https:\/\/latorreinmobiliaria.com.ar\/web\/wp-content\/uploads\/2025\/01\/2020-2-26-20-59-46-210x210.jpg"},"partners-logo":{"file":"2020-2-26-20-59-46-600x393.jpg","width":600,"height":393,"mime-type":"image\/jpeg","filesize":36452,"url":"https:\/\/latorreinmobiliaria.com.ar\/web\/wp-content\/uploads\/2025\/01\/2020-2-26-20-59-46-600x393.jpg"},"gallery-two-column-image":{"file":"2020-2-26-20-59-46-536x269.jpg","width":536,"height":269,"mime-type":"image\/jpeg","filesize":24735,"url":"https:\/\/latorreinmobiliaria.com.ar\/web\/wp-content\/uploads\/2025\/01\/2020-2-26-20-59-46-536x269.jpg"},"property-detail-slider-thumb":{"file":"2020-2-26-20-59-46-82x60.jpg","width":82,"height":60,"mime-type":"image\/jpeg","filesize":1977,"url":"https:\/\/latorreinmobiliaria.com.ar\/web\/wp-content\/uploads\/2025\/01\/2020-2-26-20-59-46-82x60.jpg"}},"image_meta":{"aperture":"0","credit":"","camera":"","caption":"","created_timestamp":"0","copyright":"","focal_length":"0","iso":"0","shutter_speed":"0","title":"","orientation":"0","keywords":[]},"ID":"20025","name":"2020-2-26-20-59-46.jpg","path":"\/home\/latorre\/public_html\/web\/wp-content\/uploads\/2025\/01\/2020-2-26-20-59-46.jpg","url":"https:\/\/latorreinmobiliaria.com.ar\/web\/wp-content\/uploads\/2025\/01\/2020-2-26-20-59-46-150x150.jpg","full_url":"https:\/\/latorreinmobiliaria.com.ar\/web\/wp-content\/uploads\/2025\/01\/2020-2-26-20-59-46.jpg","title":"2020-2-26-20-59-46","caption":"","description":"","alt":"","srcset":"https:\/\/latorreinmobiliaria.com.ar\/web\/wp-content\/uploads\/2025\/01\/2020-2-26-20-59-46-150x150.jpg 150w, https:\/\/latorreinmobiliaria.com.ar\/web\/wp-content\/uploads\/2025\/01\/2020-2-26-20-59-46-210x210.jpg 210w"},{"width":150,"height":150,"file":"2025\/01\/2020-2-26-20-59-49.jpg","filesize":39170,"sizes":{"medium":{"file":"2020-2-26-20-59-49-300x170.jpg","width":300,"height":170,"mime-type":"image\/jpeg","filesize":12594,"url":"https:\/\/latorreinmobiliaria.com.ar\/web\/wp-content\/uploads\/2025\/01\/2020-2-26-20-59-49-300x170.jpg"},"thumbnail":{"file":"2020-2-26-20-59-49-150x150.jpg","width":150,"height":150,"mime-type":"image\/jpeg","filesize":6589,"url":"https:\/\/latorreinmobiliaria.com.ar\/web\/wp-content\/uploads\/2025\/01\/2020-2-26-20-59-49-150x150.jpg"},"post-thumbnail":{"file":"2020-2-26-20-59-49-150x85.jpg","width":150,"height":85,"mime-type":"image\/jpeg","filesize":4196,"url":"https:\/\/latorreinmobiliaria.com.ar\/web\/wp-content\/uploads\/2025\/01\/2020-2-26-20-59-49-150x85.jpg"},"modern-property-child-slider":{"file":"2020-2-26-20-59-49-680x393.jpg","width":680,"height":393,"mime-type":"image\/jpeg","filesize":45262,"url":"https:\/\/latorreinmobiliaria.com.ar\/web\/wp-content\/uploads\/2025\/01\/2020-2-26-20-59-49-680x393.jpg"},"property-thumb-image":{"file":"2020-2-26-20-59-49-488x326.jpg","width":488,"height":326,"mime-type":"image\/jpeg","filesize":29373,"url":"https:\/\/latorreinmobiliaria.com.ar\/web\/wp-content\/uploads\/2025\/01\/2020-2-26-20-59-49-488x326.jpg"},"agent-image":{"file":"2020-2-26-20-59-49-210x210.jpg","width":210,"height":210,"mime-type":"image\/jpeg","filesize":11246,"url":"https:\/\/latorreinmobiliaria.com.ar\/web\/wp-content\/uploads\/2025\/01\/2020-2-26-20-59-49-210x210.jpg"},"partners-logo":{"file":"2020-2-26-20-59-49-600x393.jpg","width":600,"height":393,"mime-type":"image\/jpeg","filesize":40514,"url":"https:\/\/latorreinmobiliaria.com.ar\/web\/wp-content\/uploads\/2025\/01\/2020-2-26-20-59-49-600x393.jpg"},"gallery-two-column-image":{"file":"2020-2-26-20-59-49-536x269.jpg","width":536,"height":269,"mime-type":"image\/jpeg","filesize":27287,"url":"https:\/\/latorreinmobiliaria.com.ar\/web\/wp-content\/uploads\/2025\/01\/2020-2-26-20-59-49-536x269.jpg"},"property-detail-slider-thumb":{"file":"2020-2-26-20-59-49-82x60.jpg","width":82,"height":60,"mime-type":"image\/jpeg","filesize":2034,"url":"https:\/\/latorreinmobiliaria.com.ar\/web\/wp-content\/uploads\/2025\/01\/2020-2-26-20-59-49-82x60.jpg"}},"image_meta":{"aperture":"0","credit":"","camera":"","caption":"","created_timestamp":"0","copyright":"","focal_length":"0","iso":"0","shutter_speed":"0","title":"","orientation":"0","keywords":[]},"ID":"20026","name":"2020-2-26-20-59-49.jpg","path":"\/home\/latorre\/public_html\/web\/wp-content\/uploads\/2025\/01\/2020-2-26-20-59-49.jpg","url":"https:\/\/latorreinmobiliaria.com.ar\/web\/wp-content\/uploads\/2025\/01\/2020-2-26-20-59-49-150x150.jpg","full_url":"https:\/\/latorreinmobiliaria.com.ar\/web\/wp-content\/uploads\/2025\/01\/2020-2-26-20-59-49.jpg","title":"2020-2-26-20-59-49","caption":"","description":"","alt":"","srcset":"https:\/\/latorreinmobiliaria.com.ar\/web\/wp-content\/uploads\/2025\/01\/2020-2-26-20-59-49-150x150.jpg 150w, https:\/\/latorreinmobiliaria.com.ar\/web\/wp-content\/uploads\/2025\/01\/2020-2-26-20-59-49-210x210.jpg 210w"},{"width":150,"height":150,"file":"2025\/01\/2020-2-26-20-59-51.jpg","filesize":36091,"sizes":{"medium":{"file":"2020-2-26-20-59-51-300x170.jpg","width":300,"height":170,"mime-type":"image\/jpeg","filesize":11740,"url":"https:\/\/latorreinmobiliaria.com.ar\/web\/wp-content\/uploads\/2025\/01\/2020-2-26-20-59-51-300x170.jpg"},"thumbnail":{"file":"2020-2-26-20-59-51-150x150.jpg","width":150,"height":150,"mime-type":"image\/jpeg","filesize":5539,"url":"https:\/\/latorreinmobiliaria.com.ar\/web\/wp-content\/uploads\/2025\/01\/2020-2-26-20-59-51-150x150.jpg"},"post-thumbnail":{"file":"2020-2-26-20-59-51-150x85.jpg","width":150,"height":85,"mime-type":"image\/jpeg","filesize":4071,"url":"https:\/\/latorreinmobiliaria.com.ar\/web\/wp-content\/uploads\/2025\/01\/2020-2-26-20-59-51-150x85.jpg"},"modern-property-child-slider":{"file":"2020-2-26-20-59-51-680x393.jpg","width":680,"height":393,"mime-type":"image\/jpeg","filesize":41274,"url":"https:\/\/latorreinmobiliaria.com.ar\/web\/wp-content\/uploads\/2025\/01\/2020-2-26-20-59-51-680x393.jpg"},"property-thumb-image":{"file":"2020-2-26-20-59-51-488x326.jpg","width":488,"height":326,"mime-type":"image\/jpeg","filesize":25412,"url":"https:\/\/latorreinmobiliaria.com.ar\/web\/wp-content\/uploads\/2025\/01\/2020-2-26-20-59-51-488x326.jpg"},"agent-image":{"file":"2020-2-26-20-59-51-210x210.jpg","width":210,"height":210,"mime-type":"image\/jpeg","filesize":9086,"url":"https:\/\/latorreinmobiliaria.com.ar\/web\/wp-content\/uploads\/2025\/01\/2020-2-26-20-59-51-210x210.jpg"},"partners-logo":{"file":"2020-2-26-20-59-51-600x393.jpg","width":600,"height":393,"mime-type":"image\/jpeg","filesize":35352,"url":"https:\/\/latorreinmobiliaria.com.ar\/web\/wp-content\/uploads\/2025\/01\/2020-2-26-20-59-51-600x393.jpg"},"gallery-two-column-image":{"file":"2020-2-26-20-59-51-536x269.jpg","width":536,"height":269,"mime-type":"image\/jpeg","filesize":24581,"url":"https:\/\/latorreinmobiliaria.com.ar\/web\/wp-content\/uploads\/2025\/01\/2020-2-26-20-59-51-536x269.jpg"},"property-detail-slider-thumb":{"file":"2020-2-26-20-59-51-82x60.jpg","width":82,"height":60,"mime-type":"image\/jpeg","filesize":1938,"url":"https:\/\/latorreinmobiliaria.com.ar\/web\/wp-content\/uploads\/2025\/01\/2020-2-26-20-59-51-82x60.jpg"}},"image_meta":{"aperture":"0","credit":"","camera":"","caption":"","created_timestamp":"0","copyright":"","focal_length":"0","iso":"0","shutter_speed":"0","title":"","orientation":"0","keywords":[]},"ID":"20027","name":"2020-2-26-20-59-51.jpg","path":"\/home\/latorre\/public_html\/web\/wp-content\/uploads\/2025\/01\/2020-2-26-20-59-51.jpg","url":"https:\/\/latorreinmobiliaria.com.ar\/web\/wp-content\/uploads\/2025\/01\/2020-2-26-20-59-51-150x150.jpg","full_url":"https:\/\/latorreinmobiliaria.com.ar\/web\/wp-content\/uploads\/2025\/01\/2020-2-26-20-59-51.jpg","title":"2020-2-26-20-59-51","caption":"","description":"","alt":"","srcset":"https:\/\/latorreinmobiliaria.com.ar\/web\/wp-content\/uploads\/2025\/01\/2020-2-26-20-59-51-150x150.jpg 150w, https:\/\/latorreinmobiliaria.com.ar\/web\/wp-content\/uploads\/2025\/01\/2020-2-26-20-59-51-210x210.jpg 210w"},{"width":150,"height":150,"file":"2025\/01\/2020-2-26-20-59-54.jpg","filesize":11931,"sizes":{"medium":{"file":"2020-2-26-20-59-54-165x300.jpg","width":165,"height":300,"mime-type":"image\/jpeg","filesize":8539,"url":"https:\/\/latorreinmobiliaria.com.ar\/web\/wp-content\/uploads\/2025\/01\/2020-2-26-20-59-54-165x300.jpg"},"thumbnail":{"file":"2020-2-26-20-59-54-150x150.jpg","width":150,"height":150,"mime-type":"image\/jpeg","filesize":5137,"url":"https:\/\/latorreinmobiliaria.com.ar\/web\/wp-content\/uploads\/2025\/01\/2020-2-26-20-59-54-150x150.jpg"},"post-thumbnail":{"file":"2020-2-26-20-59-54-82x150.jpg","width":82,"height":150,"mime-type":"image\/jpeg","filesize":3496,"url":"https:\/\/latorreinmobiliaria.com.ar\/web\/wp-content\/uploads\/2025\/01\/2020-2-26-20-59-54-82x150.jpg"},"property-thumb-image":{"file":"2020-2-26-20-59-54-216x326.jpg","width":216,"height":326,"mime-type":"image\/jpeg","filesize":12185,"url":"https:\/\/latorreinmobiliaria.com.ar\/web\/wp-content\/uploads\/2025\/01\/2020-2-26-20-59-54-216x326.jpg"},"agent-image":{"file":"2020-2-26-20-59-54-210x210.jpg","width":210,"height":210,"mime-type":"image\/jpeg","filesize":8267,"url":"https:\/\/latorreinmobiliaria.com.ar\/web\/wp-content\/uploads\/2025\/01\/2020-2-26-20-59-54-210x210.jpg"},"gallery-two-column-image":{"file":"2020-2-26-20-59-54-216x269.jpg","width":216,"height":269,"mime-type":"image\/jpeg","filesize":10395,"url":"https:\/\/latorreinmobiliaria.com.ar\/web\/wp-content\/uploads\/2025\/01\/2020-2-26-20-59-54-216x269.jpg"},"property-detail-slider-thumb":{"file":"2020-2-26-20-59-54-82x60.jpg","width":82,"height":60,"mime-type":"image\/jpeg","filesize":1892,"url":"https:\/\/latorreinmobiliaria.com.ar\/web\/wp-content\/uploads\/2025\/01\/2020-2-26-20-59-54-82x60.jpg"}},"image_meta":{"aperture":"0","credit":"","camera":"","caption":"","created_timestamp":"0","copyright":"","focal_length":"0","iso":"0","shutter_speed":"0","title":"","orientation":"0","keywords":[]},"ID":"20028","name":"2020-2-26-20-59-54.jpg","path":"\/home\/latorre\/public_html\/web\/wp-content\/uploads\/2025\/01\/2020-2-26-20-59-54.jpg","url":"https:\/\/latorreinmobiliaria.com.ar\/web\/wp-content\/uploads\/2025\/01\/2020-2-26-20-59-54-150x150.jpg","full_url":"https:\/\/latorreinmobiliaria.com.ar\/web\/wp-content\/uploads\/2025\/01\/2020-2-26-20-59-54.jpg","title":"2020-2-26-20-59-54","caption":"","description":"","alt":"","srcset":"https:\/\/latorreinmobiliaria.com.ar\/web\/wp-content\/uploads\/2025\/01\/2020-2-26-20-59-54-150x150.jpg 150w, https:\/\/latorreinmobiliaria.com.ar\/web\/wp-content\/uploads\/2025\/01\/2020-2-26-20-59-54-210x210.jpg 210w"},{"width":150,"height":150,"file":"2025\/01\/2020-2-26-20-59-57.jpg","filesize":11454,"sizes":{"medium":{"file":"2020-2-26-20-59-57-165x300.jpg","width":165,"height":300,"mime-type":"image\/jpeg","filesize":8106,"url":"https:\/\/latorreinmobiliaria.com.ar\/web\/wp-content\/uploads\/2025\/01\/2020-2-26-20-59-57-165x300.jpg"},"thumbnail":{"file":"2020-2-26-20-59-57-150x150.jpg","width":150,"height":150,"mime-type":"image\/jpeg","filesize":4654,"url":"https:\/\/latorreinmobiliaria.com.ar\/web\/wp-content\/uploads\/2025\/01\/2020-2-26-20-59-57-150x150.jpg"},"post-thumbnail":{"file":"2020-2-26-20-59-57-82x150.jpg","width":82,"height":150,"mime-type":"image\/jpeg","filesize":3238,"url":"https:\/\/latorreinmobiliaria.com.ar\/web\/wp-content\/uploads\/2025\/01\/2020-2-26-20-59-57-82x150.jpg"},"property-thumb-image":{"file":"2020-2-26-20-59-57-216x326.jpg","width":216,"height":326,"mime-type":"image\/jpeg","filesize":11690,"url":"https:\/\/latorreinmobiliaria.com.ar\/web\/wp-content\/uploads\/2025\/01\/2020-2-26-20-59-57-216x326.jpg"},"agent-image":{"file":"2020-2-26-20-59-57-210x210.jpg","width":210,"height":210,"mime-type":"image\/jpeg","filesize":7665,"url":"https:\/\/latorreinmobiliaria.com.ar\/web\/wp-content\/uploads\/2025\/01\/2020-2-26-20-59-57-210x210.jpg"},"gallery-two-column-image":{"file":"2020-2-26-20-59-57-216x269.jpg","width":216,"height":269,"mime-type":"image\/jpeg","filesize":9966,"url":"https:\/\/latorreinmobiliaria.com.ar\/web\/wp-content\/uploads\/2025\/01\/2020-2-26-20-59-57-216x269.jpg"},"property-detail-slider-thumb":{"file":"2020-2-26-20-59-57-82x60.jpg","width":82,"height":60,"mime-type":"image\/jpeg","filesize":1734,"url":"https:\/\/latorreinmobiliaria.com.ar\/web\/wp-content\/uploads\/2025\/01\/2020-2-26-20-59-57-82x60.jpg"}},"image_meta":{"aperture":"0","credit":"","camera":"","caption":"","created_timestamp":"0","copyright":"","focal_length":"0","iso":"0","shutter_speed":"0","title":"","orientation":"0","keywords":[]},"ID":"20029","name":"2020-2-26-20-59-57.jpg","path":"\/home\/latorre\/public_html\/web\/wp-content\/uploads\/2025\/01\/2020-2-26-20-59-57.jpg","url":"https:\/\/latorreinmobiliaria.com.ar\/web\/wp-content\/uploads\/2025\/01\/2020-2-26-20-59-57-150x150.jpg","full_url":"https:\/\/latorreinmobiliaria.com.ar\/web\/wp-content\/uploads\/2025\/01\/2020-2-26-20-59-57.jpg","title":"2020-2-26-20-59-57","caption":"","description":"","alt":"","srcset":"https:\/\/latorreinmobiliaria.com.ar\/web\/wp-content\/uploads\/2025\/01\/2020-2-26-20-59-57-150x150.jpg 150w, https:\/\/latorreinmobiliaria.com.ar\/web\/wp-content\/uploads\/2025\/01\/2020-2-26-20-59-57-210x210.jpg 210w"},{"width":150,"height":150,"file":"2025\/01\/2020-2-26-21-0-4.jpg","filesize":51330,"sizes":{"medium":{"file":"2020-2-26-21-0-4-300x222.jpg","width":300,"height":222,"mime-type":"image\/jpeg","filesize":20452,"url":"https:\/\/latorreinmobiliaria.com.ar\/web\/wp-content\/uploads\/2025\/01\/2020-2-26-21-0-4-300x222.jpg"},"thumbnail":{"file":"2020-2-26-21-0-4-150x150.jpg","width":150,"height":150,"mime-type":"image\/jpeg","filesize":7715,"url":"https:\/\/latorreinmobiliaria.com.ar\/web\/wp-content\/uploads\/2025\/01\/2020-2-26-21-0-4-150x150.jpg"},"post-thumbnail":{"file":"2020-2-26-21-0-4-150x111.jpg","width":150,"height":111,"mime-type":"image\/jpeg","filesize":6158,"url":"https:\/\/latorreinmobiliaria.com.ar\/web\/wp-content\/uploads\/2025\/01\/2020-2-26-21-0-4-150x111.jpg"},"property-thumb-image":{"file":"2020-2-26-21-0-4-488x326.jpg","width":488,"height":326,"mime-type":"image\/jpeg","filesize":42443,"url":"https:\/\/latorreinmobiliaria.com.ar\/web\/wp-content\/uploads\/2025\/01\/2020-2-26-21-0-4-488x326.jpg"},"agent-image":{"file":"2020-2-26-21-0-4-210x210.jpg","width":210,"height":210,"mime-type":"image\/jpeg","filesize":13997,"url":"https:\/\/latorreinmobiliaria.com.ar\/web\/wp-content\/uploads\/2025\/01\/2020-2-26-21-0-4-210x210.jpg"},"gallery-two-column-image":{"file":"2020-2-26-21-0-4-531x269.jpg","width":531,"height":269,"mime-type":"image\/jpeg","filesize":41098,"url":"https:\/\/latorreinmobiliaria.com.ar\/web\/wp-content\/uploads\/2025\/01\/2020-2-26-21-0-4-531x269.jpg"},"property-detail-slider-thumb":{"file":"2020-2-26-21-0-4-82x60.jpg","width":82,"height":60,"mime-type":"image\/jpeg","filesize":2379,"url":"https:\/\/latorreinmobiliaria.com.ar\/web\/wp-content\/uploads\/2025\/01\/2020-2-26-21-0-4-82x60.jpg"}},"image_meta":{"aperture":"0","credit":"","camera":"","caption":"","created_timestamp":"0","copyright":"","focal_length":"0","iso":"0","shutter_speed":"0","title":"","orientation":"0","keywords":[]},"ID":"20030","name":"2020-2-26-21-0-4.jpg","path":"\/home\/latorre\/public_html\/web\/wp-content\/uploads\/2025\/01\/2020-2-26-21-0-4.jpg","url":"https:\/\/latorreinmobiliaria.com.ar\/web\/wp-content\/uploads\/2025\/01\/2020-2-26-21-0-4-150x150.jpg","full_url":"https:\/\/latorreinmobiliaria.com.ar\/web\/wp-content\/uploads\/2025\/01\/2020-2-26-21-0-4.jpg","title":"2020-2-26-21-0-4","caption":"","description":"","alt":"","srcset":"https:\/\/latorreinmobiliaria.com.ar\/web\/wp-content\/uploads\/2025\/01\/2020-2-26-21-0-4-150x150.jpg 150w, https:\/\/latorreinmobiliaria.com.ar\/web\/wp-content\/uploads\/2025\/01\/2020-2-26-21-0-4-210x210.jpg 210w"},{"width":150,"height":150,"file":"2025\/01\/2020-2-26-21-0-6.jpg","filesize":20716,"sizes":{"medium":{"file":"2020-2-26-21-0-6-300x224.jpg","width":300,"height":224,"mime-type":"image\/jpeg","filesize":10472,"url":"https:\/\/latorreinmobiliaria.com.ar\/web\/wp-content\/uploads\/2025\/01\/2020-2-26-21-0-6-300x224.jpg"},"thumbnail":{"file":"2020-2-26-21-0-6-150x150.jpg","width":150,"height":150,"mime-type":"image\/jpeg","filesize":4495,"url":"https:\/\/latorreinmobiliaria.com.ar\/web\/wp-content\/uploads\/2025\/01\/2020-2-26-21-0-6-150x150.jpg"},"post-thumbnail":{"file":"2020-2-26-21-0-6-150x112.jpg","width":150,"height":112,"mime-type":"image\/jpeg","filesize":3920,"url":"https:\/\/latorreinmobiliaria.com.ar\/web\/wp-content\/uploads\/2025\/01\/2020-2-26-21-0-6-150x112.jpg"},"property-thumb-image":{"file":"2020-2-26-21-0-6-488x326.jpg","width":488,"height":326,"mime-type":"image\/jpeg","filesize":19152,"url":"https:\/\/latorreinmobiliaria.com.ar\/web\/wp-content\/uploads\/2025\/01\/2020-2-26-21-0-6-488x326.jpg"},"agent-image":{"file":"2020-2-26-21-0-6-210x210.jpg","width":210,"height":210,"mime-type":"image\/jpeg","filesize":7261,"url":"https:\/\/latorreinmobiliaria.com.ar\/web\/wp-content\/uploads\/2025\/01\/2020-2-26-21-0-6-210x210.jpg"},"gallery-two-column-image":{"file":"2020-2-26-21-0-6-526x269.jpg","width":526,"height":269,"mime-type":"image\/jpeg","filesize":17724,"url":"https:\/\/latorreinmobiliaria.com.ar\/web\/wp-content\/uploads\/2025\/01\/2020-2-26-21-0-6-526x269.jpg"},"property-detail-slider-thumb":{"file":"2020-2-26-21-0-6-82x60.jpg","width":82,"height":60,"mime-type":"image\/jpeg","filesize":1798,"url":"https:\/\/latorreinmobiliaria.com.ar\/web\/wp-content\/uploads\/2025\/01\/2020-2-26-21-0-6-82x60.jpg"}},"image_meta":{"aperture":"0","credit":"","camera":"","caption":"","created_timestamp":"0","copyright":"","focal_length":"0","iso":"0","shutter_speed":"0","title":"","orientation":"0","keywords":[]},"ID":"20031","name":"2020-2-26-21-0-6.jpg","path":"\/home\/latorre\/public_html\/web\/wp-content\/uploads\/2025\/01\/2020-2-26-21-0-6.jpg","url":"https:\/\/latorreinmobiliaria.com.ar\/web\/wp-content\/uploads\/2025\/01\/2020-2-26-21-0-6-150x150.jpg","full_url":"https:\/\/latorreinmobiliaria.com.ar\/web\/wp-content\/uploads\/2025\/01\/2020-2-26-21-0-6.jpg","title":"2020-2-26-21-0-6","caption":"","description":"","alt":"","srcset":"https:\/\/latorreinmobiliaria.com.ar\/web\/wp-content\/uploads\/2025\/01\/2020-2-26-21-0-6-150x150.jpg 150w, https:\/\/latorreinmobiliaria.com.ar\/web\/wp-content\/uploads\/2025\/01\/2020-2-26-21-0-6-210x210.jpg 210w"},{"width":150,"height":150,"file":"2025\/01\/2020-2-26-21-0-9.jpg","filesize":15279,"sizes":{"medium":{"file":"2020-2-26-21-0-9-226x300.jpg","width":226,"height":300,"mime-type":"image\/jpeg","filesize":11015,"url":"https:\/\/latorreinmobiliaria.com.ar\/web\/wp-content\/uploads\/2025\/01\/2020-2-26-21-0-9-226x300.jpg"},"thumbnail":{"file":"2020-2-26-21-0-9-150x150.jpg","width":150,"height":150,"mime-type":"image\/jpeg","filesize":4779,"url":"https:\/\/latorreinmobiliaria.com.ar\/web\/wp-content\/uploads\/2025\/01\/2020-2-26-21-0-9-150x150.jpg"},"post-thumbnail":{"file":"2020-2-26-21-0-9-113x150.jpg","width":113,"height":150,"mime-type":"image\/jpeg","filesize":4294,"url":"https:\/\/latorreinmobiliaria.com.ar\/web\/wp-content\/uploads\/2025\/01\/2020-2-26-21-0-9-113x150.jpg"},"property-thumb-image":{"file":"2020-2-26-21-0-9-296x326.jpg","width":296,"height":326,"mime-type":"image\/jpeg","filesize":14404,"url":"https:\/\/latorreinmobiliaria.com.ar\/web\/wp-content\/uploads\/2025\/01\/2020-2-26-21-0-9-296x326.jpg"},"agent-image":{"file":"2020-2-26-21-0-9-210x210.jpg","width":210,"height":210,"mime-type":"image\/jpeg","filesize":7825,"url":"https:\/\/latorreinmobiliaria.com.ar\/web\/wp-content\/uploads\/2025\/01\/2020-2-26-21-0-9-210x210.jpg"},"gallery-two-column-image":{"file":"2020-2-26-21-0-9-296x269.jpg","width":296,"height":269,"mime-type":"image\/jpeg","filesize":11569,"url":"https:\/\/latorreinmobiliaria.com.ar\/web\/wp-content\/uploads\/2025\/01\/2020-2-26-21-0-9-296x269.jpg"},"property-detail-slider-thumb":{"file":"2020-2-26-21-0-9-82x60.jpg","width":82,"height":60,"mime-type":"image\/jpeg","filesize":1612,"url":"https:\/\/latorreinmobiliaria.com.ar\/web\/wp-content\/uploads\/2025\/01\/2020-2-26-21-0-9-82x60.jpg"}},"image_meta":{"aperture":"0","credit":"","camera":"","caption":"","created_timestamp":"0","copyright":"","focal_length":"0","iso":"0","shutter_speed":"0","title":"","orientation":"0","keywords":[]},"ID":"20032","name":"2020-2-26-21-0-9.jpg","path":"\/home\/latorre\/public_html\/web\/wp-content\/uploads\/2025\/01\/2020-2-26-21-0-9.jpg","url":"https:\/\/latorreinmobiliaria.com.ar\/web\/wp-content\/uploads\/2025\/01\/2020-2-26-21-0-9-150x150.jpg","full_url":"https:\/\/latorreinmobiliaria.com.ar\/web\/wp-content\/uploads\/2025\/01\/2020-2-26-21-0-9.jpg","title":"2020-2-26-21-0-9","caption":"","description":"","alt":"","srcset":"https:\/\/latorreinmobiliaria.com.ar\/web\/wp-content\/uploads\/2025\/01\/2020-2-26-21-0-9-150x150.jpg 150w, https:\/\/latorreinmobiliaria.com.ar\/web\/wp-content\/uploads\/2025\/01\/2020-2-26-21-0-9-210x210.jpg 210w"},{"width":150,"height":150,"file":"2025\/01\/2020-2-26-21-0-13.jpg","filesize":18340,"sizes":{"medium":{"file":"2020-2-26-21-0-13-300x224.jpg","width":300,"height":224,"mime-type":"image\/jpeg","filesize":8513,"url":"https:\/\/latorreinmobiliaria.com.ar\/web\/wp-content\/uploads\/2025\/01\/2020-2-26-21-0-13-300x224.jpg"},"thumbnail":{"file":"2020-2-26-21-0-13-150x150.jpg","width":150,"height":150,"mime-type":"image\/jpeg","filesize":3459,"url":"https:\/\/latorreinmobiliaria.com.ar\/web\/wp-content\/uploads\/2025\/01\/2020-2-26-21-0-13-150x150.jpg"},"post-thumbnail":{"file":"2020-2-26-21-0-13-150x112.jpg","width":150,"height":112,"mime-type":"image\/jpeg","filesize":2963,"url":"https:\/\/latorreinmobiliaria.com.ar\/web\/wp-content\/uploads\/2025\/01\/2020-2-26-21-0-13-150x112.jpg"},"property-thumb-image":{"file":"2020-2-26-21-0-13-488x326.jpg","width":488,"height":326,"mime-type":"image\/jpeg","filesize":15849,"url":"https:\/\/latorreinmobiliaria.com.ar\/web\/wp-content\/uploads\/2025\/01\/2020-2-26-21-0-13-488x326.jpg"},"agent-image":{"file":"2020-2-26-21-0-13-210x210.jpg","width":210,"height":210,"mime-type":"image\/jpeg","filesize":5845,"url":"https:\/\/latorreinmobiliaria.com.ar\/web\/wp-content\/uploads\/2025\/01\/2020-2-26-21-0-13-210x210.jpg"},"gallery-two-column-image":{"file":"2020-2-26-21-0-13-526x269.jpg","width":526,"height":269,"mime-type":"image\/jpeg","filesize":13258,"url":"https:\/\/latorreinmobiliaria.com.ar\/web\/wp-content\/uploads\/2025\/01\/2020-2-26-21-0-13-526x269.jpg"},"property-detail-slider-thumb":{"file":"2020-2-26-21-0-13-82x60.jpg","width":82,"height":60,"mime-type":"image\/jpeg","filesize":1364,"url":"https:\/\/latorreinmobiliaria.com.ar\/web\/wp-content\/uploads\/2025\/01\/2020-2-26-21-0-13-82x60.jpg"}},"image_meta":{"aperture":"0","credit":"","camera":"","caption":"","created_timestamp":"0","copyright":"","focal_length":"0","iso":"0","shutter_speed":"0","title":"","orientation":"0","keywords":[]},"ID":"20034","name":"2020-2-26-21-0-13.jpg","path":"\/home\/latorre\/public_html\/web\/wp-content\/uploads\/2025\/01\/2020-2-26-21-0-13.jpg","url":"https:\/\/latorreinmobiliaria.com.ar\/web\/wp-content\/uploads\/2025\/01\/2020-2-26-21-0-13-150x150.jpg","full_url":"https:\/\/latorreinmobiliaria.com.ar\/web\/wp-content\/uploads\/2025\/01\/2020-2-26-21-0-13.jpg","title":"2020-2-26-21-0-13","caption":"","description":"","alt":"","srcset":"https:\/\/latorreinmobiliaria.com.ar\/web\/wp-content\/uploads\/2025\/01\/2020-2-26-21-0-13-150x150.jpg 150w, https:\/\/latorreinmobiliaria.com.ar\/web\/wp-content\/uploads\/2025\/01\/2020-2-26-21-0-13-210x210.jpg 210w"}],"REAL_HOMES_change_gallery_slider_type":"0","REAL_HOMES_gallery_slider_type":"thumb-on-right","inspiry_floor_plans":[],"inspiry_video_group":[],"REAL_HOMES_360_virtual_tour":"","REAL_HOMES_tour_video_url":"","REAL_HOMES_tour_video_image":[],"REAL_HOMES_agent_display_option":"none","REAL_HOMES_agents":[],"REAL_HOMES_energy_class":"none","REAL_HOMES_energy_performance":"","REAL_HOMES_epc_current_rating":"","REAL_HOMES_epc_potential_rating":"","REAL_HOMES_sticky":"0","inspiry_property_label":"","inspiry_property_label_color":"","inspiry_property_tax":"0","inspiry_additional_fee":"0","REAL_HOMES_attachments":[],"inspiry_property_owner_name":"","inspiry_property_owner_contact":"","inspiry_property_owner_address":"","REAL_HOMES_property_private_note":"","inspiry_message_to_reviewer":"","REAL_HOMES_add_in_slider":"no","REAL_HOMES_slider_image":[],"REAL_HOMES_page_banner_image":[]},"_links":{"self":[{"href":"https:\/\/latorreinmobiliaria.com.ar\/web\/wp-json\/wp\/v2\/properties\/20033","targetHints":{"allow":["GET"]}}],"collection":[{"href":"https:\/\/latorreinmobiliaria.com.ar\/web\/wp-json\/wp\/v2\/properties"}],"about":[{"href":"https:\/\/latorreinmobiliaria.com.ar\/web\/wp-json\/wp\/v2\/types\/property"}],"author":[{"embeddable":true,"href":"https:\/\/latorreinmobiliaria.com.ar\/web\/wp-json\/wp\/v2\/users\/3"}],"replies":[{"embeddable":true,"href":"https:\/\/latorreinmobiliaria.com.ar\/web\/wp-json\/wp\/v2\/comments?post=20033"}],"version-history":[{"count":1,"href":"https:\/\/latorreinmobiliaria.com.ar\/web\/wp-json\/wp\/v2\/properties\/20033\/revisions"}],"predecessor-version":[{"id":20035,"href":"https:\/\/latorreinmobiliaria.com.ar\/web\/wp-json\/wp\/v2\/properties\/20033\/revisions\/20035"}],"wp:featuredmedia":[{"embeddable":true,"href":"https:\/\/latorreinmobiliaria.com.ar\/web\/wp-json\/wp\/v2\/media\/20002"}],"wp:attachment":[{"href":"https:\/\/latorreinmobiliaria.com.ar\/web\/wp-json\/wp\/v2\/media?parent=20033"}],"wp:term":[{"taxonomy":"property-feature","embeddable":true,"href":"https:\/\/latorreinmobiliaria.com.ar\/web\/wp-json\/wp\/v2\/caracter\u00edsticas-propiedad?post=20033"},{"taxonomy":"property-type","embeddable":true,"href":"https:\/\/latorreinmobiliaria.com.ar\/web\/wp-json\/wp\/v2\/tipos-propiedad?post=20033"},{"taxonomy":"property-city","embeddable":true,"href":"https:\/\/latorreinmobiliaria.com.ar\/web\/wp-json\/wp\/v2\/ciudades-propiedad?post=20033"},{"taxonomy":"property-status","embeddable":true,"href":"https:\/\/latorreinmobiliaria.com.ar\/web\/wp-json\/wp\/v2\/estatus-propiedad?post=20033"}],"curies":[{"name":"wp","href":"https:\/\/api.w.org\/{rel}","templated":true}]}}