{"id":1167,"date":"2021-05-28T20:01:40","date_gmt":"2021-05-28T20:01:40","guid":{"rendered":"https:\/\/latorreinmobiliaria.com.ar\/web\/?page_id=1167"},"modified":"2023-12-03T19:05:28","modified_gmt":"2023-12-03T22:05:28","slug":"locales-comerciales","status":"publish","type":"page","link":"https:\/\/latorreinmobiliaria.com.ar\/web\/locales-comerciales\/","title":{"rendered":"Locales Comerciales"},"content":{"rendered":"\t\t<div data-elementor-type=\"wp-page\" data-elementor-id=\"1167\" class=\"elementor elementor-1167\">\n\t\t\t\t\t\t\t\t\t<section class=\"elementor-section elementor-top-section elementor-element elementor-element-981d5b7 elementor-section-full_width elementor-section-height-default elementor-section-height-default\" data-id=\"981d5b7\" data-element_type=\"section\">\n\t\t\t\t\t\t<div class=\"elementor-container elementor-column-gap-default\">\n\t\t\t\t\t<div class=\"elementor-column elementor-col-100 elementor-top-column elementor-element elementor-element-eafcd43\" data-id=\"eafcd43\" data-element_type=\"column\">\n\t\t\t<div class=\"elementor-widget-wrap elementor-element-populated\">\n\t\t\t\t\t\t\t\t<div class=\"elementor-element elementor-element-125cf6c elementor-widget elementor-widget-rhea-properties-widget\" data-id=\"125cf6c\" data-element_type=\"widget\" data-widget_type=\"rhea-properties-widget.default\">\n\t\t\t\t<div class=\"elementor-widget-container\">\n\t\t\t        <section id=\"rh-125cf6c\"\n                 class=\"rh_elementor_widget rh_latest-properties rhea_properties_default rhea_ele_property_ajax_target rhea_latest_properties_ajax elementor_properties_grid elementor_property_card_parent rhea_has_tooltip\">\n\n                                        \n<div class=\"container-latest-properties\">\n    <div class=\"wrapper-section-contents\">\n        <div class=\"home-properties-section-inner home-properties-section-inner-target\">\n\t\t\t                <div class=\"rh_properties_element rh_properties_pagination_append\">\n\t\t\t\t                    <div class=\"wrapper_properties_ele\">\n\n                        <article class=\" rh_prop_card_elementor post-23942 property type-property status-publish has-post-thumbnail hentry property-type-departamentos-en-venta property-type-locales-comerciales-en-venta property-city-san-clemente-del-tuyu property-status-venta\">\n\n                            <div class=\"rh_prop_card__wrap\">\n\n\t\t\t\t\t\t\t\t\n                                <figure class=\"rh_prop_card__thumbnail\">\n                                    <div class=\"rhea_figure_property_one\">\n                                        <div class=\"rhea_top_tags_box\">\n\t                                                                            <\/div>\n                                        <a href=\"https:\/\/latorreinmobiliaria.com.ar\/web\/propiedad\/edifico-con-6-deptos-local-venta\/\">\n\t\t\t\t\t\t\t\t\t\t\t<img loading=\"lazy\" decoding=\"async\" width=\"488\" height=\"326\" src=\"https:\/\/latorreinmobiliaria.com.ar\/web\/wp-content\/uploads\/2026\/04\/8e2ed439-dd20-4256-8fdc-d7cb9aa247c1-488x326.jpeg\" class=\"attachment-property-thumb-image size-property-thumb-image wp-post-image\" alt=\"\" \/>                                        <\/a>\n\n                                        <div class=\"rh_overlay\"><\/div>\n                                        <div class=\"rh_overlay__contents rh_overlay__fadeIn-bottom\">\n                                            <a href=\"https:\/\/latorreinmobiliaria.com.ar\/web\/propiedad\/edifico-con-6-deptos-local-venta\/\">Ver propiedad                                            <\/a>\n                                        <\/div>\n\t\t\t\t\t\t\t\t\t\t\n                                    <\/div>\n\n                                    <div class=\"rh_prop_card__btns\">\n\t\t\t\t\t\t\t\t\t\t\t\t\t\t\t\t<span class=\"favorite-btn-wrap favorite-btn-23942\">\n\t\t\t\t\t\t\t<span class=\"favorite-placeholder highlight__red hide user_not_logged_in\" data-propertyid=\"23942\" data-tooltip=\"A\u00f1adido a Favoritos\">\n\t\t\t\t\t\t\t\t<svg xmlns=\"http:\/\/www.w3.org\/2000\/svg\" width=\"24\" height=\"24\" viewBox=\"0 0 24 21\">\n  <path class=\"rh_svg\" d=\"M1089.48,1923.98a6.746,6.746,0,0,1,9.54,9.54L1089,1943l-10.02-9.48a6.746,6.746,0,0,1,9.54-9.54A0.641,0.641,0,0,0,1089.48,1923.98Z\" transform=\"translate(-1077 -1922)\"\/>\n<\/svg>\n\t\t\t\t\t\t\t<\/span>\n\t\t\t\t\t\t\t<a href=\"#\" class=\"favorite add-to-favorite user_not_logged_in\" data-tooltip=\"A\u00f1adir a favoritos\" data-propertyid=\"23942\">\n\t\t\t\t\t\t\t\t<svg xmlns=\"http:\/\/www.w3.org\/2000\/svg\" width=\"24\" height=\"24\" viewBox=\"0 0 24 21\">\n  <path class=\"rh_svg\" d=\"M1089.48,1923.98a6.746,6.746,0,0,1,9.54,9.54L1089,1943l-10.02-9.48a6.746,6.746,0,0,1,9.54-9.54A0.641,0.641,0,0,0,1089.48,1923.98Z\" transform=\"translate(-1077 -1922)\"\/>\n<\/svg>\n\t\t\t\t\t\t\t<\/a>\n\t\t\t\t\t\t<\/span>\n\t\t\t\t\t\t\t\t<span class=\"add-to-compare-span rhea_compare_icons rhea_svg_fav_icons compare-btn-23942\"\n\t\t\t\tdata-property-id=\"23942\"\n\t\t\t\tdata-property-title=\"Edificio de 6 departamentos + local &#8211; VENTA\"\n\t\t\t\tdata-property-url=\"https:\/\/latorreinmobiliaria.com.ar\/web\/propiedad\/edifico-con-6-deptos-local-venta\/\"\n\t\t\t\tdata-property-image=\"https:\/\/latorreinmobiliaria.com.ar\/web\/wp-content\/uploads\/2026\/04\/8e2ed439-dd20-4256-8fdc-d7cb9aa247c1-488x326.jpeg\"\n\n\t\t>\n\t\t\t<span class=\"compare-placeholder highlight hide\"\n\t\t\t\tdata-tooltip=\"A\u00f1adido para comparar\">\n\t\t\t\t<svg xmlns=\"http:\/\/www.w3.org\/2000\/svg\" width=\"24\" height=\"24\" viewBox=\"0 0 24 24\">\n  <path d=\"M1144,1942l-8,1v3l-7-5,7-5v3l8,1A1,1,0,0,1,1144,1942Zm-22-14,8,1v3l7-5-7-5v3l-8,1A1,1,0,0,0,1122,1928Z\" transform=\"translate(-1121 -1922)\"\/>\n<\/svg>\n\t\t\t<\/span>\n\t\t\t<a class=\"rh_trigger_compare rhea_add_to_compare\" data-tooltip=\"A\u00f1adir a la lista para comparar\" href=\"https:\/\/latorreinmobiliaria.com.ar\/web\/propiedad\/edifico-con-6-deptos-local-venta\/\">\n\t\t\t\t<svg xmlns=\"http:\/\/www.w3.org\/2000\/svg\" width=\"24\" height=\"24\" viewBox=\"0 0 24 24\">\n  <path d=\"M1144,1942l-8,1v3l-7-5,7-5v3l8,1A1,1,0,0,1,1144,1942Zm-22-14,8,1v3l7-5-7-5v3l-8,1A1,1,0,0,0,1122,1928Z\" transform=\"translate(-1121 -1922)\"\/>\n<\/svg>\n\t\t\t<\/a>\n\t\t<\/span>\n\t\t                                    <\/div>\n                                <\/figure>\n\n                                <div class=\"rh_prop_card__details_elementor\">\n\n                                    <h3><a href=\"https:\/\/latorreinmobiliaria.com.ar\/web\/propiedad\/edifico-con-6-deptos-local-venta\/\">Edificio de 6 departamentos + local &#8211; VENTA<\/a><\/h3>\n\n\t\t\t\t\t\t\t\t\t\n                                        <p class=\"rh_prop_card__excerpt\">Codigo de identificacion ID 16.- Ubicado en calle 5 esquina&hellip;<\/p>\n\n\t\t\t\t\t\t\t\t\t\t\n                                    <div class=\"rh_prop_card__meta_wrap_elementor\">\n\n\t\t\t\t\t\t\t\t\t\t\n\n\t<div class=\"rh_prop_card_meta_wrap_stylish\">\n\t\t\t<\/div>\n\t\n\n\n\n\n                                    <\/div>\n\n                                    <div class=\"rh_prop_card__priceLabel \">\n                                        <div class=\"rhea_property_price_box\">\n                                            <span class=\"rh_prop_card__status\">\n                                                Venta                                            <\/span>\n                                            <p class=\"rh_prop_card__price\">\n\t\t\t\t\t\t\t\t\t\t\t\t                                            <\/p>\n\n                                        <\/div>\n\t\t\t\t\t\t\t\t\t\t                                    <\/div>\n\n                                <\/div>\n\n                            <\/div>\n\n                        <\/article>\n\n                    <\/div>\n\t\t\t\t\t                    <div class=\"wrapper_properties_ele\">\n\n                        <article class=\" rh_prop_card_elementor post-22788 property type-property status-publish has-post-thumbnail hentry property-type-locales-comerciales-en-venta property-city-san-clemente-del-tuyu property-status-venta\">\n\n                            <div class=\"rh_prop_card__wrap\">\n\n\t\t\t\t\t\t\t\t\n                                <figure class=\"rh_prop_card__thumbnail\">\n                                    <div class=\"rhea_figure_property_one\">\n                                        <div class=\"rhea_top_tags_box\">\n\t                                                                            <\/div>\n                                        <a href=\"https:\/\/latorreinmobiliaria.com.ar\/web\/propiedad\/local-venta-4\/\">\n\t\t\t\t\t\t\t\t\t\t\t<img loading=\"lazy\" decoding=\"async\" width=\"488\" height=\"326\" src=\"https:\/\/latorreinmobiliaria.com.ar\/web\/wp-content\/uploads\/2025\/12\/4a15ef16-eae6-4b1f-a79f-fdb5d85b0948-488x326.jpeg\" class=\"attachment-property-thumb-image size-property-thumb-image wp-post-image\" alt=\"\" \/>                                        <\/a>\n\n                                        <div class=\"rh_overlay\"><\/div>\n                                        <div class=\"rh_overlay__contents rh_overlay__fadeIn-bottom\">\n                                            <a href=\"https:\/\/latorreinmobiliaria.com.ar\/web\/propiedad\/local-venta-4\/\">Ver propiedad                                            <\/a>\n                                        <\/div>\n\t\t\t\t\t\t\t\t\t\t\n                                    <\/div>\n\n                                    <div class=\"rh_prop_card__btns\">\n\t\t\t\t\t\t\t\t\t\t\t\t\t\t\t\t<span class=\"favorite-btn-wrap favorite-btn-22788\">\n\t\t\t\t\t\t\t<span class=\"favorite-placeholder highlight__red hide user_not_logged_in\" data-propertyid=\"22788\" data-tooltip=\"A\u00f1adido a Favoritos\">\n\t\t\t\t\t\t\t\t<svg xmlns=\"http:\/\/www.w3.org\/2000\/svg\" width=\"24\" height=\"24\" viewBox=\"0 0 24 21\">\n  <path class=\"rh_svg\" d=\"M1089.48,1923.98a6.746,6.746,0,0,1,9.54,9.54L1089,1943l-10.02-9.48a6.746,6.746,0,0,1,9.54-9.54A0.641,0.641,0,0,0,1089.48,1923.98Z\" transform=\"translate(-1077 -1922)\"\/>\n<\/svg>\n\t\t\t\t\t\t\t<\/span>\n\t\t\t\t\t\t\t<a href=\"#\" class=\"favorite add-to-favorite user_not_logged_in\" data-tooltip=\"A\u00f1adir a favoritos\" data-propertyid=\"22788\">\n\t\t\t\t\t\t\t\t<svg xmlns=\"http:\/\/www.w3.org\/2000\/svg\" width=\"24\" height=\"24\" viewBox=\"0 0 24 21\">\n  <path class=\"rh_svg\" d=\"M1089.48,1923.98a6.746,6.746,0,0,1,9.54,9.54L1089,1943l-10.02-9.48a6.746,6.746,0,0,1,9.54-9.54A0.641,0.641,0,0,0,1089.48,1923.98Z\" transform=\"translate(-1077 -1922)\"\/>\n<\/svg>\n\t\t\t\t\t\t\t<\/a>\n\t\t\t\t\t\t<\/span>\n\t\t\t\t\t\t\t\t<span class=\"add-to-compare-span rhea_compare_icons rhea_svg_fav_icons compare-btn-22788\"\n\t\t\t\tdata-property-id=\"22788\"\n\t\t\t\tdata-property-title=\"Local &#8211; VENTA\"\n\t\t\t\tdata-property-url=\"https:\/\/latorreinmobiliaria.com.ar\/web\/propiedad\/local-venta-4\/\"\n\t\t\t\tdata-property-image=\"https:\/\/latorreinmobiliaria.com.ar\/web\/wp-content\/uploads\/2025\/12\/4a15ef16-eae6-4b1f-a79f-fdb5d85b0948-488x326.jpeg\"\n\n\t\t>\n\t\t\t<span class=\"compare-placeholder highlight hide\"\n\t\t\t\tdata-tooltip=\"A\u00f1adido para comparar\">\n\t\t\t\t<svg xmlns=\"http:\/\/www.w3.org\/2000\/svg\" width=\"24\" height=\"24\" viewBox=\"0 0 24 24\">\n  <path d=\"M1144,1942l-8,1v3l-7-5,7-5v3l8,1A1,1,0,0,1,1144,1942Zm-22-14,8,1v3l7-5-7-5v3l-8,1A1,1,0,0,0,1122,1928Z\" transform=\"translate(-1121 -1922)\"\/>\n<\/svg>\n\t\t\t<\/span>\n\t\t\t<a class=\"rh_trigger_compare rhea_add_to_compare\" data-tooltip=\"A\u00f1adir a la lista para comparar\" href=\"https:\/\/latorreinmobiliaria.com.ar\/web\/propiedad\/local-venta-4\/\">\n\t\t\t\t<svg xmlns=\"http:\/\/www.w3.org\/2000\/svg\" width=\"24\" height=\"24\" viewBox=\"0 0 24 24\">\n  <path d=\"M1144,1942l-8,1v3l-7-5,7-5v3l8,1A1,1,0,0,1,1144,1942Zm-22-14,8,1v3l7-5-7-5v3l-8,1A1,1,0,0,0,1122,1928Z\" transform=\"translate(-1121 -1922)\"\/>\n<\/svg>\n\t\t\t<\/a>\n\t\t<\/span>\n\t\t                                    <\/div>\n                                <\/figure>\n\n                                <div class=\"rh_prop_card__details_elementor\">\n\n                                    <h3><a href=\"https:\/\/latorreinmobiliaria.com.ar\/web\/propiedad\/local-venta-4\/\">Local &#8211; VENTA<\/a><\/h3>\n\n\t\t\t\t\t\t\t\t\t\n                                        <p class=\"rh_prop_card__excerpt\">C\u00f3digo de identificaci\u00f3n ID 266. Ubicado en calle 1 n\u00b0&hellip;<\/p>\n\n\t\t\t\t\t\t\t\t\t\t\n                                    <div class=\"rh_prop_card__meta_wrap_elementor\">\n\n\t\t\t\t\t\t\t\t\t\t\n\n\t<div class=\"rh_prop_card_meta_wrap_stylish\">\n\t\t            <div class=\"rh_prop_card__meta\">\n\t\t\t\t                    <span class=\"rhea_meta_titles\">Ba\u00f1os<\/span>\n\t\t\t\t\t                <div class=\"rhea_meta_icon_wrapper\">\n\t\t\t\t\t<svg class=\"rh_svg\" xmlns=\"http:\/\/www.w3.org\/2000\/svg\" width=\"23.69\" height=\"24\" viewBox=\"0 0 23.69 24\">\n  <path d=\"M1204,601a8,8,0,0,1,16,0v16h-2V601a6,6,0,0,0-12,0v1h-2v-1Zm7,6a6,6,0,0,0-12,0h12Zm-6,2a1,1,0,0,1,1,1v1a1,1,0,0,1-2,0v-1A1,1,0,0,1,1205,609Zm0,5a1,1,0,0,1,1,1v1a1,1,0,0,1-2,0v-1A1,1,0,0,1,1205,614Zm4.94-5.343a1,1,0,0,1,1.28.6l0.69,0.878a1,1,0,0,1-1.88.685l-0.69-.879A1,1,0,0,1,1209.94,608.657Zm2.05,4.638a1,1,0,0,1,1.28.6l0.35,0.94a1.008,1.008,0,0,1-.6,1.282,1,1,0,0,1-1.28-.6l-0.35-.939A1.008,1.008,0,0,1,1211.99,613.295Zm-11.93-4.638a1,1,0,0,1,.6,1.282l-0.69.879a1,1,0,1,1-1.87-.682l0.68-.88A1,1,0,0,1,1200.06,608.657Zm-2.05,4.639a1,1,0,0,1,.6,1.281l-0.34.941a1,1,0,0,1-1.88-.683l0.34-.94A1,1,0,0,1,1198.01,613.3Z\" transform=\"translate(-1196.31 -593)\"\/>\n<\/svg>\n                    <span class=\"figure\">1<\/span>\n\t\t\t\t\t                <\/div>\n            <\/div>\n\t\t\t\t<\/div>\n\t\n\n\n\n\n                                    <\/div>\n\n                                    <div class=\"rh_prop_card__priceLabel \">\n                                        <div class=\"rhea_property_price_box\">\n                                            <span class=\"rh_prop_card__status\">\n                                                Venta                                            <\/span>\n                                            <p class=\"rh_prop_card__price\">\n\t\t\t\t\t\t\t\t\t\t\t\tdolares U$S38,000                                             <\/p>\n\n                                        <\/div>\n\t\t\t\t\t\t\t\t\t\t                                    <\/div>\n\n                                <\/div>\n\n                            <\/div>\n\n                        <\/article>\n\n                    <\/div>\n\t\t\t\t\t                    <div class=\"wrapper_properties_ele\">\n\n                        <article class=\" rh_prop_card_elementor post-21366 property type-property status-publish has-post-thumbnail hentry property-type-locales-comerciales-en-venta property-city-mar-del-tuyu property-status-venta\">\n\n                            <div class=\"rh_prop_card__wrap\">\n\n\t\t\t\t\t\t\t\t\n                                <figure class=\"rh_prop_card__thumbnail\">\n                                    <div class=\"rhea_figure_property_one\">\n                                        <div class=\"rhea_top_tags_box\">\n\t                                                                            <\/div>\n                                        <a href=\"https:\/\/latorreinmobiliaria.com.ar\/web\/propiedad\/local-en-mar-del-tuyu-venta\/\">\n\t\t\t\t\t\t\t\t\t\t\t<img loading=\"lazy\" decoding=\"async\" width=\"488\" height=\"326\" src=\"https:\/\/latorreinmobiliaria.com.ar\/web\/wp-content\/uploads\/2025\/06\/a2270271-21ed-4cb4-9fae-0b88c1e4284a-488x326.jpg\" class=\"attachment-property-thumb-image size-property-thumb-image wp-post-image\" alt=\"\" \/>                                        <\/a>\n\n                                        <div class=\"rh_overlay\"><\/div>\n                                        <div class=\"rh_overlay__contents rh_overlay__fadeIn-bottom\">\n                                            <a href=\"https:\/\/latorreinmobiliaria.com.ar\/web\/propiedad\/local-en-mar-del-tuyu-venta\/\">Ver propiedad                                            <\/a>\n                                        <\/div>\n\t\t\t\t\t\t\t\t\t\t\n                                    <\/div>\n\n                                    <div class=\"rh_prop_card__btns\">\n\t\t\t\t\t\t\t\t\t\t\t\t\t\t\t\t<span class=\"favorite-btn-wrap favorite-btn-21366\">\n\t\t\t\t\t\t\t<span class=\"favorite-placeholder highlight__red hide user_not_logged_in\" data-propertyid=\"21366\" data-tooltip=\"A\u00f1adido a Favoritos\">\n\t\t\t\t\t\t\t\t<svg xmlns=\"http:\/\/www.w3.org\/2000\/svg\" width=\"24\" height=\"24\" viewBox=\"0 0 24 21\">\n  <path class=\"rh_svg\" d=\"M1089.48,1923.98a6.746,6.746,0,0,1,9.54,9.54L1089,1943l-10.02-9.48a6.746,6.746,0,0,1,9.54-9.54A0.641,0.641,0,0,0,1089.48,1923.98Z\" transform=\"translate(-1077 -1922)\"\/>\n<\/svg>\n\t\t\t\t\t\t\t<\/span>\n\t\t\t\t\t\t\t<a href=\"#\" class=\"favorite add-to-favorite user_not_logged_in\" data-tooltip=\"A\u00f1adir a favoritos\" data-propertyid=\"21366\">\n\t\t\t\t\t\t\t\t<svg xmlns=\"http:\/\/www.w3.org\/2000\/svg\" width=\"24\" height=\"24\" viewBox=\"0 0 24 21\">\n  <path class=\"rh_svg\" d=\"M1089.48,1923.98a6.746,6.746,0,0,1,9.54,9.54L1089,1943l-10.02-9.48a6.746,6.746,0,0,1,9.54-9.54A0.641,0.641,0,0,0,1089.48,1923.98Z\" transform=\"translate(-1077 -1922)\"\/>\n<\/svg>\n\t\t\t\t\t\t\t<\/a>\n\t\t\t\t\t\t<\/span>\n\t\t\t\t\t\t\t\t<span class=\"add-to-compare-span rhea_compare_icons rhea_svg_fav_icons compare-btn-21366\"\n\t\t\t\tdata-property-id=\"21366\"\n\t\t\t\tdata-property-title=\"Local en Mar del Tuyu \u2013 VENTA\"\n\t\t\t\tdata-property-url=\"https:\/\/latorreinmobiliaria.com.ar\/web\/propiedad\/local-en-mar-del-tuyu-venta\/\"\n\t\t\t\tdata-property-image=\"https:\/\/latorreinmobiliaria.com.ar\/web\/wp-content\/uploads\/2025\/06\/a2270271-21ed-4cb4-9fae-0b88c1e4284a-488x326.jpg\"\n\n\t\t>\n\t\t\t<span class=\"compare-placeholder highlight hide\"\n\t\t\t\tdata-tooltip=\"A\u00f1adido para comparar\">\n\t\t\t\t<svg xmlns=\"http:\/\/www.w3.org\/2000\/svg\" width=\"24\" height=\"24\" viewBox=\"0 0 24 24\">\n  <path d=\"M1144,1942l-8,1v3l-7-5,7-5v3l8,1A1,1,0,0,1,1144,1942Zm-22-14,8,1v3l7-5-7-5v3l-8,1A1,1,0,0,0,1122,1928Z\" transform=\"translate(-1121 -1922)\"\/>\n<\/svg>\n\t\t\t<\/span>\n\t\t\t<a class=\"rh_trigger_compare rhea_add_to_compare\" data-tooltip=\"A\u00f1adir a la lista para comparar\" href=\"https:\/\/latorreinmobiliaria.com.ar\/web\/propiedad\/local-en-mar-del-tuyu-venta\/\">\n\t\t\t\t<svg xmlns=\"http:\/\/www.w3.org\/2000\/svg\" width=\"24\" height=\"24\" viewBox=\"0 0 24 24\">\n  <path d=\"M1144,1942l-8,1v3l-7-5,7-5v3l8,1A1,1,0,0,1,1144,1942Zm-22-14,8,1v3l7-5-7-5v3l-8,1A1,1,0,0,0,1122,1928Z\" transform=\"translate(-1121 -1922)\"\/>\n<\/svg>\n\t\t\t<\/a>\n\t\t<\/span>\n\t\t                                    <\/div>\n                                <\/figure>\n\n                                <div class=\"rh_prop_card__details_elementor\">\n\n                                    <h3><a href=\"https:\/\/latorreinmobiliaria.com.ar\/web\/propiedad\/local-en-mar-del-tuyu-venta\/\">Local en Mar del Tuyu \u2013 VENTA<\/a><\/h3>\n\n\t\t\t\t\t\t\t\t\t\n                                        <p class=\"rh_prop_card__excerpt\">C\u00f3digo de identificaci\u00f3n ID M006. Ubicado en calle 73 n\u00b0&hellip;<\/p>\n\n\t\t\t\t\t\t\t\t\t\t\n                                    <div class=\"rh_prop_card__meta_wrap_elementor\">\n\n\t\t\t\t\t\t\t\t\t\t\n\n\t<div class=\"rh_prop_card_meta_wrap_stylish\">\n\t\t\t<\/div>\n\t\n\n\n\n\n                                    <\/div>\n\n                                    <div class=\"rh_prop_card__priceLabel \">\n                                        <div class=\"rhea_property_price_box\">\n                                            <span class=\"rh_prop_card__status\">\n                                                Venta                                            <\/span>\n                                            <p class=\"rh_prop_card__price\">\n\t\t\t\t\t\t\t\t\t\t\t\tDolares U$S30,000                                             <\/p>\n\n                                        <\/div>\n\t\t\t\t\t\t\t\t\t\t                                    <\/div>\n\n                                <\/div>\n\n                            <\/div>\n\n                        <\/article>\n\n                    <\/div>\n\t\t\t\t\t                    <div class=\"wrapper_properties_ele\">\n\n                        <article class=\" rh_prop_card_elementor post-20823 property type-property status-publish has-post-thumbnail hentry property-type-departamentos-en-venta property-type-locales-comerciales-en-venta property-city-san-clemente-del-tuyu property-status-venta\">\n\n                            <div class=\"rh_prop_card__wrap\">\n\n\t\t\t\t\t\t\t\t\n                                <figure class=\"rh_prop_card__thumbnail\">\n                                    <div class=\"rhea_figure_property_one\">\n                                        <div class=\"rhea_top_tags_box\">\n\t                                                                            <\/div>\n                                        <a href=\"https:\/\/latorreinmobiliaria.com.ar\/web\/propiedad\/local-vivienda-2-ambientes-venta\/\">\n\t\t\t\t\t\t\t\t\t\t\t<img loading=\"lazy\" decoding=\"async\" width=\"488\" height=\"326\" src=\"https:\/\/latorreinmobiliaria.com.ar\/web\/wp-content\/uploads\/2025\/04\/IMG_6571-Copy-488x326.jpg\" class=\"attachment-property-thumb-image size-property-thumb-image wp-post-image\" alt=\"\" srcset=\"https:\/\/latorreinmobiliaria.com.ar\/web\/wp-content\/uploads\/2025\/04\/IMG_6571-Copy-488x326.jpg 488w, https:\/\/latorreinmobiliaria.com.ar\/web\/wp-content\/uploads\/2025\/04\/IMG_6571-Copy-300x200.jpg 300w, https:\/\/latorreinmobiliaria.com.ar\/web\/wp-content\/uploads\/2025\/04\/IMG_6571-Copy-768x512.jpg 768w, https:\/\/latorreinmobiliaria.com.ar\/web\/wp-content\/uploads\/2025\/04\/IMG_6571-Copy-150x100.jpg 150w, https:\/\/latorreinmobiliaria.com.ar\/web\/wp-content\/uploads\/2025\/04\/IMG_6571-Copy.jpg 1000w\" sizes=\"auto, (max-width: 488px) 100vw, 488px\" \/>                                        <\/a>\n\n                                        <div class=\"rh_overlay\"><\/div>\n                                        <div class=\"rh_overlay__contents rh_overlay__fadeIn-bottom\">\n                                            <a href=\"https:\/\/latorreinmobiliaria.com.ar\/web\/propiedad\/local-vivienda-2-ambientes-venta\/\">Ver propiedad                                            <\/a>\n                                        <\/div>\n\t\t\t\t\t\t\t\t\t\t\n                                    <\/div>\n\n                                    <div class=\"rh_prop_card__btns\">\n\t\t\t\t\t\t\t\t\t\t\t\t\t\t\t\t<span class=\"favorite-btn-wrap favorite-btn-20823\">\n\t\t\t\t\t\t\t<span class=\"favorite-placeholder highlight__red hide user_not_logged_in\" data-propertyid=\"20823\" data-tooltip=\"A\u00f1adido a Favoritos\">\n\t\t\t\t\t\t\t\t<svg xmlns=\"http:\/\/www.w3.org\/2000\/svg\" width=\"24\" height=\"24\" viewBox=\"0 0 24 21\">\n  <path class=\"rh_svg\" d=\"M1089.48,1923.98a6.746,6.746,0,0,1,9.54,9.54L1089,1943l-10.02-9.48a6.746,6.746,0,0,1,9.54-9.54A0.641,0.641,0,0,0,1089.48,1923.98Z\" transform=\"translate(-1077 -1922)\"\/>\n<\/svg>\n\t\t\t\t\t\t\t<\/span>\n\t\t\t\t\t\t\t<a href=\"#\" class=\"favorite add-to-favorite user_not_logged_in\" data-tooltip=\"A\u00f1adir a favoritos\" data-propertyid=\"20823\">\n\t\t\t\t\t\t\t\t<svg xmlns=\"http:\/\/www.w3.org\/2000\/svg\" width=\"24\" height=\"24\" viewBox=\"0 0 24 21\">\n  <path class=\"rh_svg\" d=\"M1089.48,1923.98a6.746,6.746,0,0,1,9.54,9.54L1089,1943l-10.02-9.48a6.746,6.746,0,0,1,9.54-9.54A0.641,0.641,0,0,0,1089.48,1923.98Z\" transform=\"translate(-1077 -1922)\"\/>\n<\/svg>\n\t\t\t\t\t\t\t<\/a>\n\t\t\t\t\t\t<\/span>\n\t\t\t\t\t\t\t\t<span class=\"add-to-compare-span rhea_compare_icons rhea_svg_fav_icons compare-btn-20823\"\n\t\t\t\tdata-property-id=\"20823\"\n\t\t\t\tdata-property-title=\"Local vivienda 2 ambientes \u2013 VENTA\"\n\t\t\t\tdata-property-url=\"https:\/\/latorreinmobiliaria.com.ar\/web\/propiedad\/local-vivienda-2-ambientes-venta\/\"\n\t\t\t\tdata-property-image=\"https:\/\/latorreinmobiliaria.com.ar\/web\/wp-content\/uploads\/2025\/04\/IMG_6571-Copy-488x326.jpg\"\n\n\t\t>\n\t\t\t<span class=\"compare-placeholder highlight hide\"\n\t\t\t\tdata-tooltip=\"A\u00f1adido para comparar\">\n\t\t\t\t<svg xmlns=\"http:\/\/www.w3.org\/2000\/svg\" width=\"24\" height=\"24\" viewBox=\"0 0 24 24\">\n  <path d=\"M1144,1942l-8,1v3l-7-5,7-5v3l8,1A1,1,0,0,1,1144,1942Zm-22-14,8,1v3l7-5-7-5v3l-8,1A1,1,0,0,0,1122,1928Z\" transform=\"translate(-1121 -1922)\"\/>\n<\/svg>\n\t\t\t<\/span>\n\t\t\t<a class=\"rh_trigger_compare rhea_add_to_compare\" data-tooltip=\"A\u00f1adir a la lista para comparar\" href=\"https:\/\/latorreinmobiliaria.com.ar\/web\/propiedad\/local-vivienda-2-ambientes-venta\/\">\n\t\t\t\t<svg xmlns=\"http:\/\/www.w3.org\/2000\/svg\" width=\"24\" height=\"24\" viewBox=\"0 0 24 24\">\n  <path d=\"M1144,1942l-8,1v3l-7-5,7-5v3l8,1A1,1,0,0,1,1144,1942Zm-22-14,8,1v3l7-5-7-5v3l-8,1A1,1,0,0,0,1122,1928Z\" transform=\"translate(-1121 -1922)\"\/>\n<\/svg>\n\t\t\t<\/a>\n\t\t<\/span>\n\t\t                                    <\/div>\n                                <\/figure>\n\n                                <div class=\"rh_prop_card__details_elementor\">\n\n                                    <h3><a href=\"https:\/\/latorreinmobiliaria.com.ar\/web\/propiedad\/local-vivienda-2-ambientes-venta\/\">Local vivienda 2 ambientes \u2013 VENTA<\/a><\/h3>\n\n\t\t\t\t\t\t\t\t\t\n                                        <p class=\"rh_prop_card__excerpt\">C\u00f3digo de identificaci\u00f3n ID 274.\u00a0 \u00a0Ubicado en Av Talas n\u00b0&hellip;<\/p>\n\n\t\t\t\t\t\t\t\t\t\t\n                                    <div class=\"rh_prop_card__meta_wrap_elementor\">\n\n\t\t\t\t\t\t\t\t\t\t\n\n\t<div class=\"rh_prop_card_meta_wrap_stylish\">\n\t\t            <div class=\"rh_prop_card__meta\">\n\t\t\t\t                    <span class=\"rhea_meta_titles\">Habitaci\u00f3ns<\/span>\n\t\t\t\t\t                <div class=\"rhea_meta_icon_wrapper\">\n\t\t\t\t\t<svg class=\"rh_svg\" xmlns=\"http:\/\/www.w3.org\/2000\/svg\" width=\"24\" height=\"24\" viewBox=\"0 0 24 24\">\n <defs>\n  <\/defs>\n  <path d=\"M1111.91,600.993h16.17a2.635,2.635,0,0,1,2.68,1.773l1.21,11.358a2.456,2.456,0,0,1-2.61,2.875h-18.73a2.46,2.46,0,0,1-2.61-2.875l1.21-11.358A2.635,2.635,0,0,1,1111.91,600.993Zm0.66-7.994h3.86c1.09,0,2.57.135,2.57,1l0.01,3.463c0.14,0.838-1.72,1.539-2.93,1.539h-4.17c-1.21,0-2.07-.7-1.92-1.539l0.37-3.139A2.146,2.146,0,0,1,1112.57,593Zm11,0h3.86a2.123,2.123,0,0,1,2.2,1.325l0.38,3.139c0.14,0.838-.72,1.539-1.93,1.539h-5.17c-1.21,0-2.07-.7-1.92-1.539L1121,594C1121,593.1,1122.48,593,1123.57,593Z\" transform=\"translate(-1108 -593)\"\/>\n<\/svg>\n                    <span class=\"figure\">1<\/span>\n\t\t\t\t\t                <\/div>\n            <\/div>\n\t\t\t            <div class=\"rh_prop_card__meta\">\n\t\t\t\t                    <span class=\"rhea_meta_titles\">Ba\u00f1os<\/span>\n\t\t\t\t\t                <div class=\"rhea_meta_icon_wrapper\">\n\t\t\t\t\t<svg class=\"rh_svg\" xmlns=\"http:\/\/www.w3.org\/2000\/svg\" width=\"23.69\" height=\"24\" viewBox=\"0 0 23.69 24\">\n  <path d=\"M1204,601a8,8,0,0,1,16,0v16h-2V601a6,6,0,0,0-12,0v1h-2v-1Zm7,6a6,6,0,0,0-12,0h12Zm-6,2a1,1,0,0,1,1,1v1a1,1,0,0,1-2,0v-1A1,1,0,0,1,1205,609Zm0,5a1,1,0,0,1,1,1v1a1,1,0,0,1-2,0v-1A1,1,0,0,1,1205,614Zm4.94-5.343a1,1,0,0,1,1.28.6l0.69,0.878a1,1,0,0,1-1.88.685l-0.69-.879A1,1,0,0,1,1209.94,608.657Zm2.05,4.638a1,1,0,0,1,1.28.6l0.35,0.94a1.008,1.008,0,0,1-.6,1.282,1,1,0,0,1-1.28-.6l-0.35-.939A1.008,1.008,0,0,1,1211.99,613.295Zm-11.93-4.638a1,1,0,0,1,.6,1.282l-0.69.879a1,1,0,1,1-1.87-.682l0.68-.88A1,1,0,0,1,1200.06,608.657Zm-2.05,4.639a1,1,0,0,1,.6,1.281l-0.34.941a1,1,0,0,1-1.88-.683l0.34-.94A1,1,0,0,1,1198.01,613.3Z\" transform=\"translate(-1196.31 -593)\"\/>\n<\/svg>\n                    <span class=\"figure\">2<\/span>\n\t\t\t\t\t                <\/div>\n            <\/div>\n\t\t\t            <div class=\"rh_prop_card__meta\">\n\t\t\t\t                    <span class=\"rhea_meta_titles\">\u00c1rea<\/span>\n\t\t\t\t\t                <div class=\"rhea_meta_icon_wrapper\">\n\t\t\t\t\t<svg class=\"rh_svg\" version=\"1.1\" xmlns=\"http:\/\/www.w3.org\/2000\/svg\" xmlns:xlink=\"http:\/\/www.w3.org\/1999\/xlink\" x=\"0px\" y=\"0px\"\n\t width=\"24px\" height=\"24px\" viewBox=\"0 0 24 24\" enable-background=\"new 0 0 24 24\" xml:space=\"preserve\">\n<g>\n\t<circle cx=\"2\" cy=\"2\" r=\"2\"\/>\n<\/g>\n<g>\n\t<circle cx=\"2\" cy=\"22\" r=\"2\"\/>\n<\/g>\n<g>\n\t<circle cx=\"22\" cy=\"2\" r=\"2\"\/>\n<\/g>\n<rect x=\"1\" y=\"1\" width=\"2\" height=\"22\"\/>\n<rect x=\"1\" y=\"1\" width=\"22\" height=\"2\"\/>\n<path opacity=\"0.5\" d=\"M23,20.277V1h-2v19.277C20.7,20.452,20.452,20.7,20.277,21H1v2h19.277c0.347,0.596,0.984,1,1.723,1\n\tc1.104,0,2-0.896,2-2C24,21.262,23.596,20.624,23,20.277z\"\/>\n<\/svg>\n                    <span class=\"figure\">61<\/span>\n\t\t\t\t\t                        <span class=\"label\">mts2<\/span>\n\t\t\t\t\t                <\/div>\n            <\/div>\n\t\t\t\t<\/div>\n\t\n\n\n\n\n                                    <\/div>\n\n                                    <div class=\"rh_prop_card__priceLabel \">\n                                        <div class=\"rhea_property_price_box\">\n                                            <span class=\"rh_prop_card__status\">\n                                                Venta                                            <\/span>\n                                            <p class=\"rh_prop_card__price\">\n\t\t\t\t\t\t\t\t\t\t\t\tDolares U$S24,000                                             <\/p>\n\n                                        <\/div>\n\t\t\t\t\t\t\t\t\t\t                                    <\/div>\n\n                                <\/div>\n\n                            <\/div>\n\n                        <\/article>\n\n                    <\/div>\n\t\t\t\t\t                    <div class=\"wrapper_properties_ele\">\n\n                        <article class=\" rh_prop_card_elementor post-20185 property type-property status-publish has-post-thumbnail hentry property-type-locales-comerciales-en-venta property-city-las-toninas property-status-venta\">\n\n                            <div class=\"rh_prop_card__wrap\">\n\n\t\t\t\t\t\t\t\t\n                                <figure class=\"rh_prop_card__thumbnail\">\n                                    <div class=\"rhea_figure_property_one\">\n                                        <div class=\"rhea_top_tags_box\">\n\t                                                                            <\/div>\n                                        <a href=\"https:\/\/latorreinmobiliaria.com.ar\/web\/propiedad\/local-depto-las-toninas\/\">\n\t\t\t\t\t\t\t\t\t\t\t<img loading=\"lazy\" decoding=\"async\" width=\"488\" height=\"326\" src=\"https:\/\/latorreinmobiliaria.com.ar\/web\/wp-content\/uploads\/2025\/01\/WhatsApp-Image-2025-01-08-at-5.26.40-PM-488x326.jpeg\" class=\"attachment-property-thumb-image size-property-thumb-image wp-post-image\" alt=\"\" \/>                                        <\/a>\n\n                                        <div class=\"rh_overlay\"><\/div>\n                                        <div class=\"rh_overlay__contents rh_overlay__fadeIn-bottom\">\n                                            <a href=\"https:\/\/latorreinmobiliaria.com.ar\/web\/propiedad\/local-depto-las-toninas\/\">Ver propiedad                                            <\/a>\n                                        <\/div>\n\t\t\t\t\t\t\t\t\t\t\n                                    <\/div>\n\n                                    <div class=\"rh_prop_card__btns\">\n\t\t\t\t\t\t\t\t\t\t\t\t\t\t\t\t<span class=\"favorite-btn-wrap favorite-btn-20185\">\n\t\t\t\t\t\t\t<span class=\"favorite-placeholder highlight__red hide user_not_logged_in\" data-propertyid=\"20185\" data-tooltip=\"A\u00f1adido a Favoritos\">\n\t\t\t\t\t\t\t\t<svg xmlns=\"http:\/\/www.w3.org\/2000\/svg\" width=\"24\" height=\"24\" viewBox=\"0 0 24 21\">\n  <path class=\"rh_svg\" d=\"M1089.48,1923.98a6.746,6.746,0,0,1,9.54,9.54L1089,1943l-10.02-9.48a6.746,6.746,0,0,1,9.54-9.54A0.641,0.641,0,0,0,1089.48,1923.98Z\" transform=\"translate(-1077 -1922)\"\/>\n<\/svg>\n\t\t\t\t\t\t\t<\/span>\n\t\t\t\t\t\t\t<a href=\"#\" class=\"favorite add-to-favorite user_not_logged_in\" data-tooltip=\"A\u00f1adir a favoritos\" data-propertyid=\"20185\">\n\t\t\t\t\t\t\t\t<svg xmlns=\"http:\/\/www.w3.org\/2000\/svg\" width=\"24\" height=\"24\" viewBox=\"0 0 24 21\">\n  <path class=\"rh_svg\" d=\"M1089.48,1923.98a6.746,6.746,0,0,1,9.54,9.54L1089,1943l-10.02-9.48a6.746,6.746,0,0,1,9.54-9.54A0.641,0.641,0,0,0,1089.48,1923.98Z\" transform=\"translate(-1077 -1922)\"\/>\n<\/svg>\n\t\t\t\t\t\t\t<\/a>\n\t\t\t\t\t\t<\/span>\n\t\t\t\t\t\t\t\t<span class=\"add-to-compare-span rhea_compare_icons rhea_svg_fav_icons compare-btn-20185\"\n\t\t\t\tdata-property-id=\"20185\"\n\t\t\t\tdata-property-title=\"LOCAL\/DEPTO LAS TONINAS\"\n\t\t\t\tdata-property-url=\"https:\/\/latorreinmobiliaria.com.ar\/web\/propiedad\/local-depto-las-toninas\/\"\n\t\t\t\tdata-property-image=\"https:\/\/latorreinmobiliaria.com.ar\/web\/wp-content\/uploads\/2025\/01\/WhatsApp-Image-2025-01-08-at-5.26.40-PM-488x326.jpeg\"\n\n\t\t>\n\t\t\t<span class=\"compare-placeholder highlight hide\"\n\t\t\t\tdata-tooltip=\"A\u00f1adido para comparar\">\n\t\t\t\t<svg xmlns=\"http:\/\/www.w3.org\/2000\/svg\" width=\"24\" height=\"24\" viewBox=\"0 0 24 24\">\n  <path d=\"M1144,1942l-8,1v3l-7-5,7-5v3l8,1A1,1,0,0,1,1144,1942Zm-22-14,8,1v3l7-5-7-5v3l-8,1A1,1,0,0,0,1122,1928Z\" transform=\"translate(-1121 -1922)\"\/>\n<\/svg>\n\t\t\t<\/span>\n\t\t\t<a class=\"rh_trigger_compare rhea_add_to_compare\" data-tooltip=\"A\u00f1adir a la lista para comparar\" href=\"https:\/\/latorreinmobiliaria.com.ar\/web\/propiedad\/local-depto-las-toninas\/\">\n\t\t\t\t<svg xmlns=\"http:\/\/www.w3.org\/2000\/svg\" width=\"24\" height=\"24\" viewBox=\"0 0 24 24\">\n  <path d=\"M1144,1942l-8,1v3l-7-5,7-5v3l8,1A1,1,0,0,1,1144,1942Zm-22-14,8,1v3l7-5-7-5v3l-8,1A1,1,0,0,0,1122,1928Z\" transform=\"translate(-1121 -1922)\"\/>\n<\/svg>\n\t\t\t<\/a>\n\t\t<\/span>\n\t\t                                    <\/div>\n                                <\/figure>\n\n                                <div class=\"rh_prop_card__details_elementor\">\n\n                                    <h3><a href=\"https:\/\/latorreinmobiliaria.com.ar\/web\/propiedad\/local-depto-las-toninas\/\">LOCAL\/DEPTO LAS TONINAS<\/a><\/h3>\n\n\t\t\t\t\t\t\t\t\t\n                                        <p class=\"rh_prop_card__excerpt\">LOCAL COMERCIAL, (UTILIZADO COMO DEPTO) CONSTA DE SALON COMERCIAL, BA\u00d1O,&hellip;<\/p>\n\n\t\t\t\t\t\t\t\t\t\t\n                                    <div class=\"rh_prop_card__meta_wrap_elementor\">\n\n\t\t\t\t\t\t\t\t\t\t\n\n\t<div class=\"rh_prop_card_meta_wrap_stylish\">\n\t\t            <div class=\"rh_prop_card__meta\">\n\t\t\t\t                    <span class=\"rhea_meta_titles\">\u00c1rea<\/span>\n\t\t\t\t\t                <div class=\"rhea_meta_icon_wrapper\">\n\t\t\t\t\t<svg class=\"rh_svg\" version=\"1.1\" xmlns=\"http:\/\/www.w3.org\/2000\/svg\" xmlns:xlink=\"http:\/\/www.w3.org\/1999\/xlink\" x=\"0px\" y=\"0px\"\n\t width=\"24px\" height=\"24px\" viewBox=\"0 0 24 24\" enable-background=\"new 0 0 24 24\" xml:space=\"preserve\">\n<g>\n\t<circle cx=\"2\" cy=\"2\" r=\"2\"\/>\n<\/g>\n<g>\n\t<circle cx=\"2\" cy=\"22\" r=\"2\"\/>\n<\/g>\n<g>\n\t<circle cx=\"22\" cy=\"2\" r=\"2\"\/>\n<\/g>\n<rect x=\"1\" y=\"1\" width=\"2\" height=\"22\"\/>\n<rect x=\"1\" y=\"1\" width=\"22\" height=\"2\"\/>\n<path opacity=\"0.5\" d=\"M23,20.277V1h-2v19.277C20.7,20.452,20.452,20.7,20.277,21H1v2h19.277c0.347,0.596,0.984,1,1.723,1\n\tc1.104,0,2-0.896,2-2C24,21.262,23.596,20.624,23,20.277z\"\/>\n<\/svg>\n                    <span class=\"figure\">30<\/span>\n\t\t\t\t\t                        <span class=\"label\">mts2<\/span>\n\t\t\t\t\t                <\/div>\n            <\/div>\n\t\t\t\t<\/div>\n\t\n\n\n\n\n                                    <\/div>\n\n                                    <div class=\"rh_prop_card__priceLabel \">\n                                        <div class=\"rhea_property_price_box\">\n                                            <span class=\"rh_prop_card__status\">\n                                                Venta                                            <\/span>\n                                            <p class=\"rh_prop_card__price\">\n\t\t\t\t\t\t\t\t\t\t\t\tD\u00f3lares U$S35,000                                             <\/p>\n\n                                        <\/div>\n\t\t\t\t\t\t\t\t\t\t                                    <\/div>\n\n                                <\/div>\n\n                            <\/div>\n\n                        <\/article>\n\n                    <\/div>\n\t\t\t\t\t                    <div class=\"wrapper_properties_ele\">\n\n                        <article class=\" rh_prop_card_elementor post-20183 property type-property status-publish has-post-thumbnail hentry property-type-locales-comerciales-en-venta property-city-las-toninas property-status-venta\">\n\n                            <div class=\"rh_prop_card__wrap\">\n\n\t\t\t\t\t\t\t\t\n                                <figure class=\"rh_prop_card__thumbnail\">\n                                    <div class=\"rhea_figure_property_one\">\n                                        <div class=\"rhea_top_tags_box\">\n\t                                                                            <\/div>\n                                        <a href=\"https:\/\/latorreinmobiliaria.com.ar\/web\/propiedad\/local-a-estrenar-en-las-toninas\/\">\n\t\t\t\t\t\t\t\t\t\t\t<img loading=\"lazy\" decoding=\"async\" width=\"488\" height=\"326\" src=\"https:\/\/latorreinmobiliaria.com.ar\/web\/wp-content\/uploads\/2025\/01\/WhatsApp-Image-2025-01-08-at-5.26.39-PM-488x326.jpeg\" class=\"attachment-property-thumb-image size-property-thumb-image wp-post-image\" alt=\"\" \/>                                        <\/a>\n\n                                        <div class=\"rh_overlay\"><\/div>\n                                        <div class=\"rh_overlay__contents rh_overlay__fadeIn-bottom\">\n                                            <a href=\"https:\/\/latorreinmobiliaria.com.ar\/web\/propiedad\/local-a-estrenar-en-las-toninas\/\">Ver propiedad                                            <\/a>\n                                        <\/div>\n\t\t\t\t\t\t\t\t\t\t\n                                    <\/div>\n\n                                    <div class=\"rh_prop_card__btns\">\n\t\t\t\t\t\t\t\t\t\t\t\t\t\t\t\t<span class=\"favorite-btn-wrap favorite-btn-20183\">\n\t\t\t\t\t\t\t<span class=\"favorite-placeholder highlight__red hide user_not_logged_in\" data-propertyid=\"20183\" data-tooltip=\"A\u00f1adido a Favoritos\">\n\t\t\t\t\t\t\t\t<svg xmlns=\"http:\/\/www.w3.org\/2000\/svg\" width=\"24\" height=\"24\" viewBox=\"0 0 24 21\">\n  <path class=\"rh_svg\" d=\"M1089.48,1923.98a6.746,6.746,0,0,1,9.54,9.54L1089,1943l-10.02-9.48a6.746,6.746,0,0,1,9.54-9.54A0.641,0.641,0,0,0,1089.48,1923.98Z\" transform=\"translate(-1077 -1922)\"\/>\n<\/svg>\n\t\t\t\t\t\t\t<\/span>\n\t\t\t\t\t\t\t<a href=\"#\" class=\"favorite add-to-favorite user_not_logged_in\" data-tooltip=\"A\u00f1adir a favoritos\" data-propertyid=\"20183\">\n\t\t\t\t\t\t\t\t<svg xmlns=\"http:\/\/www.w3.org\/2000\/svg\" width=\"24\" height=\"24\" viewBox=\"0 0 24 21\">\n  <path class=\"rh_svg\" d=\"M1089.48,1923.98a6.746,6.746,0,0,1,9.54,9.54L1089,1943l-10.02-9.48a6.746,6.746,0,0,1,9.54-9.54A0.641,0.641,0,0,0,1089.48,1923.98Z\" transform=\"translate(-1077 -1922)\"\/>\n<\/svg>\n\t\t\t\t\t\t\t<\/a>\n\t\t\t\t\t\t<\/span>\n\t\t\t\t\t\t\t\t<span class=\"add-to-compare-span rhea_compare_icons rhea_svg_fav_icons compare-btn-20183\"\n\t\t\t\tdata-property-id=\"20183\"\n\t\t\t\tdata-property-title=\"LOCAL A ESTRENAR EN LAS TONINAS\"\n\t\t\t\tdata-property-url=\"https:\/\/latorreinmobiliaria.com.ar\/web\/propiedad\/local-a-estrenar-en-las-toninas\/\"\n\t\t\t\tdata-property-image=\"https:\/\/latorreinmobiliaria.com.ar\/web\/wp-content\/uploads\/2025\/01\/WhatsApp-Image-2025-01-08-at-5.26.39-PM-488x326.jpeg\"\n\n\t\t>\n\t\t\t<span class=\"compare-placeholder highlight hide\"\n\t\t\t\tdata-tooltip=\"A\u00f1adido para comparar\">\n\t\t\t\t<svg xmlns=\"http:\/\/www.w3.org\/2000\/svg\" width=\"24\" height=\"24\" viewBox=\"0 0 24 24\">\n  <path d=\"M1144,1942l-8,1v3l-7-5,7-5v3l8,1A1,1,0,0,1,1144,1942Zm-22-14,8,1v3l7-5-7-5v3l-8,1A1,1,0,0,0,1122,1928Z\" transform=\"translate(-1121 -1922)\"\/>\n<\/svg>\n\t\t\t<\/span>\n\t\t\t<a class=\"rh_trigger_compare rhea_add_to_compare\" data-tooltip=\"A\u00f1adir a la lista para comparar\" href=\"https:\/\/latorreinmobiliaria.com.ar\/web\/propiedad\/local-a-estrenar-en-las-toninas\/\">\n\t\t\t\t<svg xmlns=\"http:\/\/www.w3.org\/2000\/svg\" width=\"24\" height=\"24\" viewBox=\"0 0 24 24\">\n  <path d=\"M1144,1942l-8,1v3l-7-5,7-5v3l8,1A1,1,0,0,1,1144,1942Zm-22-14,8,1v3l7-5-7-5v3l-8,1A1,1,0,0,0,1122,1928Z\" transform=\"translate(-1121 -1922)\"\/>\n<\/svg>\n\t\t\t<\/a>\n\t\t<\/span>\n\t\t                                    <\/div>\n                                <\/figure>\n\n                                <div class=\"rh_prop_card__details_elementor\">\n\n                                    <h3><a href=\"https:\/\/latorreinmobiliaria.com.ar\/web\/propiedad\/local-a-estrenar-en-las-toninas\/\">LOCAL A ESTRENAR EN LAS TONINAS<\/a><\/h3>\n\n\t\t\t\t\t\t\t\t\t\n                                        <p class=\"rh_prop_card__excerpt\">Ubicado Sobre Avenida 7, arteria comercial de la localidad con&hellip;<\/p>\n\n\t\t\t\t\t\t\t\t\t\t\n                                    <div class=\"rh_prop_card__meta_wrap_elementor\">\n\n\t\t\t\t\t\t\t\t\t\t\n\n\t<div class=\"rh_prop_card_meta_wrap_stylish\">\n\t\t\t<\/div>\n\t\n\n\n\n\n                                    <\/div>\n\n                                    <div class=\"rh_prop_card__priceLabel \">\n                                        <div class=\"rhea_property_price_box\">\n                                            <span class=\"rh_prop_card__status\">\n                                                Venta                                            <\/span>\n                                            <p class=\"rh_prop_card__price\">\n\t\t\t\t\t\t\t\t\t\t\t\tD\u00f3lares U$S39,000                                             <\/p>\n\n                                        <\/div>\n\t\t\t\t\t\t\t\t\t\t                                    <\/div>\n\n                                <\/div>\n\n                            <\/div>\n\n                        <\/article>\n\n                    <\/div>\n\t\t\t\t\t                <\/div>                <div class=\"rhea_svg_loader\">\n\t\t\t\t\t<svg xmlns=\"http:\/\/www.w3.org\/2000\/svg\" viewBox=\"0 0 32 32\" width=\"32\" height=\"32\" fill=\"#dedede\">\n  <path transform=\"translate(2)\" d=\"M0 12 V20 H4 V12z\"> \n    <animate attributeName=\"d\" values=\"M0 12 V20 H4 V12z; M0 4 V28 H4 V4z; M0 12 V20 H4 V12z; M0 12 V20 H4 V12z\" dur=\"1.2s\" repeatCount=\"indefinite\" begin=\"0\" keytimes=\"0;.2;.5;1\" keySplines=\"0.2 0.2 0.4 0.8;0.2 0.6 0.4 0.8;0.2 0.8 0.4 0.8\" calcMode=\"spline\"  \/>\n  <\/path>\n  <path transform=\"translate(8)\" d=\"M0 12 V20 H4 V12z\">\n    <animate attributeName=\"d\" values=\"M0 12 V20 H4 V12z; M0 4 V28 H4 V4z; M0 12 V20 H4 V12z; M0 12 V20 H4 V12z\" dur=\"1.2s\" repeatCount=\"indefinite\" begin=\"0.2\" keytimes=\"0;.2;.5;1\" keySplines=\"0.2 0.2 0.4 0.8;0.2 0.6 0.4 0.8;0.2 0.8 0.4 0.8\" calcMode=\"spline\"  \/>\n  <\/path>\n  <path transform=\"translate(14)\" d=\"M0 12 V20 H4 V12z\">\n    <animate attributeName=\"d\" values=\"M0 12 V20 H4 V12z; M0 4 V28 H4 V4z; M0 12 V20 H4 V12z; M0 12 V20 H4 V12z\" dur=\"1.2s\" repeatCount=\"indefinite\" begin=\"0.4\" keytimes=\"0;.2;.5;1\" keySplines=\"0.2 0.2 0.4 0.8;0.2 0.6 0.4 0.8;0.2 0.8 0.4 0.8\" calcMode=\"spline\" \/>\n  <\/path>\n  <path transform=\"translate(20)\" d=\"M0 12 V20 H4 V12z\">\n    <animate attributeName=\"d\" values=\"M0 12 V20 H4 V12z; M0 4 V28 H4 V4z; M0 12 V20 H4 V12z; M0 12 V20 H4 V12z\" dur=\"1.2s\" repeatCount=\"indefinite\" begin=\"0.6\" keytimes=\"0;.2;.5;1\" keySplines=\"0.2 0.2 0.4 0.8;0.2 0.6 0.4 0.8;0.2 0.8 0.4 0.8\" calcMode=\"spline\" \/>\n  <\/path>\n  <path transform=\"translate(26)\" d=\"M0 12 V20 H4 V12z\">\n    <animate attributeName=\"d\" values=\"M0 12 V20 H4 V12z; M0 4 V28 H4 V4z; M0 12 V20 H4 V12z; M0 12 V20 H4 V12z\" dur=\"1.2s\" repeatCount=\"indefinite\" begin=\"0.8\" keytimes=\"0;.2;.5;1\" keySplines=\"0.2 0.2 0.4 0.8;0.2 0.6 0.4 0.8;0.2 0.8 0.4 0.8\" calcMode=\"spline\" \/>\n  <\/path>\n<\/svg>\n                <\/div>\n\t\t\t\t<div class='rhea_pagination_wrapper'><div class='pagination rhea-pagination-clean'><a href='https:\/\/latorreinmobiliaria.com.ar\/web\/wp-json\/wp\/v2\/pages\/1167\/' class='real-btn current' >1<\/a> <a href='https:\/\/latorreinmobiliaria.com.ar\/web\/wp-json\/wp\/v2\/pages\/1167\/page\/2\/' class='real-btn' >2<\/a> <\/div><\/div>        <\/div>\n    <\/div>\n<\/div>\n<!-- \/.rh_prop_card -->\n\n        <\/section>\n\t\t\t\t<\/div>\n\t\t\t\t<\/div>\n\t\t\t\t\t<\/div>\n\t\t<\/div>\n\t\t\t\t\t\t\t<\/div>\n\t\t<\/section>\n\t\t\t\t\t\t\t<\/div>\n\t\t","protected":false},"excerpt":{"rendered":"<p>Ver propiedad &nbsp; Local mas vivienda Inmobiliaria Arrieta Mach\u00edn- bajo el c\u00f3digo de identificaci\u00f3n id 236-\u2026 Venta Llamar por precio Ver propiedad &nbsp; Local comercial mas 2 casas 3 amb. c\/u Inmobiliaria Arrieta Mach\u00edn- bajo el c\u00f3digo de identificaci\u00f3n ID 189-\u2026 Venta Llamar por precio Ver propiedad &nbsp; Local sobre peatonal Ubicado sobre la peatonal&#8230;<\/p>\n","protected":false},"author":3,"featured_media":0,"parent":0,"menu_order":0,"comment_status":"closed","ping_status":"closed","template":"templates\/full-width.php","meta":{"_joinchat":[],"footnotes":""},"class_list":["post-1167","page","type-page","status-publish","hentry"],"_links":{"self":[{"href":"https:\/\/latorreinmobiliaria.com.ar\/web\/wp-json\/wp\/v2\/pages\/1167","targetHints":{"allow":["GET"]}}],"collection":[{"href":"https:\/\/latorreinmobiliaria.com.ar\/web\/wp-json\/wp\/v2\/pages"}],"about":[{"href":"https:\/\/latorreinmobiliaria.com.ar\/web\/wp-json\/wp\/v2\/types\/page"}],"author":[{"embeddable":true,"href":"https:\/\/latorreinmobiliaria.com.ar\/web\/wp-json\/wp\/v2\/users\/3"}],"replies":[{"embeddable":true,"href":"https:\/\/latorreinmobiliaria.com.ar\/web\/wp-json\/wp\/v2\/comments?post=1167"}],"version-history":[{"count":9,"href":"https:\/\/latorreinmobiliaria.com.ar\/web\/wp-json\/wp\/v2\/pages\/1167\/revisions"}],"predecessor-version":[{"id":12935,"href":"https:\/\/latorreinmobiliaria.com.ar\/web\/wp-json\/wp\/v2\/pages\/1167\/revisions\/12935"}],"wp:attachment":[{"href":"https:\/\/latorreinmobiliaria.com.ar\/web\/wp-json\/wp\/v2\/media?parent=1167"}],"curies":[{"name":"wp","href":"https:\/\/api.w.org\/{rel}","templated":true}]}}